{"id":10643,"date":"2021-11-15T20:11:11","date_gmt":"2021-11-15T20:11:11","guid":{"rendered":"http:\/\/staging.ibermusicas.org\/?page_id=10643"},"modified":"2025-07-02T22:34:42","modified_gmt":"2025-07-02T22:34:42","slug":"rios-convocatorias-pt","status":"publish","type":"page","link":"http:\/\/staging.ibermusicas.org\/index.php\/rios-convocatorias-pt\/","title":{"rendered":"A\u00e7\u00f5es RIOS"},"content":{"rendered":"\n<div class=\"wp-block-group alignwide has-global-padding is-layout-constrained wp-block-group-is-layout-constrained\">\n<div class=\"wp-block-columns alignwide is-layout-flex wp-container-core-columns-is-layout-28f84493 wp-block-columns-is-layout-flex\">\n<div class=\"wp-block-column sidebar-menu is-layout-flow wp-block-column-is-layout-flow\" style=\"flex-basis:350px\"><nav class=\"has-text-color has-accent-1-color is-responsive items-justified-right is-vertical no-wrap wp-block-navigation is-content-justification-right is-nowrap is-layout-flex wp-container-core-navigation-is-layout-8332b2aa wp-block-navigation-is-layout-flex\" aria-label=\"RIOS - PT\" \n\t\t data-wp-interactive=\"core\/navigation\" data-wp-context='{\"overlayOpenedBy\":{\"click\":false,\"hover\":false,\"focus\":false},\"type\":\"overlay\",\"roleAttribute\":\"\",\"ariaLabel\":\"Men\\u00fa\"}'><button aria-haspopup=\"dialog\" aria-label=\"Abrir el men\u00fa\" class=\"wp-block-navigation__responsive-container-open\" \n\t\t\t\tdata-wp-on-async--click=\"actions.openMenuOnClick\"\n\t\t\t\tdata-wp-on--keydown=\"actions.handleMenuKeydown\"\n\t\t\t><svg width=\"24\" height=\"24\" xmlns=\"http:\/\/www.w3.org\/2000\/svg\" viewBox=\"0 0 24 24\" aria-hidden=\"true\" focusable=\"false\"><rect x=\"4\" y=\"7.5\" width=\"16\" height=\"1.5\" \/><rect x=\"4\" y=\"15\" width=\"16\" height=\"1.5\" \/><\/svg><\/button>\n\t\t\t\t<div class=\"wp-block-navigation__responsive-container\"  id=\"modal-1\" \n\t\t\t\tdata-wp-class--has-modal-open=\"state.isMenuOpen\"\n\t\t\t\tdata-wp-class--is-menu-open=\"state.isMenuOpen\"\n\t\t\t\tdata-wp-watch=\"callbacks.initMenu\"\n\t\t\t\tdata-wp-on--keydown=\"actions.handleMenuKeydown\"\n\t\t\t\tdata-wp-on-async--focusout=\"actions.handleMenuFocusout\"\n\t\t\t\ttabindex=\"-1\"\n\t\t\t>\n\t\t\t\t\t<div class=\"wp-block-navigation__responsive-close\" tabindex=\"-1\">\n\t\t\t\t\t\t<div class=\"wp-block-navigation__responsive-dialog\" \n\t\t\t\tdata-wp-bind--aria-modal=\"state.ariaModal\"\n\t\t\t\tdata-wp-bind--aria-label=\"state.ariaLabel\"\n\t\t\t\tdata-wp-bind--role=\"state.roleAttribute\"\n\t\t\t>\n\t\t\t\t\t\t\t<button aria-label=\"Cerrar el men\u00fa\" class=\"wp-block-navigation__responsive-container-close\" \n\t\t\t\tdata-wp-on-async--click=\"actions.closeMenuOnClick\"\n\t\t\t><svg xmlns=\"http:\/\/www.w3.org\/2000\/svg\" viewBox=\"0 0 24 24\" width=\"24\" height=\"24\" aria-hidden=\"true\" focusable=\"false\"><path d=\"m13.06 12 6.47-6.47-1.06-1.06L12 10.94 5.53 4.47 4.47 5.53 10.94 12l-6.47 6.47 1.06 1.06L12 13.06l6.47 6.47 1.06-1.06L13.06 12Z\"><\/path><\/svg><\/button>\n\t\t\t\t\t\t\t<div class=\"wp-block-navigation__responsive-container-content\" \n\t\t\t\tdata-wp-watch=\"callbacks.focusFirstElement\"\n\t\t\t id=\"modal-1-content\">\n\t\t\t\t\t\t\t\t<ul class=\"wp-block-navigation__container has-text-color has-accent-1-color is-responsive items-justified-right is-vertical no-wrap wp-block-navigation\"><li class=\" wp-block-navigation-item wp-block-navigation-link\"><a class=\"wp-block-navigation-item__content\"  href=\"http:\/\/staging.ibermusicas.org\/index.php\/rios-pt\/\"><span class=\"wp-block-navigation-item__label\">O que \u00e9 RIOS?<\/span><\/a><\/li><li class=\" wp-block-navigation-item wp-block-navigation-link\"><a class=\"wp-block-navigation-item__content\"  href=\"http:\/\/staging.ibermusicas.org\/index.php\/rios-convocatorias-pt\/\"><span class=\"wp-block-navigation-item__label\">A\u00e7\u00f5es RIOS<\/span><\/a><\/li><li class=\" wp-block-navigation-item wp-block-navigation-link\"><a class=\"wp-block-navigation-item__content\"  href=\"http:\/\/staging.ibermusicas.org\/index.php\/rios-directorio-de-orquestas-pt\/\"><span class=\"wp-block-navigation-item__label\">Direct\u00f3rio de Orquestas<\/span><\/a><\/li><\/ul>\n\t\t\t\t\t\t\t<\/div>\n\t\t\t\t\t\t<\/div>\n\t\t\t\t\t<\/div>\n\t\t\t\t<\/div><\/nav>\n\n\n<p class=\"has-text-align-right has-accent-4-color has-text-color has-link-color wp-elements-3b5615732992d281a013345f0e114afa\" style=\"font-size:11px;font-style:normal;font-weight:600;letter-spacing:2px;text-transform:uppercase\">Se\u00e7\u00e3o Membros<\/p>\n\n\n<nav class=\"has-text-color has-accent-1-color is-responsive items-justified-right is-vertical wp-block-navigation is-content-justification-right is-layout-flex wp-container-core-navigation-is-layout-2bb013ba wp-block-navigation-is-layout-flex\" aria-label=\"Men\u00fa 3\" \n\t\t data-wp-interactive=\"core\/navigation\" data-wp-context='{\"overlayOpenedBy\":{\"click\":false,\"hover\":false,\"focus\":false},\"type\":\"overlay\",\"roleAttribute\":\"\",\"ariaLabel\":\"Men\\u00fa\"}'><button aria-haspopup=\"dialog\" aria-label=\"Abrir el men\u00fa\" class=\"wp-block-navigation__responsive-container-open\" \n\t\t\t\tdata-wp-on-async--click=\"actions.openMenuOnClick\"\n\t\t\t\tdata-wp-on--keydown=\"actions.handleMenuKeydown\"\n\t\t\t><svg width=\"24\" height=\"24\" xmlns=\"http:\/\/www.w3.org\/2000\/svg\" viewBox=\"0 0 24 24\" aria-hidden=\"true\" focusable=\"false\"><rect x=\"4\" y=\"7.5\" width=\"16\" height=\"1.5\" \/><rect x=\"4\" y=\"15\" width=\"16\" height=\"1.5\" \/><\/svg><\/button>\n\t\t\t\t<div class=\"wp-block-navigation__responsive-container\"  id=\"modal-2\" \n\t\t\t\tdata-wp-class--has-modal-open=\"state.isMenuOpen\"\n\t\t\t\tdata-wp-class--is-menu-open=\"state.isMenuOpen\"\n\t\t\t\tdata-wp-watch=\"callbacks.initMenu\"\n\t\t\t\tdata-wp-on--keydown=\"actions.handleMenuKeydown\"\n\t\t\t\tdata-wp-on-async--focusout=\"actions.handleMenuFocusout\"\n\t\t\t\ttabindex=\"-1\"\n\t\t\t>\n\t\t\t\t\t<div class=\"wp-block-navigation__responsive-close\" tabindex=\"-1\">\n\t\t\t\t\t\t<div class=\"wp-block-navigation__responsive-dialog\" \n\t\t\t\tdata-wp-bind--aria-modal=\"state.ariaModal\"\n\t\t\t\tdata-wp-bind--aria-label=\"state.ariaLabel\"\n\t\t\t\tdata-wp-bind--role=\"state.roleAttribute\"\n\t\t\t>\n\t\t\t\t\t\t\t<button aria-label=\"Cerrar el men\u00fa\" class=\"wp-block-navigation__responsive-container-close\" \n\t\t\t\tdata-wp-on-async--click=\"actions.closeMenuOnClick\"\n\t\t\t><svg xmlns=\"http:\/\/www.w3.org\/2000\/svg\" viewBox=\"0 0 24 24\" width=\"24\" height=\"24\" aria-hidden=\"true\" focusable=\"false\"><path d=\"m13.06 12 6.47-6.47-1.06-1.06L12 10.94 5.53 4.47 4.47 5.53 10.94 12l-6.47 6.47 1.06 1.06L12 13.06l6.47 6.47 1.06-1.06L13.06 12Z\"><\/path><\/svg><\/button>\n\t\t\t\t\t\t\t<div class=\"wp-block-navigation__responsive-container-content\" \n\t\t\t\tdata-wp-watch=\"callbacks.focusFirstElement\"\n\t\t\t id=\"modal-2-content\">\n\t\t\t\t\t\t\t\t<ul class=\"wp-block-navigation__container has-text-color has-accent-1-color is-responsive items-justified-right is-vertical wp-block-navigation\"><li class=\" wp-block-navigation-item wp-block-navigation-link\"><a class=\"wp-block-navigation-item__content\"  href=\"\/index.php\/rios-documentos-e-links-pt\/\"><span class=\"wp-block-navigation-item__label\">Documentos e links<\/span><\/a><\/li><li class=\" wp-block-navigation-item wp-block-navigation-link\"><a class=\"wp-block-navigation-item__content\"  href=\"\/index.php\/rios-propuestas-de-articulacion-pt\/\"><span class=\"wp-block-navigation-item__label\">Propostas de articula\u00e7\u00e3o<\/span><\/a><\/li><li class=\" wp-block-navigation-item wp-block-navigation-link\"><a class=\"wp-block-navigation-item__content\"  href=\"\/index.php\/rios-recursos-disponibles-pt\/\"><span class=\"wp-block-navigation-item__label\">Recursos dispon\u00edveis<\/span><\/a><\/li><li class=\" wp-block-navigation-item wp-block-navigation-link\"><a class=\"wp-block-navigation-item__content\"  href=\"\/index.php\/rios-materiales-orquestales-pt\/\"><span class=\"wp-block-navigation-item__label\">Materiais orquestrais<\/span><\/a><\/li><\/ul>\n\t\t\t\t\t\t\t<\/div>\n\t\t\t\t\t\t<\/div>\n\t\t\t\t\t<\/div>\n\t\t\t\t<\/div><\/nav><\/div>\n\n\n\n<div class=\"wp-block-column is-layout-flow wp-block-column-is-layout-flow\">\n<figure class=\"wp-block-image size-medium alignnone\"><img loading=\"lazy\" decoding=\"async\" width=\"639\" height=\"403\" src=\"http:\/\/staging.ibermusicas.org\/wp-content\/uploads\/2021\/03\/orquesta.jpeg\" alt=\"\" class=\"wp-image-4787\"\/><\/figure>\n\n\n\n<h2 class=\"wp-block-heading\">Forma\u00e7\u00e3o: Produ\u00e7\u00e3o e transmiss\u00e3o de registos audiovisuais<\/h2>\n\n\n\n<p>Entre setembro e novembro de 2023, a equipe da Orquestra Filarm\u00f4nica da Universidade Nacional Aut\u00f4noma do M\u00e9xico proporcionar\u00e1 aos nossos membros forma\u00e7\u00e3o profissional na produ\u00e7\u00e3o de registros audiovisuais e sua transmiss\u00e3o em m\u00faltiplas plataformas. Ser\u00e3o cinco sess\u00f5es intensivas nos dias 21 de setembro (Intro), 16 e 17 de novembro (AUDIO);&nbsp; 23 e 24 de novembro (VIDEO) na plataforma Zoom. A atividade \u00e9 gratuita e ser\u00e3o emitidos certificados de participa\u00e7\u00e3o.<\/p>\n\n\n\n<p>Ministrado por: Valeria Palomino, Francis Palomares, Carlos Fonseca e Gabriel Casta\u00f1\u00f3n<\/p>\n\n\n\n<div class=\"wp-block-buttons is-layout-flex wp-block-buttons-is-layout-flex\">\n<div class=\"wp-block-button\"><a class=\"wp-block-button__link wp-element-button\" href=\"https:\/\/forms.gle\/R8HATaeJCeE433QQA\" target=\"%20_blank\" rel=\"noopener noreferrer\">INSCRI\u00c7\u00c3O<\/a><\/div>\n\n\n\n<div class=\"wp-block-button\"><a class=\"wp-block-button__link wp-element-button\" href=\"https:\/\/drive.google.com\/file\/d\/1Eu3PpLSDIcnXH7Kynzs2ZwgstpWziUek\/view?usp=drive_link\" target=\"%20_blank\" rel=\"noopener noreferrer\">PROGRAMA<\/a><\/div>\n<\/div>\n\n\n\n<figure class=\"wp-block-image size-medium alignnone\"><img loading=\"lazy\" decoding=\"async\" width=\"226\" height=\"218\" src=\"http:\/\/staging.ibermusicas.org\/wp-content\/uploads\/2021\/09\/mola_logo.jpeg\" alt=\"\" class=\"wp-image-9992\"\/><\/figure>\n\n\n\n<h2 class=\"wp-block-heading\">Treinando para arquivistas e bibliotec\u00e1rios musicais<\/h2>\n\n\n\n<p>Uma forma\u00e7\u00e3o profissional dedicada ao aperfei\u00e7oamento de arquivistas e bibliotec\u00e1rios musicais ser\u00e1 realizada em colabora\u00e7\u00e3o entre RIOS e M.O.L.A. (Associa\u00e7\u00e3o dos Bibliotec\u00e1rios da Grande Orquestra). Haver\u00e1 espa\u00e7os de discuss\u00e3o e reuni\u00e3o, e 5 m\u00f3dulos t\u00e9cnicos a definir com base nas demandas (prepara\u00e7\u00e3o e montagem de materiais, cataloga\u00e7\u00e3o, preserva\u00e7\u00e3o, revis\u00e3o, cortes, \u00f3pera, direitos intelectuais e editoriais, etc.)<\/p>\n\n\n\n<figure class=\"wp-block-image size-medium alignnone\"><img loading=\"lazy\" decoding=\"async\" width=\"1280\" height=\"853\" src=\"http:\/\/staging.ibermusicas.org\/wp-content\/uploads\/2021\/05\/composicion.jpeg\" alt=\"\" class=\"wp-image-6654\"\/><\/figure>\n\n\n\n<h2 class=\"wp-block-heading\"><span style=\"color: #f84982; font-size: 28px; font-family: 'Montserrat';\">Convocatoria desactivada<\/span><\/h2>\n\n\n\n<p>Descripci\u00f3n de la convocatoria: Lorem ipsum dolor sit amet, consectetur adipiscing elit, sed do eiusmod tempor incididunt ut labore et dolore magna aliqua. Ut enim ad minim veniam, quis nostrud exercitation ullamco laboris nisi ut aliquip ex ea commodo consequat.<\/p>\n\n\n\n<p><strong>Inicio: <\/strong>1 de junio del 2021<strong><br>T\u00e9rmino:<\/strong> 1 de octubre del 2021<\/p>\n\n\n\n<div class=\"wp-block-buttons is-layout-flex wp-block-buttons-is-layout-flex\">\n<div class=\"wp-block-button convocatoria-btn\"><a class=\"wp-block-button__link wp-element-button\" href=\"http:\/\/staging.ibermusicas.org\/wp-content\/uploads\/2020\/04\/Ibermusicas-Premio-Ibermusicas-de-composicion-2021.pdf\" target=\"%20_blank\" rel=\"noopener noreferrer\">Descarga las bases<\/a><\/div>\n\n\n\n<div class=\"wp-block-button convocatoria-btn\"><a class=\"wp-block-button__link wp-element-button\" href=\"\" target=\"\" rel=\"noopener noreferrer\">Postular<\/a><\/div>\n<\/div>\n<\/div>\n<\/div>\n<\/div>\n","protected":false},"excerpt":{"rendered":"<p>Se\u00e7\u00e3o Membros Forma\u00e7\u00e3o: Produ\u00e7\u00e3o e transmiss\u00e3o de registos audiovisuais Entre setembro e novembro de 2023, a equipe da Orquestra Filarm\u00f4nica da Universidade Nacional Aut\u00f4noma do M\u00e9xico proporcionar\u00e1 aos nossos membros forma\u00e7\u00e3o profissional na produ\u00e7\u00e3o de registros audiovisuais e sua transmiss\u00e3o em m\u00faltiplas plataformas. Ser\u00e3o cinco sess\u00f5es intensivas nos dias 21 de setembro (Intro), 16 e [&hellip;]<\/p>\n","protected":false},"author":1,"featured_media":0,"parent":0,"menu_order":0,"comment_status":"closed","ping_status":"closed","template":"","meta":{"footnotes":""},"class_list":["post-10643","page","type-page","status-publish","hentry"],"lang":"pt","translations":{"pt":10643,"es":6687},"pll_sync_post":[],"post_mailing_queue_ids":[],"_links":{"self":[{"href":"http:\/\/staging.ibermusicas.org\/index.php\/wp-json\/wp\/v2\/pages\/10643","targetHints":{"allow":["GET"]}}],"collection":[{"href":"http:\/\/staging.ibermusicas.org\/index.php\/wp-json\/wp\/v2\/pages"}],"about":[{"href":"http:\/\/staging.ibermusicas.org\/index.php\/wp-json\/wp\/v2\/types\/page"}],"author":[{"embeddable":true,"href":"http:\/\/staging.ibermusicas.org\/index.php\/wp-json\/wp\/v2\/users\/1"}],"replies":[{"embeddable":true,"href":"http:\/\/staging.ibermusicas.org\/index.php\/wp-json\/wp\/v2\/comments?post=10643"}],"version-history":[{"count":39,"href":"http:\/\/staging.ibermusicas.org\/index.php\/wp-json\/wp\/v2\/pages\/10643\/revisions"}],"predecessor-version":[{"id":24922,"href":"http:\/\/staging.ibermusicas.org\/index.php\/wp-json\/wp\/v2\/pages\/10643\/revisions\/24922"}],"wp:attachment":[{"href":"http:\/\/staging.ibermusicas.org\/index.php\/wp-json\/wp\/v2\/media?parent=10643"}],"curies":[{"name":"wp","href":"https:\/\/api.w.org\/{rel}","templated":true}]}}