{"id":10646,"date":"2021-11-15T20:15:22","date_gmt":"2021-11-15T20:15:22","guid":{"rendered":"http:\/\/staging.ibermusicas.org\/?page_id=10646"},"modified":"2025-07-02T22:35:28","modified_gmt":"2025-07-02T22:35:28","slug":"rios-directorio-de-orquestas-pt","status":"publish","type":"page","link":"http:\/\/staging.ibermusicas.org\/index.php\/rios-directorio-de-orquestas-pt\/","title":{"rendered":"DIRECT\u00d3RIO DE ORQUESTRAS"},"content":{"rendered":"\n<div class=\"wp-block-group alignwide has-global-padding is-layout-constrained wp-block-group-is-layout-constrained\">\n<div class=\"wp-block-columns alignwide is-layout-flex wp-container-core-columns-is-layout-28f84493 wp-block-columns-is-layout-flex\">\n<div class=\"wp-block-column sidebar-menu is-layout-flow wp-block-column-is-layout-flow\" style=\"flex-basis:350px\"><nav class=\"has-text-color has-accent-1-color is-responsive items-justified-right is-vertical no-wrap wp-block-navigation is-content-justification-right is-nowrap is-layout-flex wp-container-core-navigation-is-layout-8332b2aa wp-block-navigation-is-layout-flex\" aria-label=\"RIOS - PT\" \n\t\t data-wp-interactive=\"core\/navigation\" data-wp-context='{\"overlayOpenedBy\":{\"click\":false,\"hover\":false,\"focus\":false},\"type\":\"overlay\",\"roleAttribute\":\"\",\"ariaLabel\":\"Men\\u00fa\"}'><button aria-haspopup=\"dialog\" aria-label=\"Abrir el men\u00fa\" class=\"wp-block-navigation__responsive-container-open\" \n\t\t\t\tdata-wp-on-async--click=\"actions.openMenuOnClick\"\n\t\t\t\tdata-wp-on--keydown=\"actions.handleMenuKeydown\"\n\t\t\t><svg width=\"24\" height=\"24\" xmlns=\"http:\/\/www.w3.org\/2000\/svg\" viewBox=\"0 0 24 24\" aria-hidden=\"true\" focusable=\"false\"><rect x=\"4\" y=\"7.5\" width=\"16\" height=\"1.5\" \/><rect x=\"4\" y=\"15\" width=\"16\" height=\"1.5\" \/><\/svg><\/button>\n\t\t\t\t<div class=\"wp-block-navigation__responsive-container\"  id=\"modal-1\" \n\t\t\t\tdata-wp-class--has-modal-open=\"state.isMenuOpen\"\n\t\t\t\tdata-wp-class--is-menu-open=\"state.isMenuOpen\"\n\t\t\t\tdata-wp-watch=\"callbacks.initMenu\"\n\t\t\t\tdata-wp-on--keydown=\"actions.handleMenuKeydown\"\n\t\t\t\tdata-wp-on-async--focusout=\"actions.handleMenuFocusout\"\n\t\t\t\ttabindex=\"-1\"\n\t\t\t>\n\t\t\t\t\t<div class=\"wp-block-navigation__responsive-close\" tabindex=\"-1\">\n\t\t\t\t\t\t<div class=\"wp-block-navigation__responsive-dialog\" \n\t\t\t\tdata-wp-bind--aria-modal=\"state.ariaModal\"\n\t\t\t\tdata-wp-bind--aria-label=\"state.ariaLabel\"\n\t\t\t\tdata-wp-bind--role=\"state.roleAttribute\"\n\t\t\t>\n\t\t\t\t\t\t\t<button aria-label=\"Cerrar el men\u00fa\" class=\"wp-block-navigation__responsive-container-close\" \n\t\t\t\tdata-wp-on-async--click=\"actions.closeMenuOnClick\"\n\t\t\t><svg xmlns=\"http:\/\/www.w3.org\/2000\/svg\" viewBox=\"0 0 24 24\" width=\"24\" height=\"24\" aria-hidden=\"true\" focusable=\"false\"><path d=\"m13.06 12 6.47-6.47-1.06-1.06L12 10.94 5.53 4.47 4.47 5.53 10.94 12l-6.47 6.47 1.06 1.06L12 13.06l6.47 6.47 1.06-1.06L13.06 12Z\"><\/path><\/svg><\/button>\n\t\t\t\t\t\t\t<div class=\"wp-block-navigation__responsive-container-content\" \n\t\t\t\tdata-wp-watch=\"callbacks.focusFirstElement\"\n\t\t\t id=\"modal-1-content\">\n\t\t\t\t\t\t\t\t<ul class=\"wp-block-navigation__container has-text-color has-accent-1-color is-responsive items-justified-right is-vertical no-wrap wp-block-navigation\"><li class=\" wp-block-navigation-item wp-block-navigation-link\"><a class=\"wp-block-navigation-item__content\"  href=\"http:\/\/staging.ibermusicas.org\/index.php\/rios-pt\/\"><span class=\"wp-block-navigation-item__label\">O que \u00e9 RIOS?<\/span><\/a><\/li><li class=\" wp-block-navigation-item wp-block-navigation-link\"><a class=\"wp-block-navigation-item__content\"  href=\"http:\/\/staging.ibermusicas.org\/index.php\/rios-convocatorias-pt\/\"><span class=\"wp-block-navigation-item__label\">A\u00e7\u00f5es RIOS<\/span><\/a><\/li><li class=\" wp-block-navigation-item wp-block-navigation-link\"><a class=\"wp-block-navigation-item__content\"  href=\"http:\/\/staging.ibermusicas.org\/index.php\/rios-directorio-de-orquestas-pt\/\"><span class=\"wp-block-navigation-item__label\">Direct\u00f3rio de Orquestas<\/span><\/a><\/li><\/ul>\n\t\t\t\t\t\t\t<\/div>\n\t\t\t\t\t\t<\/div>\n\t\t\t\t\t<\/div>\n\t\t\t\t<\/div><\/nav>\n\n\n<p class=\"has-text-align-right has-accent-4-color has-text-color has-link-color wp-elements-3b5615732992d281a013345f0e114afa\" style=\"font-size:11px;font-style:normal;font-weight:600;letter-spacing:2px;text-transform:uppercase\">Se\u00e7\u00e3o Membros<\/p>\n\n\n<nav class=\"has-text-color has-accent-1-color is-responsive items-justified-right is-vertical wp-block-navigation is-content-justification-right is-layout-flex wp-container-core-navigation-is-layout-2bb013ba wp-block-navigation-is-layout-flex\" aria-label=\"Men\u00fa 3\" \n\t\t data-wp-interactive=\"core\/navigation\" data-wp-context='{\"overlayOpenedBy\":{\"click\":false,\"hover\":false,\"focus\":false},\"type\":\"overlay\",\"roleAttribute\":\"\",\"ariaLabel\":\"Men\\u00fa\"}'><button aria-haspopup=\"dialog\" aria-label=\"Abrir el men\u00fa\" class=\"wp-block-navigation__responsive-container-open\" \n\t\t\t\tdata-wp-on-async--click=\"actions.openMenuOnClick\"\n\t\t\t\tdata-wp-on--keydown=\"actions.handleMenuKeydown\"\n\t\t\t><svg width=\"24\" height=\"24\" xmlns=\"http:\/\/www.w3.org\/2000\/svg\" viewBox=\"0 0 24 24\" aria-hidden=\"true\" focusable=\"false\"><rect x=\"4\" y=\"7.5\" width=\"16\" height=\"1.5\" \/><rect x=\"4\" y=\"15\" width=\"16\" height=\"1.5\" \/><\/svg><\/button>\n\t\t\t\t<div class=\"wp-block-navigation__responsive-container\"  id=\"modal-2\" \n\t\t\t\tdata-wp-class--has-modal-open=\"state.isMenuOpen\"\n\t\t\t\tdata-wp-class--is-menu-open=\"state.isMenuOpen\"\n\t\t\t\tdata-wp-watch=\"callbacks.initMenu\"\n\t\t\t\tdata-wp-on--keydown=\"actions.handleMenuKeydown\"\n\t\t\t\tdata-wp-on-async--focusout=\"actions.handleMenuFocusout\"\n\t\t\t\ttabindex=\"-1\"\n\t\t\t>\n\t\t\t\t\t<div class=\"wp-block-navigation__responsive-close\" tabindex=\"-1\">\n\t\t\t\t\t\t<div class=\"wp-block-navigation__responsive-dialog\" \n\t\t\t\tdata-wp-bind--aria-modal=\"state.ariaModal\"\n\t\t\t\tdata-wp-bind--aria-label=\"state.ariaLabel\"\n\t\t\t\tdata-wp-bind--role=\"state.roleAttribute\"\n\t\t\t>\n\t\t\t\t\t\t\t<button aria-label=\"Cerrar el men\u00fa\" class=\"wp-block-navigation__responsive-container-close\" \n\t\t\t\tdata-wp-on-async--click=\"actions.closeMenuOnClick\"\n\t\t\t><svg xmlns=\"http:\/\/www.w3.org\/2000\/svg\" viewBox=\"0 0 24 24\" width=\"24\" height=\"24\" aria-hidden=\"true\" focusable=\"false\"><path d=\"m13.06 12 6.47-6.47-1.06-1.06L12 10.94 5.53 4.47 4.47 5.53 10.94 12l-6.47 6.47 1.06 1.06L12 13.06l6.47 6.47 1.06-1.06L13.06 12Z\"><\/path><\/svg><\/button>\n\t\t\t\t\t\t\t<div class=\"wp-block-navigation__responsive-container-content\" \n\t\t\t\tdata-wp-watch=\"callbacks.focusFirstElement\"\n\t\t\t id=\"modal-2-content\">\n\t\t\t\t\t\t\t\t<ul class=\"wp-block-navigation__container has-text-color has-accent-1-color is-responsive items-justified-right is-vertical wp-block-navigation\"><li class=\" wp-block-navigation-item wp-block-navigation-link\"><a class=\"wp-block-navigation-item__content\"  href=\"\/index.php\/rios-documentos-e-links-pt\/\"><span class=\"wp-block-navigation-item__label\">Documentos e links<\/span><\/a><\/li><li class=\" wp-block-navigation-item wp-block-navigation-link\"><a class=\"wp-block-navigation-item__content\"  href=\"\/index.php\/rios-propuestas-de-articulacion-pt\/\"><span class=\"wp-block-navigation-item__label\">Propostas de articula\u00e7\u00e3o<\/span><\/a><\/li><li class=\" wp-block-navigation-item wp-block-navigation-link\"><a class=\"wp-block-navigation-item__content\"  href=\"\/index.php\/rios-recursos-disponibles-pt\/\"><span class=\"wp-block-navigation-item__label\">Recursos dispon\u00edveis<\/span><\/a><\/li><li class=\" wp-block-navigation-item wp-block-navigation-link\"><a class=\"wp-block-navigation-item__content\"  href=\"\/index.php\/rios-materiales-orquestales-pt\/\"><span class=\"wp-block-navigation-item__label\">Materiais orquestrais<\/span><\/a><\/li><\/ul>\n\t\t\t\t\t\t\t<\/div>\n\t\t\t\t\t\t<\/div>\n\t\t\t\t\t<\/div>\n\t\t\t\t<\/div><\/nav><\/div>\n\n\n\n<div class=\"wp-block-column is-layout-flow wp-block-column-is-layout-flow\">\n<div class=\"wpdt-c\">\n    \n\n    <div class=\"wpDataTables wpDataTablesFilter wpDataTablesWrapper data-t\"\n         data-wpdatatable_id=\"18\">\n        <div id=\"filterBox_table_1\" class=\"wpDataTableFilterBox\">\n                                                                                                                                    <div class=\"wpDataTableFilterSection\" id=\"table_1_3_filter_sections\">\n                        <label>Pais:<\/label>\n                        <div id=\"table_1_3_filter\"><\/div>\n                    <\/div>\n                                                                <div class=\"wpDataTableFilterSection\" id=\"table_1_4_filter_sections\">\n                        <label>Tipo de institu\u00e7\u00e3o:<\/label>\n                        <div id=\"table_1_4_filter\"><\/div>\n                    <\/div>\n                                                                                                                                                                                                                                                                                                                                        <\/div>\n    <\/div>\n<input type=\"hidden\" id=\"wdtNonceFrontendEdit_18\" name=\"wdtNonceFrontendEdit_18\" value=\"f01f9820be\" \/><input type=\"hidden\" name=\"_wp_http_referer\" value=\"\/index.php\/wp-json\/wp\/v2\/pages\/10646\" \/>    <input type=\"hidden\" id=\"table_1_desc\" value='{\"tableId\":\"table_1\",\"tableType\":\"mysql\",\"selector\":\"#table_1\",\"responsive\":false,\"editable\":false,\"inlineEditing\":false,\"infoBlock\":true,\"globalSearch\":true,\"showRowsPerPage\":true,\"popoverTools\":false,\"hideBeforeLoad\":true,\"number_format\":1,\"decimalPlaces\":2,\"spinnerSrc\":\"http:\\\/\\\/staging.ibermusicas.org\\\/wp-content\\\/plugins\\\/wpdatatables\\\/assets\\\/\\\/img\\\/spinner.gif\",\"groupingEnabled\":false,\"tableWpId\":\"18\",\"dataTableParams\":{\"sDom\":\"BT\\u003C\\u0027clear\\u0027\\u003Elftip\",\"bSortCellsTop\":false,\"bFilter\":true,\"bPaginate\":true,\"aLengthMenu\":[[1,5,10,25,50,100,-1],[1,5,10,25,50,100,\"All\"]],\"iDisplayLength\":10,\"columnDefs\":[{\"sType\":\"string\",\"wdtType\":\"icon\",\"bVisible\":true,\"orderable\":false,\"searchable\":true,\"InputType\":\"none\",\"name\":\"imagen\",\"origHeader\":\"imagen\",\"notNull\":false,\"conditionalFormattingRules\":[],\"className\":\" column-imagen\",\"aTargets\":[0]},{\"sType\":\"formatted-num\",\"wdtType\":\"int\",\"bVisible\":false,\"orderable\":true,\"searchable\":true,\"InputType\":\"none\",\"name\":\"wdt_ID\",\"origHeader\":\"wdt_ID\",\"notNull\":false,\"conditionalFormattingRules\":[],\"className\":\"numdata integer  column-wdt_id\",\"aTargets\":[1]},{\"sType\":\"string\",\"wdtType\":\"string\",\"bVisible\":true,\"orderable\":true,\"searchable\":true,\"InputType\":\"none\",\"name\":\"nombre\",\"origHeader\":\"nombre\",\"notNull\":false,\"conditionalFormattingRules\":[],\"className\":\" column-nombre\",\"aTargets\":[2]},{\"sType\":\"string\",\"wdtType\":\"string\",\"bVisible\":true,\"orderable\":true,\"searchable\":true,\"InputType\":\"none\",\"name\":\"pas\",\"origHeader\":\"pas\",\"notNull\":false,\"conditionalFormattingRules\":[],\"className\":\" column-pas\",\"aTargets\":[3]},{\"sType\":\"string\",\"wdtType\":\"string\",\"bVisible\":true,\"orderable\":true,\"searchable\":true,\"InputType\":\"none\",\"name\":\"tipo_agrupacion\",\"origHeader\":\"tipo_agrupacion\",\"notNull\":false,\"conditionalFormattingRules\":[],\"className\":\" column-tipo_agrupacion\",\"aTargets\":[4]},{\"sType\":\"string\",\"wdtType\":\"string\",\"bVisible\":true,\"orderable\":true,\"searchable\":true,\"InputType\":\"none\",\"name\":\"descripcin\",\"origHeader\":\"descripcin\",\"notNull\":false,\"conditionalFormattingRules\":[],\"className\":\" column-descripcin\",\"aTargets\":[5]},{\"sType\":\"string\",\"wdtType\":\"string\",\"bVisible\":true,\"orderable\":true,\"searchable\":true,\"InputType\":\"none\",\"name\":\"catlogodepartituras\",\"origHeader\":\"catlogodepartituras\",\"notNull\":false,\"conditionalFormattingRules\":[],\"className\":\" column-catlogodepartituras\",\"aTargets\":[6]},{\"sType\":\"string\",\"wdtType\":\"link\",\"bVisible\":true,\"orderable\":true,\"searchable\":true,\"InputType\":\"none\",\"name\":\"facebook\",\"origHeader\":\"facebook\",\"notNull\":false,\"conditionalFormattingRules\":[],\"className\":\" column-facebook\",\"aTargets\":[7]},{\"sType\":\"string\",\"wdtType\":\"string\",\"bVisible\":true,\"orderable\":true,\"searchable\":true,\"InputType\":\"none\",\"name\":\"instagram\",\"origHeader\":\"instagram\",\"notNull\":false,\"conditionalFormattingRules\":[],\"className\":\" column-instagram\",\"aTargets\":[8]},{\"sType\":\"string\",\"wdtType\":\"link\",\"bVisible\":true,\"orderable\":true,\"searchable\":true,\"InputType\":\"none\",\"name\":\"twitter\",\"origHeader\":\"twitter\",\"notNull\":false,\"conditionalFormattingRules\":[],\"className\":\" column-twitter\",\"aTargets\":[9]},{\"sType\":\"string\",\"wdtType\":\"string\",\"bVisible\":true,\"orderable\":true,\"searchable\":true,\"InputType\":\"none\",\"name\":\"telfono\",\"origHeader\":\"telfono\",\"notNull\":false,\"conditionalFormattingRules\":[],\"className\":\" column-telfono\",\"aTargets\":[10]},{\"sType\":\"html\",\"wdtType\":\"email\",\"bVisible\":true,\"orderable\":true,\"searchable\":true,\"InputType\":\"none\",\"name\":\"music\",\"origHeader\":\"music\",\"notNull\":false,\"conditionalFormattingRules\":[],\"className\":\" column-music\",\"aTargets\":[11]},{\"sType\":\"string\",\"wdtType\":\"string\",\"bVisible\":true,\"orderable\":true,\"searchable\":true,\"InputType\":\"none\",\"name\":\"direccinpostal\",\"origHeader\":\"direccinpostal\",\"notNull\":false,\"conditionalFormattingRules\":[],\"className\":\" column-direccinpostal\",\"aTargets\":[12]},{\"sType\":\"formatted-num\",\"wdtType\":\"int\",\"bVisible\":false,\"orderable\":true,\"searchable\":true,\"InputType\":\"none\",\"name\":\"miembro\",\"origHeader\":\"miembro\",\"notNull\":false,\"conditionalFormattingRules\":[],\"className\":\"numdata integer  column-miembro\",\"aTargets\":[13]},{\"sType\":\"string\",\"wdtType\":\"link\",\"bVisible\":true,\"orderable\":true,\"searchable\":true,\"InputType\":\"none\",\"name\":\"pginaweb\",\"origHeader\":\"pginaweb\",\"notNull\":false,\"conditionalFormattingRules\":[],\"className\":\" column-pginaweb\",\"aTargets\":[14]}],\"bAutoWidth\":false,\"order\":[[1,\"asc\"]],\"ordering\":true,\"oLanguage\":{\"sProcessing\":\"Procesando...\",\"sLengthMenu\":\"Mostrar _MENU_ registros\",\"sZeroRecords\":\"No se encontraron resultados\",\"sEmptyTable\":\"Ning\\u00fan dato disponible en esta tabla\",\"sInfo\":\"Mostrando registros del _START_ al _END_ de un total de _TOTAL_ registros\",\"sInfoEmpty\":\"Mostrando registros del 0 al 0 de un total de 0 registros\",\"sInfoFiltered\":\"(filtrado de un total de _MAX_ registros)\",\"sInfoPostFix\":\"\",\"sSearch\":\"Buscar:\",\"sUrl\":\"\",\"sInfoThousands\":\",\",\"sLoadingRecords\":\"Cargando...\",\"oPaginate\":{\"sFirst\":\"Primero\",\"sLast\":\"\\u00daltimo\",\"sNext\":\"Siguiente\",\"sPrevious\":\"Anterior\"},\"fnInfoCallback\":null,\"oAria\":{\"sSortAscending\":\": Activar para ordernar la columna de manera ascendente\",\"sSortDescending\":\": Activar para ordernar la columna de manera descendente\"}},\"buttons\":[{\"extend\":\"print\",\"exportOptions\":{\"columns\":\":visible\"},\"className\":\"DTTT_button DTTT_button_print\",\"text\":\"Print\"},{\"extend\":\"excelHtml5\",\"exportOptions\":{\"columns\":\":visible\"},\"className\":\"DTTT_button DTTT_button_xls\",\"title\":\"RIOS - Directorio de orquestas - PT\",\"text\":\"Excel\"},{\"extend\":\"csvHtml5\",\"exportOptions\":{\"columns\":\":visible\"},\"className\":\"DTTT_button DTTT_button_csv\",\"title\":\"RIOS - Directorio de orquestas - PT\",\"text\":\"CSV\"},{\"extend\":\"copyHtml5\",\"exportOptions\":{\"columns\":\":visible\"},\"className\":\"DTTT_button DTTT_button_copy\",\"title\":\"RIOS - Directorio de orquestas - PT\",\"text\":\"Copy\"}],\"bProcessing\":false,\"serverSide\":true,\"ajax\":{\"url\":\"http:\\\/\\\/staging.ibermusicas.org\\\/wp-admin\\\/admin-ajax.php?action=get_wdtable&table_id=18\",\"type\":\"POST\"},\"sPaginationType\":\"full_numbers\",\"oSearch\":{\"bSmart\":false,\"bRegex\":false,\"sSearch\":\"\"}},\"tabletWidth\":\"1024\",\"mobileWidth\":\"480\",\"advancedFilterEnabled\":true,\"advancedFilterOptions\":{\"aoColumns\":[{\"type\":\"null\",\"columnType\":\"icon\",\"numberOfDecimalPlaces\":\"2\",\"possibleValuesType\":\"read\",\"values\":null,\"origHeader\":\"imagen\",\"displayHeader\":\"imagen\",\"possibleValuesAddEmpty\":false,\"possibleValuesAjax\":-1,\"defaultValue\":\"\",\"exactFiltering\":false,\"filterLabel\":\"\",\"checkboxesInModal\":0,\"linkButtonLabel\":\"\",\"rangeSlider\":false,\"sSelector\":\"#table_1_0_filter\"},{\"type\":\"null\",\"columnType\":\"int\",\"numberOfDecimalPlaces\":\"2\",\"possibleValuesType\":\"read\",\"values\":null,\"origHeader\":\"wdt_ID\",\"displayHeader\":\"wdt_ID\",\"possibleValuesAddEmpty\":false,\"possibleValuesAjax\":-1,\"defaultValue\":\"\",\"exactFiltering\":false,\"filterLabel\":\"\",\"checkboxesInModal\":0,\"linkButtonLabel\":\"\",\"rangeSlider\":false,\"sSelector\":\"#table_1_1_filter\"},{\"type\":\"null\",\"columnType\":\"string\",\"numberOfDecimalPlaces\":\"2\",\"possibleValuesType\":\"read\",\"values\":null,\"origHeader\":\"nombre\",\"displayHeader\":\"nombre\",\"possibleValuesAddEmpty\":false,\"possibleValuesAjax\":10,\"defaultValue\":\"\",\"exactFiltering\":false,\"filterLabel\":\"\",\"checkboxesInModal\":0,\"linkButtonLabel\":\"\",\"rangeSlider\":false,\"sSelector\":\"#table_1_2_filter\"},{\"type\":\"multiselect\",\"columnType\":\"string\",\"numberOfDecimalPlaces\":\"2\",\"possibleValuesType\":\"read\",\"values\":[{\"value\":\"Argentina\",\"label\":\"Argentina\"},{\"value\":\"Brasil\",\"label\":\"Brasil\"},{\"value\":\"Colombia\",\"label\":\"Colombia\"},{\"value\":\"Costa Rica\",\"label\":\"Costa Rica\"},{\"value\":\"Ecuador\",\"label\":\"Ecuador\"},{\"value\":\"Espa\\u00f1a\",\"label\":\"Espa\\u00f1a\"},{\"value\":\"M\\u00e9xico\",\"label\":\"M\\u00e9xico\"},{\"value\":\"Panam\\u00e1\",\"label\":\"Panam\\u00e1\"},{\"value\":\"Paraguay\",\"label\":\"Paraguay\"},{\"value\":\"Venezuela\",\"label\":\"Venezuela\"}],\"origHeader\":\"pas\",\"displayHeader\":\"pas\",\"possibleValuesAddEmpty\":false,\"possibleValuesAjax\":10,\"defaultValue\":\"\",\"exactFiltering\":false,\"filterLabel\":\"Pais\",\"checkboxesInModal\":0,\"linkButtonLabel\":\"\",\"rangeSlider\":false,\"sSelector\":\"#table_1_3_filter\"},{\"type\":\"select\",\"columnType\":\"string\",\"numberOfDecimalPlaces\":\"2\",\"possibleValuesType\":\"read\",\"values\":[{\"value\":\"Ciclo de Conciertos \",\"label\":\"Ciclo de Conciertos \"},{\"value\":\"Orquesta \",\"label\":\"Orquesta \"},{\"value\":\"Orquesta sinf\\u00f3nica\",\"label\":\"Orquesta sinf\\u00f3nica\"}],\"origHeader\":\"tipo_agrupacion\",\"displayHeader\":\"tipo_agrupacion\",\"possibleValuesAddEmpty\":false,\"possibleValuesAjax\":10,\"defaultValue\":\"\",\"exactFiltering\":false,\"filterLabel\":\"Tipo de institu\\u00e7\\u00e3o\",\"checkboxesInModal\":0,\"linkButtonLabel\":\"\",\"rangeSlider\":false,\"sSelector\":\"#table_1_4_filter\"},{\"type\":\"null\",\"columnType\":\"string\",\"numberOfDecimalPlaces\":\"2\",\"possibleValuesType\":\"read\",\"values\":null,\"origHeader\":\"descripcin\",\"displayHeader\":\"descripcin\",\"possibleValuesAddEmpty\":false,\"possibleValuesAjax\":10,\"defaultValue\":\"\",\"exactFiltering\":false,\"filterLabel\":\"\",\"checkboxesInModal\":0,\"linkButtonLabel\":\"\",\"rangeSlider\":false,\"sSelector\":\"#table_1_5_filter\"},{\"type\":\"null\",\"columnType\":\"string\",\"numberOfDecimalPlaces\":\"2\",\"possibleValuesType\":\"read\",\"values\":null,\"origHeader\":\"catlogodepartituras\",\"displayHeader\":\"catlogodepartituras\",\"possibleValuesAddEmpty\":false,\"possibleValuesAjax\":10,\"defaultValue\":\"\",\"exactFiltering\":false,\"filterLabel\":\"\",\"checkboxesInModal\":0,\"linkButtonLabel\":\"\",\"rangeSlider\":false,\"sSelector\":\"#table_1_6_filter\"},{\"type\":\"null\",\"columnType\":\"link\",\"numberOfDecimalPlaces\":\"2\",\"possibleValuesType\":\"read\",\"values\":null,\"origHeader\":\"facebook\",\"displayHeader\":\"facebook\",\"possibleValuesAddEmpty\":false,\"possibleValuesAjax\":-1,\"defaultValue\":\"\",\"exactFiltering\":false,\"filterLabel\":\"\",\"checkboxesInModal\":0,\"linkButtonLabel\":\"\",\"rangeSlider\":false,\"sSelector\":\"#table_1_7_filter\"},{\"type\":\"null\",\"columnType\":\"string\",\"numberOfDecimalPlaces\":\"2\",\"possibleValuesType\":\"read\",\"values\":null,\"origHeader\":\"instagram\",\"displayHeader\":\"instagram\",\"possibleValuesAddEmpty\":false,\"possibleValuesAjax\":10,\"defaultValue\":\"\",\"exactFiltering\":false,\"filterLabel\":\"\",\"checkboxesInModal\":0,\"linkButtonLabel\":\"\",\"rangeSlider\":false,\"sSelector\":\"#table_1_8_filter\"},{\"type\":\"null\",\"columnType\":\"link\",\"numberOfDecimalPlaces\":\"2\",\"possibleValuesType\":\"read\",\"values\":null,\"origHeader\":\"twitter\",\"displayHeader\":\"twitter\",\"possibleValuesAddEmpty\":false,\"possibleValuesAjax\":-1,\"defaultValue\":\"\",\"exactFiltering\":false,\"filterLabel\":\"\",\"checkboxesInModal\":0,\"linkButtonLabel\":\"\",\"rangeSlider\":false,\"sSelector\":\"#table_1_9_filter\"},{\"type\":\"null\",\"columnType\":\"string\",\"numberOfDecimalPlaces\":\"2\",\"possibleValuesType\":\"read\",\"values\":null,\"origHeader\":\"telfono\",\"displayHeader\":\"telfono\",\"possibleValuesAddEmpty\":false,\"possibleValuesAjax\":10,\"defaultValue\":\"\",\"exactFiltering\":false,\"filterLabel\":\"\",\"checkboxesInModal\":0,\"linkButtonLabel\":\"\",\"rangeSlider\":false,\"sSelector\":\"#table_1_10_filter\"},{\"type\":\"null\",\"columnType\":\"email\",\"numberOfDecimalPlaces\":\"2\",\"possibleValuesType\":\"read\",\"values\":null,\"origHeader\":\"music\",\"displayHeader\":\"music\",\"possibleValuesAddEmpty\":false,\"possibleValuesAjax\":-1,\"defaultValue\":\"\",\"exactFiltering\":false,\"filterLabel\":\"\",\"checkboxesInModal\":0,\"linkButtonLabel\":\"\",\"rangeSlider\":false,\"sSelector\":\"#table_1_11_filter\"},{\"type\":\"null\",\"columnType\":\"string\",\"numberOfDecimalPlaces\":\"2\",\"possibleValuesType\":\"read\",\"values\":null,\"origHeader\":\"direccinpostal\",\"displayHeader\":\"direccinpostal\",\"possibleValuesAddEmpty\":false,\"possibleValuesAjax\":10,\"defaultValue\":\"\",\"exactFiltering\":false,\"filterLabel\":\"\",\"checkboxesInModal\":0,\"linkButtonLabel\":\"\",\"rangeSlider\":false,\"sSelector\":\"#table_1_12_filter\"},{\"type\":\"null\",\"columnType\":\"int\",\"numberOfDecimalPlaces\":\"2\",\"possibleValuesType\":\"read\",\"values\":null,\"origHeader\":\"miembro\",\"displayHeader\":\"miembro\",\"possibleValuesAddEmpty\":false,\"possibleValuesAjax\":-1,\"defaultValue\":\"\",\"exactFiltering\":false,\"filterLabel\":\"\",\"checkboxesInModal\":0,\"linkButtonLabel\":\"\",\"rangeSlider\":false,\"sSelector\":\"#table_1_13_filter\"},{\"type\":\"null\",\"columnType\":\"link\",\"numberOfDecimalPlaces\":\"2\",\"possibleValuesType\":\"read\",\"values\":null,\"origHeader\":\"pginaweb\",\"displayHeader\":\"pginaweb\",\"possibleValuesAddEmpty\":false,\"possibleValuesAjax\":-1,\"defaultValue\":\"\",\"exactFiltering\":false,\"filterLabel\":\"\",\"checkboxesInModal\":0,\"linkButtonLabel\":\"\",\"rangeSlider\":false,\"sSelector\":\"#table_1_14_filter\"}],\"bUseColVis\":true},\"filterInForm\":true,\"serverSide\":true,\"autoRefreshInterval\":0,\"processing\":true,\"fnServerData\":true,\"columnsFixed\":0,\"sumFunctionsLabel\":\"\",\"avgFunctionsLabel\":\"\",\"minFunctionsLabel\":\"\",\"maxFunctionsLabel\":\"max\",\"columnsDecimalPlaces\":{\"imagen\":-1,\"wdt_ID\":-1,\"nombre\":-1,\"pas\":-1,\"tipo_agrupacion\":-1,\"descripcin\":-1,\"catlogodepartituras\":-1,\"facebook\":-1,\"instagram\":-1,\"twitter\":-1,\"telfono\":-1,\"music\":-1,\"direccinpostal\":-1,\"miembro\":-1,\"pginaweb\":-1},\"columnsThousandsSeparator\":{\"wdt_ID\":1,\"miembro\":1},\"sumColumns\":[],\"avgColumns\":[],\"sumAvgColumns\":[],\"timeFormat\":\"h:i A\",\"datepickFormat\":\"dd\\\/mm\\\/yy\",\"cascadeFiltering\":0,\"cascadeFilteringLogic\":\"\",\"hideTableBeforeFiltering\":0,\"showSearchFiltersButton\":0,\"disableSearchFiltersButton\":0}'\/>\n\n    <table id=\"table_1\"\n           class=\"  display nowrap data-t data-t wpDataTable\"\n           style=\"display: none; \"\n           data-described-by='table_1_desc'\n           data-wpdatatable_id=\"18\">\n\n        <!-- Table header -->\n        \n<thead>\n<tr>\n                    <th\n        data-class=\"expand\"                class=\" wdtheader \"\n        style=\"\">imagen<\/th>        <th\n                        class=\" wdtheader sort numdata integer \"\n        style=\"\">wdt_ID<\/th>        <th\n                        class=\" wdtheader sort \"\n        style=\"\">nombre<\/th>        <th\n                        class=\" wdtheader sort \"\n        style=\"\">pas<\/th>        <th\n                        class=\" wdtheader sort \"\n        style=\"\">tipo_agrupacion<\/th>        <th\n                        class=\" wdtheader sort \"\n        style=\"\">descripcin<\/th>        <th\n                        class=\" wdtheader sort \"\n        style=\"\">catlogodepartituras<\/th>        <th\n                        class=\" wdtheader sort \"\n        style=\"\">facebook<\/th>        <th\n                        class=\" wdtheader sort \"\n        style=\"\">instagram<\/th>        <th\n                        class=\" wdtheader sort \"\n        style=\"\">twitter<\/th>        <th\n                        class=\" wdtheader sort \"\n        style=\"\">telfono<\/th>        <th\n                        class=\" wdtheader sort \"\n        style=\"\">music<\/th>        <th\n                        class=\" wdtheader sort \"\n        style=\"\">direccinpostal<\/th>        <th\n                        class=\" wdtheader sort numdata integer \"\n        style=\"\">miembro<\/th>        <th\n                        class=\" wdtheader sort \"\n        style=\"\">pginaweb<\/th>    <\/tr>\n<\/thead>\n        <!-- \/Table header -->\n\n        <!-- Table body -->\n        \n<tbody>\n        <tr id=\"table_18_row_0\">\n                    <td style=\"\"><img src='https:\/\/staging.ibermusicas.org\/wp-content\/uploads\/2020\/04\/logo-opes-v2-Marcos-souza.jpg?img_width=250&img_height=250' \/><\/td>\n                    <td style=\"\">11<\/td>\n                    <td style=\"\">Orquestra Petrobras Sinf\u00f4nica<\/td>\n                    <td style=\"\">Brasil<\/td>\n                    <td style=\"\">Orquesta sinf\u00f3nica<\/td>\n                    <td style=\"\">Aos 49 anos, a Orquestra Petrobras Sinf\u00f4nica se consolida como uma das mais conceituadas do pa\u00eds e ocupa um lugar de prest\u00edgio entre os maiores conjuntos musicais da Am\u00e9rica Latina. Criada pelo maestro Armando Prazeres, a orquestra conta com uma forma\u00e7\u00e3o de mais de 60 instrumentistas e tem como Diretor Art\u00edstico e Regente Titular Isaac Karabtchevsky, o mais respeitado regente brasileiro e um nome consagrado no panorama internacional. Inovadora e com forte presen\u00e7a digital, tornou-se a orquestra brasileira com mais seguidores da plataforma Youtube.<\/td>\n                    <td style=\"\">Marcos Souza - Gerente de Projetos marcos.souza@opes.com.br<\/td>\n                    <td style=\"\"><a href='https:\/\/www.facebook.com\/PetrobrasSinfonica\/' target='_self'>https:\/\/www.facebook.com\/PetrobrasSinfonica\/<\/a><\/td>\n                    <td style=\"\">https:\/\/www.instagram.com\/petrobras_sinfonica\/<\/td>\n                    <td style=\"\"><\/td>\n                    <td style=\"\">+55212551-5595<\/td>\n                    <td style=\"\"><a href='mailto:contato@opes.com.br'>contato@opes.com.br<\/a><\/td>\n                    <td style=\"\">R. DOS ARCOS, 24 - ESPA\u00c7O 5 . LAPA\nRIO DE JANEIRO\/RJ . CEP: 20230-060<\/td>\n                    <td style=\"\">1<\/td>\n                    <td style=\"\"><a href='https:\/\/petrobrasinfonica.com.br\/' target='_self'>https:\/\/petrobrasinfonica.com.br\/<\/a><\/td>\n            <\/tr>\n            <tr id=\"table_18_row_1\">\n                    <td style=\"\"><img src='https:\/\/staging.ibermusicas.org\/wp-content\/uploads\/2020\/04\/fundacao_osesp_negativo1-Gabriela-de-Souza-1.jpg' \/><\/td>\n                    <td style=\"\">29<\/td>\n                    <td style=\"\">Orquestra Sinf\u00f4nica do Estado de S\u00e3o Paulo<\/td>\n                    <td style=\"\">Brasil<\/td>\n                    <td style=\"\">Orquesta Sinf\u00f3nica<\/td>\n                    <td style=\"\">A Funda\u00e7\u00e3o Osesp \u00e9 uma institui\u00e7\u00e3o sem fins lucrativos que tem por objetivos apoiar, incentivar, assistir, desenvolver e promover a cultura, a educa\u00e7\u00e3o e a assist\u00eancia social, com \u00eanfase \u00e0 m\u00fasica de concerto, instrumental e vocal.<br>Qualificada como Organiza\u00e7\u00e3o Social da Cultura, mant\u00e9m contrato de gest\u00e3o com a Secretaria da Cultura do Estado de S\u00e3o Paulo para a manuten\u00e7\u00e3o e desenvolvimento da Orquestra Sinf\u00f4nica do Estado de S\u00e3o Paulo - Osesp, a Sala S\u00e3o Paulo, o Coro da Osesp, os coros Infantil e Juvenil da Osesp, a Academia da Osesp, a Editora da Osesp, o Centro de Documenta\u00e7\u00e3o Musical \u2018Maestro Eleazar de Carvalho\u2019 e o Festival Internacional de Inverno de Campos do Jord\u00e3o.<br>Realiza, ainda no escopo do Contrato de Gest\u00e3o, a\u00e7\u00f5es de educa\u00e7\u00e3o musical para crian\u00e7as, jovens e adultos; promo\u00e7\u00e3o, capacita\u00e7\u00e3o e treinamento de profissionais das \u00e1reas da m\u00fasica e da educa\u00e7\u00e3o; e forma\u00e7\u00e3o de plateias.<br>Cumpre tamb\u00e9m com a miss\u00e3o de fomentar e desenvolver a m\u00fasica brasileira ao promover pesquisa, documenta\u00e7\u00e3o, publica\u00e7\u00e3o, execu\u00e7\u00e3o, grava\u00e7\u00e3o e divulga\u00e7\u00e3o do repert\u00f3rio nacional, sinf\u00f4nico e de c\u00e2mara.<br>A Funda\u00e7\u00e3o Osesp foi institu\u00edda em 22 de junho de 2005 e, em 1\u00ba de novembro do mesmo ano, foi firmado contrato de gest\u00e3o com o Governo do Estado de S\u00e3o Paulo.<\/td>\n                    <td style=\"\">+55 11 3367 9500 (ATENDIMENTO DE SEGUNDA A SEXTA, DAS 9H \u00c0S 18H)<\/td>\n                    <td style=\"\"><a href='https:\/\/www.facebook.com\/osesp' target='_self'>https:\/\/www.facebook.com\/osesp<\/a><\/td>\n                    <td style=\"\">https:\/\/www.instagram.com\/osesp_<\/td>\n                    <td style=\"\"><a href='https:\/\/twitter.com\/osesp' target='_self'>https:\/\/twitter.com\/osesp<\/a><\/td>\n                    <td style=\"\">+55 11 3367 9500 <\/td>\n                    <td style=\"\"><a href='mailto:contato@osesp.art.br'>contato@osesp.art.br<\/a><\/td>\n                    <td style=\"\">PRA\u00c7A J\u00daLIO PRESTES, N\u00ba 16 - 01218 020 | S\u00c3O PAULO - SP<\/td>\n                    <td style=\"\">1<\/td>\n                    <td style=\"\"><a href='http:\/\/www.osesp.art.br\/' target='_self'>http:\/\/www.osesp.art.br\/<\/a><\/td>\n            <\/tr>\n            <tr id=\"table_18_row_2\">\n                    <td style=\"\"><img src='https:\/\/staging.ibermusicas.org\/wp-content\/uploads\/2020\/04\/Teatro-del-Libertador-Teatro-Del-Libertador.png' \/><\/td>\n                    <td style=\"\">30<\/td>\n                    <td style=\"\">Orquesta Sinf\u00f3nica de C\u00f3rdoba <\/td>\n                    <td style=\"\">Argentina<\/td>\n                    <td style=\"\">Orquesta Sinf\u00f3nica<\/td>\n                    <td style=\"\">Orquesta Sinf\u00f3nica de la Provincia de C\u00f3rdoba dependiente del Teatro del Libertador San Mart\u00edn<\/td>\n                    <td style=\"\"><\/td>\n                    <td style=\"\"><a href='https:\/\/www.facebook.com\/TeatroDelLibertador\/' target='_self'>https:\/\/www.facebook.com\/TeatroDelLibertador\/<\/a><\/td>\n                    <td style=\"\">https:\/\/www.instagram.com\/teatrodellibertador<\/td>\n                    <td style=\"\"><\/td>\n                    <td style=\"\">+543514143412<\/td>\n                    <td style=\"\"><a href='mailto:direccion.libertador@gmail.com'>direccion.libertador@gmail.com<\/a><\/td>\n                    <td style=\"\">Av. V\u00e9lez Sarsfield 365, X5000 JJD, C\u00f3rdoba<\/td>\n                    <td style=\"\">1<\/td>\n                    <td style=\"\"><a href='https:\/\/cultura.cba.gov.ar\/teatrodellibertador\/' target='_self'>https:\/\/cultura.cba.gov.ar\/teatrodellibertador\/<\/a><\/td>\n            <\/tr>\n            <tr id=\"table_18_row_3\">\n                    <td style=\"\"><img src='https:\/\/staging.ibermusicas.org\/wp-content\/uploads\/2020\/04\/OSN-22-Juan-Sanjur.jpg' \/><\/td>\n                    <td style=\"\">31<\/td>\n                    <td style=\"\">Orquesta Sinf\u00f3nica Nacional de Panam\u00e1<\/td>\n                    <td style=\"\">Panam\u00e1<\/td>\n                    <td style=\"\">Orquesta <\/td>\n                    <td style=\"\">Orquesta Sinf\u00f3nica Nacional de Panam\u00e1 fundada en el a\u00f1o 1941, siendo ahora parte del Ministerio de Cultura de Panam\u00e1.<\/td>\n                    <td style=\"\">Analiz Canto (Secretaria OSN) | acanto@micultura.gob.pa<\/td>\n                    <td style=\"\"><a href='https:\/\/www.facebook.com\/OSNPANAMA' target='_self'>https:\/\/www.facebook.com\/OSNPANAMA<\/a><\/td>\n                    <td style=\"\"><\/td>\n                    <td style=\"\"><\/td>\n                    <td style=\"\">+5072283409 <\/td>\n                    <td style=\"\"><a href='mailto:acanto@micultura.gob.pa'>acanto@micultura.gob.pa<\/a><\/td>\n                    <td style=\"\">Ciudad de Panam\u00e1, PH Tula Business Center, Oficinas Ministerio de Cultura<\/td>\n                    <td style=\"\">1<\/td>\n                    <td style=\"\"><a href='https:\/\/micultura.gob.pa\/' target='_self'>https:\/\/micultura.gob.pa\/<\/a><\/td>\n            <\/tr>\n            <tr id=\"table_18_row_4\">\n                    <td style=\"\"><img src='https:\/\/staging.ibermusicas.org\/wp-content\/uploads\/2020\/04\/ORQUESTAUNCUYO-Jose-Loyero.png' \/><\/td>\n                    <td style=\"\">32<\/td>\n                    <td style=\"\">Orquesta Sinf\u00f3nica de la Universidad Nacional de Cuyo<\/td>\n                    <td style=\"\">Argentina<\/td>\n                    <td style=\"\">Orquesta Sinf\u00f3nica<\/td>\n                    <td style=\"\">La Orquesta Sinf\u00f3nica de la Universidad Nacional de Cuyo es un organismo profesional art\u00edstico-musical dependiente jer\u00e1rquica y funcionalmente de la Secretar\u00eda de Extensi\u00f3n Universitaria del Rectorado de la UNCUYO. Act\u00faa en conciertos y en otras formas del arte musical, ya sean espect\u00e1culos coreogr\u00e1ficos, l\u00edricos y sinf\u00f3nico-corales. Interpreta el repertorio sinf\u00f3nico universal, con el objetivo de promover y alentar la creaci\u00f3n musical, abordando obras de compositores nacionales y regionales.<br>Asimismo desarrolla actuaciones did\u00e1cticas y pedag\u00f3gicas que forman parte de la programaci\u00f3n anual elaboradas por la Comisi\u00f3n Art\u00edstica con acuerdo del Sec. de Extensi\u00f3n.<br>Sus actividades contribuyen a optimizar la relaci\u00f3n entre la UNCuyo y la comunidad, promoviendo el intercambio de conocimiento y el despliegue de sus potencialidades, aportando a mejorar la calidad de vida, la inclusi\u00f3n e integraci\u00f3n en el \u00e1mbito local, nacional, regional e internacional, impulsando el desarrollo de los individuos desde principios sist\u00e9micos y hol\u00edsticos, con una fuerte vocaci\u00f3n de servicio al bien com\u00fan. <\/td>\n                    <td style=\"\">Lic. Jos\u00e9 F. Loyero, Coordinador General <br>Mail: jloyero@uncu.edu.ar \/ <br><br><br>\n<\/td>\n                    <td style=\"\"><a href='https:\/\/www.facebook.com\/OSUNCuyo' target='_self'>https:\/\/www.facebook.com\/OSUNCuyo<\/a><\/td>\n                    <td style=\"\">https:\/\/www.instagram.com\/orquestauncuyo\/<\/td>\n                    <td style=\"\"><a href='https:\/\/twitter.com\/orquestauncuyo' target='_self'>https:\/\/twitter.com\/orquestauncuyo<\/a><\/td>\n                    <td style=\"\">+54 261 4054890<\/td>\n                    <td style=\"\"><a href='mailto:orquesta@uncu.edu.ar'>orquesta@uncu.edu.ar<\/a><\/td>\n                    <td style=\"\">Nave UNCUYO - Maza 255 Ciudad de Mendoza CP5500<\/td>\n                    <td style=\"\">1<\/td>\n                    <td style=\"\"><a href='http:\/\/www.orquesta.uncu.edu.ar\/' target='_self'>http:\/\/www.orquesta.uncu.edu.ar\/<\/a><\/td>\n            <\/tr>\n            <tr id=\"table_18_row_5\">\n                    <td style=\"\"><img src='https:\/\/staging.ibermusicas.org\/wp-content\/uploads\/2020\/04\/Logo-SFA-Luis-Szaran.png' \/><\/td>\n                    <td style=\"\">33<\/td>\n                    <td style=\"\">Orquesta Sinf\u00f3nica de la Ciudad de Asunci\u00f3n (OSCA)<\/td>\n                    <td style=\"\">Paraguay<\/td>\n                    <td style=\"\">Orquesta Sinf\u00f3nica  <\/td>\n                    <td style=\"\">Agrupaci\u00f3n sinf\u00f3nica dependiente de la Direcci\u00f3n General de Cultura y Turismo de la Municipalidad de Asunci\u00f3n. Tiene su sede en el Teatro Municipal. Desde al a\u00f1o 1992 la gesti\u00f3n, producci\u00f3n y administraci\u00f3n de las temporadas de conciertos est\u00e1 a cargo de la Sociedad Filarm\u00f3nica de Asunci\u00f3n, entidad sin fines de lucro. Cuenta con 70 integrantes y realiza un promedio de 40 conciertos en el a\u00f1o. Director: Luis Szaran<\/td>\n                    <td style=\"\">Elba Perito. Coordinaci\u00f3n de producci\u00f3n sfa@pol.com.py <\/td>\n                    <td style=\"\"><a href='https:\/\/www.facebook.com\/SociedadFilarmonicadeAsuncion\/' target='_self'>https:\/\/www.facebook.com\/SociedadFilarmonicadeAsuncion\/<\/a><\/td>\n                    <td style=\"\"><\/td>\n                    <td style=\"\"><\/td>\n                    <td style=\"\">+59521492416<\/td>\n                    <td style=\"\"><a href='mailto:sfa@pol.com.py'>sfa@pol.com.py<\/a><\/td>\n                    <td style=\"\">Cerro Cor\u00e1 848, Asunci\u00f3n, Paraguay<\/td>\n                    <td style=\"\">1<\/td>\n                    <td style=\"\"><a href='https:\/\/sfa.org.py\/' target='_self'>https:\/\/sfa.org.py\/<\/a><\/td>\n            <\/tr>\n            <tr id=\"table_18_row_6\">\n                    <td style=\"\"><img src='https:\/\/staging.ibermusicas.org\/wp-content\/uploads\/2020\/04\/Logos-Filarmed-blanco-Johanna-Galeano-Gil.png' \/><\/td>\n                    <td style=\"\">34<\/td>\n                    <td style=\"\">Orquesta Filarm\u00f3nica de Medell\u00edn<\/td>\n                    <td style=\"\">Colombia<\/td>\n                    <td style=\"\">Orquesta Sinf\u00f3nica<\/td>\n                    <td style=\"\">La Orquesta se cre\u00f3 con el objetivo principal de acompa\u00f1ar el Estudio Polif\u00f3nico de Medell\u00edn y de darles la oportunidad a j\u00f3venes m\u00fasicos de la ciudad de realizar pr\u00e1cticas orquestales.<\/td>\n                    <td style=\"\">Direcci\u00f3n Ejecutiva: <br>Mar\u00eda Catalina Prieto V\u00e1squez<br>direccionejecutiva@filarmed.org<br><br>Subdirecci\u00f3n de programaci\u00f3n:<br>Vania Abello<br>programacion@filarmed.org<\/td>\n                    <td style=\"\"><a href='https:\/\/www.facebook.com\/filarmed' target='_self'>https:\/\/www.facebook.com\/filarmed<\/a><\/td>\n                    <td style=\"\">https:\/\/www.instagram.com\/filarmed <\/td>\n                    <td style=\"\"><a href='https:\/\/twitter.com\/filarmed' target='_self'>https:\/\/twitter.com\/filarmed<\/a><\/td>\n                    <td style=\"\">262-55-00<\/td>\n                    <td style=\"\"><a href='mailto:info@filarmed.org'>info@filarmed.org<\/a><\/td>\n                    <td style=\"\">Carrera 42 # 8 - 00 <br>Palermo Cultural, Medell\u00edn, Antioquia, Colombia<\/td>\n                    <td style=\"\">1<\/td>\n                    <td style=\"\"><a href='https:\/\/filarmed.org\/' target='_self'>https:\/\/filarmed.org\/<\/a><\/td>\n            <\/tr>\n            <tr id=\"table_18_row_7\">\n                    <td style=\"\"><img src='https:\/\/staging.ibermusicas.org\/wp-content\/uploads\/2020\/04\/LOGO-OSNE-Julio-Enrique-Villacis-Castillo.png' \/><\/td>\n                    <td style=\"\">35<\/td>\n                    <td style=\"\">Orquesta Sinf\u00f3nica Nacional del Ecuador<\/td>\n                    <td style=\"\">Ecuador<\/td>\n                    <td style=\"\">Orquesta Sinf\u00f3nica<\/td>\n                    <td style=\"\">La Orquesta Sinf\u00f3nica Nacional del Ecuador es la primera instituci\u00f3n musical del pa\u00eds y la m\u00e1s alta representante de la m\u00fasica acad\u00e9mica en el Ecuador<\/td>\n                    <td style=\"\"><\/td>\n                    <td style=\"\"><a href='https:\/\/www.facebook.com\/sinfonicaecuador' target='_self'>https:\/\/www.facebook.com\/sinfonicaecuador<\/a><\/td>\n                    <td style=\"\">https:\/\/www.instagram.com\/sinfonicaecuador\/<\/td>\n                    <td style=\"\"><a href='https:\/\/twitter.com\/sinfonicaosne' target='_self'>https:\/\/twitter.com\/sinfonicaosne<\/a><\/td>\n                    <td style=\"\">+59323822642<\/td>\n                    <td style=\"\"><a href='mailto:comunicacion@sinfonicanacional.gob.ec'>comunicacion@sinfonicanacional.gob.ec<\/a><\/td>\n                    <td style=\"\">Leonidas Plaza N19-34<br>Quito-Ecuador<\/td>\n                    <td style=\"\">1<\/td>\n                    <td style=\"\"><a href='https:\/\/www.sinfonicanacional.gob.ec\/' target='_self'>https:\/\/www.sinfonicanacional.gob.ec\/<\/a><\/td>\n            <\/tr>\n            <tr id=\"table_18_row_8\">\n                    <td style=\"\"><img src='https:\/\/staging.ibermusicas.org\/wp-content\/uploads\/2020\/04\/Logo-OSIC-Diego-Sanchez-Haase.png' \/><\/td>\n                    <td style=\"\">36<\/td>\n                    <td style=\"\">Orquesta Sinf\u00f3nica del Congreso Nacional del Paraguay<\/td>\n                    <td style=\"\">Paraguay<\/td>\n                    <td style=\"\">Orquesta Sinf\u00f3nica<\/td>\n                    <td style=\"\">La Orquesta Sinf\u00f3nica del Congreso Nacional del Paraguay es una agrupaci\u00f3n dependiente del Centro Cultural de la Rep\u00fablica \"El Cabildo\", brazo cultural del Congreso Nacional del Paraguay. Creada en el a\u00f1o 2012, la OSIC est\u00e1 conformada por 50 m\u00fasicos del m\u00e1s alto nivel, y est\u00e1 dirigida por el maestro Diego S\u00e1nchez Haase. A trav\u00e9s de sus diferentes ciclos de conciertos, la OSIC aborda un repertorio que abarca desde la m\u00fasica antigua (basada en la interpretaci\u00f3n hist\u00f3ricamente informada) hasta la m\u00fasica contempor\u00e1nea, enfatizando especialmente la difusi\u00f3n de la obra de compositores paraguayos y latinoamericanos. La OSIC tambi\u00e9n aborda el repertorio oper\u00edstico y de ballet, y en los \u00faltimos a\u00f1os ha estrenado varias \u00f3peras de autores paraguayos y extranjeros.   <\/td>\n                    <td style=\"\">Lic. Leticia Toledo, Asistente General Administrativa<\/td>\n                    <td style=\"\"><a href='https:\/\/www.facebook.com\/OrquestaCongreso' target='_self'>https:\/\/www.facebook.com\/OrquestaCongreso<\/a><\/td>\n                    <td style=\"\">https:\/\/www.instagram.com\/osicpy\/<\/td>\n                    <td style=\"\"><\/td>\n                    <td style=\"\">+59521491010<\/td>\n                    <td style=\"\"><a href='mailto:orquestasinfonicadelcongresopy@gmail.com'>orquestasinfonicadelcongresopy@gmail.com<\/a><\/td>\n                    <td style=\"\">Casa Bicentenario de la M\u00fasica <br>Cerro Cor\u00e1 848  <br>Asunci\u00f3n. <\/td>\n                    <td style=\"\">1<\/td>\n                    <td style=\"\"><\/td>\n            <\/tr>\n            <tr id=\"table_18_row_9\">\n                    <td style=\"\"><img src='https:\/\/staging.ibermusicas.org\/wp-content\/uploads\/2020\/04\/Logo-Orquesta-mejorado-Javier-Kamienski.jpg' \/><\/td>\n                    <td style=\"\">37<\/td>\n                    <td style=\"\">Orquesta Sinf\u00f3nica de Salta<\/td>\n                    <td style=\"\">Argentina<\/td>\n                    <td style=\"\">Orquesta Sinf\u00f3nica<\/td>\n                    <td style=\"\">La Orquesta Sinf\u00f3nica de Salta fue creada por Ley Provincial en el a\u00f1o 2000, y comenz\u00f3 sus actividades en el 2001. Mediante Concurso Internacional, se seleccion\u00f3 a su director fundador, el maestro venezolano Felipe Izcaray y a los m\u00fasicos que, siendo de nacionalidades y escuelas musicales diferentes, enriquecieron el bagaje cultural de la provincia.<br>El organismo est\u00e1 a cargo de la Mtra. Yeny Delgado. Durante su trayectoria, fue dirigido, adem\u00e1s, por los Maestros Luis Gorelik, Enrique Roel, Jorge Lhez y Noam Zur, como Titulares, y en sus primeros a\u00f1os, el Maestro Eduardo Alonso Crespo, en el rol de Director Invitado Principal.<br>Est\u00e1 integrada por m\u00fasicos de Salta, de otras provincias argentinas y de pa\u00edses, como Chile, Venezuela, Cuba, Rumania, Ucrania, Serbia, Georgia, Bulgaria e Inglaterra.<br>Realiza conciertos regulares en el Teatro Provincial de Salta con notables artistas nacionales e internacionales. Consecuente con su pol\u00edtica de acercamiento a la comunidad, la Orquesta Sinf\u00f3nica de Salta brinda conciertos did\u00e1cticos, de gran atracci\u00f3n, dado su modelo de conducci\u00f3n actoral, que permite la amplia participaci\u00f3n de los asistentes. <br>La Orquesta se ha presentado en diversos barrios de Salta, localidades del interior provincial y en diferentes provincias argentinas como Jujuy, Chaco, San Juan, Buenos Aires, R\u00edo Negro y Tierra del Fuego.<br>En el a\u00f1o 2002 realiz\u00f3 su primera presentaci\u00f3n en el Teatro Col\u00f3n de Buenos Aires, con gran aclamaci\u00f3n del p\u00fablico y de la cr\u00edtica. En 2003 acompa\u00f1\u00f3 a la pianista Martha Argerich y a los ganadores del concurso que lleva su nombre. Particip\u00f3 con dos programas en la XI Semana Musical Llao Llao de Bariloche, transmitidos por la se\u00f1al de Film &amp; Arts. En 2004 inici\u00f3 su temporada con el Festival Alberto Lysy, recibi\u00f3 a Martha Argerich y a la pianista Gabriela Montero, particip\u00f3 en el Primer Festival Internacional Cultural de las Tres Fronteras en Asunci\u00f3n del Paraguay. Su versi\u00f3n de la Novena Sinf\u00f3nica de Beethoven, en Capital Federal, al aire libre, frente a ochenta mil personas, fue televisada a nivel nacional. En Abril de 2005 fue la orquesta residente en el Primer Festival Internacional de M\u00fasica Cl\u00e1sica de Ushuaia, rol que repiti\u00f3 en la edici\u00f3n 2015 de dicho festival. En 2007 y 2009 form\u00f3 parte nuevamente de la programaci\u00f3n de la Semana Musical Llao Llao, en Bariloche, donde tuvo el privilegio de acompa\u00f1ar a los pianistas Horacio Lavandera y Bruno Gelber. <br>Adem\u00e1s del repertorio sinf\u00f3nico, la Orquesta Sinf\u00f3nica de Salta ha abordado obras sinf\u00f3nico-corales, como Magn\u00edficat de Bach, Sinfon\u00eda Coral de Beethoven, Sinfon\u00eda \u201cLobgesang\u201d de Mendelssohn, Carmina Burana de Orff, Lux Aeterna, de Morten Lauridsen, y obras l\u00edricas como las \u00f3peras La Traviata, Don Giovanni, Rigoletto, Madame Butterfly,  Tosca, El barbero de Sevilla.<br>La realizaci\u00f3n de zarzuelas hace de Salta la plaza m\u00e1s importante del pa\u00eds en ese g\u00e9nero, dada la magnitud de las producciones y seriedad en su tratamiento. Entre ellas se cuentan El barberillo del Lavapi\u00e9s, Do\u00f1a Francisquita, La del soto del parral, La tabernera del puerto. <br>Las obras de ballet ocupan un lugar importante en la programaci\u00f3n de la Orquesta. Ha interpretado Cascanueces, El lago de los cisnes, La bella durmiente del bosque, Giselle, Sue\u00f1o de una noche de verano, Les Sylfides, Don Quijote, con el Ballet Provincial de Salta. Con la compa\u00f1\u00eda Ballet Concierto y Danza por la inclusi\u00f3n, dirigidas por I\u00f1aki Urlezaga, estren\u00f3 la versi\u00f3n para ballet de La Traviata y Dios se lo pague. Junto al Ballet del Teatro Argentino de La Plata, present\u00f3 La bella durmiente del bosque y, con el Ballet Folcl\u00f3rico de la Provincia de Salta, ha presentado El Matrero, de Felipe Boero, y ha estrenado Atahualpa, Juan Azurduy y Salamanca de los mineros, obras originales encargadas a los compositores Gerardo Di Giusto, Noelia Escalzo y Germ\u00e1n Mercado, respectivamente.<br>Ocupan un lugar importante en su repertorio, obras argentinas y latinoamericanas, habiendo interpretando a Ginastera, Gianneo, J. J. Castro, Gilardi, Villa-Lobos, Fal\u00fa, Leguizam\u00f3n, Botelli, Saluzzi, entre otros. <br>Ha grabado el \u00e1lbum Concierto del Bicentenario, editado por Sony Classical, y ha colaborado en grabaciones con  conjunto folcl\u00f3rico Los Nocheros, con C\u00e9sar Isella y con Jorge Rojas.<br>Durante su trayectoria, la Orquesta ha organizado en 2007, dictado por el Mtro. Luis Gorelik y en 2019 con el Mtro. Noam Zur, con la doble modalidad de curso y concurso, ofreciendo oportunidad de perfeccionamiento e inserci\u00f3n en la profesi\u00f3n a j\u00f3venes directores del mundo. <br>Asimismo, ha incluido en su programaci\u00f3n los ciclos Nuevos Compositores Latinoamericanos (2013) Nuevos Solistas (2014), en los que, mediante concurso,  compositores n\u00f3veles y solistas j\u00f3venes y puedieron sonar junto con la Orquesta Sinf\u00f3nica de Salta. En 2015, realiz\u00f3 el el primer Festival Internacional de M\u00fasica Salta 2015, que cont\u00f3 con la participaci\u00f3n de destacados solistas internacionales.<br>Ha presentado la Misa Criolla, junto a Los Huayra. Hizo presentaciones junto con cantantes de tango y rock, como Mar\u00eda Jos\u00e9 Mentana, Jos\u00e9 \u00c1ngel Trelles y Nito Mestre. En febrero del a\u00f1o 2013 protagoniz\u00f3, junto al Ballet Folcl\u00f3rico de la Provincia y artistas locales, el Festival en conmemoraci\u00f3n del Bicentenario de la Batalla de Salta y particip\u00f3 del Festival de la Patria Grande, junto a Jairo y a Soledad Pastorutti.<br>La Orquesta Sinf\u00f3nica de Salta recibi\u00f3 el Premio a la Mejor Orquesta Sinf\u00f3nica del A\u00f1o 2004, otorgado por la Asociaci\u00f3n de Cr\u00edticos Musicales de la Argentina, y el Premio Sol Andino de Oro de la Fundaci\u00f3n Inti Sagta, por sus m\u00e9ritos como embajadora cultural de nuestra provincia frente al pa\u00eds y el mundo. En 2009, fue galardonada con el Premio Konex - Diploma al M\u00e9rito, como una de las instituciones de la m\u00fasica cl\u00e1sica argentina m\u00e1s destacadas de la d\u00e9cada. <\/td>\n                    <td style=\"\">Cristina Altoberlli, Coordinadora de relaciones institucionales<\/td>\n                    <td style=\"\"><a href='https:\/\/www.facebook.com\/OrquestaSinfonicaDeSalta\/' target='_self'>https:\/\/www.facebook.com\/OrquestaSinfonicaDeSalta\/<\/a><\/td>\n                    <td style=\"\">https:\/\/www.instagram.com\/orquesta.sinfonica.de.salta\/<\/td>\n                    <td style=\"\"><a href='https:\/\/twitter.com\/ossaltaok' target='_self'>https:\/\/twitter.com\/ossaltaok<\/a><\/td>\n                    <td style=\"\">+543874220999<\/td>\n                    <td style=\"\"><a href='mailto:ossalta@gmail.com'>ossalta@gmail.com<\/a><\/td>\n                    <td style=\"\">Caseros 460, 2do. piso. 4400 Salta, Argentina<\/td>\n                    <td style=\"\">1<\/td>\n                    <td style=\"\"><\/td>\n            <\/tr>\n    <\/tbody>        <!-- \/Table body -->\n\n        <!-- Table footer -->\n        \n    <tfoot>\n                <tr style=\"display: none\">\n                            <td\n                class=\"wdtheader  \"\n                style=\"\"><\/td>                <td\n                class=\"wdtheader sort numdata integer \"\n                style=\"\"><\/td>                <td\n                class=\"wdtheader sort \"\n                style=\"\"><\/td>                <td\n                class=\"wdtheader sort \"\n                style=\"\">pas<\/td>                <td\n                class=\"wdtheader sort \"\n                style=\"\">tipo_agrupacion<\/td>                <td\n                class=\"wdtheader sort \"\n                style=\"\"><\/td>                <td\n                class=\"wdtheader sort \"\n                style=\"\"><\/td>                <td\n                class=\"wdtheader sort \"\n                style=\"\"><\/td>                <td\n                class=\"wdtheader sort \"\n                style=\"\"><\/td>                <td\n                class=\"wdtheader sort \"\n                style=\"\"><\/td>                <td\n                class=\"wdtheader sort \"\n                style=\"\"><\/td>                <td\n                class=\"wdtheader sort \"\n                style=\"\"><\/td>                <td\n                class=\"wdtheader sort \"\n                style=\"\"><\/td>                <td\n                class=\"wdtheader sort numdata integer \"\n                style=\"\"><\/td>                <td\n                class=\"wdtheader sort \"\n                style=\"\"><\/td>        <\/tr>\n                            <\/tfoot>\n        <!-- \/Table footer -->\n\n    <\/table>\n\n<\/div><style>\ntable.wpDataTable td, table.wpDataTable th { white-space: normal !important; }\ntable.wpDataTable td.numdata { text-align: right !important; }\n<\/style>\n\n<style>\n\n\n<\/style>\n\n<\/div>\n<\/div>\n<\/div>\n","protected":false},"excerpt":{"rendered":"<p>Se\u00e7\u00e3o Membros<\/p>\n","protected":false},"author":1,"featured_media":0,"parent":0,"menu_order":0,"comment_status":"closed","ping_status":"closed","template":"","meta":{"footnotes":""},"class_list":["post-10646","page","type-page","status-publish","hentry"],"lang":"pt","translations":{"pt":10646,"es":9567},"pll_sync_post":[],"post_mailing_queue_ids":[],"_links":{"self":[{"href":"http:\/\/staging.ibermusicas.org\/index.php\/wp-json\/wp\/v2\/pages\/10646","targetHints":{"allow":["GET"]}}],"collection":[{"href":"http:\/\/staging.ibermusicas.org\/index.php\/wp-json\/wp\/v2\/pages"}],"about":[{"href":"http:\/\/staging.ibermusicas.org\/index.php\/wp-json\/wp\/v2\/types\/page"}],"author":[{"embeddable":true,"href":"http:\/\/staging.ibermusicas.org\/index.php\/wp-json\/wp\/v2\/users\/1"}],"replies":[{"embeddable":true,"href":"http:\/\/staging.ibermusicas.org\/index.php\/wp-json\/wp\/v2\/comments?post=10646"}],"version-history":[{"count":21,"href":"http:\/\/staging.ibermusicas.org\/index.php\/wp-json\/wp\/v2\/pages\/10646\/revisions"}],"predecessor-version":[{"id":24925,"href":"http:\/\/staging.ibermusicas.org\/index.php\/wp-json\/wp\/v2\/pages\/10646\/revisions\/24925"}],"wp:attachment":[{"href":"http:\/\/staging.ibermusicas.org\/index.php\/wp-json\/wp\/v2\/media?parent=10646"}],"curies":[{"name":"wp","href":"https:\/\/api.w.org\/{rel}","templated":true}]}}