{"id":1493,"date":"2020-04-14T16:22:06","date_gmt":"2020-04-14T16:22:06","guid":{"rendered":"http:\/\/35.173.133.8\/?page_id=1493"},"modified":"2025-07-21T17:29:15","modified_gmt":"2025-07-21T17:29:15","slug":"convocatorias","status":"publish","type":"page","link":"http:\/\/staging.ibermusicas.org\/index.php\/convocatorias\/","title":{"rendered":"Convocatorias"},"content":{"rendered":"\n<p class=\"has-montserrat-font-family\">Las pr\u00f3ximas convocatorias del Programa Iberm\u00fasicas ser\u00e1n abiertas a mediados de 2025. Estar\u00e1n destinadas a actividades para ser realizadas durante el a\u00f1o 2026.&nbsp;<\/p>\n\n\n\n<p><a href=\"http:\/\/staging.ibermusicas.org\/index.php\/preguntas-frecuentes-3\/\" target=\"_blank\" rel=\"noopener\">Preguntas frecuentes e informaci\u00f3n general sobre las convocatorias y concursos 2024<\/a><\/p>\n\n\n\n<div class=\"wp-block-group has-border-color has-accent-5-background-color has-background has-global-padding is-layout-constrained wp-container-core-group-is-layout-f9c61c5c wp-block-group-is-layout-constrained\" style=\"border-color:color-mix(in srgb, currentColor 20%, transparent);border-width:1px;border-radius:0px;margin-top:var(--wp--preset--spacing--60);margin-bottom:var(--wp--preset--spacing--60);padding-top:var(--wp--preset--spacing--50);padding-right:var(--wp--preset--spacing--50);padding-bottom:var(--wp--preset--spacing--50);padding-left:var(--wp--preset--spacing--50)\">\n<h2 class=\"wp-block-heading\">Ayuda a la circulaci\u00f3n de profesionales de la m\u00fasica<\/h2>\n\n\n\n<p class=\"has-montserrat-font-family\"><strong><\/strong><span style=\"font-weight: 400;\">Una convocatoria pensada para llevar tu trabajo musical a cualquier lugar del mundo! Se pueden presentar proyectos que busquen la internacionalizaci\u00f3n tanto de espect\u00e1culos musicales como aquellos que promuevan los intercambios de creaci\u00f3n, de composici\u00f3n, de investigaci\u00f3n y de saberes. <\/span><\/p>\n\n\n\n<p class=\"has-montserrat-font-family\"><span style=\"font-weight: 400;\">Teniendo en cuenta el alto costo de los pasajes internacionales, esta convocatoria est\u00e1 dise\u00f1ada con el fin de brindar ayudas econ\u00f3micas para la compra de pasajes a\u00e9reos, terrestres o fluviales.<\/span><\/p>\n\n\n\n<p class=\"has-montserrat-font-family\"><strong>Apertura per\u00edodo de inscripci\u00f3n: <\/strong>Lunes 16 de junio<strong><br><\/strong><b>Cierre <strong>per\u00edodo de inscripci\u00f3n:<\/strong><\/b> Mi\u00e9rcoles 1 de octubre<\/p>\n\n\n\n<div class=\"wp-block-buttons is-content-justification-left is-layout-flex wp-container-core-buttons-is-layout-7073153a wp-block-buttons-is-layout-flex\" style=\"margin-top:var(--wp--preset--spacing--40);margin-bottom:var(--wp--preset--spacing--40)\">\n<div class=\"wp-block-button convocatoria-btn\"><a class=\"wp-block-button__link wp-element-button\" href=\"http:\/\/staging.ibermusicas.org\/wp-content\/uploads\/2020\/04\/1-Ibermusicas-Ayuda-a-la-circulacion-de-profesionales-de-la-musica-2025.pdf\" target=\"%20_blank\" rel=\"noopener noreferrer\">Descargar las bases<\/a><\/div>\n\n\n\n<div class=\"wp-block-button convocatoria-btn\"><a class=\"wp-block-button__link wp-element-button\" href=\"http:\/\/staging.ibermusicas.org\/index.php\/inscribete-en-convocatorias-y-concursos-de-ibermusicas\/?gl=745\" rel=\"noopener noreferrer\">Postular<\/a><\/div>\n\n\n\n<div class=\"wp-block-button convocatoria-btn\"><a class=\"wp-block-button__link wp-element-button\" href=\"http:\/\/staging.ibermusicas.org\/wp-content\/uploads\/2020\/04\/Ibermusicas-Postulacio\u0301n.pdf\" target=\"%20_blank\" rel=\"noopener noreferrer\">Instructivo para inscribirse<\/a><\/div>\n<\/div>\n<\/div>\n\n\n\n\n\n<div class=\"wp-block-group has-border-color has-accent-5-background-color has-background has-global-padding is-layout-constrained wp-container-core-group-is-layout-f9c61c5c wp-block-group-is-layout-constrained\" style=\"border-color:color-mix(in srgb, currentColor 20%, transparent);border-width:1px;border-radius:0px;margin-top:var(--wp--preset--spacing--60);margin-bottom:var(--wp--preset--spacing--60);padding-top:var(--wp--preset--spacing--50);padding-right:var(--wp--preset--spacing--50);padding-bottom:var(--wp--preset--spacing--50);padding-left:var(--wp--preset--spacing--50)\">\n<h2 class=\"wp-block-heading\">Ayuda a la programaci\u00f3n musical <\/h2>\n\n\n\n<p class=\"has-montserrat-font-family\"><span style=\"font-weight: 400;\">Una convocatoria destinada a programadores de festivales, ferias y mercados de m\u00fasica, salas de conciertos, escuelas de m\u00fasica, orquestas o coros, entre otros eventos y emprendimientos, que quieran invitar a profesionales de m\u00fasica para participar de sus proyectos. <\/span><\/p>\n\n\n\n<p class=\"has-montserrat-font-family\"><span style=\"font-weight: 400;\">As\u00ed, un festival o un corredor cultural de festivales de m\u00fasica, por ejemplo, podr\u00e1 presentar una propuesta para invitar a participar en su programaci\u00f3n a artistas de distintos pa\u00edses; un sello discogr\u00e1fico podr\u00e1 convocar a bookers para la presentaci\u00f3n de sus bandas; una orquesta o varias orquestas asociadas podr\u00e1n candidatearse para invitar a una directora; una asociaci\u00f3n de instrumentistas podr\u00e1 presentar una convocar a un\/a luthier para brindar capacitaciones; entre otras tantas posibilidades. <\/span><\/p>\n\n\n\n<p class=\"has-montserrat-font-family\"><span style=\"font-weight: 400;\">Vale recordar que esta l\u00ednea es para cubrir los gastos de transporte (a\u00e9reo, terrestre o fluvial).<\/span><\/p>\n\n\n\n<p style=\"margin-top:var(--wp--preset--spacing--40);margin-bottom:var(--wp--preset--spacing--40)\"><strong>Apertura per\u00edodo de inscripci\u00f3n: <\/strong>Lunes 16 de junio<strong><br><\/strong><b>Cierre <strong>per\u00edodo de inscripci\u00f3n:<\/strong><\/b> Mi\u00e9rcoles 1 de octubre<\/p>\n\n\n\n<div class=\"wp-block-buttons is-layout-flex wp-block-buttons-is-layout-flex\">\n<div class=\"wp-block-button convocatoria-btn\"><a class=\"wp-block-button__link wp-element-button\" href=\"http:\/\/staging.ibermusicas.org\/wp-content\/uploads\/2020\/04\/2-Ibermusicas-Ayuda-a-la-programacion-musical-2025.pdf\" target=\"%20_blank\" rel=\"noopener noreferrer\">Descargar las bases<\/a><\/div>\n\n\n\n<div class=\"wp-block-button convocatoria-btn\"><a class=\"wp-block-button__link wp-element-button\" href=\"http:\/\/staging.ibermusicas.org\/index.php\/inscribete-en-convocatorias-y-concursos-de-ibermusicas\/?gl=746\" rel=\"noopener noreferrer\">Postular<\/a><\/div>\n\n\n\n<div class=\"wp-block-button convocatoria-btn\"><a class=\"wp-block-button__link wp-element-button\" href=\"http:\/\/staging.ibermusicas.org\/wp-content\/uploads\/2020\/04\/Ibermusicas-Postulacio\u0301n.pdf\" target=\"%20_blank\" rel=\"noopener noreferrer\">Instructivo para inscribirse<\/a><\/div>\n<\/div>\n<\/div>\n\n\n\n\n\n<div class=\"wp-block-group has-border-color has-accent-5-background-color has-background has-global-padding is-layout-constrained wp-container-core-group-is-layout-f9c61c5c wp-block-group-is-layout-constrained\" style=\"border-color:color-mix(in srgb, currentColor 20%, transparent);border-width:1px;border-radius:0px;margin-top:var(--wp--preset--spacing--60);margin-bottom:var(--wp--preset--spacing--60);padding-top:var(--wp--preset--spacing--50);padding-right:var(--wp--preset--spacing--50);padding-bottom:var(--wp--preset--spacing--50);padding-left:var(--wp--preset--spacing--50)\">\n<h2 class=\"wp-block-heading\">Ayuda a artistas e investigadores para residencias<\/h2>\n\n\n\n<p class=\"has-montserrat-font-family\"><span style=\"font-weight: 400;\">Una convocatoria abierta para desarrollar trabajos creativos o de investigaci\u00f3n junto a una instituci\u00f3n o grupo musical anfitri\u00f3n. En este sentido, esta convocatoria se abre no s\u00f3lo a compositores o grupos musicales sino tambi\u00e9n a investigadores, para realizar proyectos en cualquier parte del mundo. <\/span><\/p>\n\n\n\n<p class=\"has-montserrat-font-family\"><span style=\"font-weight: 400;\">La duraci\u00f3n de las residencias deber\u00e1 contemplar un m\u00ednimo de tres semanas.<\/span><\/p>\n\n\n\n<p class=\"has-montserrat-font-family\"><strong>Apertura per\u00edodo de inscripci\u00f3n: <\/strong>Lunes 16 de junio<strong><br><\/strong><b>Cierre <strong>per\u00edodo de inscripci\u00f3n:<\/strong><\/b> Mi\u00e9rcoles 1 de octubre<\/p>\n\n\n\n<div class=\"wp-block-buttons is-content-justification-left is-layout-flex wp-container-core-buttons-is-layout-7073153a wp-block-buttons-is-layout-flex\" style=\"margin-top:var(--wp--preset--spacing--40);margin-bottom:var(--wp--preset--spacing--40)\">\n<div class=\"wp-block-button convocatoria-btn\"><a class=\"wp-block-button__link wp-element-button\" href=\"http:\/\/staging.ibermusicas.org\/wp-content\/uploads\/2020\/04\/3-Ibermusicas-Ayuda-a-artistas-e-investigadores-para-residencias-2025.pdf\" target=\"%20_blank\" rel=\"noopener noreferrer\">Descargar las bases<\/a><\/div>\n\n\n\n<div class=\"wp-block-button convocatoria-btn\"><a class=\"wp-block-button__link wp-element-button\" href=\"http:\/\/staging.ibermusicas.org\/index.php\/inscribete-en-convocatorias-y-concursos-de-ibermusicas\/?gl=747\" rel=\"noopener noreferrer\">Postular<\/a><\/div>\n\n\n\n<div class=\"wp-block-button convocatoria-btn\"><a class=\"wp-block-button__link wp-element-button\" href=\"http:\/\/staging.ibermusicas.org\/wp-content\/uploads\/2020\/04\/Ibermusicas-Postulacio\u0301n.pdf\" target=\"%20_blank\" rel=\"noopener noreferrer\">Instructivo para inscribirse<\/a><\/div>\n<\/div>\n<\/div>\n\n\n\n\n\n<div class=\"wp-block-group has-border-color has-accent-5-background-color has-background has-global-padding is-layout-constrained wp-container-core-group-is-layout-f9c61c5c wp-block-group-is-layout-constrained\" style=\"border-color:color-mix(in srgb, currentColor 20%, transparent);border-width:1px;border-radius:0px;margin-top:var(--wp--preset--spacing--60);margin-bottom:var(--wp--preset--spacing--60);padding-top:var(--wp--preset--spacing--50);padding-right:var(--wp--preset--spacing--50);padding-bottom:var(--wp--preset--spacing--50);padding-left:var(--wp--preset--spacing--50)\">\n<h2 class=\"wp-block-heading\"><strong><\/strong>Ayuda a instituciones para residencias<\/h2>\n\n\n\n<p class=\"has-montserrat-font-family\"><span style=\"font-weight: 400;\">Una convocatoria para que instituciones -p\u00fablicas o privadas-, organismos&nbsp; o agrupaciones cuenten con la posibilidad de invitar a compositoras, compositores, directoras y directores o investigadoras e investigadores de todo el mundo a realizar trabajos de creaci\u00f3n o de investigaci\u00f3n en residencia durante un plazo m\u00ednimo de tres semanas.<\/span><\/p>\n\n\n\n<p class=\"has-montserrat-font-family\"><strong>Apertura per\u00edodo de inscripci\u00f3n: <\/strong>Lunes 16 de junio<strong><br><\/strong><b>Cierre <strong>per\u00edodo de inscripci\u00f3n:<\/strong><\/b> Mi\u00e9rcoles 1 de octubre<\/p>\n\n\n\n<div class=\"wp-block-buttons has-montserrat-font-family is-layout-flex wp-block-buttons-is-layout-flex\">\n<div class=\"wp-block-button convocatoria-btn\"><a class=\"wp-block-button__link wp-element-button\" href=\"http:\/\/staging.ibermusicas.org\/wp-content\/uploads\/2020\/04\/4-Ibermusicas-Ayuda-a-instituciones-para-residencias-2025.pdf\" target=\"%20_blank\" rel=\"noopener noreferrer\">Descargar las bases<\/a><\/div>\n\n\n\n<div class=\"wp-block-button convocatoria-btn\"><a class=\"wp-block-button__link wp-element-button\" href=\"http:\/\/staging.ibermusicas.org\/index.php\/inscribete-en-convocatorias-y-concursos-de-ibermusicas\/?gl=748\" rel=\"noopener noreferrer\">Postular<\/a><\/div>\n\n\n\n<div class=\"wp-block-button convocatoria-btn\"><a class=\"wp-block-button__link wp-element-button\" href=\"http:\/\/staging.ibermusicas.org\/wp-content\/uploads\/2020\/04\/Ibermusicas-Postulacio\u0301n.pdf\" target=\"%20_blank\" rel=\"noopener noreferrer\">Instructivo para inscribirse<\/a><\/div>\n<\/div>\n<\/div>\n\n\n\n\n\n<div class=\"wp-block-group has-border-color has-accent-5-background-color has-background has-global-padding is-layout-constrained wp-container-core-group-is-layout-f9c61c5c wp-block-group-is-layout-constrained\" style=\"border-color:color-mix(in srgb, currentColor 20%, transparent);border-width:1px;border-radius:0px;margin-top:var(--wp--preset--spacing--60);margin-bottom:var(--wp--preset--spacing--60);padding-top:var(--wp--preset--spacing--50);padding-right:var(--wp--preset--spacing--50);padding-bottom:var(--wp--preset--spacing--50);padding-left:var(--wp--preset--spacing--50)\">\n<h2 class=\"wp-block-heading\">Ayuda a la especializaci\u00f3n y el perfeccionamiento art\u00edstico y t\u00e9cnico<\/h2>\n\n\n\n<p class=\"has-montserrat-font-family\"><span style=\"font-weight: 400;\">Una convocatoria que brinda la oportunidad de realizar estudios avanzados en todos los \u00e1mbitos del saber y el quehacer musical en cualquier parte del mundo. Este proceso puede ser llevado a cabo tanto dentro del \u00e1mbito institucional como de forma particular con grandes maestras y maestros de la cultura popular. El apoyo financiero de Iberm\u00fasicas se puede aplicar a todos los costos propios de un proceso de especializaci\u00f3n.<\/span><\/p>\n\n\n\n<p class=\"has-montserrat-font-family\"><strong>Apertura per\u00edodo de inscripci\u00f3n: <\/strong>Lunes 16 de junio<strong><br><\/strong><b>Cierre <strong>per\u00edodo de inscripci\u00f3n:<\/strong><\/b> Mi\u00e9rcoles 1 de octubre<\/p>\n\n\n\n<div class=\"wp-block-buttons has-montserrat-font-family is-layout-flex wp-block-buttons-is-layout-flex\">\n<div class=\"wp-block-button convocatoria-btn\"><a class=\"wp-block-button__link wp-element-button\" href=\"http:\/\/staging.ibermusicas.org\/wp-content\/uploads\/2020\/04\/5-Ibermusicas-Ayuda-a-la-especializacion-y-el-perfeccionamiento-artistico-y-tecnico-2025.pdf\" target=\"%20_blank\" rel=\"noopener noreferrer\">Descargar las bases<\/a><\/div>\n\n\n\n<div class=\"wp-block-button convocatoria-btn\"><a class=\"wp-block-button__link wp-element-button\" href=\"http:\/\/staging.ibermusicas.org\/index.php\/inscribete-en-convocatorias-y-concursos-de-ibermusicas\/?gl=749\" rel=\"noopener noreferrer\">Postular<\/a><\/div>\n\n\n\n<div class=\"wp-block-button convocatoria-btn\"><a class=\"wp-block-button__link wp-element-button\" href=\"http:\/\/staging.ibermusicas.org\/wp-content\/uploads\/2020\/04\/Ibermusicas-Postulacio\u0301n.pdf\" target=\"%20_blank\" rel=\"noopener noreferrer\">Instructivo para inscribirse<\/a><\/div>\n<\/div>\n<\/div>\n\n\n\n\n\n<div class=\"wp-block-group has-border-color has-accent-5-background-color has-background has-global-padding is-layout-constrained wp-container-core-group-is-layout-f9c61c5c wp-block-group-is-layout-constrained\" style=\"border-color:color-mix(in srgb, currentColor 20%, transparent);border-width:1px;border-radius:0px;margin-top:var(--wp--preset--spacing--60);margin-bottom:var(--wp--preset--spacing--60);padding-top:var(--wp--preset--spacing--50);padding-right:var(--wp--preset--spacing--50);padding-bottom:var(--wp--preset--spacing--50);padding-left:var(--wp--preset--spacing--50)\">\n<h2 class=\"wp-block-heading\"><strong><\/strong>Ayuda a proyectos virtuales<\/h2>\n\n\n\n<p class=\"has-montserrat-font-family\"><span style=\"font-weight: 400;\">Presentamos una convocatoria destinada a la realizaci\u00f3n de proyectos musicales que utilicen las herramientas virtuales como plataforma: grabaci\u00f3n de \u00e1lbumes, creaci\u00f3n de videoclips, shows en streaming, colaboraciones virtuales, video conferencias, talleres virtuales, podcasts y mucho m\u00e1s.<\/span><\/p>\n\n\n\n<p class=\"has-montserrat-font-family\"><strong>Apertura per\u00edodo de inscripci\u00f3n: <\/strong>Lunes 16 de junio<strong><br><\/strong><b>Cierre <strong>per\u00edodo de inscripci\u00f3n:<\/strong><\/b> Mi\u00e9rcoles 1 de octubre<\/p>\n\n\n\n<div class=\"wp-block-buttons has-montserrat-font-family is-layout-flex wp-block-buttons-is-layout-flex\">\n<div class=\"wp-block-button convocatoria-btn\"><a class=\"wp-block-button__link wp-element-button\" href=\"http:\/\/staging.ibermusicas.org\/wp-content\/uploads\/2020\/04\/6-Ibermusicas-Ayuda-a-proyectos-virtuales-2025.pdf\" target=\"%20_blank\" rel=\"noopener noreferrer\">Descargar las bases<\/a><\/div>\n\n\n\n<div class=\"wp-block-button convocatoria-btn\"><a class=\"wp-block-button__link wp-element-button\" href=\"http:\/\/staging.ibermusicas.org\/index.php\/inscribete-en-convocatorias-y-concursos-de-ibermusicas\/?gl=750\" rel=\"noopener noreferrer\">Postular<\/a><\/div>\n\n\n\n<div class=\"wp-block-button convocatoria-btn\"><a class=\"wp-block-button__link wp-element-button\" href=\"http:\/\/staging.ibermusicas.org\/wp-content\/uploads\/2020\/04\/Ibermusicas-Postulacio\u0301n.pdf\" target=\"%20_blank\" rel=\"noopener noreferrer\">Instructivo para inscribirse<\/a><\/div>\n<\/div>\n<\/div>\n\n\n\n\n\n<div class=\"wp-block-group has-border-color has-accent-5-background-color has-background has-global-padding is-layout-constrained wp-container-core-group-is-layout-f9c61c5c wp-block-group-is-layout-constrained\" style=\"border-color:color-mix(in srgb, currentColor 20%, transparent);border-width:1px;border-radius:0px;margin-top:var(--wp--preset--spacing--60);margin-bottom:var(--wp--preset--spacing--60);padding-top:var(--wp--preset--spacing--50);padding-right:var(--wp--preset--spacing--50);padding-bottom:var(--wp--preset--spacing--50);padding-left:var(--wp--preset--spacing--50)\">\n<h2 class=\"wp-block-heading\">Ayuda a la promoci\u00f3n del repertorio iberoamericano<\/h2>\n\n\n\n<p class=\"has-montserrat-font-family\"><span style=\"font-weight: 400;\">Una nueva propuesta de Iberm\u00fasicas destinada a orquestas, coros, ensambles, entre otros para promover una mayor visibilidad de la m\u00fasica creada por compositoras y compositores iberoamericanos. Se financiar\u00e1 la grabaci\u00f3n en alta calidad de la interpretaci\u00f3n de, como m\u00ednimo, una obra musical incluida en el \u201cCat\u00e1logo Iberoamericano de Partituras\u201d disponible en la p\u00e1gina web de Iberm\u00fasicas. La convocatoria es una invitaci\u00f3n a adentrarse en el enorme acervo de m\u00fasica escrita que refleja el gran caudal creativo de la regi\u00f3n iberoamericana. <\/span><\/p>\n\n\n\n<p class=\"has-montserrat-font-family\"><strong>Apertura per\u00edodo de inscripci\u00f3n: <\/strong>Lunes 16 de junio<strong><br><\/strong><b>Cierre <strong>per\u00edodo de inscripci\u00f3n:<\/strong><\/b> Mi\u00e9rcoles 1 de octubre<\/p>\n\n\n\n<div class=\"wp-block-buttons has-montserrat-font-family is-layout-flex wp-block-buttons-is-layout-flex\">\n<div class=\"wp-block-button convocatoria-btn\"><a class=\"wp-block-button__link wp-element-button\" href=\"http:\/\/staging.ibermusicas.org\/wp-content\/uploads\/2020\/04\/7-Ibermusicas-Ayuda-a-la-promocion-del-repertorio-iberoamericano-2025.pdf\" target=\"%20_blank\" rel=\"noopener noreferrer\">Descargar las bases<\/a><\/div>\n\n\n\n<div class=\"wp-block-button convocatoria-btn\"><a class=\"wp-block-button__link wp-element-button\" href=\"http:\/\/staging.ibermusicas.org\/index.php\/inscribete-en-convocatorias-y-concursos-de-ibermusicas\/?gl=758\" rel=\"noopener noreferrer\">Postular<\/a><\/div>\n\n\n\n<div class=\"wp-block-button convocatoria-btn\"><a class=\"wp-block-button__link wp-element-button\" href=\"http:\/\/staging.ibermusicas.org\/wp-content\/uploads\/2020\/04\/Ibermusicas-Postulacio\u0301n.pdf\" target=\"%20_blank\" rel=\"noopener noreferrer\">Instructivo para inscribirse<\/a><\/div>\n<\/div>\n<\/div>\n\n\n\n\n\n<div class=\"wp-block-group has-border-color has-accent-5-background-color has-background has-global-padding is-layout-constrained wp-container-core-group-is-layout-f9c61c5c wp-block-group-is-layout-constrained\" style=\"border-color:color-mix(in srgb, currentColor 20%, transparent);border-width:1px;border-radius:0px;margin-top:var(--wp--preset--spacing--60);margin-bottom:var(--wp--preset--spacing--60);padding-top:var(--wp--preset--spacing--50);padding-right:var(--wp--preset--spacing--50);padding-bottom:var(--wp--preset--spacing--50);padding-left:var(--wp--preset--spacing--50)\">\n<h2 class=\"wp-block-heading\"><strong><\/strong>Premio Iberm\u00fasicas de canci\u00f3n para las infancias<\/h2>\n\n\n\n<p class=\"has-montserrat-font-family\"><span style=\"font-weight: 400;\">Este Concurso de Creaci\u00f3n de Canci\u00f3n en Colaboraci\u00f3n, en donde creadoras y creadores de la regi\u00f3n componen en dupla creativa, tendr\u00e1 nuevamente un enfoque orientado especialmente hacia las canciones para las infancias, \u00e1mbito en el cual la canci\u00f3n iberoamericana tiene una gran relevancia.<\/span> <span style=\"font-weight: 400;\">Entendiendo la infancia como el tiempo del descubrimiento, del deslumbre, de la sorpresa y la maravilla del mundo, Iberm\u00fasicas sugiere la tem\u00e1tica de \u201cMigraci\u00f3n y Diversidades\u201d y la posibilidad de crear letras en todas las lenguas de los pa\u00edses iberoamericanos, invitando a explorar tambi\u00e9n las lenguas nativas.<\/span><\/p>\n\n\n\n<p class=\"has-montserrat-font-family\"><strong>Apertura per\u00edodo de inscripci\u00f3n: <\/strong>Lunes 16 de junio<strong><br><\/strong><b>Cierre <strong>per\u00edodo de inscripci\u00f3n:<\/strong><\/b> Mi\u00e9rcoles 1 de octubre<\/p>\n\n\n\n<div class=\"wp-block-buttons has-montserrat-font-family is-layout-flex wp-block-buttons-is-layout-flex\">\n<div class=\"wp-block-button convocatoria-btn\"><a class=\"wp-block-button__link wp-element-button\" href=\"http:\/\/staging.ibermusicas.org\/wp-content\/uploads\/2020\/04\/8-Ibermusicas-Premio-de-cancion-para-las-infancias-2025.pdf\" target=\"%20_blank\" rel=\"noopener noreferrer\">Descargar las bases<\/a><\/div>\n\n\n\n<div class=\"wp-block-button convocatoria-btn\"><a class=\"wp-block-button__link wp-element-button\" href=\"http:\/\/staging.ibermusicas.org\/index.php\/inscribete-en-convocatorias-y-concursos-de-ibermusicas\/?gl=751\" rel=\"noopener noreferrer\">Postular<\/a><\/div>\n\n\n\n<div class=\"wp-block-button convocatoria-btn\"><a class=\"wp-block-button__link wp-element-button\" href=\"http:\/\/staging.ibermusicas.org\/wp-content\/uploads\/2020\/04\/Ibermusicas-Postulacio\u0301n.pdf\" target=\"%20_blank\" rel=\"noopener noreferrer\">Instructivo para inscribirse<\/a><\/div>\n<\/div>\n<\/div>\n\n\n\n\n\n<div class=\"wp-block-group has-border-color has-accent-5-background-color has-background has-global-padding is-layout-constrained wp-container-core-group-is-layout-f9c61c5c wp-block-group-is-layout-constrained\" style=\"border-color:color-mix(in srgb, currentColor 20%, transparent);border-width:1px;border-radius:0px;margin-top:var(--wp--preset--spacing--60);margin-bottom:var(--wp--preset--spacing--60);padding-top:var(--wp--preset--spacing--50);padding-right:var(--wp--preset--spacing--50);padding-bottom:var(--wp--preset--spacing--50);padding-left:var(--wp--preset--spacing--50)\">\n<h2 class=\"wp-block-heading\">Premio Iberm\u00fasicas de composici\u00f3n de obra para Banda Sinf\u00f3nica<\/h2>\n\n\n\n<p class=\"has-montserrat-font-family\"><span style=\"font-weight: 400;\">Iberm\u00fasicas propone una nueva edici\u00f3n de sus concursos de creaci\u00f3n de obra acad\u00e9mica, en este caso orientado espec\u00edficamente hacia la creaci\u00f3n de nuevas obras para Banda Sinf\u00f3nica, las cuales ser\u00e1n estrenadas por elencos nacionales de primer nivel de Colombia, Costa Rica, Cuba, M\u00e9xico y Venezuela.<\/span><\/p>\n\n\n\n<p class=\"has-montserrat-font-family\"><strong>Apertura per\u00edodo de inscripci\u00f3n: <\/strong>Lunes 16 de junio<strong><br><\/strong><b>Cierre <strong>per\u00edodo de inscripci\u00f3n:<\/strong><\/b> Mi\u00e9rcoles 1 de octubre<\/p>\n\n\n\n<div class=\"wp-block-buttons has-montserrat-font-family is-layout-flex wp-block-buttons-is-layout-flex\">\n<div class=\"wp-block-button convocatoria-btn\"><a class=\"wp-block-button__link wp-element-button\" href=\"http:\/\/staging.ibermusicas.org\/wp-content\/uploads\/2020\/04\/9-Ibermusicas-Premio-de-composicion-de-obra-sinfonica-2025.pdf\" target=\"%20_blank\" rel=\"noopener noreferrer\">Descargar las bases<\/a><\/div>\n\n\n\n<div class=\"wp-block-button convocatoria-btn\"><a class=\"wp-block-button__link wp-element-button\" href=\"http:\/\/staging.ibermusicas.org\/index.php\/inscribete-en-convocatorias-y-concursos-de-ibermusicas\/?gl=752\" rel=\"noopener noreferrer\">Postular<\/a><\/div>\n\n\n\n<div class=\"wp-block-button convocatoria-btn\"><a class=\"wp-block-button__link wp-element-button\" href=\"http:\/\/staging.ibermusicas.org\/wp-content\/uploads\/2020\/04\/Ibermusicas-Postulacio\u0301n.pdf\" target=\"%20_blank\" rel=\"noopener noreferrer\">Instructivo para inscribirse<\/a><\/div>\n<\/div>\n<\/div>\n\n\n\n\n\n<div class=\"wp-block-group has-border-color has-accent-6-border-color has-accent-5-background-color has-background has-global-padding is-layout-constrained wp-container-core-group-is-layout-db2c2f8c wp-block-group-is-layout-constrained\" style=\"border-width:1px;margin-top:var(--wp--preset--spacing--70);margin-bottom:var(--wp--preset--spacing--70);padding-top:var(--wp--preset--spacing--50);padding-right:var(--wp--preset--spacing--50);padding-bottom:var(--wp--preset--spacing--50);padding-left:var(--wp--preset--spacing--50)\">\n<h2 class=\"wp-block-heading\">Convocatoria especial Iberm\u00fasicas \u2013 Mid Atlantic Arts<\/h2>\n\n\n\n<div class=\"wp-block-columns is-layout-flex wp-container-core-columns-is-layout-28f84493 wp-block-columns-is-layout-flex\">\n<div class=\"wp-block-column is-layout-flow wp-block-column-is-layout-flow\">\n<p>En busca de promover el di\u00e1logo intercultural entre artistas musicales de Iberoam\u00e9rica y de los Estados Unidos, se ofrece esta convocatoria en colaboraci\u00f3n entre Iberm\u00fasicas y Mid Atlantic Arts para prestar ayudas a la circulaci\u00f3n de artistas de Iberoam\u00e9rica en Estados Unidos. Conscientes de la incidencia que conlleva el costo y la tramitaci\u00f3n de las visas de trabajo en los proyectos que promueven la circulaci\u00f3n de artistas en Estados Unidos, Iberm\u00fasicas se aboca en la presente convocatoria a prestar asistencia espec\u00edficamente en este rubro. A su vez, Mid Atlantic Arts apoyar\u00e1 a los proyectos seleccionados a trav\u00e9s de la ayuda financiera a las instituciones anfitrionas de los conciertos para la gesti\u00f3n de los contratos art\u00edsticos.<\/p>\n\n\n\n<p><strong>Apertura per\u00edodo de inscripci\u00f3n:<\/strong> Lunes 16 de junio<strong><br><b>Cierre per\u00edodo de inscripci\u00f3n:<\/b><\/strong> Lunes 15 de septiembre<\/p>\n\n\n\n<div class=\"wp-block-buttons is-layout-flex wp-block-buttons-is-layout-flex\" style=\"margin-top:var(--wp--preset--spacing--40);margin-bottom:var(--wp--preset--spacing--40)\">\n<div class=\"wp-block-button has-custom-width wp-block-button__width-100 convocatoria-btn\"><a class=\"wp-block-button__link wp-element-button\" href=\"http:\/\/staging.ibermusicas.org\/wp-content\/uploads\/2020\/04\/10-Ibermusicas-Convocatoria-especial-Ibermusicas-Mid-Atlantic-Arts-2025.pdf\" target=\"%20_blank\" rel=\"noopener noreferrer\">Descargar las bases<\/a><\/div>\n\n\n\n<div class=\"wp-block-button has-custom-width wp-block-button__width-100 convocatoria-btn\"><a class=\"wp-block-button__link wp-element-button\" href=\"http:\/\/staging.ibermusicas.org\/wp-content\/uploads\/2020\/04\/Ibermusicas-Postulacio\u0301n.pdf\" target=\"%20_blank\" rel=\"noopener noreferrer\">Instructivo para inscribirse<\/a><\/div>\n\n\n\n<div class=\"wp-block-button has-custom-width wp-block-button__width-100 convocatoria-btn\"><a class=\"wp-block-button__link wp-element-button\" href=\"http:\/\/staging.ibermusicas.org\/index.php\/inscribete-en-convocatorias-y-concursos-de-ibermusicas\/?gl=753\" rel=\"noopener noreferrer\">Postular<\/a><\/div>\n<\/div>\n<\/div>\n\n\n\n<div class=\"wp-block-column is-layout-flow wp-block-column-is-layout-flow\">\n<p>With the mission of promoting intercultural dialogue between musical artists from Ibero-America and audiences in the United States, this call is created in collaboration between Iberm\u00fasicas and Mid Atlantic Arts to support circulation of Ibero-American artists in the United States. Aware of the impact that the cost of work visas has on these projects, Iberm\u00fasicas is focusing on this call to provide financial assistance specifically in this area. In turn, Mid Atlantic Arts, through its Mid Atlantic Tours program, will financially support projects selected by subsidizing presenters with part of the artistic contract agreement.<\/p>\n\n\n\n<p><strong>Opening registration period:<\/strong> Monday, June 16<strong><br><b>Closing registration period:<\/b><\/strong> Monday, September 15<\/p>\n\n\n\n<div class=\"wp-block-buttons is-layout-flex wp-block-buttons-is-layout-flex\" style=\"margin-top:var(--wp--preset--spacing--40);margin-bottom:var(--wp--preset--spacing--40)\">\n<div class=\"wp-block-button has-custom-width wp-block-button__width-100 convocatoria-btn\"><a class=\"wp-block-button__link wp-element-button\" href=\"http:\/\/staging.ibermusicas.org\/wp-content\/uploads\/2020\/04\/Ibermusicas-Mid-Atlantic-Arts-Artist-Call-Guidelines-2025.pdf\" target=\"%20_blank\" rel=\"noopener noreferrer\">Download Guidelines<\/a><\/div>\n\n\n\n<div class=\"wp-block-button has-custom-width wp-block-button__width-100 convocatoria-btn\"><a class=\"wp-block-button__link wp-element-button\" href=\"http:\/\/staging.ibermusicas.org\/wp-content\/uploads\/2020\/04\/Ibermusicas-Application-ENG.pdf\" target=\"%20_blank\" rel=\"noopener noreferrer\">Guide for application<\/a><\/div>\n\n\n\n<div class=\"wp-block-button has-custom-width wp-block-button__width-100 convocatoria-btn\"><a class=\"wp-block-button__link wp-element-button\" href=\"http:\/\/staging.ibermusicas.org\/index.php\/inscribete-en-convocatorias-y-concursos-de-ibermusicas\/?gl=753en\" rel=\"noopener noreferrer\">Apply<\/a><\/div>\n<\/div>\n<\/div>\n<\/div>\n<\/div>\n\n\n\n<div class=\"wp-block-group has-border-color has-accent-6-border-color has-accent-5-background-color has-background has-global-padding is-layout-constrained wp-container-core-group-is-layout-db2c2f8c wp-block-group-is-layout-constrained\" style=\"border-width:1px;margin-top:var(--wp--preset--spacing--70);margin-bottom:var(--wp--preset--spacing--70);padding-top:var(--wp--preset--spacing--50);padding-right:var(--wp--preset--spacing--50);padding-bottom:var(--wp--preset--spacing--50);padding-left:var(--wp--preset--spacing--50)\">\n<h2 class=\"wp-block-heading\">Convocatoria especial Iberm\u00fasicas \u2013 Emilia-Romagna<br><\/h2>\n\n\n\n<div class=\"wp-block-columns is-layout-flex wp-container-core-columns-is-layout-28f84493 wp-block-columns-is-layout-flex\">\n<div class=\"wp-block-column is-layout-flow wp-block-column-is-layout-flow\">\n<p><span style=\"font-weight: 400;\">Con la misi\u00f3n de promover el di\u00e1logo intercultural entre artistas musicales de Iberoam\u00e9rica e Italia, se lanza una convocatoria especial fruto de la colaboraci\u00f3n entre Iberm\u00fasicas y Emilia-Romagna, a trav\u00e9s de la Fundaci\u00f3n ATER en el marco de las actividades de Exportaci\u00f3n Musical en colaboraci\u00f3n con la Comisi\u00f3n de M\u00fasica de Emilia-Romagna.<br>Esta iniciativa busca respaldar proyectos binacionales con el objetivo de enriquecer las escenas musicales locales, ampliar la proyecci\u00f3n internacional de las y los artistas, y fortalecer los ecosistemas creativos de ambas regiones.<br>Es una propuesta colaborativa que permite a una productora o instituci\u00f3n, presentar proyectos en los que las y los artistas participantes asuman, de forma alternada, los roles de residentes e invitados. Los programas de conciertos ser\u00e1n dise\u00f1ados de manera conjunta, promoviendo colaboraciones en vivo, la interpretaci\u00f3n de repertorios fusionados y la creaci\u00f3n de nuevas obras que reflejen la riqueza y diversidad cultural de ambas regiones, fortaleciendo v\u00ednculos art\u00edsticos a largo plazo.<\/span><\/p>\n\n\n\n<p><strong>Apertura per\u00edodo de inscripci\u00f3n:<\/strong> Lunes 16 de junio<strong><br><b>Cierre per\u00edodo de inscripci\u00f3n:<\/b><\/strong> Mi\u00e9rcoles 1 de octubre<\/p>\n\n\n\n<div class=\"wp-block-buttons is-layout-flex wp-block-buttons-is-layout-flex\" style=\"margin-top:var(--wp--preset--spacing--40);margin-bottom:var(--wp--preset--spacing--40)\">\n<div class=\"wp-block-button has-custom-width wp-block-button__width-100 convocatoria-btn\"><a class=\"wp-block-button__link wp-element-button\" href=\"http:\/\/staging.ibermusicas.org\/wp-content\/uploads\/2020\/04\/11-Ibermusicas-Convocatoria-especial-Ibermusicas-Emilia-Romagna-Conectando-artistas-y-escenas-musicales-2025.pdf\" target=\"%20_blank\" rel=\"noopener noreferrer\">Descargar las bases<\/a><\/div>\n\n\n\n<div class=\"wp-block-button has-custom-width wp-block-button__width-100 convocatoria-btn\"><a class=\"wp-block-button__link wp-element-button\" href=\"http:\/\/staging.ibermusicas.org\/wp-content\/uploads\/2020\/04\/Ibermusicas-Postulacio\u0301n.pdf\" target=\"%20_blank\" rel=\"noopener noreferrer\">Instructivo para inscribirse<\/a><\/div>\n\n\n\n<div class=\"wp-block-button has-custom-width wp-block-button__width-100 convocatoria-btn\"><a class=\"wp-block-button__link wp-element-button\" href=\"http:\/\/staging.ibermusicas.org\/index.php\/inscribete-en-convocatorias-y-concursos-de-ibermusicas\/?gl=757\" rel=\"noopener noreferrer\">Postular<\/a><\/div>\n<\/div>\n<\/div>\n\n\n\n<div class=\"wp-block-column is-layout-flow wp-block-column-is-layout-flow\">\n<p><span style=\"font-weight: 400;\">Con l\u2019obiettivo di promuovere il dialogo interculturale tra musicisti provenienti dall\u2019Ibero-America e dall\u2019Italia, viene aperto un bando speciale, frutto della collaborazione tra Iberm\u00fasicas e l\u2019Emilia-Romagna, attraverso ATER Fondazione -nell\u2019ambito delle attivit\u00e0 di Music Export \u2013 ed in sinergia con l\u2019Emilia-Romagna Music Commission.<br>Questa iniziativa intende sostenere progetti di collaborazione tra artisti provenienti da Paesi diversi, con l\u2019obiettivo di arricchire le scene musicali dei territori di riferimento per i progetti selezionati, ampliare la visibilit\u00e0 internazionale degli artisti e rafforzare gli ecosistemi creativi delle aree coinvolte.<br>Il format proposto consente a un\u2019entit\u00e0 legalmente costituita (come agenzie di booking e management, case di produzione, istituzioni accademiche, etichette discografiche, ecc.) di presentare un progetto di collaborazione in cui gli artisti si alternano nel ruolo di residenti e ospiti. I progetti dovranno essere elaborati congiuntamente, stimolando la creazione di nuove opere, collaborazioni dal vivo e l\u2019interpretazione di nuovi repertori, espressione della diversit\u00e0 e della ricchezza culturale condivisa.<\/span><\/p>\n\n\n\n<p><strong>Apertura delle iscrizioni: <\/strong>luned\u00ec 16 giugno<strong><strong><br><b>Chiusura iscrizioni: <\/b><\/strong><\/strong>mercoled\u00ec 1 ottobre<span style=\"font-weight: 400;\"><br><\/span><\/p>\n\n\n\n<div class=\"wp-block-buttons is-layout-flex wp-block-buttons-is-layout-flex\" style=\"margin-top:var(--wp--preset--spacing--40);margin-bottom:var(--wp--preset--spacing--40)\">\n<div class=\"wp-block-button has-custom-width wp-block-button__width-100 convocatoria-btn\"><a class=\"wp-block-button__link wp-element-button\" href=\"http:\/\/staging.ibermusicas.org\/wp-content\/uploads\/2020\/04\/Bando-speciale-Ibermusicas-Emilia-Romagna-Connettere-artisti-e-scene-musicali-2025.pdf\" target=\"%20_blank\" rel=\"noopener noreferrer\">Scarica il regolamento<\/a><\/div>\n\n\n\n<div class=\"wp-block-button has-custom-width wp-block-button__width-100 convocatoria-btn\"><a class=\"wp-block-button__link wp-element-button\" href=\"http:\/\/staging.ibermusicas.org\/wp-content\/uploads\/2020\/04\/Ibermusicas-Tutorial-per-candidarsi.pdf\" target=\"%20_blank\" rel=\"noopener noreferrer\">Istruzioni per l&#8217;iscrizione<\/a><\/div>\n\n\n\n<div class=\"wp-block-button has-custom-width wp-block-button__width-100 convocatoria-btn\"><a class=\"wp-block-button__link wp-element-button\" href=\"http:\/\/staging.ibermusicas.org\/index.php\/inscribete-en-convocatorias-y-concursos-de-ibermusicas\/?gl=753it\" rel=\"noopener noreferrer\">Candidarsi<\/a><\/div>\n<\/div>\n<\/div>\n<\/div>\n<\/div>\n\n\n\n\n\n<div class=\"wp-block-group has-border-color has-accent-5-background-color has-background has-global-padding is-layout-constrained wp-container-core-group-is-layout-f9c61c5c wp-block-group-is-layout-constrained\" style=\"border-color:color-mix(in srgb, currentColor 20%, transparent);border-width:1px;border-radius:0px;margin-top:var(--wp--preset--spacing--60);margin-bottom:var(--wp--preset--spacing--60);padding-top:var(--wp--preset--spacing--50);padding-right:var(--wp--preset--spacing--50);padding-bottom:var(--wp--preset--spacing--50);padding-left:var(--wp--preset--spacing--50)\">\n<h2 class=\"wp-block-heading\">Viajes por la M\u00fasica de la Lusofon\u00eda <\/h2>\n\n\n\n<p class=\"has-montserrat-font-family\"><span style=\"font-weight: 400;\">Una l\u00ednea de apoyo destinada a ciudadanas y ciudadanos de la Comunidad de Pa\u00edses de Lengua Portuguesa localizados en \u00c1frica (Angola, Cabo Verde, Guinea-Bissau, Guinea Ecuatorial, Mozambique, Santo Tom\u00e9 y Pr\u00edncipe) y en Asia (Timor Oriental). Por iniciativa de Brasil y de Portugal, la l\u00ednea de apoyo fue creada para facilitar la circulaci\u00f3n de artistas y agentes musicales de estos pa\u00edses por la regi\u00f3n Iberoamericana. Una convocatoria que tiene por objetivo resaltar los lazos que surgen de la diversidad musical de los pa\u00edses de lengua oficial portuguesa, a fin de construir puentes de cultura y cooperaci\u00f3n entre Am\u00e9rica Latina, Europa, \u00c1frica y el Sudeste Asi\u00e1tico. De car\u00e1cter multilateral y pluricontinental, esta iniciativa propone reducir las distancias f\u00edsicas y acercar a sus pueblos.&nbsp;<\/span><\/p>\n\n\n\n<p class=\"has-montserrat-font-family\"><strong>Apertura per\u00edodo de inscripci\u00f3n: <\/strong>Lunes 16 de junio<strong><br><\/strong><b>Cierre <strong>per\u00edodo de inscripci\u00f3n:<\/strong><\/b> Mi\u00e9rcoles 1 de octubre<\/p>\n\n\n\n<div class=\"wp-block-buttons has-montserrat-font-family is-layout-flex wp-block-buttons-is-layout-flex\">\n<div class=\"wp-block-button convocatoria-btn\"><a class=\"wp-block-button__link wp-element-button\" href=\"http:\/\/staging.ibermusicas.org\/wp-content\/uploads\/2020\/04\/12-Ibermusicas-Viajes-por-la-musica-de-la-lusofonia-2025.pdf\" target=\"%20_blank\" rel=\"noopener noreferrer\">Descargar las bases<\/a><\/div>\n\n\n\n<div class=\"wp-block-button convocatoria-btn\"><a class=\"wp-block-button__link wp-element-button\" href=\"http:\/\/staging.ibermusicas.org\/index.php\/inscribete-en-convocatorias-y-concursos-de-ibermusicas\/?gl=754\" rel=\"noopener noreferrer\">Postular<\/a><\/div>\n\n\n\n<div class=\"wp-block-button convocatoria-btn\"><a class=\"wp-block-button__link wp-element-button\" href=\"http:\/\/staging.ibermusicas.org\/wp-content\/uploads\/2020\/04\/Ibermusicas-Postulacio\u0301n.pdf\" target=\"%20_blank\" rel=\"noopener noreferrer\">Instructivo para inscribirse<\/a><\/div>\n<\/div>\n<\/div>\n\n\n\n\n\n<div class=\"wp-block-group has-border-color has-accent-5-background-color has-background has-global-padding is-layout-constrained wp-container-core-group-is-layout-f9c61c5c wp-block-group-is-layout-constrained\" style=\"border-color:color-mix(in srgb, currentColor 20%, transparent);border-width:1px;border-radius:0px;margin-top:var(--wp--preset--spacing--60);margin-bottom:var(--wp--preset--spacing--60);padding-top:var(--wp--preset--spacing--50);padding-right:var(--wp--preset--spacing--50);padding-bottom:var(--wp--preset--spacing--50);padding-left:var(--wp--preset--spacing--50)\">\n<h2 class=\"wp-block-heading\">Premio Brasil &#8211; Iberm\u00fasicas<\/h2>\n\n\n\n<p class=\"has-montserrat-font-family\">Con el \u00e1nimo de reconocer el m\u00e9rito de iniciativas o espacios que se vienen dedicando, a lo largo de los a\u00f1os, a la difusi\u00f3n de la m\u00fasica brasile\u00f1a en el espacio iberoamericano y en todo el mundo, se propone esta convocatoria, especialmente creada por Brasil.<br><strong>Apertura per\u00edodo de inscripci\u00f3n: <\/strong>Lunes 16 de junio<strong><br><\/strong><b>Cierre <strong>per\u00edodo de inscripci\u00f3n:<\/strong><\/b> Mi\u00e9rcoles 1 de octubre<\/p>\n\n\n\n<div class=\"wp-block-buttons has-montserrat-font-family is-layout-flex wp-block-buttons-is-layout-flex\">\n<div class=\"wp-block-button convocatoria-btn\"><a class=\"wp-block-button__link wp-element-button\" href=\"http:\/\/staging.ibermusicas.org\/wp-content\/uploads\/2020\/04\/13-Ibermusicas-Premio-Brasil-2025.pdf\" target=\"%20_blank\" rel=\"noopener noreferrer\">Descargar las bases<\/a><\/div>\n\n\n\n<div class=\"wp-block-button convocatoria-btn\"><a class=\"wp-block-button__link wp-element-button\" href=\"http:\/\/staging.ibermusicas.org\/index.php\/inscribete-en-convocatorias-y-concursos-de-ibermusicas\/?gl=755\" rel=\"noopener noreferrer\">Postular<\/a><\/div>\n\n\n\n<div class=\"wp-block-button convocatoria-btn\"><a class=\"wp-block-button__link wp-element-button\" href=\"http:\/\/staging.ibermusicas.org\/wp-content\/uploads\/2020\/04\/Ibermusicas-Postulacio\u0301n.pdf\" target=\"%20_blank\" rel=\"noopener noreferrer\">Instructivo para inscribirse<\/a><\/div>\n<\/div>\n<\/div>\n\n\n\n\n\n\n\n<div class=\"wp-block-group has-border-color has-accent-5-background-color has-background has-global-padding is-layout-constrained wp-container-core-group-is-layout-f9c61c5c wp-block-group-is-layout-constrained\" style=\"border-color:color-mix(in srgb, currentColor 20%, transparent);border-width:1px;border-radius:0px;margin-top:var(--wp--preset--spacing--60);margin-bottom:var(--wp--preset--spacing--60);padding-top:var(--wp--preset--spacing--50);padding-right:var(--wp--preset--spacing--50);padding-bottom:var(--wp--preset--spacing--50);padding-left:var(--wp--preset--spacing--50)\">\n<h2 class=\"wp-block-heading\">Premio Per\u00fa &#8211; Celebrando al Caj\u00f3n Peruano y a la Percusi\u00f3n Afro Peruana<\/h2>\n\n\n\n<p class=\"has-montserrat-font-family\"><span style=\"font-weight: 400;\">El Ministerio de Cultura del Per\u00fa propone un concurso especial en el marco de la celebraci\u00f3n del \u201cCaj\u00f3n Peruano\u201d a realizarse en 2026 con el fin de amplificar el di\u00e1logo internacional en torno al caj\u00f3n peruano y la percusi\u00f3n afro peruana, incentivando una reflexi\u00f3n sobre este instrumento que desde las costas del Per\u00fa, se esparci\u00f3 lejanamente, haci\u00e9ndose parte de la sonoridad de muchas m\u00fasicas del mundo. Se invitar\u00e1 a artistas e investigadoras\/es a presentar sus proyectos a trav\u00e9s de \u201cIberm\u00fasicas Global\u201d, una nueva herramienta del Programa Iberm\u00fasicas que tiene por objeto propiciar el encuentro entre propuestas art\u00edsticas y festivales de todo el mundo.<\/span><\/p>\n\n\n\n<p class=\"has-montserrat-font-family\"><strong>Apertura per\u00edodo de inscripci\u00f3n: <\/strong>Lunes 16 de junio<strong><br><\/strong><b>Cierre <strong>per\u00edodo de inscripci\u00f3n:<\/strong><\/b> Mi\u00e9rcoles 1 de octubre<\/p>\n<\/div>\n\n\n\n\n\n\n\n\n\n\n\n\n\n\n\n\n\n\n\n\n\n\n\n\n\n\n\n\n\n\n\n\n\n\n\n\n\n\n\n\n\n\n\n\n\n\n\n\n\n\n\n\n\n\n\n\n\n\n","protected":false},"excerpt":{"rendered":"<p>Las pr\u00f3ximas convocatorias del Programa Iberm\u00fasicas ser\u00e1n abiertas a mediados de 2025. Estar\u00e1n destinadas a actividades para ser realizadas durante el a\u00f1o 2026.&nbsp; Preguntas frecuentes e informaci\u00f3n general sobre las convocatorias y concursos 2024 Ayuda a la circulaci\u00f3n de profesionales de la m\u00fasica Una convocatoria pensada para llevar tu trabajo musical a cualquier lugar del [&hellip;]<\/p>\n","protected":false},"author":1,"featured_media":0,"parent":0,"menu_order":0,"comment_status":"closed","ping_status":"closed","template":"","meta":{"footnotes":""},"class_list":["post-1493","page","type-page","status-publish","hentry"],"lang":"es","translations":{"es":1493,"pt":2300},"pll_sync_post":[],"post_mailing_queue_ids":[],"_links":{"self":[{"href":"http:\/\/staging.ibermusicas.org\/index.php\/wp-json\/wp\/v2\/pages\/1493","targetHints":{"allow":["GET"]}}],"collection":[{"href":"http:\/\/staging.ibermusicas.org\/index.php\/wp-json\/wp\/v2\/pages"}],"about":[{"href":"http:\/\/staging.ibermusicas.org\/index.php\/wp-json\/wp\/v2\/types\/page"}],"author":[{"embeddable":true,"href":"http:\/\/staging.ibermusicas.org\/index.php\/wp-json\/wp\/v2\/users\/1"}],"replies":[{"embeddable":true,"href":"http:\/\/staging.ibermusicas.org\/index.php\/wp-json\/wp\/v2\/comments?post=1493"}],"version-history":[{"count":341,"href":"http:\/\/staging.ibermusicas.org\/index.php\/wp-json\/wp\/v2\/pages\/1493\/revisions"}],"predecessor-version":[{"id":25181,"href":"http:\/\/staging.ibermusicas.org\/index.php\/wp-json\/wp\/v2\/pages\/1493\/revisions\/25181"}],"wp:attachment":[{"href":"http:\/\/staging.ibermusicas.org\/index.php\/wp-json\/wp\/v2\/media?parent=1493"}],"curies":[{"name":"wp","href":"https:\/\/api.w.org\/{rel}","templated":true}]}}