{"id":1495,"date":"2020-04-14T16:25:03","date_gmt":"2020-04-14T16:25:03","guid":{"rendered":"http:\/\/35.173.133.8\/?page_id=1495"},"modified":"2025-07-04T02:21:24","modified_gmt":"2025-07-04T02:21:24","slug":"investigacion-musical","status":"publish","type":"page","link":"http:\/\/staging.ibermusicas.org\/index.php\/investigacion-musical\/","title":{"rendered":"Cat\u00e1logo de Investigaci\u00f3n Musical"},"content":{"rendered":"\n<div class=\"wp-block-group alignwide has-global-padding is-layout-constrained wp-container-core-group-is-layout-12243e0f wp-block-group-is-layout-constrained\">\n<div class=\"wp-block-columns is-layout-flex wp-container-core-columns-is-layout-28f84493 wp-block-columns-is-layout-flex\">\n<div class=\"wp-block-column is-layout-flow wp-block-column-is-layout-flow\" style=\"flex-basis:350px\"><form data-sf-form-id='2464' data-is-rtl='0' data-maintain-state='' data-results-url='http:\/\/staging.ibermusicas.org\/index.php\/investigacion-musical\/' data-ajax-url='http:\/\/staging.ibermusicas.org\/?sfid=2464&amp;sf_action=get_data&amp;sf_data=all' data-ajax-form-url='http:\/\/staging.ibermusicas.org\/?sfid=2464&amp;sf_action=get_data&amp;sf_data=form' data-display-result-method='shortcode' data-use-history-api='1' data-template-loaded='0' data-lang-code='all' data-ajax='1' data-ajax-data-type='json' data-ajax-target='#search-filter-results-2464' data-ajax-pagination-type='normal' data-ajax-links-selector='.pagination a' data-update-ajax-url='0' data-only-results-ajax='1' data-scroll-to-pos='0' data-init-paged='1' data-auto-update='1' data-auto-count='1' data-auto-count-refresh-mode='1' action='http:\/\/staging.ibermusicas.org\/index.php\/investigacion-musical\/' method='post' class='searchandfilter' id='search-filter-form-2464' autocomplete='off' data-instance-count='1'><ul><li class=\"sf-field-reset\" data-sf-field-name=\"reset\" data-sf-field-type=\"reset\" data-sf-field-input-type=\"button\"><input type=\"submit\" class=\"search-filter-reset\" name=\"_sf_reset\" value=\"Reiniciar filtros\" data-search-form-id=\"2464\" data-sf-submit-form=\"always\"><\/li><li class=\"sf-field-search\" data-sf-field-name=\"search\" data-sf-field-type=\"search\" data-sf-field-input-type=\"\">\t\t<label><input placeholder=\"Buscar por palabras...\" name=\"_sf_search[]\" class=\"sf-input-text\" type=\"text\" value=\"\" title=\"\"><\/label>\t\t<\/li><li class=\"sf-field-tag\" data-sf-field-name=\"_sft_post_tag\" data-sf-field-type=\"tag\" data-sf-field-input-type=\"select\" data-sf-combobox=\"1\" data-sf-term-rewrite='[\"http:\\\/\\\/staging.ibermusicas.org\\\/index.php\\\/tag\\\/[0]\\\/\"]'>\t\t<label>\r\n\t\t<span class=\"screen-reader-text\">A\u00f1o<\/span>\t\t<select data-combobox=\"1\" name=\"_sft_post_tag[]\" class=\"sf-input-select\" title=\"A\u00f1o\">\r\n\t\t\t\r\n\t\t\t\t\t\t<option class=\"sf-level-0 sf-item-0 sf-option-active\" selected=\"selected\" data-sf-count=\"0\" data-sf-depth=\"0\" value=\"\">A\u00f1o<\/option>\r\n\t\t\t\t\t\t<option class=\"sf-level-0 sf-item-108\" data-sf-count=\"1\" data-sf-depth=\"0\" value=\"venezuela\">Venezuela&nbsp;&nbsp;(1)<\/option>\r\n\t\t\t\t\t\t<option class=\"sf-level-0 sf-item-107\" data-sf-count=\"22\" data-sf-depth=\"0\" value=\"uruguay\">Uruguay&nbsp;&nbsp;(22)<\/option>\r\n\t\t\t\t\t\t<option class=\"sf-level-0 sf-item-341\" data-sf-count=\"7\" data-sf-depth=\"0\" value=\"streaming\">Streaming&nbsp;&nbsp;(7)<\/option>\r\n\t\t\t\t\t\t<option class=\"sf-level-0 sf-item-343\" data-sf-count=\"14\" data-sf-depth=\"0\" value=\"shows\">Shows&nbsp;&nbsp;(14)<\/option>\r\n\t\t\t\t\t\t<option class=\"sf-level-0 sf-item-696\" data-sf-count=\"2\" data-sf-depth=\"0\" value=\"profesores-para-procesos-de-formacion\">profesores para procesos de formacio\u0301n&nbsp;&nbsp;(2)<\/option>\r\n\t\t\t\t\t\t<option class=\"sf-level-0 sf-item-114\" data-sf-count=\"29\" data-sf-depth=\"0\" value=\"premio-ibermusicas-a-la-creacion-de-canciones\">Premio Iberm\u00fasicas a la creaci\u00f3n de canciones&nbsp;&nbsp;(29)<\/option>\r\n\t\t\t\t\t\t<option class=\"sf-level-0 sf-item-573\" data-sf-count=\"12\" data-sf-depth=\"0\" value=\"portugal\">Portugal&nbsp;&nbsp;(12)<\/option>\r\n\t\t\t\t\t\t<option class=\"sf-level-0 sf-item-106\" data-sf-count=\"29\" data-sf-depth=\"0\" value=\"peru\">Per\u00fa&nbsp;&nbsp;(29)<\/option>\r\n\t\t\t\t\t\t<option class=\"sf-level-0 sf-item-105\" data-sf-count=\"9\" data-sf-depth=\"0\" value=\"paraguay\">Paraguay&nbsp;&nbsp;(9)<\/option>\r\n\t\t\t\t\t\t<option class=\"sf-level-0 sf-item-104\" data-sf-count=\"12\" data-sf-depth=\"0\" value=\"panama\">Panam\u00e1&nbsp;&nbsp;(12)<\/option>\r\n\t\t\t\t\t\t<option class=\"sf-level-0 sf-item-467\" data-sf-count=\"2\" data-sf-depth=\"0\" value=\"novedades-rios\">novedades-rios&nbsp;&nbsp;(2)<\/option>\r\n\t\t\t\t\t\t<option class=\"sf-level-0 sf-item-103\" data-sf-count=\"42\" data-sf-depth=\"0\" value=\"mexico\">M\u00e9xico&nbsp;&nbsp;(42)<\/option>\r\n\t\t\t\t\t\t<option class=\"sf-level-0 sf-item-565\" data-sf-count=\"1\" data-sf-depth=\"0\" value=\"espana\">Espa\u00f1a&nbsp;&nbsp;(1)<\/option>\r\n\t\t\t\t\t\t<option class=\"sf-level-0 sf-item-102\" data-sf-count=\"16\" data-sf-depth=\"0\" value=\"ecuador\">Ecuador&nbsp;&nbsp;(16)<\/option>\r\n\t\t\t\t\t\t<option class=\"sf-level-0 sf-item-101\" data-sf-count=\"10\" data-sf-depth=\"0\" value=\"cuba\">Cuba&nbsp;&nbsp;(10)<\/option>\r\n\t\t\t\t\t\t<option class=\"sf-level-0 sf-item-100\" data-sf-count=\"20\" data-sf-depth=\"0\" value=\"costa-rica\">Costa Rica&nbsp;&nbsp;(20)<\/option>\r\n\t\t\t\t\t\t<option class=\"sf-level-0 sf-item-99\" data-sf-count=\"32\" data-sf-depth=\"0\" value=\"colombia\">Colombia&nbsp;&nbsp;(32)<\/option>\r\n\t\t\t\t\t\t<option class=\"sf-level-0 sf-item-98\" data-sf-count=\"40\" data-sf-depth=\"0\" value=\"chile\">Chile&nbsp;&nbsp;(40)<\/option>\r\n\t\t\t\t\t\t<option class=\"sf-level-0 sf-item-97\" data-sf-count=\"22\" data-sf-depth=\"0\" value=\"brasil\">Brasil&nbsp;&nbsp;(22)<\/option>\r\n\t\t\t\t\t\t<option class=\"sf-level-0 sf-item-569\" data-sf-count=\"101\" data-sf-depth=\"0\" value=\"ayudas-en-modalidad-virtual\">Ayudas al sector musical en modalidad virtual&nbsp;&nbsp;(101)<\/option>\r\n\t\t\t\t\t\t<option class=\"sf-level-0 sf-item-110\" data-sf-count=\"3\" data-sf-depth=\"0\" value=\"ayudas-a-residencias-artisticas-en-el-cmmas\">Ayudas a residencias art\u00edsticas en el CMMAS&nbsp;&nbsp;(3)<\/option>\r\n\t\t\t\t\t\t<option class=\"sf-level-0 sf-item-694\" data-sf-count=\"2\" data-sf-depth=\"0\" value=\"ayudas-a-musicos-talleristas\">Ayudas a mu\u0301sicos talleristas&nbsp;&nbsp;(2)<\/option>\r\n\t\t\t\t\t\t<option class=\"sf-level-0 sf-item-91\" data-sf-count=\"79\" data-sf-depth=\"0\" value=\"ayudas-a-la-movilidad-de-musicas-y-musicos\">Ayudas a la movilidad de m\u00fasicas y m\u00fasicos&nbsp;&nbsp;(79)<\/option>\r\n\t\t\t\t\t\t<option class=\"sf-level-0 sf-item-113\" data-sf-count=\"2\" data-sf-depth=\"0\" value=\"ayudas-a-instituciones-y-organismos-para-procesos-de-formacion\">Ayudas a instituciones y organismos para procesos de formacio\u0301n&nbsp;&nbsp;(2)<\/option>\r\n\t\t\t\t\t\t<option class=\"sf-level-0 sf-item-109\" data-sf-count=\"4\" data-sf-depth=\"0\" value=\"ayudas-a-instituciones-para-residencias-artisticas-de-compositoras-y-compositores\">Ayudas a instituciones para residencias art\u00edsticas de compositoras y compositores&nbsp;&nbsp;(4)<\/option>\r\n\t\t\t\t\t\t<option class=\"sf-level-0 sf-item-92\" data-sf-count=\"12\" data-sf-depth=\"0\" value=\"ayudas-a-festivales-para-la-movilidad-de-musicas-y-musicos\">Ayudas a festivales para la movilidad de m\u00fasicas y m\u00fasicos&nbsp;&nbsp;(12)<\/option>\r\n\t\t\t\t\t\t<option class=\"sf-level-0 sf-item-93\" data-sf-count=\"13\" data-sf-depth=\"0\" value=\"ayudas-a-compositoras-y-compositores-para-residencias-artisticas\">Ayudas a compositoras y compositores para residencias art\u00edsticas&nbsp;&nbsp;(13)<\/option>\r\n\t\t\t\t\t\t<option class=\"sf-level-0 sf-item-96\" data-sf-count=\"51\" data-sf-depth=\"0\" value=\"argentina\">Argentina&nbsp;&nbsp;(51)<\/option>\r\n\t\t\t\t\t\t<option class=\"sf-level-0 sf-item-1399\" data-sf-count=\"6\" data-sf-depth=\"0\" value=\"2023\">2023&nbsp;&nbsp;(6)<\/option>\r\n\t\t\t\t\t\t<option class=\"sf-level-0 sf-item-591\" data-sf-count=\"10\" data-sf-depth=\"0\" value=\"2022\">2022&nbsp;&nbsp;(10)<\/option>\r\n\t\t\t\t\t\t<option class=\"sf-level-0 sf-item-577\" data-sf-count=\"70\" data-sf-depth=\"0\" value=\"2021\">2021&nbsp;&nbsp;(70)<\/option>\r\n\t\t\t\t\t\t<option class=\"sf-level-0 sf-item-254\" data-sf-count=\"106\" data-sf-depth=\"0\" value=\"2020\">2020&nbsp;&nbsp;(106)<\/option>\r\n\t\t\t\t\t\t<option class=\"sf-level-0 sf-item-90\" data-sf-count=\"59\" data-sf-depth=\"0\" value=\"2019\">2019&nbsp;&nbsp;(59)<\/option>\r\n\t\t\t\t\t\t<option class=\"sf-level-0 sf-item-89\" data-sf-count=\"7\" data-sf-depth=\"0\" value=\"2018\">2018&nbsp;&nbsp;(7)<\/option>\r\n\t\t\t\t\t\t<option class=\"sf-level-0 sf-item-88\" data-sf-count=\"2\" data-sf-depth=\"0\" value=\"2017\">2017&nbsp;&nbsp;(2)<\/option>\r\n\t\t\t\t\t\t<option class=\"sf-level-0 sf-item-87\" data-sf-count=\"3\" data-sf-depth=\"0\" value=\"2016\">2016&nbsp;&nbsp;(3)<\/option>\r\n\t\t\t\t\t\t<option class=\"sf-level-0 sf-item-86\" data-sf-count=\"7\" data-sf-depth=\"0\" value=\"2015\">2015&nbsp;&nbsp;(7)<\/option>\r\n\t\t\t\t\t\t<option class=\"sf-level-0 sf-item-85\" data-sf-count=\"14\" data-sf-depth=\"0\" value=\"2014\">2014&nbsp;&nbsp;(14)<\/option>\r\n\t\t\t\t\t<\/select>\r\n\t\t<\/label>\t\t<\/li><li class=\"sf-field-tag\" data-sf-field-name=\"_sft_post_tag\" data-sf-field-type=\"tag\" data-sf-field-input-type=\"select\" data-sf-combobox=\"1\" data-sf-term-rewrite='[\"http:\\\/\\\/staging.ibermusicas.org\\\/index.php\\\/tag\\\/[0]\\\/\"]'>\t\t<label>\r\n\t\t<span class=\"screen-reader-text\">Pa\u00eds<\/span>\t\t<select data-combobox=\"1\" name=\"_sft_post_tag[]\" class=\"sf-input-select\" title=\"Pa\u00eds\">\r\n\t\t\t\r\n\t\t\t\t\t\t<option class=\"sf-level-0 sf-item-0 sf-option-active\" selected=\"selected\" data-sf-count=\"0\" data-sf-depth=\"0\" value=\"\">Pa\u00eds<\/option>\r\n\t\t\t\t\t\t<option class=\"sf-level-0 sf-item-85\" data-sf-count=\"14\" data-sf-depth=\"0\" value=\"2014\">2014&nbsp;&nbsp;(14)<\/option>\r\n\t\t\t\t\t\t<option class=\"sf-level-0 sf-item-86\" data-sf-count=\"7\" data-sf-depth=\"0\" value=\"2015\">2015&nbsp;&nbsp;(7)<\/option>\r\n\t\t\t\t\t\t<option class=\"sf-level-0 sf-item-87\" data-sf-count=\"3\" data-sf-depth=\"0\" value=\"2016\">2016&nbsp;&nbsp;(3)<\/option>\r\n\t\t\t\t\t\t<option class=\"sf-level-0 sf-item-88\" data-sf-count=\"2\" data-sf-depth=\"0\" value=\"2017\">2017&nbsp;&nbsp;(2)<\/option>\r\n\t\t\t\t\t\t<option class=\"sf-level-0 sf-item-89\" data-sf-count=\"7\" data-sf-depth=\"0\" value=\"2018\">2018&nbsp;&nbsp;(7)<\/option>\r\n\t\t\t\t\t\t<option class=\"sf-level-0 sf-item-90\" data-sf-count=\"59\" data-sf-depth=\"0\" value=\"2019\">2019&nbsp;&nbsp;(59)<\/option>\r\n\t\t\t\t\t\t<option class=\"sf-level-0 sf-item-254\" data-sf-count=\"106\" data-sf-depth=\"0\" value=\"2020\">2020&nbsp;&nbsp;(106)<\/option>\r\n\t\t\t\t\t\t<option class=\"sf-level-0 sf-item-577\" data-sf-count=\"70\" data-sf-depth=\"0\" value=\"2021\">2021&nbsp;&nbsp;(70)<\/option>\r\n\t\t\t\t\t\t<option class=\"sf-level-0 sf-item-591\" data-sf-count=\"10\" data-sf-depth=\"0\" value=\"2022\">2022&nbsp;&nbsp;(10)<\/option>\r\n\t\t\t\t\t\t<option class=\"sf-level-0 sf-item-1399\" data-sf-count=\"6\" data-sf-depth=\"0\" value=\"2023\">2023&nbsp;&nbsp;(6)<\/option>\r\n\t\t\t\t\t\t<option class=\"sf-level-0 sf-item-96\" data-sf-count=\"51\" data-sf-depth=\"0\" value=\"argentina\">Argentina&nbsp;&nbsp;(51)<\/option>\r\n\t\t\t\t\t\t<option class=\"sf-level-0 sf-item-93\" data-sf-count=\"13\" data-sf-depth=\"0\" value=\"ayudas-a-compositoras-y-compositores-para-residencias-artisticas\">Ayudas a compositoras y compositores para residencias art\u00edsticas&nbsp;&nbsp;(13)<\/option>\r\n\t\t\t\t\t\t<option class=\"sf-level-0 sf-item-92\" data-sf-count=\"12\" data-sf-depth=\"0\" value=\"ayudas-a-festivales-para-la-movilidad-de-musicas-y-musicos\">Ayudas a festivales para la movilidad de m\u00fasicas y m\u00fasicos&nbsp;&nbsp;(12)<\/option>\r\n\t\t\t\t\t\t<option class=\"sf-level-0 sf-item-109\" data-sf-count=\"4\" data-sf-depth=\"0\" value=\"ayudas-a-instituciones-para-residencias-artisticas-de-compositoras-y-compositores\">Ayudas a instituciones para residencias art\u00edsticas de compositoras y compositores&nbsp;&nbsp;(4)<\/option>\r\n\t\t\t\t\t\t<option class=\"sf-level-0 sf-item-113\" data-sf-count=\"2\" data-sf-depth=\"0\" value=\"ayudas-a-instituciones-y-organismos-para-procesos-de-formacion\">Ayudas a instituciones y organismos para procesos de formacio\u0301n&nbsp;&nbsp;(2)<\/option>\r\n\t\t\t\t\t\t<option class=\"sf-level-0 sf-item-91\" data-sf-count=\"79\" data-sf-depth=\"0\" value=\"ayudas-a-la-movilidad-de-musicas-y-musicos\">Ayudas a la movilidad de m\u00fasicas y m\u00fasicos&nbsp;&nbsp;(79)<\/option>\r\n\t\t\t\t\t\t<option class=\"sf-level-0 sf-item-694\" data-sf-count=\"2\" data-sf-depth=\"0\" value=\"ayudas-a-musicos-talleristas\">Ayudas a mu\u0301sicos talleristas&nbsp;&nbsp;(2)<\/option>\r\n\t\t\t\t\t\t<option class=\"sf-level-0 sf-item-110\" data-sf-count=\"3\" data-sf-depth=\"0\" value=\"ayudas-a-residencias-artisticas-en-el-cmmas\">Ayudas a residencias art\u00edsticas en el CMMAS&nbsp;&nbsp;(3)<\/option>\r\n\t\t\t\t\t\t<option class=\"sf-level-0 sf-item-569\" data-sf-count=\"101\" data-sf-depth=\"0\" value=\"ayudas-en-modalidad-virtual\">Ayudas al sector musical en modalidad virtual&nbsp;&nbsp;(101)<\/option>\r\n\t\t\t\t\t\t<option class=\"sf-level-0 sf-item-97\" data-sf-count=\"22\" data-sf-depth=\"0\" value=\"brasil\">Brasil&nbsp;&nbsp;(22)<\/option>\r\n\t\t\t\t\t\t<option class=\"sf-level-0 sf-item-98\" data-sf-count=\"40\" data-sf-depth=\"0\" value=\"chile\">Chile&nbsp;&nbsp;(40)<\/option>\r\n\t\t\t\t\t\t<option class=\"sf-level-0 sf-item-99\" data-sf-count=\"32\" data-sf-depth=\"0\" value=\"colombia\">Colombia&nbsp;&nbsp;(32)<\/option>\r\n\t\t\t\t\t\t<option class=\"sf-level-0 sf-item-100\" data-sf-count=\"20\" data-sf-depth=\"0\" value=\"costa-rica\">Costa Rica&nbsp;&nbsp;(20)<\/option>\r\n\t\t\t\t\t\t<option class=\"sf-level-0 sf-item-101\" data-sf-count=\"10\" data-sf-depth=\"0\" value=\"cuba\">Cuba&nbsp;&nbsp;(10)<\/option>\r\n\t\t\t\t\t\t<option class=\"sf-level-0 sf-item-102\" data-sf-count=\"16\" data-sf-depth=\"0\" value=\"ecuador\">Ecuador&nbsp;&nbsp;(16)<\/option>\r\n\t\t\t\t\t\t<option class=\"sf-level-0 sf-item-565\" data-sf-count=\"1\" data-sf-depth=\"0\" value=\"espana\">Espa\u00f1a&nbsp;&nbsp;(1)<\/option>\r\n\t\t\t\t\t\t<option class=\"sf-level-0 sf-item-103\" data-sf-count=\"42\" data-sf-depth=\"0\" value=\"mexico\">M\u00e9xico&nbsp;&nbsp;(42)<\/option>\r\n\t\t\t\t\t\t<option class=\"sf-level-0 sf-item-467\" data-sf-count=\"2\" data-sf-depth=\"0\" value=\"novedades-rios\">novedades-rios&nbsp;&nbsp;(2)<\/option>\r\n\t\t\t\t\t\t<option class=\"sf-level-0 sf-item-104\" data-sf-count=\"12\" data-sf-depth=\"0\" value=\"panama\">Panam\u00e1&nbsp;&nbsp;(12)<\/option>\r\n\t\t\t\t\t\t<option class=\"sf-level-0 sf-item-105\" data-sf-count=\"9\" data-sf-depth=\"0\" value=\"paraguay\">Paraguay&nbsp;&nbsp;(9)<\/option>\r\n\t\t\t\t\t\t<option class=\"sf-level-0 sf-item-106\" data-sf-count=\"29\" data-sf-depth=\"0\" value=\"peru\">Per\u00fa&nbsp;&nbsp;(29)<\/option>\r\n\t\t\t\t\t\t<option class=\"sf-level-0 sf-item-573\" data-sf-count=\"12\" data-sf-depth=\"0\" value=\"portugal\">Portugal&nbsp;&nbsp;(12)<\/option>\r\n\t\t\t\t\t\t<option class=\"sf-level-0 sf-item-114\" data-sf-count=\"29\" data-sf-depth=\"0\" value=\"premio-ibermusicas-a-la-creacion-de-canciones\">Premio Iberm\u00fasicas a la creaci\u00f3n de canciones&nbsp;&nbsp;(29)<\/option>\r\n\t\t\t\t\t\t<option class=\"sf-level-0 sf-item-696\" data-sf-count=\"2\" data-sf-depth=\"0\" value=\"profesores-para-procesos-de-formacion\">profesores para procesos de formacio\u0301n&nbsp;&nbsp;(2)<\/option>\r\n\t\t\t\t\t\t<option class=\"sf-level-0 sf-item-343\" data-sf-count=\"14\" data-sf-depth=\"0\" value=\"shows\">Shows&nbsp;&nbsp;(14)<\/option>\r\n\t\t\t\t\t\t<option class=\"sf-level-0 sf-item-341\" data-sf-count=\"7\" data-sf-depth=\"0\" value=\"streaming\">Streaming&nbsp;&nbsp;(7)<\/option>\r\n\t\t\t\t\t\t<option class=\"sf-level-0 sf-item-107\" data-sf-count=\"22\" data-sf-depth=\"0\" value=\"uruguay\">Uruguay&nbsp;&nbsp;(22)<\/option>\r\n\t\t\t\t\t\t<option class=\"sf-level-0 sf-item-108\" data-sf-count=\"1\" data-sf-depth=\"0\" value=\"venezuela\">Venezuela&nbsp;&nbsp;(1)<\/option>\r\n\t\t\t\t\t<\/select>\r\n\t\t<\/label>\t\t<\/li><\/ul><\/form>\n<\/div>\n\n\n\n<div class=\"wp-block-column is-layout-flow wp-block-column-is-layout-flow\"><div class=\"search-filter-results\" id=\"search-filter-results-2464\">\t\n\t\t\t<div class=\"result-post-block\">\n\t\t\t<div class=\"result-post-image\">\n\t\t\t\t<p><img loading=\"lazy\" decoding=\"async\" width=\"1080\" height=\"1080\" src=\"http:\/\/staging.ibermusicas.org\/wp-content\/uploads\/2025\/07\/12-Matilde-Mendez.jpg\" class=\"attachment-small size-small wp-post-image\" alt=\"\" srcset=\"http:\/\/staging.ibermusicas.org\/wp-content\/uploads\/2025\/07\/12-Matilde-Mendez.jpg 1080w, http:\/\/staging.ibermusicas.org\/wp-content\/uploads\/2025\/07\/12-Matilde-Mendez-300x300.jpg 300w, http:\/\/staging.ibermusicas.org\/wp-content\/uploads\/2025\/07\/12-Matilde-Mendez-1024x1024.jpg 1024w, http:\/\/staging.ibermusicas.org\/wp-content\/uploads\/2025\/07\/12-Matilde-Mendez-150x150.jpg 150w, http:\/\/staging.ibermusicas.org\/wp-content\/uploads\/2025\/07\/12-Matilde-Mendez-768x768.jpg 768w\" sizes=\"auto, (max-width: 1080px) 100vw, 1080px\" \/><\/p>\t\t\t<\/div>\n\t\t\t<div class=\"result-post-information\">\n\t\t\t\t<h2><a href=\"http:\/\/staging.ibermusicas.org\/index.php\/la-pianista-y-estudiante-de-clavecin-chilena-matilde-mendez-zenteno-inicia-sus-clases-intensivas-de-clavicordio-con-valentina-villasenor\/\">La pianista y estudiante de clavec\u00edn chilena Matilde M\u00e9ndez Zenteno inicia sus Clases Intensivas de Clavicordio con Valentina Villase\u00f1or\u00bb<\/a><\/h2>\n\t\t\t\t<p>Este curso intensivo tiene como objetivo profundizar en la t\u00e9cnica del clavicordio, combinando un enfoque te\u00f3rico y pr\u00e1ctico basado en fuentes hist\u00f3ricas del siglo XVIII y principios del XIX, un per\u00edodo clave para el desarrollo de este instrumento. El curso se centra en el desarrollo de una t\u00e9cnica precisa y un sonido \u00abcantabile\u00bb, considerado el [&hellip;]<\/p>\n\t\t\t\t\t<a class=\"result-post-watch-video\" href=\"http:\/\/staging.ibermusicas.org\/index.php\/la-pianista-y-estudiante-de-clavecin-chilena-matilde-mendez-zenteno-inicia-sus-clases-intensivas-de-clavicordio-con-valentina-villasenor\/\">Ver video<\/a>\n\t\t\t\t\t<a class=\"result-post-read-more\" href=\"http:\/\/staging.ibermusicas.org\/index.php\/la-pianista-y-estudiante-de-clavecin-chilena-matilde-mendez-zenteno-inicia-sus-clases-intensivas-de-clavicordio-con-valentina-villasenor\/\">Leer m&aacute;s<\/a>\n\t\t\t\t<p class=\"result-post-date\"><small>17\/07\/2025<\/small><\/p>\n\t\t\t<\/div>\n\t\t<\/div>\n\t\t\n\t\t\t\t<div class=\"result-post-block\">\n\t\t\t<div class=\"result-post-image\">\n\t\t\t\t<p><img loading=\"lazy\" decoding=\"async\" width=\"353\" height=\"523\" src=\"http:\/\/staging.ibermusicas.org\/wp-content\/uploads\/2025\/07\/11-Tamara-11.jpg\" class=\"attachment-small size-small wp-post-image\" alt=\"\" srcset=\"http:\/\/staging.ibermusicas.org\/wp-content\/uploads\/2025\/07\/11-Tamara-11.jpg 353w, http:\/\/staging.ibermusicas.org\/wp-content\/uploads\/2025\/07\/11-Tamara-11-202x300.jpg 202w\" sizes=\"auto, (max-width: 353px) 100vw, 353px\" \/><\/p>\t\t\t<\/div>\n\t\t\t<div class=\"result-post-information\">\n\t\t\t\t<h2><a href=\"http:\/\/staging.ibermusicas.org\/index.php\/la-guitarrista-chilena-tamara-paz-canales-inicia-su-curso-de-perfeccionamiento-con-la-pianista-ania-paz-en-alemania\/\">La guitarrista chilena Tamara Paz Canales inicia su curso de perfeccionamiento con la pianista Ania Paz en Alemania<\/a><\/h2>\n\t\t\t\t<p>El curso de perfeccionamiento en jazz con la pianista Ania Paz en Berl\u00edn, reconocida por su trayectoria musical como instrumentista, compositora y docente de alto nivel, tendr\u00e1 una duraci\u00f3n de seis meses y se enfocar\u00e1 en armon\u00eda moderna, improvisaci\u00f3n y composici\u00f3n Tamara Paz comenz\u00f3 a tocar guitarra a los 12 a\u00f1os, a los 14 a\u00f1os [&hellip;]<\/p>\n\t\t\t\t\t<a class=\"result-post-watch-video\" href=\"http:\/\/staging.ibermusicas.org\/index.php\/la-guitarrista-chilena-tamara-paz-canales-inicia-su-curso-de-perfeccionamiento-con-la-pianista-ania-paz-en-alemania\/\">Ver video<\/a>\n\t\t\t\t\t<a class=\"result-post-read-more\" href=\"http:\/\/staging.ibermusicas.org\/index.php\/la-guitarrista-chilena-tamara-paz-canales-inicia-su-curso-de-perfeccionamiento-con-la-pianista-ania-paz-en-alemania\/\">Leer m&aacute;s<\/a>\n\t\t\t\t<p class=\"result-post-date\"><small><\/small><\/p>\n\t\t\t<\/div>\n\t\t<\/div>\n\t\t\n\t\t\t\t<div class=\"result-post-block\">\n\t\t\t<div class=\"result-post-image\">\n\t\t\t\t<p><img loading=\"lazy\" decoding=\"async\" width=\"1175\" height=\"985\" src=\"http:\/\/staging.ibermusicas.org\/wp-content\/uploads\/2025\/07\/10-Flautas-de-Mexico-41.jpg\" class=\"attachment-small size-small wp-post-image\" alt=\"\" srcset=\"http:\/\/staging.ibermusicas.org\/wp-content\/uploads\/2025\/07\/10-Flautas-de-Mexico-41.jpg 1175w, http:\/\/staging.ibermusicas.org\/wp-content\/uploads\/2025\/07\/10-Flautas-de-Mexico-41-300x251.jpg 300w, http:\/\/staging.ibermusicas.org\/wp-content\/uploads\/2025\/07\/10-Flautas-de-Mexico-41-1024x858.jpg 1024w, http:\/\/staging.ibermusicas.org\/wp-content\/uploads\/2025\/07\/10-Flautas-de-Mexico-41-768x644.jpg 768w\" sizes=\"auto, (max-width: 1175px) 100vw, 1175px\" \/><\/p>\t\t\t<\/div>\n\t\t\t<div class=\"result-post-information\">\n\t\t\t\t<h2><a href=\"http:\/\/staging.ibermusicas.org\/index.php\/llega-la-primera-convencion-internacional-de-flautas-en-mexico\/\">Llega la Primera Convenci\u00f3n Internacional de Flautas en M\u00e9xico<\/a><\/h2>\n\t\t\t\t<p>La Primera Convenci\u00f3n Internacional de Flauta en M\u00e9xico, se llevar\u00e1 a cabo en el Instituto Superior de M\u00fasica del Estado de Veracruz. Artistas de gran trayectoria a nivel nacional e internacional estar\u00e1n compartiendo sus saberes con estudiantes de todos los grados, as\u00ed como con j\u00f3venes profesionales que desean crecer como artistas. As\u00ed mismo, habr\u00e1 talleres [&hellip;]<\/p>\n\t\t\t\t\t<a class=\"result-post-watch-video\" href=\"http:\/\/staging.ibermusicas.org\/index.php\/llega-la-primera-convencion-internacional-de-flautas-en-mexico\/\">Ver video<\/a>\n\t\t\t\t\t<a class=\"result-post-read-more\" href=\"http:\/\/staging.ibermusicas.org\/index.php\/llega-la-primera-convencion-internacional-de-flautas-en-mexico\/\">Leer m&aacute;s<\/a>\n\t\t\t\t<p class=\"result-post-date\"><small><\/small><\/p>\n\t\t\t<\/div>\n\t\t<\/div>\n\t\t\n\t\t\t\t<div class=\"result-post-block\">\n\t\t\t<div class=\"result-post-image\">\n\t\t\t\t<p><img loading=\"lazy\" decoding=\"async\" width=\"1034\" height=\"744\" src=\"http:\/\/staging.ibermusicas.org\/wp-content\/uploads\/2025\/07\/9-arpas-de-malaga-11.jpg\" class=\"attachment-small size-small wp-post-image\" alt=\"\" srcset=\"http:\/\/staging.ibermusicas.org\/wp-content\/uploads\/2025\/07\/9-arpas-de-malaga-11.jpg 1034w, http:\/\/staging.ibermusicas.org\/wp-content\/uploads\/2025\/07\/9-arpas-de-malaga-11-300x216.jpg 300w, http:\/\/staging.ibermusicas.org\/wp-content\/uploads\/2025\/07\/9-arpas-de-malaga-11-1024x737.jpg 1024w, http:\/\/staging.ibermusicas.org\/wp-content\/uploads\/2025\/07\/9-arpas-de-malaga-11-768x553.jpg 768w\" sizes=\"auto, (max-width: 1034px) 100vw, 1034px\" \/><\/p>\t\t\t<\/div>\n\t\t\t<div class=\"result-post-information\">\n\t\t\t\t<h2><a href=\"http:\/\/staging.ibermusicas.org\/index.php\/la-agrupacion-arpas-de-malaga-se-presentara-en-el-rioharpfestival-de-brasil\/\">La agrupaci\u00f3n Arpas de M\u00e1laga se presentar\u00e1 en el RioHarpFestival de Brasil<\/a><\/h2>\n\t\t\t\t<p>Arpas de M\u00e1laga es una agrupaci\u00f3n \u00fanica debido a sus peculiares caracter\u00edsticas. La abrupaci\u00f3n fue creada hace m\u00e1s de diez a\u00f1os por Lidia del R\u00edo de Miguel, Mar\u00eda Jes\u00fas Bedoya Ruiz, Tibor Tejeda del R\u00edo y Tha\u00efs Tejeda del R\u00edo. El Repertorio es variado, con obras de compositores cl\u00e1sicos hasta los actuales, los cuales dedican [&hellip;]<\/p>\n\t\t\t\t\t<a class=\"result-post-watch-video\" href=\"http:\/\/staging.ibermusicas.org\/index.php\/la-agrupacion-arpas-de-malaga-se-presentara-en-el-rioharpfestival-de-brasil\/\">Ver video<\/a>\n\t\t\t\t\t<a class=\"result-post-read-more\" href=\"http:\/\/staging.ibermusicas.org\/index.php\/la-agrupacion-arpas-de-malaga-se-presentara-en-el-rioharpfestival-de-brasil\/\">Leer m&aacute;s<\/a>\n\t\t\t\t<p class=\"result-post-date\"><small><\/small><\/p>\n\t\t\t<\/div>\n\t\t<\/div>\n\t\t\n\t\t\t\t<div class=\"result-post-block\">\n\t\t\t<div class=\"result-post-image\">\n\t\t\t\t<p><img loading=\"lazy\" decoding=\"async\" width=\"1090\" height=\"634\" src=\"http:\/\/staging.ibermusicas.org\/wp-content\/uploads\/2025\/07\/8-Palito-Miranda-21.jpg\" class=\"attachment-small size-small wp-post-image\" alt=\"\" srcset=\"http:\/\/staging.ibermusicas.org\/wp-content\/uploads\/2025\/07\/8-Palito-Miranda-21.jpg 1090w, http:\/\/staging.ibermusicas.org\/wp-content\/uploads\/2025\/07\/8-Palito-Miranda-21-300x174.jpg 300w, http:\/\/staging.ibermusicas.org\/wp-content\/uploads\/2025\/07\/8-Palito-Miranda-21-1024x596.jpg 1024w, http:\/\/staging.ibermusicas.org\/wp-content\/uploads\/2025\/07\/8-Palito-Miranda-21-768x447.jpg 768w\" sizes=\"auto, (max-width: 1090px) 100vw, 1090px\" \/><\/p>\t\t\t<\/div>\n\t\t\t<div class=\"result-post-information\">\n\t\t\t\t<h2><a href=\"http:\/\/staging.ibermusicas.org\/index.php\/el-ensamble-palito-miranda-de-paraguay-presenta-su-nuevo-album-ida-y-vuelta\/\">El Ensamble Palito Miranda de Paraguay presenta su nuevo \u00e1lbum \u201cIda y Vuelta\u201d<\/a><\/h2>\n\t\t\t\t<p>El proyecto de jazz paraguayo Ensamble Palito Miranda, presenta su segundo material discogr\u00e1fico de estudio, el cual cuenta con una serie de colaboraciones de destacados m\u00fasicos de Latinoam\u00e9rica. Ida y vuelta, es el nombre que lleva el nuevo \u00e1lbum, el cual expone una serie de composiciones de la nueva camada del jazz paraguayo, con la [&hellip;]<\/p>\n\t\t\t\t\t<a class=\"result-post-watch-video\" href=\"http:\/\/staging.ibermusicas.org\/index.php\/el-ensamble-palito-miranda-de-paraguay-presenta-su-nuevo-album-ida-y-vuelta\/\">Ver video<\/a>\n\t\t\t\t\t<a class=\"result-post-read-more\" href=\"http:\/\/staging.ibermusicas.org\/index.php\/el-ensamble-palito-miranda-de-paraguay-presenta-su-nuevo-album-ida-y-vuelta\/\">Leer m&aacute;s<\/a>\n\t\t\t\t<p class=\"result-post-date\"><small><\/small><\/p>\n\t\t\t<\/div>\n\t\t<\/div>\n\t\t\n\t\t\t\t<div class=\"result-post-block\">\n\t\t\t<div class=\"result-post-image\">\n\t\t\t\t<p><img loading=\"lazy\" decoding=\"async\" width=\"1080\" height=\"1350\" src=\"http:\/\/staging.ibermusicas.org\/wp-content\/uploads\/2025\/07\/7-Azucena.jpg\" class=\"attachment-small size-small wp-post-image\" alt=\"\" srcset=\"http:\/\/staging.ibermusicas.org\/wp-content\/uploads\/2025\/07\/7-Azucena.jpg 1080w, http:\/\/staging.ibermusicas.org\/wp-content\/uploads\/2025\/07\/7-Azucena-240x300.jpg 240w, http:\/\/staging.ibermusicas.org\/wp-content\/uploads\/2025\/07\/7-Azucena-819x1024.jpg 819w, http:\/\/staging.ibermusicas.org\/wp-content\/uploads\/2025\/07\/7-Azucena-768x960.jpg 768w\" sizes=\"auto, (max-width: 1080px) 100vw, 1080px\" \/><\/p>\t\t\t<\/div>\n\t\t\t<div class=\"result-post-information\">\n\t\t\t\t<h2><a href=\"http:\/\/staging.ibermusicas.org\/index.php\/la-artista-cubana-annalie-lopez-azucena-participara-de-la-gira-cancioneras-paraguay-argentina-por-distintas-ciudades-de-ambos-paises\/\">La artista cubana Annalie L\u00f3pez \u201cAzucena\u201d participar\u00e1 de la \u201cGira Cancioneras Paraguay\/Argentina\u201d por distintas ciudades de ambos pa\u00edses<\/a><\/h2>\n\t\t\t\t<p>Con amplio registro grave en su voz de contralto y fiel a su guitarra, la talentosa cantautora cubana Annalie L\u00f3pez, adora los colores de la m\u00fasica. Amante tambi\u00e9n de la poes\u00eda y la pintura, Azucena, como se le conoce en el mundo art\u00edstico confiesa que naci\u00f3 para cantar. Annali\u00e9 L\u00f3pez es uno de los orgullos [&hellip;]<\/p>\n\t\t\t\t\t<a class=\"result-post-watch-video\" href=\"http:\/\/staging.ibermusicas.org\/index.php\/la-artista-cubana-annalie-lopez-azucena-participara-de-la-gira-cancioneras-paraguay-argentina-por-distintas-ciudades-de-ambos-paises\/\">Ver video<\/a>\n\t\t\t\t\t<a class=\"result-post-read-more\" href=\"http:\/\/staging.ibermusicas.org\/index.php\/la-artista-cubana-annalie-lopez-azucena-participara-de-la-gira-cancioneras-paraguay-argentina-por-distintas-ciudades-de-ambos-paises\/\">Leer m&aacute;s<\/a>\n\t\t\t\t<p class=\"result-post-date\"><small><\/small><\/p>\n\t\t\t<\/div>\n\t\t<\/div>\n\t\t\n\t\t\t\t<div class=\"result-post-block\">\n\t\t\t<div class=\"result-post-image\">\n\t\t\t\t<p><img loading=\"lazy\" decoding=\"async\" width=\"1080\" height=\"1350\" src=\"http:\/\/staging.ibermusicas.org\/wp-content\/uploads\/2025\/07\/6-Festival-Bach-Paraguay-1.jpg\" class=\"attachment-small size-small wp-post-image\" alt=\"\" srcset=\"http:\/\/staging.ibermusicas.org\/wp-content\/uploads\/2025\/07\/6-Festival-Bach-Paraguay-1.jpg 1080w, http:\/\/staging.ibermusicas.org\/wp-content\/uploads\/2025\/07\/6-Festival-Bach-Paraguay-1-240x300.jpg 240w, http:\/\/staging.ibermusicas.org\/wp-content\/uploads\/2025\/07\/6-Festival-Bach-Paraguay-1-819x1024.jpg 819w, http:\/\/staging.ibermusicas.org\/wp-content\/uploads\/2025\/07\/6-Festival-Bach-Paraguay-1-768x960.jpg 768w\" sizes=\"auto, (max-width: 1080px) 100vw, 1080px\" \/><\/p>\t\t\t<\/div>\n\t\t\t<div class=\"result-post-information\">\n\t\t\t\t<h2><a href=\"http:\/\/staging.ibermusicas.org\/index.php\/se-realizara-en-asuncion-del-paraguay-la-edicion-2025-del-festival-bach-sudamericano\/\">Se realizar\u00e1 en Asunci\u00f3n del Paraguay, la edici\u00f3n 2025 del Festival Bach Sudamericano<\/a><\/h2>\n\t\t\t\t<p>La Sociedad Bach del Paraguay, con el apoyo de Iberm\u00fasicas, organiza la segunda edici\u00f3n del Festival Bach Sudamericano que abarca conciertos, clases magistrales, charlas y conferencias, a cargo del Bach Collegium de Asunci\u00f3n y de otras agrupaciones paraguayas y sudamericanas. Participar\u00e1n como invitados al festival artistas sudamericanos y europeos. Bajo el lema \u201cBach y la [&hellip;]<\/p>\n\t\t\t\t\t<a class=\"result-post-watch-video\" href=\"http:\/\/staging.ibermusicas.org\/index.php\/se-realizara-en-asuncion-del-paraguay-la-edicion-2025-del-festival-bach-sudamericano\/\">Ver video<\/a>\n\t\t\t\t\t<a class=\"result-post-read-more\" href=\"http:\/\/staging.ibermusicas.org\/index.php\/se-realizara-en-asuncion-del-paraguay-la-edicion-2025-del-festival-bach-sudamericano\/\">Leer m&aacute;s<\/a>\n\t\t\t\t<p class=\"result-post-date\"><small><\/small><\/p>\n\t\t\t<\/div>\n\t\t<\/div>\n\t\t\n\t\t\t\t<div class=\"result-post-block\">\n\t\t\t<div class=\"result-post-image\">\n\t\t\t\t<p><img loading=\"lazy\" decoding=\"async\" width=\"1073\" height=\"478\" src=\"http:\/\/staging.ibermusicas.org\/wp-content\/uploads\/2025\/07\/5-MIMO-11.jpg\" class=\"attachment-small size-small wp-post-image\" alt=\"\" srcset=\"http:\/\/staging.ibermusicas.org\/wp-content\/uploads\/2025\/07\/5-MIMO-11.jpg 1073w, http:\/\/staging.ibermusicas.org\/wp-content\/uploads\/2025\/07\/5-MIMO-11-300x134.jpg 300w, http:\/\/staging.ibermusicas.org\/wp-content\/uploads\/2025\/07\/5-MIMO-11-1024x456.jpg 1024w, http:\/\/staging.ibermusicas.org\/wp-content\/uploads\/2025\/07\/5-MIMO-11-768x342.jpg 768w\" sizes=\"auto, (max-width: 1073px) 100vw, 1073px\" \/><\/p>\t\t\t<\/div>\n\t\t\t<div class=\"result-post-information\">\n\t\t\t\t<h2><a href=\"http:\/\/staging.ibermusicas.org\/index.php\/celebrando-la-musica-y-la-cultura-el-festival-mimo-presenta-su-sexta-edicion-portuguesa-en-amarante\/\">Celebrando la m\u00fasica y la cultura, el Festival MIMO! presenta su sexta edici\u00f3n portuguesa en Amarante<\/a><\/h2>\n\t\t\t\t<p>La sexta edici\u00f3n del MIMO en Portugal vuelve a realizarse en la ciudad de Amarante y celebrar\u00e1 la cultura y la m\u00fasica del mundo con una programaci\u00f3n inclusiva, diversa y atrevida, dando a conocer lo mejor de la m\u00fasica actual en Portugal, Brasil y el mundo, entre nombres consagrados y nuevos talentos. El Municipio de [&hellip;]<\/p>\n\t\t\t\t\t<a class=\"result-post-watch-video\" href=\"http:\/\/staging.ibermusicas.org\/index.php\/celebrando-la-musica-y-la-cultura-el-festival-mimo-presenta-su-sexta-edicion-portuguesa-en-amarante\/\">Ver video<\/a>\n\t\t\t\t\t<a class=\"result-post-read-more\" href=\"http:\/\/staging.ibermusicas.org\/index.php\/celebrando-la-musica-y-la-cultura-el-festival-mimo-presenta-su-sexta-edicion-portuguesa-en-amarante\/\">Leer m&aacute;s<\/a>\n\t\t\t\t<p class=\"result-post-date\"><small><\/small><\/p>\n\t\t\t<\/div>\n\t\t<\/div>\n\t\t\n\t\t\t\t<div class=\"result-post-block\">\n\t\t\t<div class=\"result-post-image\">\n\t\t\t\t<p><img loading=\"lazy\" decoding=\"async\" width=\"1012\" height=\"1265\" src=\"http:\/\/staging.ibermusicas.org\/wp-content\/uploads\/2025\/07\/4-Yuly-Alexandra-Pinzon-Casallas1.jpg\" class=\"attachment-small size-small wp-post-image\" alt=\"\" srcset=\"http:\/\/staging.ibermusicas.org\/wp-content\/uploads\/2025\/07\/4-Yuly-Alexandra-Pinzon-Casallas1.jpg 1012w, http:\/\/staging.ibermusicas.org\/wp-content\/uploads\/2025\/07\/4-Yuly-Alexandra-Pinzon-Casallas1-240x300.jpg 240w, http:\/\/staging.ibermusicas.org\/wp-content\/uploads\/2025\/07\/4-Yuly-Alexandra-Pinzon-Casallas1-819x1024.jpg 819w, http:\/\/staging.ibermusicas.org\/wp-content\/uploads\/2025\/07\/4-Yuly-Alexandra-Pinzon-Casallas1-768x960.jpg 768w\" sizes=\"auto, (max-width: 1012px) 100vw, 1012px\" \/><\/p>\t\t\t<\/div>\n\t\t\t<div class=\"result-post-information\">\n\t\t\t\t<h2><a href=\"http:\/\/staging.ibermusicas.org\/index.php\/yuly-alexandra-pinzon-casallas-de-colombia-participa-en-la-realizacion-del-festival-yaabilaj-paax-encuentro-peninsular-de-mujeres-en-la-musica-amor-y-valentia-en-jose-maria-morelos\/\">Yuly Alexandra Pinz\u00f3n Casallas de Colombia participa en la realizaci\u00f3n del festival \u201cYaabilaj Paax, Encuentro Peninsular de Mujeres en la M\u00fasica: Amor y Valent\u00eda\u201d en Jos\u00e9 Mar\u00eda Morelos &#8211; Quintana Roo, M\u00e9xico\u201d<\/a><\/h2>\n\t\t\t\t<p>La licenciada en m\u00fasica, bandolista, docente e investigadora colombiana Yuly Alexandra Pinz\u00f3n Casallas, junto con la licenciatura en Gesti\u00f3n y desarrollo de las artes de la Universidad Intercultural Maya de Quintana Roo, Narrativas desde la Mayanidad y el Ayuntamiento del municipio de Jos\u00e9 Mar\u00eda Morelos participa en la creaci\u00f3n y organizaci\u00f3n del festival Yaabilaj Paax, [&hellip;]<\/p>\n\t\t\t\t\t<a class=\"result-post-watch-video\" href=\"http:\/\/staging.ibermusicas.org\/index.php\/yuly-alexandra-pinzon-casallas-de-colombia-participa-en-la-realizacion-del-festival-yaabilaj-paax-encuentro-peninsular-de-mujeres-en-la-musica-amor-y-valentia-en-jose-maria-morelos\/\">Ver video<\/a>\n\t\t\t\t\t<a class=\"result-post-read-more\" href=\"http:\/\/staging.ibermusicas.org\/index.php\/yuly-alexandra-pinzon-casallas-de-colombia-participa-en-la-realizacion-del-festival-yaabilaj-paax-encuentro-peninsular-de-mujeres-en-la-musica-amor-y-valentia-en-jose-maria-morelos\/\">Leer m&aacute;s<\/a>\n\t\t\t\t<p class=\"result-post-date\"><small><\/small><\/p>\n\t\t\t<\/div>\n\t\t<\/div>\n\t\t\n\t\t\t\t<div class=\"result-post-block\">\n\t\t\t<div class=\"result-post-image\">\n\t\t\t\t<p><img loading=\"lazy\" decoding=\"async\" width=\"201\" height=\"251\" src=\"http:\/\/staging.ibermusicas.org\/wp-content\/uploads\/2025\/07\/2-Venezuela-Javier-Marin-1.jpg\" class=\"attachment-small size-small wp-post-image\" alt=\"\" \/><\/p>\t\t\t<\/div>\n\t\t\t<div class=\"result-post-information\">\n\t\t\t\t<h2><a href=\"http:\/\/staging.ibermusicas.org\/index.php\/hoy-recomendamos-la-playlist-creada-por-javier-marin-de-venezuela-para-identidades-sonoras-ii\/\">Hoy recomendamos la playlist creada por Javier Mar\u00edn de Venezuela para Identidades Sonoras II<\/a><\/h2>\n\t\t\t\t<p>Tenemos el pecho abierto al igual que la vasta costa caribe\u00f1a. Esta es Venezuela para quien se atreve a descubrirla y vivirla, as\u00ed como para aquellos que la llevan en su coraz\u00f3n a otros rincones del mundo. De esta manera nos hicimos y nos seguimos haciendo. En el ir y venir de barcos, lleg\u00f3 el [&hellip;]<\/p>\n\t\t\t\t\t<a class=\"result-post-watch-video\" href=\"http:\/\/staging.ibermusicas.org\/index.php\/hoy-recomendamos-la-playlist-creada-por-javier-marin-de-venezuela-para-identidades-sonoras-ii\/\">Ver video<\/a>\n\t\t\t\t\t<a class=\"result-post-read-more\" href=\"http:\/\/staging.ibermusicas.org\/index.php\/hoy-recomendamos-la-playlist-creada-por-javier-marin-de-venezuela-para-identidades-sonoras-ii\/\">Leer m&aacute;s<\/a>\n\t\t\t\t<p class=\"result-post-date\"><small>12\/07\/2025<\/small><\/p>\n\t\t\t<\/div>\n\t\t<\/div>\n\t\t\n\t\t\t\n\t<div class=\"pagination\">\n\t\t\n\t\t<div class=\"nav-previous\"><a href=\"http:\/\/staging.ibermusicas.org\/index.php\/investigacion-musical\/?sf_paged=2\" >Siguiente<\/a><\/div>\n\t\t<div class=\"nav-next\"><\/div>\n\t\t\t<\/div>\n\n\t<p class=\"post-page-number\">P&aacute;gina 1 de 243<\/p>\n\n\t<\/div>\n<\/div>\n<\/div>\n<\/div>\n","protected":false},"excerpt":{"rendered":"","protected":false},"author":1,"featured_media":0,"parent":0,"menu_order":0,"comment_status":"closed","ping_status":"closed","template":"","meta":{"footnotes":""},"class_list":["post-1495","page","type-page","status-publish","hentry"],"lang":"es","translations":{"es":1495,"pt":2467},"pll_sync_post":[],"post_mailing_queue_ids":[],"_links":{"self":[{"href":"http:\/\/staging.ibermusicas.org\/index.php\/wp-json\/wp\/v2\/pages\/1495","targetHints":{"allow":["GET"]}}],"collection":[{"href":"http:\/\/staging.ibermusicas.org\/index.php\/wp-json\/wp\/v2\/pages"}],"about":[{"href":"http:\/\/staging.ibermusicas.org\/index.php\/wp-json\/wp\/v2\/types\/page"}],"author":[{"embeddable":true,"href":"http:\/\/staging.ibermusicas.org\/index.php\/wp-json\/wp\/v2\/users\/1"}],"replies":[{"embeddable":true,"href":"http:\/\/staging.ibermusicas.org\/index.php\/wp-json\/wp\/v2\/comments?post=1495"}],"version-history":[{"count":15,"href":"http:\/\/staging.ibermusicas.org\/index.php\/wp-json\/wp\/v2\/pages\/1495\/revisions"}],"predecessor-version":[{"id":24943,"href":"http:\/\/staging.ibermusicas.org\/index.php\/wp-json\/wp\/v2\/pages\/1495\/revisions\/24943"}],"wp:attachment":[{"href":"http:\/\/staging.ibermusicas.org\/index.php\/wp-json\/wp\/v2\/media?parent=1495"}],"curies":[{"name":"wp","href":"https:\/\/api.w.org\/{rel}","templated":true}]}}