{"id":15029,"date":"2023-03-06T02:18:47","date_gmt":"2023-03-06T02:18:47","guid":{"rendered":"http:\/\/staging.ibermusicas.org\/?page_id=15029"},"modified":"2025-07-04T02:37:02","modified_gmt":"2025-07-04T02:37:02","slug":"playlist-pt","status":"publish","type":"page","link":"http:\/\/staging.ibermusicas.org\/index.php\/playlist-pt\/","title":{"rendered":"Playlists Iberm\u00fasicas"},"content":{"rendered":"\n<p>No \u00e2mbito do 10\u00ba anivers\u00e1rio do Programa Iberm\u00fasicas, estamos a abrir com esta iniciativa um novo di\u00e1logo no mundo do streaming. Queremos envolver-nos na conversa sonora global, gerando um espa\u00e7o com propostas de escuta n\u00e3o hegem\u00f4nicas que nos convidem a seguir novos caminhos.<\/p>\n\n\n\n<p>Lan\u00e7\u00e1mos o nosso pr\u00f3prio canal no Spotify com duas a\u00e7\u00f5es iniciais: \u00abIdentidades Sonoras\u00bb e \u00abItiner\u00e1rio Can\u00e7\u00e3o\u00bb.<\/p>\n\n\n\n<p>As diferentes express\u00f5es musicais que comp\u00f5em as paisagens sonoras da regi\u00e3o podem ser encontradas aqui em \u00abIdentidades Sonoras\u00bb, com curadoria de convidados especiais de cada um dos pa\u00edses que comp\u00f5em a Iberm\u00fasicas.<\/p>\n\n\n\n<p>E as can\u00e7\u00f5es vencedoras de todas as edi\u00e7\u00f5es dos nossos concursos de cria\u00e7\u00e3o de can\u00e7\u00f5es est\u00e3o tamb\u00e9m aqui entrela\u00e7adas sob o nome de \u00abItiner\u00e1rio Can\u00e7\u00e3o\u00bb.<\/p>\n\n\n\n<p>Ao mesmo tempo, geramos um vasto cat\u00e1logo de conte\u00fados no nosso canal Youtube, favorecendo assim a acessibilidade \u00e0 produ\u00e7\u00e3o diversificada, f\u00e9rtil e din\u00e2mica feita pelos benefici\u00e1rios do nosso Programa. A\u00ed encontrar\u00e1 v\u00e1rias categorias tais como Pa\u00edses, G\u00e9neros Musicais, Forma\u00e7\u00e3o e Obras Premiadas.<\/p>\n\n\n\n<p>Este \u00e9 um novo lugar para a presen\u00e7a da Iberm\u00fasicas nos canais digitais. Convidamo-lo para esta viagem por toda a gama de cores e sons da Ibero-Am\u00e9rica.<\/p>\n\n\n\n<h2 class=\"wp-block-heading has-x-large-font-size\">Identidades Sonoras<\/h2>\n\n\n\n<p>\u201cIdentidades Sonoras\u201d surge como um projeto que convida curadoras e curadores a propor uma poss\u00edvel viagem pelos mapas musicais de seus pa\u00edses a partir de uma perspectiva autoral.<\/p>\n\n\n\n<p>M\u00fasicos e m\u00fasicos, produtores, cr\u00edticos, pesquisadoras e pesquisadores, e m\u00fasicos de grande trajet\u00f3ria foram convocados para que se propuseram a refletir, interpretar e construir um percurso que integra tradi\u00e7\u00e3o e novas buscas dentro de uma dial\u00e9tica contempor\u00e2nea com fortes marcas identit\u00e1rias.<\/p>\n\n\n\n<p>Identificamo-nos no diverso, na complexidade de um caleidosc\u00f3pio sonoro. Marcamos os nossos percursos num mapa desenhado com todas as cores poss\u00edveis e ao som de uma m\u00fasica que nunca \u00e9 uma mas \u00e9 \u00fanica. Uma m\u00fasica feita com milhares de experi\u00eancias, buscas, sons, hist\u00f3rias, linguagens, vozes. Um espelho para nos vermos, nos encontrarmos e nos descobrirmos.<\/p>\n\n\n\n<h2 class=\"wp-block-heading has-x-large-font-size\">Identidades Sonoras II<\/h2>\n\n\n\n<p>Apresentamos a segunda edi\u00e7\u00e3o de \u201cIdentidades sonoras\u201d. Nesta ocasi\u00e3o, convidamos artistas que receberam pr\u00eamios do Iberm\u00fasicas em anos anteriores para criar as novas listas de reprodu\u00e7\u00e3o. H\u00e1 uma playlist para cada um dos pa\u00edses que comp\u00f5em o Programa Iberm\u00fasicas.<\/p>\n\n\n\n<p>Nesta oportunidade, o conceito em torno do qual essa sele\u00e7\u00e3o foi elaborada foi o de Fronteiras, abordado a partir de uma multiplicidade de perspectivas: geogr\u00e1ficas, culturais, simb\u00f3licas&#8230; delimita\u00e7\u00f5es poss\u00edveis, imagin\u00e1rias ou invis\u00edveis.<\/p>\n\n\n\n<p>Pensamos nas fronteiras n\u00e3o como um limite, mas como um ponto de encontro, como um espa\u00e7o para fus\u00e3o e miscigena\u00e7\u00e3o. Um lugar para a descoberta do que \u00e9 novo, diverso e emergente, mas tamb\u00e9m daquilo que \u00e9 nosso e que nos convida a dar uma nova olhada em nossa identidade.<\/p>\n\n\n\n<div class=\"wp-block-group has-global-padding is-content-justification-left is-layout-constrained wp-container-core-group-is-layout-21fe343f wp-block-group-is-layout-constrained\" style=\"padding-top:var(--wp--preset--spacing--40);padding-bottom:var(--wp--preset--spacing--40)\"><div class=\"col-md-12 row\">\n            <div class=\"col-md-3\">\n                <select id=\"country_filter\">\n                    <option value=\"0\">Todos los pa\u00edses<\/option><option value=\"\"><\/option><option value=\"Argentina\">Argentina<\/option><option value=\"Brasil\">Brasil<\/option><option value=\"Chile\">Chile<\/option><option value=\"Colombia\">Colombia<\/option><option value=\"CR\">Costa Rica<\/option><option value=\"Cuba\">Cuba<\/option><option value=\"Ecuador\">Ecuador<\/option><option value=\"Espa\u00f1a\">Espa\u00f1a<\/option><option value=\"M\u00e9xico\">M\u00e9xico<\/option><option value=\"Panam\u00e1\">Panam\u00e1<\/option><option value=\"Paraguay\">Paraguay<\/option><option value=\"Per\u00fa\">Per\u00fa<\/option><option value=\"Portugal\">Portugal<\/option><option value=\"Uruguay\">Uruguay<\/option><option value=\"Venezuela\">Venezuela<\/option><\/select>\n            <\/div>\n            <div class=\"col-md-3\">\n                <select id=\"tipoidentidad_filter\">\n                    <option value=\"0\">Todos los tipos de identidad<\/option><option value=\"is1\">Identidades Sonoras I<\/option><option value=\"is2\">Identidades Sonoras II<\/option><\/select>\n            <\/div>\n        <\/div><div class=\"col-md-3 playlist pbox playlist_Per\u00fa tipoidentidad_is1\">\n                <div class=\"col-md-12 playlist_box\" style=\"background: url('https:\/\/staging.ibermusicas.org\/wp-content\/uploads\/2020\/04\/Yawar-chicha.png')\">\n                    <a class=\"playlist_a\" href=\"#\" data-id=\"21\">\n                        <div class=\"playlist_text\">\n                            <p>Yawar Chicha<\/p>\n                            <p>Per\u00fa<\/p>\n                        <\/div>\n                    <\/a>\n                <\/div>\n            <\/div><div class=\"col-md-3 playlist pbox playlist_Ecuador tipoidentidad_is1\">\n                <div class=\"col-md-12 playlist_box\" style=\"background: url('https:\/\/staging.ibermusicas.org\/wp-content\/uploads\/2020\/04\/Sonidos-contemporaneos-ecuatorianos.png')\">\n                    <a class=\"playlist_a\" href=\"#\" data-id=\"14\">\n                        <div class=\"playlist_text\">\n                            <p>Sonidos Contempor\u00e1neos Ecuatorianos<\/p>\n                            <p>Ecuador<\/p>\n                        <\/div>\n                    <\/a>\n                <\/div>\n            <\/div><div class=\"col-md-3 playlist pbox playlist_Espa\u00f1a tipoidentidad_is1\">\n                <div class=\"col-md-12 playlist_box\" style=\"background: url('https:\/\/staging.ibermusicas.org\/wp-content\/uploads\/2020\/04\/Pop-espanol.png')\">\n                    <a class=\"playlist_a\" href=\"#\" data-id=\"27\">\n                        <div class=\"playlist_text\">\n                            <p>Pop Espa\u00f1ol 1961-2021<\/p>\n                            <p>Espa\u00f1a<\/p>\n                        <\/div>\n                    <\/a>\n                <\/div>\n            <\/div><div class=\"col-md-3 playlist pbox playlist_M\u00e9xico tipoidentidad_is1\">\n                <div class=\"col-md-12 playlist_box\" style=\"background: url('https:\/\/staging.ibermusicas.org\/wp-content\/uploads\/2020\/04\/Mosaico-sonoro-de-la-musica-de-nuestro-tiempo.png')\">\n                    <a class=\"playlist_a\" href=\"#\" data-id=\"15\">\n                        <div class=\"playlist_text\">\n                            <p>Mosaico Sonoro De La M\u00fasica De Nuestro Tiempo<\/p>\n                            <p>M\u00e9xico<\/p>\n                        <\/div>\n                    <\/a>\n                <\/div>\n            <\/div><div class=\"col-md-3 playlist pbox playlist_Portugal tipoidentidad_is1\">\n                <div class=\"col-md-12 playlist_box\" style=\"background: url('https:\/\/staging.ibermusicas.org\/wp-content\/uploads\/2020\/04\/De-merceneiro-a-chico-da-tina.png')\">\n                    <a class=\"playlist_a\" href=\"#\" data-id=\"29\">\n                        <div class=\"playlist_text\">\n                            <p>De Marceneiro A Chico Da Tina<\/p>\n                            <p>Portugal<\/p>\n                        <\/div>\n                    <\/a>\n                <\/div>\n            <\/div><div class=\"col-md-3 playlist pbox playlist_Uruguay tipoidentidad_is1\">\n                <div class=\"col-md-12 playlist_box\" style=\"background: url('https:\/\/staging.ibermusicas.org\/wp-content\/uploads\/2020\/04\/Uruguay-diverso.png')\">\n                    <a class=\"playlist_a\" href=\"#\" data-id=\"24\">\n                        <div class=\"playlist_text\">\n                            <p>Diverso<\/p>\n                            <p>Uruguay<\/p>\n                        <\/div>\n                    <\/a>\n                <\/div>\n            <\/div><div class=\"col-md-3 playlist pbox playlist_Argentina tipoidentidad_is1\">\n                <div class=\"col-md-12 playlist_box\" style=\"background: url('https:\/\/staging.ibermusicas.org\/wp-content\/uploads\/2020\/04\/Trama-Argentina.png')\">\n                    <a class=\"playlist_a\" href=\"#\" data-id=\"1\">\n                        <div class=\"playlist_text\">\n                            <p>Trama Argentina<\/p>\n                            <p>Argentina<\/p>\n                        <\/div>\n                    <\/a>\n                <\/div>\n            <\/div><div class=\"col-md-3 playlist pbox playlist_Chile tipoidentidad_is1\">\n                <div class=\"col-md-12 playlist_box\" style=\"background: url('https:\/\/staging.ibermusicas.org\/wp-content\/uploads\/2020\/04\/Cancion-valiente.png')\">\n                    <a class=\"playlist_a\" href=\"#\" data-id=\"6\">\n                        <div class=\"playlist_text\">\n                            <p>Canci\u00f3n Valiente<\/p>\n                            <p>Chile<\/p>\n                        <\/div>\n                    <\/a>\n                <\/div>\n            <\/div><div class=\"col-md-3 playlist pbox playlist_Espa\u00f1a tipoidentidad_is2\">\n                <div class=\"col-md-12 playlist_box\" style=\"background: url('https:\/\/staging.ibermusicas.org\/wp-content\/uploads\/2020\/04\/IBERplay-IDENTIDADES-_ESP.3.png')\">\n                    <a class=\"playlist_a\" href=\"#\" data-id=\"41\">\n                        <div class=\"playlist_text\">\n                            <p>M\u00e1s all\u00e1 de la linde <\/p>\n                            <p>Espa\u00f1a<\/p>\n                        <\/div>\n                    <\/a>\n                <\/div>\n            <\/div><div class=\"col-md-3 playlist pbox playlist_Panam\u00e1 tipoidentidad_is1\">\n                <div class=\"col-md-12 playlist_box\" style=\"background: url('https:\/\/staging.ibermusicas.org\/wp-content\/uploads\/2020\/04\/Sonoridades-del-istmo.png')\">\n                    <a class=\"playlist_a\" href=\"#\" data-id=\"18\">\n                        <div class=\"playlist_text\">\n                            <p>Sonoridades Del Istmo<\/p>\n                            <p>Panam\u00e1<\/p>\n                        <\/div>\n                    <\/a>\n                <\/div>\n            <\/div><div class=\"col-md-3 playlist pbox playlist_Argentina tipoidentidad_is1\">\n                <div class=\"col-md-12 playlist_box\" style=\"background: url('https:\/\/staging.ibermusicas.org\/wp-content\/uploads\/2020\/04\/Cepa-Argentina.png')\">\n                    <a class=\"playlist_a\" href=\"#\" data-id=\"2\">\n                        <div class=\"playlist_text\">\n                            <p>Cepa Argentina<\/p>\n                            <p>Argentina<\/p>\n                        <\/div>\n                    <\/a>\n                <\/div>\n            <\/div><div class=\"col-md-3 playlist pbox playlist_Portugal tipoidentidad_is1\">\n                <div class=\"col-md-12 playlist_box\" style=\"background: url('https:\/\/staging.ibermusicas.org\/wp-content\/uploads\/2020\/04\/Manta-de-los-retalhos.png')\">\n                    <a class=\"playlist_a\" href=\"#\" data-id=\"30\">\n                        <div class=\"playlist_text\">\n                            <p>Manta de retalhos<\/p>\n                            <p>Portugal<\/p>\n                        <\/div>\n                    <\/a>\n                <\/div>\n            <\/div><div class=\"col-md-3 playlist pbox playlist_M\u00e9xico tipoidentidad_is2\">\n                <div class=\"col-md-12 playlist_box\" style=\"background: url('https:\/\/staging.ibermusicas.org\/wp-content\/uploads\/2020\/04\/IBERplay-IDENTIDADES-_MEX.3.png')\">\n                    <a class=\"playlist_a\" href=\"#\" data-id=\"42\">\n                        <div class=\"playlist_text\">\n                            <p>Caleidoscopio sonoro de artistas mexicanas <\/p>\n                            <p>M\u00e9xico<\/p>\n                        <\/div>\n                    <\/a>\n                <\/div>\n            <\/div><div class=\"col-md-3 playlist pbox playlist_Chile tipoidentidad_is1\">\n                <div class=\"col-md-12 playlist_box\" style=\"background: url('https:\/\/staging.ibermusicas.org\/wp-content\/uploads\/2020\/04\/Canciones-del-siglo-XX.png')\">\n                    <a class=\"playlist_a\" href=\"#\" data-id=\"7\">\n                        <div class=\"playlist_text\">\n                            <p>Canciones del SXX<\/p>\n                            <p>Chile<\/p>\n                        <\/div>\n                    <\/a>\n                <\/div>\n            <\/div><div class=\"col-md-3 playlist pbox playlist_Brasil tipoidentidad_is2\">\n                <div class=\"col-md-12 playlist_box\" style=\"background: url('https:\/\/staging.ibermusicas.org\/wp-content\/uploads\/2020\/04\/IBERplay-IDENTIDADES-_BRA.3.png')\">\n                    <a class=\"playlist_a\" href=\"#\" data-id=\"35\">\n                        <div class=\"playlist_text\">\n                            <p>M\u00fasica Mundial Brasile\u00f1a <\/p>\n                            <p>Brasil<\/p>\n                        <\/div>\n                    <\/a>\n                <\/div>\n            <\/div><div class=\"col-md-3 playlist pbox playlist_Ecuador tipoidentidad_is1\">\n                <div class=\"col-md-12 playlist_box\" style=\"background: url('https:\/\/staging.ibermusicas.org\/wp-content\/uploads\/2020\/04\/Lo-que-humbolt-no-escucho.png')\">\n                    <a class=\"playlist_a\" href=\"#\" data-id=\"13\">\n                        <div class=\"playlist_text\">\n                            <p>Lo Que Humboldt No Escuch\u00f3<\/p>\n                            <p>Ecuador<\/p>\n                        <\/div>\n                    <\/a>\n                <\/div>\n            <\/div><div class=\"col-md-3 playlist pbox playlist_Venezuela tipoidentidad_is1\">\n                <div class=\"col-md-12 playlist_box\" style=\"background: url('https:\/\/staging.ibermusicas.org\/wp-content\/uploads\/2020\/04\/Cantos-para-la-vida.png')\">\n                    <a class=\"playlist_a\" href=\"#\" data-id=\"25\">\n                        <div class=\"playlist_text\">\n                            <p>Cantos Para La Vida<\/p>\n                            <p>Venezuela<\/p>\n                        <\/div>\n                    <\/a>\n                <\/div>\n            <\/div><div class=\"col-md-3 playlist pbox playlist_Venezuela tipoidentidad_is1\">\n                <div class=\"col-md-12 playlist_box\" style=\"background: url('https:\/\/staging.ibermusicas.org\/wp-content\/uploads\/2020\/04\/Asi-suena-venezuela.png')\">\n                    <a class=\"playlist_a\" href=\"#\" data-id=\"26\">\n                        <div class=\"playlist_text\">\n                            <p>As\u00ed Suena Venezuela<\/p>\n                            <p>Venezuela<\/p>\n                        <\/div>\n                    <\/a>\n                <\/div>\n            <\/div><div class=\"col-md-3 playlist pbox playlist_M\u00e9xico tipoidentidad_is1\">\n                <div class=\"col-md-12 playlist_box\" style=\"background: url('https:\/\/staging.ibermusicas.org\/wp-content\/uploads\/2020\/04\/Mexico-te-mereces-un-amor.png')\">\n                    <a class=\"playlist_a\" href=\"#\" data-id=\"16\">\n                        <div class=\"playlist_text\">\n                            <p>M\u00e9xico, Te Mereces Un Amor<\/p>\n                            <p>M\u00e9xico<\/p>\n                        <\/div>\n                    <\/a>\n                <\/div>\n            <\/div><div class=\"col-md-3 playlist pbox playlist_Paraguay tipoidentidad_is1\">\n                <div class=\"col-md-12 playlist_box\" style=\"background: url('https:\/\/staging.ibermusicas.org\/wp-content\/uploads\/2020\/04\/Soundtrack-del-corazon.png')\">\n                    <a class=\"playlist_a\" href=\"#\" data-id=\"19\">\n                        <div class=\"playlist_text\">\n                            <p>Soundtrack Del Coraz\u00f3n<\/p>\n                            <p>Paraguay<\/p>\n                        <\/div>\n                    <\/a>\n                <\/div>\n            <\/div><div class=\"col-md-3 playlist pbox playlist_Cuba tipoidentidad_is2\">\n                <div class=\"col-md-12 playlist_box\" style=\"background: url('https:\/\/staging.ibermusicas.org\/wp-content\/uploads\/2020\/04\/IBERplay-IDENTIDADES-_CUB.3.png')\">\n                    <a class=\"playlist_a\" href=\"#\" data-id=\"39\">\n                        <div class=\"playlist_text\">\n                            <p>Sandunga cubana para escuchar y bailar <\/p>\n                            <p>Cuba<\/p>\n                        <\/div>\n                    <\/a>\n                <\/div>\n            <\/div><div class=\"col-md-3 playlist pbox playlist_Cuba tipoidentidad_is1\">\n                <div class=\"col-md-12 playlist_box\" style=\"background: url('https:\/\/staging.ibermusicas.org\/wp-content\/uploads\/2020\/04\/Estampas-musicales.png')\">\n                    <a class=\"playlist_a\" href=\"#\" data-id=\"12\">\n                        <div class=\"playlist_text\">\n                            <p>Cuba: Estampas Musicales<\/p>\n                            <p>Cuba<\/p>\n                        <\/div>\n                    <\/a>\n                <\/div>\n            <\/div><div class=\"col-md-3 playlist pbox playlist_Paraguay tipoidentidad_is2\">\n                <div class=\"col-md-12 playlist_box\" style=\"background: url('https:\/\/staging.ibermusicas.org\/wp-content\/uploads\/2020\/04\/IBERplay-IDENTIDADES-_PAR.3.png')\">\n                    <a class=\"playlist_a\" href=\"#\" data-id=\"44\">\n                        <div class=\"playlist_text\">\n                            <p>Venimos en bloque <\/p>\n                            <p>Paraguay<\/p>\n                        <\/div>\n                    <\/a>\n                <\/div>\n            <\/div><div class=\"col-md-3 playlist pbox playlist_Panam\u00e1 tipoidentidad_is2\">\n                <div class=\"col-md-12 playlist_box\" style=\"background: url('https:\/\/staging.ibermusicas.org\/wp-content\/uploads\/2020\/04\/IBERplay-IDENTIDADES-_PAN.3.png')\">\n                    <a class=\"playlist_a\" href=\"#\" data-id=\"43\">\n                        <div class=\"playlist_text\">\n                            <p>Panam\u00e1<\/p>\n                            <p>Panam\u00e1<\/p>\n                        <\/div>\n                    <\/a>\n                <\/div>\n            <\/div><div class=\"col-md-3 playlist pbox playlist_Paraguay tipoidentidad_is1\">\n                <div class=\"col-md-12 playlist_box\" style=\"background: url('https:\/\/staging.ibermusicas.org\/wp-content\/uploads\/2020\/04\/Paraguay-eterno.png')\">\n                    <a class=\"playlist_a\" href=\"#\" data-id=\"20\">\n                        <div class=\"playlist_text\">\n                            <p>Paraguay Eterno<\/p>\n                            <p>Paraguay<\/p>\n                        <\/div>\n                    <\/a>\n                <\/div>\n            <\/div><div class=\"col-md-3 playlist pbox playlist_Brasil tipoidentidad_is1\">\n                <div class=\"col-md-12 playlist_box\" style=\"background: url('https:\/\/staging.ibermusicas.org\/wp-content\/uploads\/2020\/04\/En-el-silencio-de-esta-naturaleza.png')\">\n                    <a class=\"playlist_a\" href=\"#\" data-id=\"3\">\n                        <div class=\"playlist_text\">\n                            <p>En el silencio de esta naturaleza<\/p>\n                            <p>Brasil<\/p>\n                        <\/div>\n                    <\/a>\n                <\/div>\n            <\/div><div class=\"col-md-3 playlist pbox playlist_Colombia tipoidentidad_is1\">\n                <div class=\"col-md-12 playlist_box\" style=\"background: url('https:\/\/staging.ibermusicas.org\/wp-content\/uploads\/2020\/04\/100-colombiana.png')\">\n                    <a class=\"playlist_a\" href=\"#\" data-id=\"8\">\n                        <div class=\"playlist_text\">\n                            <p>100% Colombiana<\/p>\n                            <p>Colombia<\/p>\n                        <\/div>\n                    <\/a>\n                <\/div>\n            <\/div><div class=\"col-md-3 playlist pbox playlist_Venezuela tipoidentidad_is2\">\n                <div class=\"col-md-12 playlist_box\" style=\"background: url('https:\/\/staging.ibermusicas.org\/wp-content\/uploads\/2020\/04\/IBERplay-IDENTIDADES-_VEN.3.png')\">\n                    <a class=\"playlist_a\" href=\"#\" data-id=\"48\">\n                        <div class=\"playlist_text\">\n                            <p>Puertas abiertas <\/p>\n                            <p>Venezuela<\/p>\n                        <\/div>\n                    <\/a>\n                <\/div>\n            <\/div><div class=\"col-md-3 playlist pbox playlist_Colombia tipoidentidad_is1\">\n                <div class=\"col-md-12 playlist_box\" style=\"background: url('https:\/\/staging.ibermusicas.org\/wp-content\/uploads\/2020\/04\/Cuando-canto-grito.png')\">\n                    <a class=\"playlist_a\" href=\"#\" data-id=\"9\">\n                        <div class=\"playlist_text\">\n                            <p>Cuando Canto Grito: Otras Orillas Colombianas<\/p>\n                            <p>Colombia<\/p>\n                        <\/div>\n                    <\/a>\n                <\/div>\n            <\/div><div class=\"col-md-3 playlist pbox playlist_Argentina tipoidentidad_is2\">\n                <div class=\"col-md-12 playlist_box\" style=\"background: url('https:\/\/staging.ibermusicas.org\/wp-content\/uploads\/2020\/04\/IBERplay-IDENTIDADES-_ARG.3.png')\">\n                    <a class=\"playlist_a\" href=\"#\" data-id=\"34\">\n                        <div class=\"playlist_text\">\n                            <p>Desfronterizadxs<\/p>\n                            <p>Argentina<\/p>\n                        <\/div>\n                    <\/a>\n                <\/div>\n            <\/div><div class=\"col-md-3 playlist pbox playlist_Uruguay tipoidentidad_is1\">\n                <div class=\"col-md-12 playlist_box\" style=\"background: url('https:\/\/staging.ibermusicas.org\/wp-content\/uploads\/2020\/04\/Con-ruidito-a-mate.png')\">\n                    <a class=\"playlist_a\" href=\"#\" data-id=\"23\">\n                        <div class=\"playlist_text\">\n                            <p>Con ruidito a mate<\/p>\n                            <p>Uruguay<\/p>\n                        <\/div>\n                    <\/a>\n                <\/div>\n            <\/div><div class=\"col-md-3 playlist pbox playlist_Brasil tipoidentidad_is1\">\n                <div class=\"col-md-12 playlist_box\" style=\"background: url('https:\/\/staging.ibermusicas.org\/wp-content\/uploads\/2020\/04\/Musica-brasilera-global.png')\">\n                    <a class=\"playlist_a\" href=\"#\" data-id=\"4\">\n                        <div class=\"playlist_text\">\n                            <p>M\u00fasica Brasile\u00f1a Global<\/p>\n                            <p>Brasil<\/p>\n                        <\/div>\n                    <\/a>\n                <\/div>\n            <\/div><div class=\"col-md-3 playlist pbox playlist_Cuba tipoidentidad_is1\">\n                <div class=\"col-md-12 playlist_box\" style=\"background: url('https:\/\/staging.ibermusicas.org\/wp-content\/uploads\/2020\/04\/Cuba-y-su-musica-hoy.png')\">\n                    <a class=\"playlist_a\" href=\"#\" data-id=\"11\">\n                        <div class=\"playlist_text\">\n                            <p>Cuba Y Su M\u00fasica Hoy<\/p>\n                            <p>Cuba<\/p>\n                        <\/div>\n                    <\/a>\n                <\/div>\n            <\/div><div class=\"col-md-3 playlist pbox playlist_CR tipoidentidad_is1\">\n                <div class=\"col-md-12 playlist_box\" style=\"background: url('https:\/\/staging.ibermusicas.org\/wp-content\/uploads\/2020\/04\/Diversidad-sonora.png')\">\n                    <a class=\"playlist_a\" href=\"#\" data-id=\"10\">\n                        <div class=\"playlist_text\">\n                            <p>Diversidad Sonora<\/p>\n                            <p>Costa Rica<\/p>\n                        <\/div>\n                    <\/a>\n                <\/div>\n            <\/div><div class=\"col-md-3 playlist pbox playlist_Espa\u00f1a tipoidentidad_is1\">\n                <div class=\"col-md-12 playlist_box\" style=\"background: url('https:\/\/staging.ibermusicas.org\/wp-content\/uploads\/2020\/04\/Recuerdos-sentimientos-y-pasion.png')\">\n                    <a class=\"playlist_a\" href=\"#\" data-id=\"28\">\n                        <div class=\"playlist_text\">\n                            <p>Recuerdos, Sentimientos y Pasi\u00f3n<\/p>\n                            <p>Espa\u00f1a<\/p>\n                        <\/div>\n                    <\/a>\n                <\/div>\n            <\/div><div class=\"col-md-3 playlist pbox playlist_CR tipoidentidad_is2\">\n                <div class=\"col-md-12 playlist_box\" style=\"background: url('https:\/\/staging.ibermusicas.org\/wp-content\/uploads\/2020\/04\/IBERplay-IDENTIDADES-_CRI.3.png')\">\n                    <a class=\"playlist_a\" href=\"#\" data-id=\"38\">\n                        <div class=\"playlist_text\">\n                            <p>Caleidoscopio<\/p>\n                            <p>Costa Rica<\/p>\n                        <\/div>\n                    <\/a>\n                <\/div>\n            <\/div><div class=\"col-md-3 playlist pbox playlist_Panam\u00e1 tipoidentidad_is1\">\n                <div class=\"col-md-12 playlist_box\" style=\"background: url('https:\/\/staging.ibermusicas.org\/wp-content\/uploads\/2020\/04\/Panama-diversa.png')\">\n                    <a class=\"playlist_a\" href=\"#\" data-id=\"17\">\n                        <div class=\"playlist_text\">\n                            <p>Panam\u00e1 Diversa<\/p>\n                            <p>Panam\u00e1<\/p>\n                        <\/div>\n                    <\/a>\n                <\/div>\n            <\/div><div class=\"col-md-3 playlist pbox playlist_Uruguay tipoidentidad_is2\">\n                <div class=\"col-md-12 playlist_box\" style=\"background: url('https:\/\/staging.ibermusicas.org\/wp-content\/uploads\/2020\/04\/IBERplay-IDENTIDADES-_URU.3.png')\">\n                    <a class=\"playlist_a\" href=\"#\" data-id=\"47\">\n                        <div class=\"playlist_text\">\n                            <p>Penillanura levemente ondulada <\/p>\n                            <p>Uruguay<\/p>\n                        <\/div>\n                    <\/a>\n                <\/div>\n            <\/div><div class=\"col-md-3 playlist pbox playlist_CR tipoidentidad_is1\">\n                <div class=\"col-md-12 playlist_box\" style=\"background: url('https:\/\/staging.ibermusicas.org\/wp-content\/uploads\/2020\/04\/Parcela-del-aire.png')\">\n                    <a class=\"playlist_a\" href=\"#\" data-id=\"5\">\n                        <div class=\"playlist_text\">\n                            <p>Parcela Del Aire<\/p>\n                            <p>Costa Rica<\/p>\n                        <\/div>\n                    <\/a>\n                <\/div>\n            <\/div><div class=\"col-md-3 playlist pbox playlist_Colombia tipoidentidad_is2\">\n                <div class=\"col-md-12 playlist_box\" style=\"background: url('https:\/\/staging.ibermusicas.org\/wp-content\/uploads\/2020\/04\/IBERplay-IDENTIDADES-_COL.3.png')\">\n                    <a class=\"playlist_a\" href=\"#\" data-id=\"37\">\n                        <div class=\"playlist_text\">\n                            <p>Colombia, un para\u00edso al norte de Suram\u00e9rica <\/p>\n                            <p>Colombia<\/p>\n                        <\/div>\n                    <\/a>\n                <\/div>\n            <\/div><div class=\"col-md-3 playlist pbox playlist_Per\u00fa tipoidentidad_is2\">\n                <div class=\"col-md-12 playlist_box\" style=\"background: url('https:\/\/staging.ibermusicas.org\/wp-content\/uploads\/2020\/04\/IBERplay-IDENTIDADES-_PER.3.png')\">\n                    <a class=\"playlist_a\" href=\"#\" data-id=\"45\">\n                        <div class=\"playlist_text\">\n                            <p>Paleta sonora: tierra de mil colores <\/p>\n                            <p>Per\u00fa<\/p>\n                        <\/div>\n                    <\/a>\n                <\/div>\n            <\/div><div class=\"col-md-3 playlist pbox playlist_Ecuador tipoidentidad_is2\">\n                <div class=\"col-md-12 playlist_box\" style=\"background: url('https:\/\/staging.ibermusicas.org\/wp-content\/uploads\/2020\/04\/IBERplay-IDENTIDADES-_ECU.3.png')\">\n                    <a class=\"playlist_a\" href=\"#\" data-id=\"40\">\n                        <div class=\"playlist_text\">\n                            <p>Shunko Ecuatoriano <\/p>\n                            <p>Ecuador<\/p>\n                        <\/div>\n                    <\/a>\n                <\/div>\n            <\/div><div class=\"col-md-3 playlist pbox playlist_Portugal tipoidentidad_is2\">\n                <div class=\"col-md-12 playlist_box\" style=\"background: url('https:\/\/staging.ibermusicas.org\/wp-content\/uploads\/2020\/04\/IBERplay-IDENTIDADES-_POR.3.png')\">\n                    <a class=\"playlist_a\" href=\"#\" data-id=\"46\">\n                        <div class=\"playlist_text\">\n                            <p>Fronteras de viento <\/p>\n                            <p>Portugal<\/p>\n                        <\/div>\n                    <\/a>\n                <\/div>\n            <\/div><div class=\"col-md-3 playlist pbox playlist_Chile tipoidentidad_is2\">\n                <div class=\"col-md-12 playlist_box\" style=\"background: url('https:\/\/staging.ibermusicas.org\/wp-content\/uploads\/2020\/04\/IBERplay-IDENTIDADES-_CHI.3.png')\">\n                    <a class=\"playlist_a\" href=\"#\" data-id=\"36\">\n                        <div class=\"playlist_text\">\n                            <p>Chile de Ra\u00edz <\/p>\n                            <p>Chile<\/p>\n                        <\/div>\n                    <\/a>\n                <\/div>\n            <\/div><div class=\"col-md-3 playlist pbox playlist_Per\u00fa tipoidentidad_is1\">\n                <div class=\"col-md-12 playlist_box\" style=\"background: url('https:\/\/staging.ibermusicas.org\/wp-content\/uploads\/2020\/04\/Puentes-en-sol.png')\">\n                    <a class=\"playlist_a\" href=\"#\" data-id=\"22\">\n                        <div class=\"playlist_text\">\n                            <p>Puentes en Sol<\/p>\n                            <p>Per\u00fa<\/p>\n                        <\/div>\n                    <\/a>\n                <\/div>\n            <\/div><div id=\"playlistModalContainer\"><\/div><script>\n        jQuery(document).ready(function($) {\n            $(\"select\").select2({ \n                placeholder: \"Seleccione...\", \n                allowClear: true \n            });\n\n            function filterPlaylists() {\n                var country = $(\"#country_filter\").val();\n                var tipoidentidad = $(\"#tipoidentidad_filter\").val();\n\n                $(\".pbox\").hide();\n                if (country != \"0\" && tipoidentidad != \"0\") {\n                    $(\".playlist_\" + country + \".tipoidentidad_\" + tipoidentidad).show();\n                } else if (country != \"0\") {\n                    $(\".playlist_\" + country).show();\n                } else if (tipoidentidad != \"0\") {\n                    $(\".tipoidentidad_\" + tipoidentidad).show();\n                } else {\n                    $(\".pbox\").show();\n                }\n            }\n\n            $(\"#country_filter, #tipoidentidad_filter\").on(\"change\", filterPlaylists);\n\n            var ajaxurl = \"http:\/\/staging.ibermusicas.org\/wp-admin\/admin-ajax.php\";\n            $(\".playlist_a\").on(\"click\", function(e) {\n                e.preventDefault();\n                var id = $(this).data(\"id\");\n\n                $.post(ajaxurl, {\n                    action: \"get_playlist_modal\",\n                    id: id\n                }, function(response) {\n                    $(\"#playlistModalContainer\").html(response);\n                    $(\".header-main, #site-header\").addClass(\"modal-open-z-index\");\n                    $(\"body\").css(\"overflow\", \"hidden\");\n                });\n            });\n\n            $(document).on(\"click\", \".close-modal, .modal-iber-bg\", function() {\n                $(\".modal-iber-container\").removeClass(\"modal-open\").remove();\n                $(\".header-main, #site-header\").removeClass(\"modal-open-z-index\");\n                $(\"body\").css(\"overflow\", \"auto\");\n            });\n        });\n        <\/script>\n<\/div>\n\n\n\n<h2 class=\"wp-block-heading has-x-large-font-size\">Itiner\u00e1rio can\u00e7\u00e3o<\/h2>\n\n\n\n<p>A can\u00e7\u00e3o \u00e9 uma express\u00e3o art\u00edstica que tem acompanhado a humanidade ao longo de praticamente toda sua hist\u00f3ria. Uma esp\u00e9cie de poesia com m\u00fasica que encontra seu pr\u00f3prio car\u00e1ter de acordo com o tempo, a nacionalidade, o contexto pol\u00edtico ou social e as motiva\u00e7\u00f5es internas de seus criadores. O canto ibero-americano tem sido um cronista da hist\u00f3ria, um portador de not\u00edcias, um mensageiro social e um panfleto pol\u00edtico; tem sido tamb\u00e9m uma declara\u00e7\u00e3o de amor, de desafei\u00e7\u00e3o, uma ora\u00e7\u00e3o religiosa ou profana e uma voz dos cantos mais profundos da alma humana.<\/p>\n\n\n\n<p>Desde o in\u00edcio dos tempos, o canto acompanha a humanidade em todos os momentos que comp\u00f5em sua resid\u00eancia na terra; tudo o que \u00e9 parte fundamental da vida, das profundezas da vida, tem seu canto; porque \u00e9 um ato definidor do que \u00e9 humano levantar um canto para que, desta forma, a breve magia que a uni\u00e3o entre a m\u00fasica e a poesia nos oferece desencadeia uma for\u00e7a t\u00e3o poderosa que \u00e9 capaz de fazer vibrar as ra\u00edzes das almas.<\/p>\n\n\n\n<p>Em todas as edi\u00e7\u00f5es de nosso concurso de Cria\u00e7\u00e3o de Can\u00e7\u00f5es, mais de cem compositores j\u00e1 foram premiados. Todos os trabalhos premiados foram can\u00e7\u00f5es in\u00e9ditas especialmente criadas para serem apresentadas ao nosso concurso. Hoje, todas essas can\u00e7\u00f5es est\u00e3o entrela\u00e7adas aqui para ligar os pa\u00edses da Ibero-Am\u00e9rica sob a prote\u00e7\u00e3o da m\u00fasica e da poesia.<\/p>\n\n\n\n<div class=\"wp-block-group has-global-padding is-content-justification-left is-layout-constrained wp-container-core-group-is-layout-21fe343f wp-block-group-is-layout-constrained\" style=\"padding-top:var(--wp--preset--spacing--40);padding-bottom:var(--wp--preset--spacing--40)\"><div class=\"itinerary\"><div class=\"col-md-3 playlist\">\n                    <div class=\"col-md-12 playlist_box\" style=\"background: url('https:\/\/staging.ibermusicas.org\/wp-content\/uploads\/2020\/04\/IBERplay-ITINERARIO.CANCIO\u0301N-tierra-encendida.png')\">\n                        <a class=\"playlist_a\" data-bs-toggle=\"modal\" href=\"#playlist_31\">\n                            <div class=\"playlist_text\">\n                                <p>Tierra encendida<\/p>\n                            <\/div>\n                        <\/a>\n                    <\/div>\n                <\/div><div class=\"modal-iber-container\" id=\"playlist_31\">\n                    <div class=\"close-modal-container\"><a href=\"#!\" class=\"close-modal\">X<\/a><\/div>\n                    <div class=\"modal-iber\">\n                        <div class=\"project-header\"><h3>Tierra encendida<\/h3><\/div>\n                        <div class=\"info-content\">\n                            <p class=\"section_description\" style=\"text-align:justify\">Desde la ra\u00edz proyectando hacia el futuro. M\u00fasicas que se expanden desde lo tradicional hacia nuevos rumbos abrazando la diversidad y la b\u00fasqueda de la propia identidad.<\/p>\n                            <br>\n                            <div class=\"link-icons\">\n                                <a href=\"https:\/\/open.spotify.com\/playlist\/6dvZ3GPuhoQmJ5itJGiH6G?si=8dab9e3b257c476d\" target=\"_blank\" class=\"social-icon-spotify\" style=\"margin: 0;\">\n                                    <i class=\"socials-item-icon spotify\" style=\"margin-right:10px\"><\/i> Escuchar Playlist\n                                <\/a>\n                            <\/div>\n                            <br><hr><br>\n                            <div class=\"about_curator\">\n                                <div class=\"col-md-3\" style=\"padding-left: 0 !important\">\n                                    <div style=\"background: url(''); height: 210px;border-radius: 10px;background-size: cover;background-position: center;\"><\/div>\n                                <\/div>\n                            <\/div>\n                        <\/div>\n                    <\/div>\n                    <span class=\"modal-iber-bg\"><\/span>\n                <\/div><div class=\"col-md-3 playlist\">\n                    <div class=\"col-md-12 playlist_box\" style=\"background: url('https:\/\/staging.ibermusicas.org\/wp-content\/uploads\/2020\/04\/IBERplay-ITINERARIO.CANCIO\u0301N-bajo-la-luz.png')\">\n                        <a class=\"playlist_a\" data-bs-toggle=\"modal\" href=\"#playlist_32\">\n                            <div class=\"playlist_text\">\n                                <p>Bajo la luz de este mundo<\/p>\n                            <\/div>\n                        <\/a>\n                    <\/div>\n                <\/div><div class=\"modal-iber-container\" id=\"playlist_32\">\n                    <div class=\"close-modal-container\"><a href=\"#!\" class=\"close-modal\">X<\/a><\/div>\n                    <div class=\"modal-iber\">\n                        <div class=\"project-header\"><h3>Bajo la luz de este mundo<\/h3><\/div>\n                        <div class=\"info-content\">\n                            <p class=\"section_description\" style=\"text-align:justify\">Los d\u00edas y las vidas en las ciudades. Resonancias contempor\u00e1neas. Reflexiones inmanentes sobre el ser y sobre nuestra relaci\u00f3n con el entorno humano y urbano.<\/p>\n                            <br>\n                            <div class=\"link-icons\">\n                                <a href=\"https:\/\/open.spotify.com\/playlist\/22wX6sUHlZQq7JGwQ94jjz?si=eb899106b8484534\" target=\"_blank\" class=\"social-icon-spotify\" style=\"margin: 0;\">\n                                    <i class=\"socials-item-icon spotify\" style=\"margin-right:10px\"><\/i> Escuchar Playlist\n                                <\/a>\n                            <\/div>\n                            <br><hr><br>\n                            <div class=\"about_curator\">\n                                <div class=\"col-md-3\" style=\"padding-left: 0 !important\">\n                                    <div style=\"background: url(''); height: 210px;border-radius: 10px;background-size: cover;background-position: center;\"><\/div>\n                                <\/div>\n                            <\/div>\n                        <\/div>\n                    <\/div>\n                    <span class=\"modal-iber-bg\"><\/span>\n                <\/div><\/div>\n<\/div>\n","protected":false},"excerpt":{"rendered":"<p>No \u00e2mbito do 10\u00ba anivers\u00e1rio do Programa Iberm\u00fasicas, estamos a abrir com esta iniciativa um novo di\u00e1logo no mundo do streaming. Queremos envolver-nos na conversa sonora global, gerando um espa\u00e7o com propostas de escuta n\u00e3o hegem\u00f4nicas que nos convidem a seguir novos caminhos. Lan\u00e7\u00e1mos o nosso pr\u00f3prio canal no Spotify com duas a\u00e7\u00f5es iniciais: \u00abIdentidades [&hellip;]<\/p>\n","protected":false},"author":5,"featured_media":0,"parent":0,"menu_order":0,"comment_status":"closed","ping_status":"closed","template":"","meta":{"footnotes":""},"class_list":["post-15029","page","type-page","status-publish","hentry"],"lang":"pt","translations":{"pt":15029,"es":13842},"pll_sync_post":[],"post_mailing_queue_ids":[],"_links":{"self":[{"href":"http:\/\/staging.ibermusicas.org\/index.php\/wp-json\/wp\/v2\/pages\/15029","targetHints":{"allow":["GET"]}}],"collection":[{"href":"http:\/\/staging.ibermusicas.org\/index.php\/wp-json\/wp\/v2\/pages"}],"about":[{"href":"http:\/\/staging.ibermusicas.org\/index.php\/wp-json\/wp\/v2\/types\/page"}],"author":[{"embeddable":true,"href":"http:\/\/staging.ibermusicas.org\/index.php\/wp-json\/wp\/v2\/users\/5"}],"replies":[{"embeddable":true,"href":"http:\/\/staging.ibermusicas.org\/index.php\/wp-json\/wp\/v2\/comments?post=15029"}],"version-history":[{"count":12,"href":"http:\/\/staging.ibermusicas.org\/index.php\/wp-json\/wp\/v2\/pages\/15029\/revisions"}],"predecessor-version":[{"id":24946,"href":"http:\/\/staging.ibermusicas.org\/index.php\/wp-json\/wp\/v2\/pages\/15029\/revisions\/24946"}],"wp:attachment":[{"href":"http:\/\/staging.ibermusicas.org\/index.php\/wp-json\/wp\/v2\/media?parent=15029"}],"curies":[{"name":"wp","href":"https:\/\/api.w.org\/{rel}","templated":true}]}}