{"id":19070,"date":"2024-06-24T17:05:22","date_gmt":"2024-06-24T17:05:22","guid":{"rendered":"http:\/\/staging.ibermusicas.org\/?page_id=19070"},"modified":"2025-07-10T16:55:51","modified_gmt":"2025-07-10T16:55:51","slug":"preguntas-frecuentes-3","status":"publish","type":"page","link":"http:\/\/staging.ibermusicas.org\/index.php\/preguntas-frecuentes-3\/","title":{"rendered":"Preguntas frecuentes"},"content":{"rendered":"\n<div class=\"wp-block-getwid-tabs alignwide has-layout-vertical-left\" data-active-tab=\"none\"><ul class=\"wp-block-getwid-tabs__nav-links\"><\/ul>\n<div class=\"wp-block-getwid-tabs__nav-link\"><span class=\"wp-block-getwid-tabs__title-wrapper\"><a href=\"#\"><span class=\"wp-block-getwid-tabs__title\">\u00bfQu\u00e9 pa\u00edses pueden participar en las convocatorias de Iberm\u00fasicas?<\/span><\/a><\/span><\/div><div class=\"wp-block-getwid-tabs__tab-content-wrapper\"><div class=\"wp-block-getwid-tabs__tab-content\">\n<h2 class=\"wp-block-heading is-style-default\">\u00bfQu\u00e9 pa\u00edses pueden participar en las convocatorias de Iberm\u00fasicas?<\/h2>\n\n\n\n<p>Iberm\u00fasicas est\u00e1 actualmente conformado por los siguientes pa\u00edses miembros: <strong>Argentina, Brasil, Chile, Colombia, Costa Rica, Cuba, Ecuador, Espa\u00f1a, M\u00e9xico, Panam\u00e1, Paraguay, Per\u00fa, Portugal, Uruguay y Venezuela.<\/strong> Con voz pero sin voto, participa la SEGIB (Secretar\u00eda General Iberoamericana).<\/p>\n\n\n\n<p><strong>\u2605 Ten presente que los pa\u00edses que integran Iberm\u00fasicas adhieren libremente a las convocatorias y concursos del Programa. Es por ello que quiz\u00e1s encuentres que tu pa\u00eds no participa de alguna convocatoria o concurso, <\/strong><strong>\u00a1pero participa de muchas otras!<\/strong><\/p>\n\n\n\n<p><strong>Importante:<\/strong><\/p>\n\n\n\n<p>Dentro del marco del Protocolo de Cooperaci\u00f3n establecido entre Iberm\u00fasicas y la CPLP (Comunidad de Pa\u00edses de Lengua Portuguesa), artistas musicales, investigadores, compositores y otros agentes culturales ligados a la m\u00fasica de <strong>Angola, Cabo Verde, Guinea-Bissau, Guinea Ecuatorial, Mozambique, Santo Tom\u00e9 y Pr\u00edncipe y Timor Oriental<\/strong> son invitadas\/os a participar con propuestas de cooperaci\u00f3n cultural en la convocatoria especial llamada <strong>Viajes por la M\u00fasica de la Lusofon\u00eda.<\/strong><\/p>\n\n\n\n<p>Dentro del acuerdo de cooperaci\u00f3n establecido entre Iberm\u00fasicas y ATER Fondazione, artistas musicales, investigadores, compositores y otros agentes culturales ligados a la m\u00fasica de <strong>Emilia-Romagna<\/strong> son invitadas\/os a participar con propuestas de cooperaci\u00f3n cultural en la <strong>Convocatoria especial Iberm\u00fasicas &#8211; Emilia Romagna \u201cConectando artistas y escenas musicales\u201d.<\/strong><\/p>\n<\/div><\/div>\n\n\n\n<div class=\"wp-block-getwid-tabs__nav-link\"><span class=\"wp-block-getwid-tabs__title-wrapper\"><a href=\"#\"><span class=\"wp-block-getwid-tabs__title\">\u00bfQui\u00e9nes pueden postular?<\/span><\/a><\/span><\/div><div class=\"wp-block-getwid-tabs__tab-content-wrapper\"><div class=\"wp-block-getwid-tabs__tab-content\">\n<h2 class=\"wp-block-heading is-style-default\">\u00bfQui\u00e9nes pueden postular?<\/h2>\n\n\n\n<p>Pueden postular a las convocatorias de Iberm\u00fasicas:<\/p>\n\n\n\n<p>\u25cf Personas Naturales de la nacionalidad correspondiente (por nacimiento o por residencia certificada) a los pa\u00edses que integran el Programa Iberm\u00fasicas con la debida documentaci\u00f3n personal que as\u00ed lo respalde<\/p>\n\n\n\n<p>\u25cf Personas Jur\u00eddicas con o sin fines de lucro correspondientes a los pa\u00edses que<br>integran el Programa Iberm\u00fasicas. Pueden postular Sociedades de Hecho.<\/p>\n\n\n\n<p>Artistas, m\u00fasicas y m\u00fasicos, agrupaciones, ensambles, orquestas, coros, compositoras y compositores, luthiers, talleristas, formadoras\/es, t\u00e9cnica\/os, productora\/es, investigadoras\/es, programadores (\u201cbookers\u201d), periodistas musicales, otras y otros agentes del sector musical Iberoamericano dedicados a m\u00fasicas de todos los g\u00e9neros que pertenezcan por nacionalidad o por residencia certificada a los pa\u00edses que cada convocatoria o concurso espec\u00edfica.<\/p>\n\n\n\n<p>Festivales, mercados, ferias, salas de concierto, teatros, centros de experimentaci\u00f3n de creaci\u00f3n, centros culturales, sellos discogr\u00e1ficos, asociaciones de instrumentistas, salas de grabaci\u00f3n, agencias de programaci\u00f3n (agencias de \u201cbooking\u201d), escuelas de m\u00fasica, centros de musicolog\u00eda, universidades, otras y otros agentes de la cadena de valor del sector musical Iberoamericano dedicados a m\u00fasicas de todos los g\u00e9neros que pertenezcan por nacionalidad o por residencia certificada a los pa\u00edses que cada convocatoria o concurso espec\u00edfica.<\/p>\n<\/div><\/div>\n\n\n\n<div class=\"wp-block-getwid-tabs__nav-link\"><span class=\"wp-block-getwid-tabs__title-wrapper\"><a href=\"#\"><span class=\"wp-block-getwid-tabs__title\">\u00bfQui\u00e9nes pueden ser responsables del proyecto?<\/span><\/a><\/span><\/div><div class=\"wp-block-getwid-tabs__tab-content-wrapper\"><div class=\"wp-block-getwid-tabs__tab-content\">\n<h2 class=\"wp-block-heading is-style-default\">\u00bfQui\u00e9nes pueden ser responsables del proyecto?<\/h2>\n\n\n\n<p>El proyecto deber\u00e1 ser presentado por quien oficiar\u00e1 como la o el representante del proyecto ante Iberm\u00fasicas pudiendo ser:<\/p>\n\n\n\n<p>&#8211; La o el artista solista<br>&#8211; T\u00e9cnica\/o<br>&#8211; Investigador\/a<br>&#8211; Luthier<br>&#8211; Compositor\/a<br>&#8211; Agente del sector musical<br>&#8211; Una o un integrante de la agrupaci\u00f3n<br>&#8211; Una o un representante, manager o productor\/a<br>&#8211; Representante legal o t\u00e9cnico de una empresa o fundaci\u00f3n o universidad<\/p>\n\n\n\n<p>\u2605 <strong><em>Ten presente que si bien la o el representante ser\u00e1 el nexo de comunicaci\u00f3n entre Iberm\u00fasicas y el proyecto, la responsabilidad integral ser\u00e1 ejercida de forma conjunta entre la o el representante y las y los integrantes del proyecto. Si cambiara la o el representante antes de culminar la ejecuci\u00f3n y <\/em><\/strong><strong><em>rendici\u00f3n del proyecto, esto deber\u00e1 ser comunicado de forma inmediata a Iberm\u00fasicas y al representante de su pa\u00eds (REPPI).<\/em><\/strong><\/p>\n<\/div><\/div>\n\n\n\n<div class=\"wp-block-getwid-tabs__nav-link\"><span class=\"wp-block-getwid-tabs__title-wrapper\"><a href=\"#\"><span class=\"wp-block-getwid-tabs__title\">\u00bfCu\u00e1les son los pasos que debo seguir para postular mi proyecto?<\/span><\/a><\/span><\/div><div class=\"wp-block-getwid-tabs__tab-content-wrapper\"><div class=\"wp-block-getwid-tabs__tab-content\">\n<h2 class=\"wp-block-heading is-style-default\">\u00bfCu\u00e1les son los pasos que debo seguir para postular mi proyecto?<\/h2>\n\n\n\n<p>Toda la documentaci\u00f3n deber\u00e1 ser presentada en idioma espa\u00f1ol o portugu\u00e9s. Los documentos en cualquier otra lengua deber\u00e1n ser debidamente traducidos a alguna de las dos lenguas antes mencionadas.<\/p>\n\n\n\n<p>Para postular digitalmente se deber\u00e1n seguir los siguientes pasos:<\/p>\n\n\n\n<p>1. Crear un perfil en el Cat\u00e1logo Iberm\u00fasicas del Sector Musical<br>2. Seleccionar la Convocatoria a la cual se desea postular<br>3. Completar debidamente el formulario de inscripci\u00f3n, el mismo cuenta con la posibilidad de trabajar en modo \u201cBorrador\u201d, a fin de que pueda ser cargado paulatinamente en d\u00edas diferentes<br>4. Enviar la postulaci\u00f3n<\/p>\n\n\n\n<p>Los documentos incluidos en la postulaci\u00f3n deber\u00e1n estar adjuntados en formato PDF y sin comprimir, es decir, no podr\u00e1s adjuntarlos en ficheros de archivos como ZIP, RAR, TAR, DMG, 7Z u otro an\u00e1logo.<\/p>\n\n\n\n<p>Los documentos adjuntados en extensi\u00f3n PDF podr\u00e1n contener m\u00e1s de una p\u00e1gina siempre y cuando todas sean parte de un mismo archivo.<\/p>\n\n\n\n<p>El tama\u00f1o individual de cada archivo adjuntado no podr\u00e1 exceder los 25 MB.<\/p>\n\n\n\n<p><strong>\u2605 Ten presente que:<\/strong><\/p>\n\n\n\n<p><strong>&gt; La plataforma no emite certificado de recepci\u00f3n ni env\u00eda correo electr\u00f3nico. Para constatar la efectividad del env\u00edo deber\u00e1 verse la leyenda de \u201cTu postulaci\u00f3n ha sido enviada con \u00e9xito\u201d o bien debe ingresar en la plataforma desde la cual postul\u00f3 (groovelist.co), dirigirse a la secci\u00f3n \u00abMis procesos\u00bb y luego \u00abMis postulaciones\u00bb y verificar que el estado de la postulaci\u00f3n sea \u00abenviada\u00bb.<\/strong><\/p>\n<\/div><\/div>\n\n\n\n<div class=\"wp-block-getwid-tabs__nav-link\"><span class=\"wp-block-getwid-tabs__title-wrapper\"><a href=\"#\"><span class=\"wp-block-getwid-tabs__title\">\u00bfQu\u00e9 hay que hacer para ser parte del Cat\u00e1logo de Iberm\u00fasicas?<\/span><\/a><\/span><\/div><div class=\"wp-block-getwid-tabs__tab-content-wrapper\"><div class=\"wp-block-getwid-tabs__tab-content\">\n<h2 class=\"wp-block-heading is-style-default\">\u00bfQu\u00e9 hay que hacer para ser parte del Cat\u00e1logo de Iberm\u00fasicas?<\/h2>\n\n\n\n<p>Simplemente ingresar a la web de Iberm\u00fasicas, dirigirse a la secci\u00f3n Cat\u00e1logos, luego a Cat\u00e1logo Sector Musical y, utilizando el bot\u00f3n \u201cCREA O EDITA TU PERFIL AQU\u00cd\u201d, iniciar la creaci\u00f3n del perfil.<\/p>\n\n\n\n<p>El Cat\u00e1logo del Sector Musical es una herramienta que Iberm\u00fasicas brinda gratuitamente y sin restricciones de ning\u00fan tipo.<\/p>\n<\/div><\/div>\n\n\n\n<div class=\"wp-block-getwid-tabs__nav-link\"><span class=\"wp-block-getwid-tabs__title-wrapper\"><a href=\"#\"><span class=\"wp-block-getwid-tabs__title\">\u00bfQu\u00e9 es un perfil?<\/span><\/a><\/span><\/div><div class=\"wp-block-getwid-tabs__tab-content-wrapper\"><div class=\"wp-block-getwid-tabs__tab-content\">\n<h2 class=\"wp-block-heading is-style-default\">\u00bfQu\u00e9 es un perfil?<\/h2>\n\n\n\n<p>Cada agente del sector musical (m\u00fasica\/o, productora\/or, agrupaci\u00f3n, manager, booker, festival, instituci\u00f3n , etc.) puede contar con su perfil en el Cat\u00e1logo del Sector Musical de Iberm\u00fasicas. El perfil contiene todos los datos sobre qui\u00e9n es y qu\u00e9 hace esa persona, agrupaci\u00f3n o entidad. Al perfil se le pueden agregar fotos, videos y links a redes sociales.<\/p>\n\n\n\n<p>Una\/un misma\/o usuaria\/o puede tener varios perfiles, por ejemplo, una\/un manager que trabaja con varios artistas puede ser usuaria\/o de un perfil diferente por cada uno de sus artistas o una persona que tiene una propuesta solista y una con una agrupaci\u00f3n, puede tener un perfil por cada una de sus propuestas, una agrupaci\u00f3n que a la vez lleva adelante un festival, puede tener un perfil de la agrupaci\u00f3n y otro del festival, etc.<\/p>\n\n\n\n<p><strong>\u2605 Ten presente que deben mantener los perfiles actualizados y con material significativo dado que en muchas de las convocatorias de Iberm\u00fasicas, los jurados tienen acceso a los perfiles siendo la informaci\u00f3n que de ellos emana, el material de base a partir del cual realizar\u00e1n su evaluaci\u00f3n.<\/strong><\/p>\n<\/div><\/div>\n\n\n\n<div class=\"wp-block-getwid-tabs__nav-link\"><span class=\"wp-block-getwid-tabs__title-wrapper\"><a href=\"#\"><span class=\"wp-block-getwid-tabs__title\">\u00bfIberm\u00fasicas realiza contrataciones de artistas?<\/span><\/a><\/span><\/div><div class=\"wp-block-getwid-tabs__tab-content-wrapper\"><div class=\"wp-block-getwid-tabs__tab-content\">\n<h2 class=\"wp-block-heading is-style-default\">\u00bfIberm\u00fasicas realiza contrataciones de artistas?<\/h2>\n\n\n\n<p>No. En tanto Programa de Cooperaci\u00f3n Internacional dedicado a las artes musicales, Iberm\u00fasicas no realiza contrataciones directas o indirectas ni producciones de ning\u00fan tipo. Simplemente brinda ayudas econ\u00f3micas o premios siempre mediante la modalidad de concursos p\u00fablicos, abiertos, en per\u00edodos determinados y con evaluaci\u00f3n por jurados.<\/p>\n<\/div><\/div>\n\n\n\n<div class=\"wp-block-getwid-tabs__nav-link\"><span class=\"wp-block-getwid-tabs__title-wrapper\"><a href=\"#\"><span class=\"wp-block-getwid-tabs__title\">\u00bfPuedo presentar proyectos a las diferentes convocatorias y concursos?<\/span><\/a><\/span><\/div><div class=\"wp-block-getwid-tabs__tab-content-wrapper\"><div class=\"wp-block-getwid-tabs__tab-content\">\n<h2 class=\"wp-block-heading is-style-default\">\u00bfPuedo presentar proyectos a las diferentes convocatorias y concursos?<\/h2>\n\n\n\n<p>S\u00ed, es posible, siempre que se atienda a la especificidad propia de cada convocatoria o concurso.<\/p>\n\n\n\n<p><strong>\u2605&nbsp;Ten presente que en caso de haber sido seleccionados con anterioridad en alguna convocatoria del Programa, deber\u00e1n presentar el certificado de aprobaci\u00f3n de rendici\u00f3n emitido por la Unidad T\u00e9cnica de Iberm\u00fasicas.<\/strong><\/p>\n<\/div><\/div>\n\n\n\n<div class=\"wp-block-getwid-tabs__nav-link\"><span class=\"wp-block-getwid-tabs__title-wrapper\"><a href=\"#\"><span class=\"wp-block-getwid-tabs__title\">\u00bfPuedo presentar m\u00e1s de un proyecto en una misma convocatoria o concurso?<\/span><\/a><\/span><\/div><div class=\"wp-block-getwid-tabs__tab-content-wrapper\"><div class=\"wp-block-getwid-tabs__tab-content\">\n<h2 class=\"wp-block-heading is-style-default\">\u00bfPuedo presentar m\u00e1s de un proyecto en una misma convocatoria o concurso?<\/h2>\n\n\n\n<p>No es posible. Solamente se puede presentar un \u00fanico proyecto dentro de una misma convocatoria o de un mismo concurso.<\/p>\n<\/div><\/div>\n\n\n\n<div class=\"wp-block-getwid-tabs__nav-link\"><span class=\"wp-block-getwid-tabs__title-wrapper\"><a href=\"#\"><span class=\"wp-block-getwid-tabs__title\">\u00bfCu\u00e1ndo cierran las convocatorias?<\/span><\/a><\/span><\/div><div class=\"wp-block-getwid-tabs__tab-content-wrapper\"><div class=\"wp-block-getwid-tabs__tab-content\">\n<h2 class=\"wp-block-heading is-style-default\">\u00bfCu\u00e1ndo cierran las convocatorias?<\/h2>\n\n\n\n<p>Les recordamos que el formulario de aplicaci\u00f3n de la convocatoria <strong>Proyecto Especial de sinergia Iberm\u00fasicas-Mid Atlantic Arts, cerrar\u00e1 el 15 de septiembre de 2025 a las 23:59hs de su pa\u00eds<\/strong> y no se aceptar\u00e1n solicitudes extempor\u00e1neas . Todos <strong>los formularios de las convocatorias y premios restantes, cerrar\u00e1n el d\u00eda 1 de octubre de 2025 a las 23:59hs de su pa\u00eds<\/strong> y no se aceptar\u00e1n solicitudes extempor\u00e1neas.<\/p>\n\n\n\n<p><strong>\u2605 Ten presente que:<\/strong><\/p>\n\n\n\n<p>Los <strong>formularios de aplicaci\u00f3n cuentan con la posibilidad de guardar la informaci\u00f3n que se vaya cargando en formato borrador<\/strong>, lo que facilita el trabajo y permite iniciar la carga del proyecto aunque no se cuente con todos los documentos necesarios. Recomendamos utilizar esta modalidad a fin de familiarizarse con los procesos de candidatura.<\/p>\n\n\n\n<p>A la vez, debes tener presente que <strong>es muy desaconsejable realizar la postulaci\u00f3n el \u00faltimo d\u00eda<\/strong>, dado que:<br>&gt;pueden encontrar a \u00faltimo momento alg\u00fan requisito en el cual no hab\u00edan reparado antes y ya no contar con el tiempo suficiente para cumplimentarlo.<br>&gt;el<strong> tr\u00e1fico de la web puede sufrir complicaciones y presentar dificultades.<\/strong><\/p>\n\n\n\n<p>El personal de la Unidad T\u00e9cnica Iberm\u00fasicas est\u00e1, durante los cuatro meses en los cuales las convocatorias permanecen abiertas, a entera disposici\u00f3n de las y los postulantes a fin de brindarles asesoramiento en la presentaci\u00f3n de los proyectos o de solucionar cualquier problema que pudiera presentarse, sin embargo, deben tener presente que este acompa\u00f1amiento no puede darse sobre los \u00faltimos d\u00edas, al no poder responder a la demanda regional de forma simult\u00e1nea.<\/p>\n<\/div><\/div>\n\n\n\n<div class=\"wp-block-getwid-tabs__nav-link\"><span class=\"wp-block-getwid-tabs__title-wrapper\"><a href=\"#\"><span class=\"wp-block-getwid-tabs__title\">\u00bfCu\u00e1ndo se anuncian los resultados?<\/span><\/a><\/span><\/div><div class=\"wp-block-getwid-tabs__tab-content-wrapper\"><div class=\"wp-block-getwid-tabs__tab-content\">\n<h2 class=\"wp-block-heading is-style-default\">\u00bfCu\u00e1ndo se anuncian los resultados?<\/h2>\n\n\n\n<p>El anuncio de los proyectos seleccionados se realizar\u00e1 el <strong>viernes 28 de noviembre de 2025 en la web de Iberm\u00fasicas<\/strong>. Se dar\u00e1 anuncio solamente a los proyectos seleccionados indicando el nombre del proyecto, las personas u organizaciones responsables de los mismos, el pa\u00eds al cual pertenece el proyecto y el monto asignado.<\/p>\n\n\n\n<p>En el caso de la \u201c Convocatoria especial Iberm\u00fasicas \u2013 Mid Atlantic Arts\u201d los resultados ser\u00e1n publicados el d\u00eda 3 de octubre de 2025.<\/p>\n\n\n\n<p><strong>\u2605 Ten presente que la Unidad T\u00e9cnica Iberm\u00fasicas se comunicar\u00e1 \u00fanicamente con las y los responsables de los proyectos seleccionados al correo electr\u00f3nico que dejaron registrados en la postulaci\u00f3n. Deber\u00e1s estar atenta\/o tanto a la bandeja de entrada como a la bandeja de spam.<\/strong><\/p>\n\n\n\n<p><strong>\u2605 Ten presente que la falta de respuesta a las comunicaciones enviadas desde la Unidad T\u00e9cnica y desde las y los REPPI hacia los proyectos beneficiarios a lo largo de la vida de todo el proyecto, implicar\u00e1 la descalificaci\u00f3n de los proyectos premiados que incurrieran en esta irregularidad. El m\u00e1rgen de tolerancia ser\u00e1 de un m\u00e1ximo de cinco d\u00edas h\u00e1biles.<\/strong><\/p>\n<\/div><\/div>\n\n\n\n<div class=\"wp-block-getwid-tabs__nav-link\"><span class=\"wp-block-getwid-tabs__title-wrapper\"><a href=\"#\"><span class=\"wp-block-getwid-tabs__title\">\u00bfPuedo presentar un proyecto fuera de las fechas de convocatoria?<\/span><\/a><\/span><\/div><div class=\"wp-block-getwid-tabs__tab-content-wrapper\"><div class=\"wp-block-getwid-tabs__tab-content\">\n<h2 class=\"wp-block-heading is-style-default\">\u00bfPuedo presentar un proyecto fuera de las fechas de convocatoria?<\/h2>\n\n\n\n<p>No es posible. El Programa trabaja con un estricto calendario ya establecido. Las convocatorias est\u00e1n abiertas durante cuatro meses y no existe en Iberm\u00fasicas un mecanismo de otorgamiento de ayudas mediante lo que com\u00fanmente se denomina ventanilla abierta.<\/p>\n<\/div><\/div>\n\n\n\n<div class=\"wp-block-getwid-tabs__nav-link\"><span class=\"wp-block-getwid-tabs__title-wrapper\"><a href=\"#\"><span class=\"wp-block-getwid-tabs__title\">\u00bfPuedo presentar un proyecto para ser realizado durante el a\u00f1o en curso?<\/span><\/a><\/span><\/div><div class=\"wp-block-getwid-tabs__tab-content-wrapper\"><div class=\"wp-block-getwid-tabs__tab-content\">\n<h2 class=\"wp-block-heading is-style-default\">\u00bfPuedo presentar un proyecto para ser realizado durante el a\u00f1o en curso?<\/h2>\n\n\n\n<p>No es posible. Todos los proyectos deben ser presentados y evaluados durante el ciclo de convocatorias anual para ser realizados durante el a\u00f1o siguiente.<\/p>\n<\/div><\/div>\n\n\n\n<div class=\"wp-block-getwid-tabs__nav-link\"><span class=\"wp-block-getwid-tabs__title-wrapper\"><a href=\"#\"><span class=\"wp-block-getwid-tabs__title\">En cuanto al presupuesto a presentar, \u00bfQu\u00e9 sucede con los otros gastos propios del proyecto y que no son \u00edtems contemplados en la ayuda otorgada por Iberm\u00fasicas?<\/span><\/a><\/span><\/div><div class=\"wp-block-getwid-tabs__tab-content-wrapper\"><div class=\"wp-block-getwid-tabs__tab-content\">\n<h2 class=\"wp-block-heading is-style-default\">En cuanto al presupuesto a presentar, \u00bfQu\u00e9 sucede con los otros gastos propios del proyecto y que no son \u00edtems contemplados en la ayuda otorgada por Iberm\u00fasicas?<\/h2>\n\n\n\n<p>Si bien no se exige cofinanciamiento, se deja asentado que los proyectos seleccionados deber\u00e1n cubrir todos los dem\u00e1s gastos necesarios para su ejecuci\u00f3n m\u00e1s all\u00e1 de aquellos financiados por Iberm\u00fasicas.<\/p>\n\n\n\n<p><strong>\u2605 Ten presente que una vez publicados los fondos, no existe manera alguna de ampliar la ayuda otorgada por Iberm\u00fasicas.<\/strong><\/p>\n<\/div><\/div>\n\n\n\n<div class=\"wp-block-getwid-tabs__nav-link\"><span class=\"wp-block-getwid-tabs__title-wrapper\"><a href=\"#\"><span class=\"wp-block-getwid-tabs__title\">\u00bfA qu\u00e9 se refiere con actividad educativa o de beneficio comunitario?<\/span><\/a><\/span><\/div><div class=\"wp-block-getwid-tabs__tab-content-wrapper\"><div class=\"wp-block-getwid-tabs__tab-content\">\n<h2 class=\"wp-block-heading is-style-default\">\u00bfA qu\u00e9 se refiere con actividad educativa o de beneficio comunitario?<\/h2>\n\n\n\n<p>A cualquier tipo de actividad sin fines de lucro destinada a brindar:<\/p>\n\n\n\n<p>\u25cf espect\u00e1culos en espacios en zonas vulnerables, espacios de salud, espacios de encierro, etc.<br>\u25cf capacitaciones<br>\u25cf cl\u00ednicas<br>\u25cf clases maestras<br>\u25cf actividades de intercambio conocimiento<br>\u25cf talleres<br>\u25cf charlas sobre la experiencia con Iberm\u00fasicas destinadas a generar nuevas redes<br>\u25cf otros<\/p>\n<\/div><\/div>\n\n\n\n<div class=\"wp-block-getwid-tabs__nav-link\"><span class=\"wp-block-getwid-tabs__title-wrapper\"><a href=\"#\"><span class=\"wp-block-getwid-tabs__title\">\u00bfLa actividad educativa o de beneficio comunitario tiene que ser en el pa\u00eds de or\u00edgen o en el de destino?<\/span><\/a><\/span><\/div><div class=\"wp-block-getwid-tabs__tab-content-wrapper\"><div class=\"wp-block-getwid-tabs__tab-content\">\n<h2 class=\"wp-block-heading is-style-default\">\u00bfLa actividad educativa o de beneficio comunitario tiene que ser en el pa\u00eds de or\u00edgen o en el de destino?<\/h2>\n\n\n\n<p>Puede ser en uno, en otro o en ambos.<\/p>\n<\/div><\/div>\n\n\n\n<div class=\"wp-block-getwid-tabs__nav-link\"><span class=\"wp-block-getwid-tabs__title-wrapper\"><a href=\"#\"><span class=\"wp-block-getwid-tabs__title\">\u00bfQu\u00e9 son los Puntos de Cultura del Programa Ibercultura Viva?<\/span><\/a><\/span><\/div><div class=\"wp-block-getwid-tabs__tab-content-wrapper\"><div class=\"wp-block-getwid-tabs__tab-content\">\n<h2 class=\"wp-block-heading is-style-default\">\u00bfQu\u00e9 son los Puntos de Cultura del Programa Ibercultura Viva?<\/h2>\n\n\n\n<p>Son organizaciones sin fines de lucro que trabajan con su comunidad desde las artes y culturas, contribuyendo a la construcci\u00f3n de una sociedad m\u00e1s justa, democr\u00e1tica y solidaria que reconozca y valore su diversidad, memorias y creatividad.<\/p>\n\n\n\n<p>M\u00e1s informaci\u00f3n en: https:\/\/iberculturaviva.org\/<\/p>\n<\/div><\/div>\n\n\n\n<div class=\"wp-block-getwid-tabs__nav-link\"><span class=\"wp-block-getwid-tabs__title-wrapper\"><a href=\"#\"><span class=\"wp-block-getwid-tabs__title\">\u00bfLas actividades educativas o de beneficio comunitario, se pueden realizar en otros espacios que no sean los puntos de cultura del Programa Ibercultura Viva?<\/span><\/a><\/span><\/div><div class=\"wp-block-getwid-tabs__tab-content-wrapper\"><div class=\"wp-block-getwid-tabs__tab-content\">\n<h2 class=\"wp-block-heading is-style-default\">\u00bfLas actividades educativas o de beneficio comunitario, se pueden realizar en otros espacios que no sean los puntos de cultura del Programa Ibercultura Viva?<\/h2>\n\n\n\n<p>S\u00ed. Se pueden realizar en cualquier espacio en el cual se pueda desarrollar una actividad comunitaria o solidaria.<\/p>\n<\/div><\/div>\n\n\n\n<div class=\"wp-block-getwid-tabs__nav-link\"><span class=\"wp-block-getwid-tabs__title-wrapper\"><a href=\"#\"><span class=\"wp-block-getwid-tabs__title\">\u00bfQu\u00e9 tiene que decir la carta de invitaci\u00f3n?<\/span><\/a><\/span><\/div><div class=\"wp-block-getwid-tabs__tab-content-wrapper\"><div class=\"wp-block-getwid-tabs__tab-content\">\n<h2 class=\"wp-block-heading is-style-default\">\u00bfQu\u00e9 tiene que decir la carta de invitaci\u00f3n?<\/h2>\n\n\n\n<p>Logo de la organizaci\u00f3n<\/p>\n\n\n\n<p>Lugar y fecha<\/p>\n\n\n\n<p>Estimada\/o\/:<em> [aqu\u00ed debe figurar el nombre de la persona que presentar\u00e1 el proyecto ante Iberm\u00fasicas]<\/em><br>Por medio de la presente tengo el agrado de invitar a <em>[aqu\u00ed debe figurar el nombre de la persona o de la agrupaci\u00f3n invitada]<\/em> a participar de <em>[aqu\u00ed debe figurar el nombre de la instituci\u00f3n, festival, sala, ciclo de conciertos, etc. que realiza la invitaci\u00f3n]<\/em> que se realizar\u00e1 <em>[aqu\u00ed debe figurar la fecha o las fechas de realizaci\u00f3n]<\/em> en <em>[aqu\u00ed debe figurar el nombre de los lugares o ciudades donde se realizar\u00e1 la actividad]<\/em>.<\/p>\n\n\n\n<p>En el caso de que el proyecto sea seleccionado por Iberm\u00fasicas nos comprometemos a hacernos cargo de [aqu\u00ed debe figurar todo aquello que los anfitriones brindar\u00e1n, lo que seg\u00fan cada caso puede ser: hospedaje, alimentaci\u00f3n, traslados internos, backline, cachet. etc.]<\/p>\n\n\n\n<p>Firma Aclaraci\u00f3n<br>Cargo dentro de la organizaci\u00f3n<br>Direcci\u00f3n de correo electr\u00f3nico de quien firma Direcci\u00f3n de correo electr\u00f3nico de la organizaci\u00f3n Tel\u00e9fono de contacto de la organizaci\u00f3n<br>P\u00e1gina web de la organizaci\u00f3n<\/p>\n\n\n\n<p><strong>\u2605 Ten presente que la fecha de realizaci\u00f3n puede ser estimada. Para ser modificada se debe comunicar a la Unidad T\u00e9cnica, oficina que deber\u00e1 aprobar este cambio siempre que est\u00e9 debidamente fundamentado y sea dentro del a\u00f1o calendario.<\/strong><\/p>\n\n\n\n<p><strong>\u2605 Ten presente que no se aceptar\u00e1n cartas que no cuenten con alguno de los datos detallados en el ejemplo.<\/strong><\/p>\n<\/div><\/div>\n\n\n\n<div class=\"wp-block-getwid-tabs__nav-link\"><span class=\"wp-block-getwid-tabs__title-wrapper\"><a href=\"#\"><span class=\"wp-block-getwid-tabs__title\">\u00bfQui\u00e9n tiene que firmar la carta de invitaci\u00f3n?<\/span><\/a><\/span><\/div><div class=\"wp-block-getwid-tabs__tab-content-wrapper\"><div class=\"wp-block-getwid-tabs__tab-content\">\n<h2 class=\"wp-block-heading is-style-default\">\u00bfQui\u00e9n tiene que firmar la carta de invitaci\u00f3n?<\/h2>\n\n\n\n<p>Un representante calificado de la entidad, festival o sala que realiza la invitaci\u00f3n.<br>Es muy importante la incorporaci\u00f3n en la carta de invitaci\u00f3n de todos los datos de la persona firmante y de la instituci\u00f3n, tal como se detalla en el ejemplo de la carta de invitaci\u00f3n:<\/p>\n\n\n\n<p>\u25cf Firma<br>\u25cf Aclaraci\u00f3n<br>\u25cf Cargo dentro de la organizaci\u00f3n<br>\u25cf Direcci\u00f3n de correo electr\u00f3nico de quien firma<br>\u25cf Direcci\u00f3n de correo electr\u00f3nico de la organizaci\u00f3n<br>\u25cf Tel\u00e9fono de contacto de la organizaci\u00f3n<br>\u25cf P\u00e1gina web de la organizaci\u00f3n<\/p>\n<\/div><\/div>\n\n\n\n<div class=\"wp-block-getwid-tabs__nav-link\"><span class=\"wp-block-getwid-tabs__title-wrapper\"><a href=\"#\"><span class=\"wp-block-getwid-tabs__title\">\u00bfLa carta de invitaci\u00f3n tiene que estar dirigida a la persona\/agrupaci\u00f3n o a Iberm\u00fasicas?<\/span><\/a><\/span><\/div><div class=\"wp-block-getwid-tabs__tab-content-wrapper\"><div class=\"wp-block-getwid-tabs__tab-content\">\n<h2 class=\"wp-block-heading is-style-default\">\u00bfLa carta de invitaci\u00f3n tiene que estar dirigida a la persona\/agrupaci\u00f3n o a Iberm\u00fasicas?<\/h2>\n\n\n\n<p>A la persona o a la agrupaci\u00f3n invitada.<\/p>\n<\/div><\/div>\n\n\n\n<div class=\"wp-block-getwid-tabs__nav-link\"><span class=\"wp-block-getwid-tabs__title-wrapper\"><a href=\"#\"><span class=\"wp-block-getwid-tabs__title\">La plataforma no me permite cargar m\u00e1s de dos cartas y me quedan otras por cargar \u00bfc\u00f3mo lo soluciono?<\/span><\/a><\/span><\/div><div class=\"wp-block-getwid-tabs__tab-content-wrapper\"><div class=\"wp-block-getwid-tabs__tab-content\">\n<h2 class=\"wp-block-heading is-style-default\">La plataforma no me permite cargar m\u00e1s de dos cartas y me quedan otras por cargar \u00bfc\u00f3mo lo soluciono?<\/h2>\n\n\n\n<p>Fusionando todas las cartas en un \u00fanico archivo PDF.<\/p>\n<\/div><\/div>\n\n\n\n<div class=\"wp-block-getwid-tabs__nav-link\"><span class=\"wp-block-getwid-tabs__title-wrapper\"><a href=\"#\"><span class=\"wp-block-getwid-tabs__title\">\u00bfLos viajes deben hacerse obligatoriamente en avi\u00f3n o se puede viajar por tierra?<\/span><\/a><\/span><\/div><div class=\"wp-block-getwid-tabs__tab-content-wrapper\"><div class=\"wp-block-getwid-tabs__tab-content\">\n<h2 class=\"wp-block-heading is-style-default\">\u00bfLos viajes deben hacerse obligatoriamente en avi\u00f3n o se puede viajar por tierra?<\/h2>\n\n\n\n<p>Pueden ser en avi\u00f3n, en barco, en tren o en \u00f3mnibus.<\/p>\n<\/div><\/div>\n\n\n\n<div class=\"wp-block-getwid-tabs__nav-link\"><span class=\"wp-block-getwid-tabs__title-wrapper\"><a href=\"#\"><span class=\"wp-block-getwid-tabs__title\">\u00bfLos viajes por tierra se pueden hacer en auto particular?<\/span><\/a><\/span><\/div><div class=\"wp-block-getwid-tabs__tab-content-wrapper\"><div class=\"wp-block-getwid-tabs__tab-content\">\n<h2 class=\"wp-block-heading is-style-default\">\u00bfLos viajes por tierra se pueden hacer en auto particular?<\/h2>\n\n\n\n<p>No es posible. S\u00f3lo podr\u00e1n realizarse en \u00f3mnibus comerciales o en van de gira. Iberm\u00fasicas no cubre gastos propios del uso de autom\u00f3viles particulares.<\/p>\n\n\n\n<p><strong>\u2605 Ten presente que no se aceptar\u00e1n tickets de combustible o de peaje sueltos. La empresa que provea el servicio de alquiler de la unidad debe emitir un comprobante de pago por la totalidad de los gastos (alquiler de la unidad, chofer -en caso de corresponder-, combustible, peajes o cualquier otro gasto asociado)<\/strong><\/p>\n<\/div><\/div>\n\n\n\n<div class=\"wp-block-getwid-tabs__nav-link\"><span class=\"wp-block-getwid-tabs__title-wrapper\"><a href=\"#\"><span class=\"wp-block-getwid-tabs__title\">\u00bfSe puede ir a m\u00e1s de un pa\u00eds?<\/span><\/a><\/span><\/div><div class=\"wp-block-getwid-tabs__tab-content-wrapper\"><div class=\"wp-block-getwid-tabs__tab-content\">\n<h2 class=\"wp-block-heading is-style-default\">\u00bfSe puede ir a m\u00e1s de un pa\u00eds?<\/h2>\n\n\n\n<p>Iberm\u00fasicas permite y promueve que los proyectos puedan ser realizados en m\u00e1s de un pa\u00eds.<\/p>\n\n\n\n<p><strong>\u2605 Ten que presente que en caso de que la propuesta resulte seleccionada, los proyectos podr\u00e1n incorporar nuevas presentaciones o actividades adicionales a las previstas originalmente. Estas deber\u00e1n ser comunicadas a la Unidad T\u00e9cnica del Programa Iberm\u00fasicas con la debida antelaci\u00f3n.<\/strong><\/p>\n<\/div><\/div>\n\n\n\n<div class=\"wp-block-getwid-tabs__nav-link\"><span class=\"wp-block-getwid-tabs__title-wrapper\"><a href=\"#\"><span class=\"wp-block-getwid-tabs__title\">\u00bfSe puede ir a m\u00e1s de una ciudad del mismo pa\u00eds?<\/span><\/a><\/span><\/div><div class=\"wp-block-getwid-tabs__tab-content-wrapper\"><div class=\"wp-block-getwid-tabs__tab-content\">\n<h2 class=\"wp-block-heading is-style-default\">\u00bfSe puede ir a m\u00e1s de una ciudad del mismo pa\u00eds?<\/h2>\n\n\n\n<p>S\u00ed. Iberm\u00fasicas alienta la realizaci\u00f3n de giras que abarquen m\u00e1s de una ciudad.<\/p>\n<\/div><\/div>\n\n\n\n<div class=\"wp-block-getwid-tabs__nav-link\"><span class=\"wp-block-getwid-tabs__title-wrapper\"><a href=\"#\"><span class=\"wp-block-getwid-tabs__title\">\u00bfQu\u00e9 diferencia existe entre \u00abAyuda a la circulaci\u00f3n de profesionales de la m\u00fasica\u00bb y \u00abAyuda a la programaci\u00f3n musical\u00bb?<\/span><\/a><\/span><\/div><div class=\"wp-block-getwid-tabs__tab-content-wrapper\"><div class=\"wp-block-getwid-tabs__tab-content\">\n<h2 class=\"wp-block-heading is-style-default\">\u00bfQu\u00e9 diferencia existe entre \u00abAyuda a la circulaci\u00f3n de profesionales de la m\u00fasica\u00bb y \u00abAyuda a la programaci\u00f3n musical\u00bb?<\/h2>\n\n\n\n<p>La l\u00ednea de \u00abAyuda a la circulaci\u00f3n de profesionales de la m\u00fasica\u00bb es una l\u00ednea de exportaci\u00f3n especialmente pensada y dise\u00f1ada para artistas, m\u00fasicas y m\u00fasicos, agrupaciones, ensambles, orquestas, coros, compositoras y compositores, luthiers, talleristas, formadoras\/es, t\u00e9cnica\/os, productora\/es, investigadoras\/es, programadores (\u201cbookers\u201d), periodistas musicales, otras y otros agentes del sector musical Iberoamericano dedicados a m\u00fasicas de todos los g\u00e9neros que pertenezcan por nacionalidad o por residencia certificada a los pa\u00edses que adhieren a esta convocatoria.<\/p>\n\n\n\n<p>La l\u00ednea de \u00abAyuda a la programaci\u00f3n musical\u00bb es una l\u00ednea de importaci\u00f3n especialmente pensada y dise\u00f1ada para festivales, mercados, ferias, salas de concierto, teatros, centros de experimentaci\u00f3n de creaci\u00f3n, centros culturales, sellos discogr\u00e1ficos, asociaciones de instrumentistas, salas de grabaci\u00f3n, agencias de programaci\u00f3n (agencias de \u201cbooking\u201d), escuelas de m\u00fasica, centros de musicolog\u00eda, universidades, otras y otros agentes de la cadena de valor del sector musical Iberoamericano dedicados a m\u00fasicas de todos los g\u00e9neros que pertenezcan por nacionalidad o por residencia certificada a los pa\u00edses que adhieren a esta convocatoria.<\/p>\n<\/div><\/div>\n\n\n\n<div class=\"wp-block-getwid-tabs__nav-link\"><span class=\"wp-block-getwid-tabs__title-wrapper\"><a href=\"#\"><span class=\"wp-block-getwid-tabs__title\">\u00bfQu\u00e9 diferencia existe entre \u00abAyuda a artistas e investigadores para residencias\u00bb y \u00abAyuda a instituciones para residencias\u00bb?<\/span><\/a><\/span><\/div><div class=\"wp-block-getwid-tabs__tab-content-wrapper\"><div class=\"wp-block-getwid-tabs__tab-content\">\n<h2 class=\"wp-block-heading is-style-default\">\u00bfQu\u00e9 diferencia existe entre \u00abAyuda a artistas e investigadores para residencias\u00bb y \u00abAyuda a instituciones para residencias\u00bb?<\/h2>\n\n\n\n<p>La l\u00ednea de \u00abAyuda a artistas e investigadores para residencias\u00bb es una l\u00ednea de exportaci\u00f3n especialmente pensada y dise\u00f1ada para compositoras y compositores, ensambles, investigadoras\/es y otros agentes del sector musical Iberoamericano dedicados a m\u00fasicas de todos los g\u00e9neros que pertenezcan por nacionalidad o por residencia certificada a los pa\u00edses que adhieren a esta convocatoria y que tengan la intenci\u00f3n de realizar un proceso creativo o de investigaci\u00f3n en una instituci\u00f3n determinada.<\/p>\n\n\n\n<p>La l\u00ednea de \u00abAyuda a instituciones para residencias\u00bb es una l\u00ednea de importaci\u00f3n especialmente pensada y dise\u00f1ada para ensambles, coros, orquestas, instituciones de ense\u00f1anza, instituciones de investigaci\u00f3n y otros agentes de la cadena de valor del sector musical Iberoamericano dedicados a m\u00fasicas de todos los g\u00e9neros que pertenezcan por nacionalidad o por residencia certificada a los pa\u00edses que adhieren a esta convocatoria y que tengan la intenci\u00f3n de invitar a compositoras y compositores, ensambles, investigadoras\/es y otros agentes del sector musical del mundo entero a realizar un proyecto en su sede.<\/p>\n<\/div><\/div>\n\n\n\n<div class=\"wp-block-getwid-tabs__nav-link\"><span class=\"wp-block-getwid-tabs__title-wrapper\"><a href=\"#\"><span class=\"wp-block-getwid-tabs__title\">\u00bfQu\u00e9 tiene que decir la carta de aceptaci\u00f3n?<\/span><\/a><\/span><\/div><div class=\"wp-block-getwid-tabs__tab-content-wrapper\"><div class=\"wp-block-getwid-tabs__tab-content\">\n<h2 class=\"wp-block-heading is-style-default\">\u00bfQu\u00e9 tiene que decir la carta de aceptaci\u00f3n?<\/h2>\n\n\n\n<p><strong>Lugar<\/strong> <strong>y<\/strong> <strong>fecha<\/strong><\/p>\n\n\n\n<p><strong>&nbsp;<\/strong><\/p>\n\n\n\n<p>Estimada\/o\/:&nbsp;&nbsp;&nbsp; &nbsp;<strong>[<\/strong><strong>a<\/strong><strong>q<\/strong><strong>u<\/strong><strong>\u00ed<\/strong><strong> &nbsp;debe &nbsp;figurar &nbsp;el &nbsp;nombre &nbsp;de &nbsp;la &nbsp;instituci\u00f3n, &nbsp;festival, &nbsp;sala, &nbsp;ciclo &nbsp;de conciertos, etc. que realiza la invitaci\u00f3n]<\/strong><\/p>\n\n\n\n<p><strong>&nbsp;<\/strong><\/p>\n\n\n\n<p>Por medio de&nbsp; la&nbsp; presente&nbsp; tengo&nbsp; el&nbsp; agrado&nbsp; manifestar&nbsp; mi&nbsp; plena&nbsp; aceptaci\u00f3n&nbsp; de participar de <strong>[aqu\u00ed debe figurar el nombre del evento] <\/strong>que se realizar\u00e1 <strong>[aqu\u00ed debe figurar la fecha o las fechas de realizaci\u00f3n] <\/strong>en <strong>[aqu\u00ed debe figurar el nombre de los lugares o ciudades donde se realizar\u00e1 la actividad].<\/strong><\/p>\n\n\n\n<p><strong>&nbsp;<\/strong><\/p>\n\n\n\n<p>En el caso &nbsp;de &nbsp;que &nbsp;el &nbsp;proyecto &nbsp;sea &nbsp;seleccionado &nbsp;por &nbsp;Iberm\u00fasicas &nbsp;aceptar\u00e9 &nbsp;las condiciones&nbsp; prefijadas&nbsp; de com\u00fan acuerdo por las cuales&nbsp;&nbsp; <strong>[aqu\u00ed debe figurar el nombre de la instituci\u00f3n, festival, sala, ciclo de conciertos, etc. que realiza la invitaci\u00f3n] <\/strong>se compromete a hacerse cargo de <strong>[aqu\u00ed debe figurar todo aquello que los anfitriones brindar\u00e1n, lo que seg\u00fan cada caso puede ser: hospedaje, alimentaci\u00f3n, traslados internos, backline, cachet. etc.]<\/strong><\/p>\n\n\n\n<p><strong>&nbsp;<\/strong><\/p>\n\n\n\n<p><strong>&nbsp;<\/strong><\/p>\n\n\n\n<p><strong>Firma Aclaraci\u00f3n<\/strong><\/p>\n\n\n\n<p><strong>Direcci\u00f3n de correo electr\u00f3nico de quien firma Tel\u00e9fono de contacto de quien firma<\/strong><\/p>\n\n\n\n<p><strong>P\u00e1gina web de quien firma<\/strong><\/p>\n<\/div><\/div>\n\n\n\n<div class=\"wp-block-getwid-tabs__nav-link\"><span class=\"wp-block-getwid-tabs__title-wrapper\"><a href=\"#\"><span class=\"wp-block-getwid-tabs__title\">\u00bfLa declaraci\u00f3n jurada tiene que estar certificada por escribano, notario o juez de paz?<\/span><\/a><\/span><\/div><div class=\"wp-block-getwid-tabs__tab-content-wrapper\"><div class=\"wp-block-getwid-tabs__tab-content\">\n<h2 class=\"wp-block-heading is-style-default\">\u00bfLa declaraci\u00f3n jurada tiene que estar certificada por escribano, notario o juez de paz?<\/h2>\n\n\n\n<p>No se pide certificaci\u00f3n o legalizaci\u00f3n de ning\u00fan tipo.<\/p>\n<\/div><\/div>\n\n\n\n<div class=\"wp-block-getwid-tabs__nav-link\"><span class=\"wp-block-getwid-tabs__title-wrapper\"><a href=\"#\"><span class=\"wp-block-getwid-tabs__title\">\u00bfLa declaraci\u00f3n jurada tiene que ser manuscrita de pu\u00f1o y letra?<\/span><\/a><\/span><\/div><div class=\"wp-block-getwid-tabs__tab-content-wrapper\"><div class=\"wp-block-getwid-tabs__tab-content\">\n<h2 class=\"wp-block-heading is-style-default\">\u00bfLa declaraci\u00f3n jurada tiene que ser manuscrita de pu\u00f1o y letra?<\/h2>\n\n\n\n<p>Preferentemente s\u00ed, aunque tambi\u00e9n puede ser escrita en el computador.<\/p>\n<\/div><\/div>\n\n\n\n<div class=\"wp-block-getwid-tabs__nav-link\"><span class=\"wp-block-getwid-tabs__title-wrapper\"><a href=\"#\"><span class=\"wp-block-getwid-tabs__title\">\u00bfMi firma en la declaraci\u00f3n jurada puede ser escaneada?<\/span><\/a><\/span><\/div><div class=\"wp-block-getwid-tabs__tab-content-wrapper\"><div class=\"wp-block-getwid-tabs__tab-content\">\n<h2 class=\"wp-block-heading is-style-default\">\u00bfMi firma en la declaraci\u00f3n jurada puede ser escaneada?<\/h2>\n\n\n\n<p>S\u00ed. Es posible.<\/p>\n<\/div><\/div>\n\n\n\n<div class=\"wp-block-getwid-tabs__nav-link\"><span class=\"wp-block-getwid-tabs__title-wrapper\"><a href=\"#\"><span class=\"wp-block-getwid-tabs__title\">\u00bfMi firma en la declaraci\u00f3n jurada puede ser electr\u00f3nica?<\/span><\/a><\/span><\/div><div class=\"wp-block-getwid-tabs__tab-content-wrapper\"><div class=\"wp-block-getwid-tabs__tab-content\">\n<h2 class=\"wp-block-heading is-style-default\">\u00bfMi firma en la declaraci\u00f3n jurada puede ser electr\u00f3nica?<\/h2>\n\n\n\n<p>No. Se pide firma gr\u00e1fica.<\/p>\n<\/div><\/div>\n\n\n\n<div class=\"wp-block-getwid-tabs__nav-link\"><span class=\"wp-block-getwid-tabs__title-wrapper\"><a href=\"#\"><span class=\"wp-block-getwid-tabs__title\">\u00bfPor qu\u00e9 es obligatorio el uso de seud\u00f3nimo en los concursos de creaci\u00f3n?<\/span><\/a><\/span><\/div><div class=\"wp-block-getwid-tabs__tab-content-wrapper\"><div class=\"wp-block-getwid-tabs__tab-content\">\n<h2 class=\"wp-block-heading is-style-default\">\u00bfPor qu\u00e9 es obligatorio el uso de seud\u00f3nimo en los concursos de creaci\u00f3n?<\/h2>\n\n\n\n<p>En los concursos de creaci\u00f3n es mandatorio velar por el anonimato de los participantes. Es por ello que se solicita que las obras sean presentadas bajo seud\u00f3nimo.<\/p>\n\n\n\n<p>No se debe confundir seud\u00f3nimo con nombre art\u00edstico, por ejemplo, Chabuca Granda no es un seud\u00f3nimo sino el nombre art\u00edstico de una persona cuyo nombre real era Mar\u00eda Isabel Granda y Larco, pero que es mundialmente conocida por su nombre art\u00edstico.<\/p>\n\n\n\n<p>El uso de un seud\u00f3nimo es \u00fanicamente a los fines del concurso. De ninguna manera se est\u00e1 solicitando que la o el artista cambie de nombre para siempre, s\u00f3lo que su identidad sea protegida a fin de no influir en la opini\u00f3n del jurado. Deben ser utilizados nombres de fantas\u00eda que no remitan de ninguna manera al nombre real de el o de la postulante.<\/p>\n<\/div><\/div>\n\n\n\n<div class=\"wp-block-getwid-tabs__nav-link\"><span class=\"wp-block-getwid-tabs__title-wrapper\"><a href=\"#\"><span class=\"wp-block-getwid-tabs__title\">\u00bfQu\u00e9 diferencia existe entre autor y compositor?<\/span><\/a><\/span><\/div><div class=\"wp-block-getwid-tabs__tab-content-wrapper\"><div class=\"wp-block-getwid-tabs__tab-content\">\n<h2 class=\"wp-block-heading is-style-default\">\u00bfQu\u00e9 diferencia existe entre autor y compositor?<\/h2>\n\n\n\n<p>En las obras art\u00edsticas con letra y m\u00fasica (canciones, lieder, \u00f3peras, oratorios, obras corales, obras contempor\u00e1neas con texto, comedias musicales, etc.) se distingue la labor de la persona que crea el texto de aquella que crea la m\u00fasica. Quien crea el texto es el\/la autor\/a y quien crea la m\u00fasica es el\/la compositor\/a.<\/p>\n<\/div><\/div>\n\n\n\n<div class=\"wp-block-getwid-tabs__nav-link\"><span class=\"wp-block-getwid-tabs__title-wrapper\"><a href=\"#\"><span class=\"wp-block-getwid-tabs__title\">En el concurso de Creaci\u00f3n de Canci\u00f3n, \u00bfpuedo componer una obra con un artista de otro pa\u00eds pero que no reside en su pa\u00eds?<\/span><\/a><\/span><\/div><div class=\"wp-block-getwid-tabs__tab-content-wrapper\"><div class=\"wp-block-getwid-tabs__tab-content\">\n<h2 class=\"wp-block-heading is-style-default\">En el concurso de Creaci\u00f3n de Canci\u00f3n, \u00bfpuedo componer una obra con un artista de otro pa\u00eds pero que no reside en su pa\u00eds?<\/h2>\n\n\n\n<p>S\u00ed. Es posible.<\/p>\n<\/div><\/div>\n\n\n\n<div class=\"wp-block-getwid-tabs__nav-link\"><span class=\"wp-block-getwid-tabs__title-wrapper\"><a href=\"#\"><span class=\"wp-block-getwid-tabs__title\">\u00bfPuedo componer una canci\u00f3n yo solo sin un colaborador?<\/span><\/a><\/span><\/div><div class=\"wp-block-getwid-tabs__tab-content-wrapper\"><div class=\"wp-block-getwid-tabs__tab-content\">\n<h2 class=\"wp-block-heading is-style-default\">\u00bfPuedo componer una canci\u00f3n yo solo sin un colaborador?<\/h2>\n\n\n\n<p>Para el caso espec\u00edfico del \u201cPremio Iberm\u00fasicas de canci\u00f3n para las infancias\u201d, solamente ser\u00e1n premiadas obras creadas en co-autor\u00eda. Obviamente, esto no tendr\u00e1 car\u00e1cter obligatorio en el caso de otras l\u00edneas de ayuda de Iberm\u00fasicas.<\/p>\n<\/div><\/div>\n\n\n\n<div class=\"wp-block-getwid-tabs__nav-link\"><span class=\"wp-block-getwid-tabs__title-wrapper\"><a href=\"#\"><span class=\"wp-block-getwid-tabs__title\">Si mi canci\u00f3n no fue editada en un disco pero est\u00e1 subida a las redes, \u00bfse considera in\u00e9dita?<\/span><\/a><\/span><\/div><div class=\"wp-block-getwid-tabs__tab-content-wrapper\"><div class=\"wp-block-getwid-tabs__tab-content\">\n<h2 class=\"wp-block-heading is-style-default\">Si mi canci\u00f3n no fue editada en un disco pero est\u00e1 subida a las redes, \u00bfse considera in\u00e9dita?<\/h2>\n\n\n\n<p>No. En ese caso la canci\u00f3n se considera editada y por lo tanto no puede ser presentada al \u201cPremio Iberm\u00fasicas de canci\u00f3n para las infancias\u201d.<\/p>\n<\/div><\/div>\n\n\n\n<div class=\"wp-block-getwid-tabs__nav-link\"><span class=\"wp-block-getwid-tabs__title-wrapper\"><a href=\"#\"><span class=\"wp-block-getwid-tabs__title\">\u00bfDebo respetar la propiedad intelectual de las obras y materiales utilizados en mi proyecto?<\/span><\/a><\/span><\/div><div class=\"wp-block-getwid-tabs__tab-content-wrapper\"><div class=\"wp-block-getwid-tabs__tab-content\">\n<h2 class=\"wp-block-heading is-style-default\">\u00bfDebo respetar la propiedad intelectual de las obras y materiales utilizados en mi proyecto?<\/h2>\n\n\n\n<p>Se debe dar cumplimiento a las disposiciones vigentes en cada pa\u00eds con respecto a cuestiones de Propiedad Intelectual y otras leyes especiales en materia de derechos de autor y\/o derechos conexos, el incumplimiento de esta normativa ser\u00e1 de exclusiva responsabilidad del representante del proyecto y de las y los artistas participantes asumiendo las sanciones que correspondan.<\/p>\n<\/div><\/div>\n\n\n\n<div class=\"wp-block-getwid-tabs__nav-link\"><span class=\"wp-block-getwid-tabs__title-wrapper\"><a href=\"#\"><span class=\"wp-block-getwid-tabs__title\">\u00bfIberm\u00fasicas se queda con los derechos de mi canci\u00f3n?<\/span><\/a><\/span><\/div><div class=\"wp-block-getwid-tabs__tab-content-wrapper\"><div class=\"wp-block-getwid-tabs__tab-content\">\n<h2 class=\"wp-block-heading is-style-default\">\u00bfIberm\u00fasicas se queda con los derechos de mi canci\u00f3n?<\/h2>\n\n\n\n<p>No. Todos los derechos autorales y derechos conexos son de absoluta propiedad de las y los creadores.<\/p>\n<\/div><\/div>\n\n\n\n<div class=\"wp-block-getwid-tabs__nav-link\"><span class=\"wp-block-getwid-tabs__title-wrapper\"><a href=\"#\"><span class=\"wp-block-getwid-tabs__title\">\u00bfSe puede presentar un proyecto para grabaci\u00f3n de discos?<\/span><\/a><\/span><\/div><div class=\"wp-block-getwid-tabs__tab-content-wrapper\"><div class=\"wp-block-getwid-tabs__tab-content\">\n<h2 class=\"wp-block-heading is-style-default\">\u00bfSe puede presentar un proyecto para grabaci\u00f3n de discos?<\/h2>\n\n\n\n<p>S\u00ed. La l\u00ednea de \u201cAyuda a proyectos virtuales\u201d es adecuada para ello.<\/p>\n<\/div><\/div>\n\n\n\n<div class=\"wp-block-getwid-tabs__nav-link\"><span class=\"wp-block-getwid-tabs__title-wrapper\"><a href=\"#\"><span class=\"wp-block-getwid-tabs__title\">\u00bfQu\u00e9 documentaci\u00f3n se pide en el informe final?<\/span><\/a><\/span><\/div><div class=\"wp-block-getwid-tabs__tab-content-wrapper\"><div class=\"wp-block-getwid-tabs__tab-content\">\n<h2 class=\"wp-block-heading is-style-default\">\u00bfQu\u00e9 documentaci\u00f3n se pide en el informe final?<\/h2>\n\n\n\n<p>\u25cf Estado financiero en USD o en \u20ac (para Espa\u00f1a y Portugal): importe total de la ayuda recibida, importe total de los gastos incurridos, importe de saldo remanente positivo (si corresponde)<br>\u25cf Documento Excel en el que se detallen la ayuda recibida y las erogaciones<br>correspondientes<br>\u25cf Comprobantes \/ facturas \/ tickets acreditativos de la utilizaci\u00f3n de los fondos en su totalidad que se correspondan con lo detallado en el excel.<br>\u25cf Factura o comprobante de los viajes en avi\u00f3n, en barco o por tierra.<br>\u25cf Billetes de embarque de cada pasajera\/o<br>\u25cf Datos sobre la dimensi\u00f3n econ\u00f3mica del proyecto:<br>\u25cf Cu\u00e1les fueron las formas m\u00e1s significativas de ingresos del proyecto (m\u00faltiple choice de importes, pudiendo no haber ingresos por tratarse de un proyecto de cooperaci\u00f3n cultural).<br>\u25cf Indicar si el proyecto cont\u00f3 con el apoyo de marcas, empresas, socios<br>aliados u otras subvenciones.<br>\u25cf Indicar gastos totales en alojamiento, comidas, traslados locales en cada pa\u00eds de destino (m\u00faltiple choice de valores estimados).<br>\u25cf Indicar la fuente de financiaci\u00f3n de cada uno (contribuci\u00f3n de Iberm\u00fasicas, contribuci\u00f3n de la instituci\u00f3n anfitriona, contribuci\u00f3n de otras ayudas o subvenciones, contribuci\u00f3n personal de los propios beneficiarios del proyecto).<\/p>\n\n\n\n<p><strong>\u2605 Ten presente que adem\u00e1s debe ser producido el siguiente material:<\/strong><\/p>\n\n\n\n<p>&gt; Sin\u00f3psis del proyecto<br>&gt; Descripci\u00f3n de las actividades realizadas en las siguientes perspectivas, en caso de aplicar: g\u00e9nero, infancia, sustentabilidad ambiental, accesibilidad y discapacidad, inclusi\u00f3n de grupos hist\u00f3ricamente desfavorecidos, etc.<br>&gt; Presentaci\u00f3n exhaustiva del proyecto y de sus logros<br>&gt; En el caso de conciertos: nombre y fechas, ciudades y links a festivales, instituciones, venues, centros culturales, etc.<br>&gt; N\u00famero de espectadores de los conciertos<br>&gt; En el caso de actividades de formaci\u00f3n: nombre y detalles de las actividades, fechas, ciudades, instituciones, centros culturales, etc.<br>&gt; N\u00famero de asistentes a las actividades de formaci\u00f3n<br>&gt; Datos de las personas involucradas en el proyecto para el desarrollo de los indicadores del Programa Iberm\u00fasicas (g\u00e9nero, grupo etario, \u00e9tnia, etc.)<br>&gt; En todos los casos: elementos gr\u00e1ficos que certifiquen la utilizaci\u00f3n de los logos, notas de prensa, etc.<br>&gt; Fotos en alta resoluci\u00f3n y videos para ser difundidos en las redes sociales de Iberm\u00fasicas<br>&gt; Material audiovisual digital destinado al Banco de Contenidos de Iberm\u00fasicas (v\u00eddeo de la gira, v\u00eddeo de cursos, material audiovisual de clases, etc.)<br>&gt; Breve encuesta sobre el impacto de la ayuda<\/p>\n<\/div><\/div>\n\n\n\n<div class=\"wp-block-getwid-tabs__nav-link\"><span class=\"wp-block-getwid-tabs__title-wrapper\"><a href=\"#\"><span class=\"wp-block-getwid-tabs__title\">\u00bfLos comprobantes de pago tienen que estar a nombre del responsable del proyecto o a nombre de Iberm\u00fasicas?<\/span><\/a><\/span><\/div><div class=\"wp-block-getwid-tabs__tab-content-wrapper\"><div class=\"wp-block-getwid-tabs__tab-content\">\n<h2 class=\"wp-block-heading is-style-default\">\u00bfLos comprobantes de pago tienen que estar a nombre del responsable del proyecto o a nombre de Iberm\u00fasicas?<\/h2>\n\n\n\n<p>A nombre del artista, de la agrupaci\u00f3n, de la instituci\u00f3n que presenta un proyecto o del responsable del proyecto. Nunca a nombre del Programa Iberm\u00fasicas.<\/p>\n<\/div><\/div>\n\n\n\n<div class=\"wp-block-getwid-tabs__nav-link\"><span class=\"wp-block-getwid-tabs__title-wrapper\"><a href=\"#\"><span class=\"wp-block-getwid-tabs__title\">ANEXO I &#8211; Etapas de las Convocatorias<\/span><\/a><\/span><\/div><div class=\"wp-block-getwid-tabs__tab-content-wrapper\"><div class=\"wp-block-getwid-tabs__tab-content\">\n<h2 class=\"wp-block-heading is-style-default\">ANEXO I &#8211; Etapas de las Convocatorias<\/h2>\n\n\n\n<p>Resulta importante que las y los postulantes tengan claridad acerca de cada una de las etapas a las cuales ser\u00e1 sometido el proyecto, ya que eso ayuda a entender de mejor manera los resultados de este proceso, por ello a continuaci\u00f3n ofrecemos un cuadro resumen con las etapas de postulaci\u00f3n, evaluaci\u00f3n, selecci\u00f3n y subsiguientes pasos. La convocatoria constar\u00e1 de las siguientes etapas:<\/p>\n\n\n\n<p>\u25cf Registro en Cat\u00e1logo Iberm\u00fasicas del Sector Musical<br>\u25cf Postulaci\u00f3n<br>\u25cf Evaluaci\u00f3n<br>\u25cf Selecci\u00f3n<br>\u25cf Firma de Carta Compromiso entre responsable del proyecto e Iberm\u00fasicas<br>\u25cf Transferencia de la ayuda econ\u00f3mica publicada<br>\u25cf Realizaci\u00f3n del proyecto<br>\u25cf Rendici\u00f3n del proyecto<br>\u25cf Emisi\u00f3n del certificado de aprobaci\u00f3n del proyecto<\/p>\n\n\n\n<figure class=\"wp-block-table\"><table class=\"has-fixed-layout\"><tbody><tr><td>&nbsp;<\/td><td>&nbsp;<\/td><td>&nbsp;<\/td><\/tr><tr><td>&nbsp;\n<p><strong>POSTULACI\u00d3N<\/strong><\/p>\n<\/td><td>&nbsp;\n<p><strong>EVALUACI\u00d3N Y SELECCI\u00d3N<\/strong><\/p>\n<\/td><td>&nbsp;\n<p><strong>EJECUCI\u00d3N<\/strong><\/p>\n<\/td><\/tr><tr><td>&nbsp;<\/td><td>&nbsp;<\/td><td>&nbsp;<\/td><\/tr><tr><td>Inscripci\u00f3n de la y el postulante o agrupaci\u00f3n en el Cat\u00e1logo Iberm\u00fasicas del Sector Musical\n<p><span class=\"letter-spacing\">\u21e9<\/span><\/p>\n<\/td><td><span class=\"letter-spacing\">An\u00e1lisis individual por parte de cada integrante del jurado, seg\u00fan los criterios de evaluaci\u00f3n<\/span>\n<p><span class=\"letter-spacing\">\u21e9<\/span><\/p>\n<\/td><td><span class=\"letter-spacing\">Presentaci\u00f3n de la documentaci\u00f3n necesaria requerida por la Unidad T\u00e9cnica de Iberm\u00fasicas<\/span>\n<p><span class=\"letter-spacing\">\u21e9<\/span><\/p>\n<\/td><\/tr><tr><td>Elecci\u00f3n de convocatoria en Web Iberm\u00fasicas\n<p><span class=\"letter-spacing\">\u21e9<\/span><\/p>\n<\/td><td><span class=\"letter-spacing\">Evaluaci\u00f3n colectiva realizada por el comit\u00e9 de<\/span><span class=\"letter-spacing\">jurados nacionales<\/span>\n<p><span class=\"letter-spacing\">\u21e9<\/span><\/p>\n<\/td><td><span class=\"letter-spacing\">Firma de la Carta Compromiso<\/span>\n<p><span class=\"letter-spacing\">\u21e9<\/span><\/p>\n<\/td><\/tr><tr><td><span class=\"letter-spacing\">Completar el formulario de inscripci\u00f3n y adjuntar los documentos de postulaci\u00f3n<\/span>\n<p><span class=\"letter-spacing\">\u21e9<\/span><\/p>\n<\/td><td><span class=\"letter-spacing\">Selecci\u00f3n realizada por el comit\u00e9 de jurados nacionales<\/span>\n<p><span class=\"letter-spacing\">\u21e9<\/span><\/p>\n<\/td><td><span class=\"letter-spacing\">Entrega de los recursos para la ejecuci\u00f3n del proyecto<\/span>\n<p><span class=\"letter-spacing\">\u21e9<\/span><\/p>\n<\/td><\/tr><tr><td><span class=\"letter-spacing\">Validar y enviar la postulaci\u00f3n<\/span><\/td><td><span class=\"letter-spacing\">Selecci\u00f3n final validada por REPPI del pa\u00eds y presentada ante el Consejo<\/span>\n<p><span class=\"letter-spacing\">\u21e9<\/span><\/p>\n<\/td><td><span class=\"letter-spacing\">Env\u00edo de la informaci\u00f3n de prensa<\/span>\n<p><span class=\"letter-spacing\">\u21e9<\/span><\/p>\n<\/td><\/tr><tr><td>&nbsp;<\/td><td><span class=\"letter-spacing\">Publicaci\u00f3n de los resultados<\/span><\/td><td><span class=\"letter-spacing\">Realizaci\u00f3n del proyecto<\/span>\n<p><span class=\"letter-spacing\">\u21e9<\/span><\/p>\n<\/td><\/tr><tr><td>&nbsp;<\/td><td>&nbsp;<\/td><td><span class=\"letter-spacing\">Rendici\u00f3n del \u201cInforme del proyecto\u201d<\/span><\/td><\/tr><\/tbody><\/table><\/figure>\n<\/div><\/div>\n\n\n\n<div class=\"wp-block-getwid-tabs__nav-link\"><span class=\"wp-block-getwid-tabs__title-wrapper\"><a href=\"#\"><span class=\"wp-block-getwid-tabs__title\">ANEXO II &#8211; Evaluaci\u00f3n y Selecci\u00f3n<\/span><\/a><\/span><\/div><div class=\"wp-block-getwid-tabs__tab-content-wrapper\"><div class=\"wp-block-getwid-tabs__tab-content\">\n<h2 class=\"wp-block-heading is-style-default\">ANEXO II &#8211; Evaluaci\u00f3n y Selecci\u00f3n<\/h2>\n\n\n\n<p><strong>1. Convocatorias de Ayuda<\/strong><\/p>\n\n\n\n<p><strong>1.1 Sobre la Evaluaci\u00f3n y Selecci\u00f3n de las Convocatorias de Ayuda<\/strong><\/p>\n\n\n\n<p>El proyecto ser\u00e1 evaluado y seleccionado de la siguiente manera:<\/p>\n\n\n\n<p>\u25cf El proceso de evaluaci\u00f3n ser\u00e1 llevado a cabo en una primera instancia a nivel nacional por un Jurado especializado que evaluar\u00e1 las propuestas presentadas por las y los postulantes de su pa\u00eds.<br>\u25cf Cada pa\u00eds nombrar\u00e1 un jurado general o jurados particulares para cada<br>convocatoria. El jurado estar\u00e1 compuesto por al menos dos miembros de destacada trayectoria, respetando la igualdad de g\u00e9nero. Sus nombres ser\u00e1n publicados junto con los de las propuestas ganadoras.<br>\u25cf Cada integrante del jurado realizar\u00e1 el proceso de evaluaci\u00f3n de forma<br>individual y luego se realizar\u00e1 una instancia colectiva de selecci\u00f3n.<br>\u25cf El o la REPPI del pa\u00eds validar\u00e1 la selecci\u00f3n final de los proyectos y la presentar\u00e1 ante el Consejo Intergubernamental Iberm\u00fasicas.<\/p>\n\n\n\n<p><strong>1.2 Procedimiento de Evaluaci\u00f3n<\/strong><\/p>\n\n\n\n<p>Cada miembro del jurado dar\u00e1 inicio a la etapa de evaluaci\u00f3n de los proyectos postulados. Realizar\u00e1n individualmente un an\u00e1lisis preliminar y general seg\u00fan los criterios de evaluaci\u00f3n de cada uno de los proyectos asignados.<\/p>\n\n\n\n<p>La evaluaci\u00f3n ser\u00e1 realizada en funci\u00f3n de los criterios de evaluaci\u00f3n y su ponderaci\u00f3n. Cada criterio ser\u00e1 puntuado de acuerdo al siguiente rango:<\/p>\n\n\n\n<figure class=\"wp-block-table\"><table class=\"has-fixed-layout\"><tbody><tr><td>1 \u2013 2 puntos<\/td><td>Muy Insuficiente<\/td><\/tr><tr><td>3 &#8211; 4 puntos<\/td><td>Insuficiente<\/td><\/tr><tr><td>5 puntos<\/td><td>Regular<\/td><\/tr><tr><td>6 puntos<\/td><td>Aceptable<\/td><\/tr><tr><td>7 puntos<\/td><td>Bueno<\/td><\/tr><tr><td>8 &#8211; 9 puntos<\/td><td>Muy Bueno<\/td><\/tr><tr><td>10 puntos<\/td><td>Excelente<\/td><\/tr><\/tbody><\/table><\/figure>\n\n\n\n<p>&nbsp;<\/p>\n\n\n\n<p><strong>1.3 Procedimiento de Selecci\u00f3n<\/strong><\/p>\n\n\n\n<p>En la etapa de selecci\u00f3n colectiva, las y los integrantes del jurado se reunir\u00e1n para llevar a cabo una revisi\u00f3n de todos los proyectos previamente analizados, con el fin de consensuar sus apreciaciones.<\/p>\n\n\n\n<p>En funci\u00f3n de la disponibilidad presupuestaria y del o los criterios de selecci\u00f3n respectivos, el jurado definir\u00e1 los proyectos seleccionados seg\u00fan el orden de m\u00e9rito de todos los proyectos elegibles con su respectivo puntaje, en orden de mayor a menor y teniendo en consideraci\u00f3n:<\/p>\n\n\n\n<p>\u25cf Adecuado balance de g\u00e9neros musicales<br>\u25cf Adecuado balance de proyectos con participaci\u00f3n de mujeres<br>\u25cf Incorporaci\u00f3n de proyectos con perspectiva de g\u00e9nero, de multiculturalidad, de personas LGTBI+ y discapacidad<br>\u25cf Adecuado balance de descentralizaci\u00f3n<\/p>\n\n\n\n<p><strong>2. Premios<\/strong><\/p>\n\n\n\n<p><strong>2.1 Sobre la Evaluaci\u00f3n y Selecci\u00f3n de los Premios<\/strong><\/p>\n\n\n\n<p>El proyecto ser\u00e1 evaluado y seleccionado de la siguiente manera:<\/p>\n\n\n\n<p>\u25cf El proceso de evaluaci\u00f3n ser\u00e1 llevado a cabo en una primera instancia por un Jurado Internacional especializado que evaluar\u00e1 las propuestas presentadas por las y los postulantes de todos los pa\u00edses.<br>\u25cf El Comit\u00e9 Ejecutivo de Iberm\u00fasicas nombrar\u00e1 un jurado general. El jurado<br>estar\u00e1 compuesto por tres miembros de destacada trayectoria, respetando la igualdad de g\u00e9nero. Sus nombres ser\u00e1n publicados junto con los de las propuestas ganadoras.<br>\u25cf Cada integrante del jurado realizar\u00e1 el proceso de evaluaci\u00f3n de forma<br>individual y luego se realizar\u00e1 una instancia colectiva de selecci\u00f3n.<\/p>\n\n\n\n<p><strong>2.2 Procedimiento de Evaluaci\u00f3n<\/strong><\/p>\n\n\n\n<p>Cada miembro del jurado dar\u00e1 inicio a la etapa de evaluaci\u00f3n de los proyectos postulados. Realizar\u00e1n individualmente un an\u00e1lisis preliminar y general seg\u00fan los criterios de evaluaci\u00f3n de cada uno de los proyectos asignados.<\/p>\n\n\n\n<p>La evaluaci\u00f3n ser\u00e1 realizada en funci\u00f3n de los criterios de evaluaci\u00f3n y su ponderaci\u00f3n. Cada criterio ser\u00e1 puntuado de acuerdo al siguiente rango:<\/p>\n\n\n\n<figure class=\"wp-block-table\"><table class=\"has-fixed-layout\"><tbody><tr><td>1 \u2013 2 puntos<\/td><td>Muy Insuficiente<\/td><\/tr><tr><td>3 &#8211; 4 puntos<\/td><td>Insuficiente<\/td><\/tr><tr><td>5 puntos<\/td><td>Regular<\/td><\/tr><tr><td>6 puntos<\/td><td>Aceptable<\/td><\/tr><tr><td>7 puntos<\/td><td>Bueno<\/td><\/tr><tr><td>8 &#8211; 9 puntos<\/td><td>Muy Bueno<\/td><\/tr><tr><td>10 puntos<\/td><td>Excelente<\/td><\/tr><\/tbody><\/table><\/figure>\n\n\n\n<p><strong><br>2.3 Procedimiento de Selecci\u00f3n<\/strong><\/p>\n\n\n\n<p>En la etapa de selecci\u00f3n colectiva, las y los integrantes del jurado se reunir\u00e1n para llevar a cabo una revisi\u00f3n de todos los proyectos previamente analizados, con el fin de consensuar sus apreciaciones.<\/p>\n\n\n\n<p>En funci\u00f3n del o los criterios de selecci\u00f3n respectivos, el jurado definir\u00e1 la\/los proyectos seleccionados seg\u00fan el orden de m\u00e9rito de todos los proyectos elegibles con su respectivo puntaje, en orden de mayor a menor.<\/p>\n<\/div><\/div>\n\n\n\n<div class=\"wp-block-getwid-tabs__nav-link\"><span class=\"wp-block-getwid-tabs__title-wrapper\"><a href=\"#\"><span class=\"wp-block-getwid-tabs__title\">ANEXO III &#8211; Tramitaci\u00f3n del pago de la ayuda<\/span><\/a><\/span><\/div><div class=\"wp-block-getwid-tabs__tab-content-wrapper\"><div class=\"wp-block-getwid-tabs__tab-content\">\n<h2 class=\"wp-block-heading is-style-default\">ANEXO III &#8211; Tramitaci\u00f3n del pago de la ayuda<\/h2>\n\n\n\n<p>La Unidad T\u00e9cnica establecer\u00e1 contacto con las y los responsables del proyecto mediante un e-mail. Es de extrema importancia que la direcci\u00f3n de correo electr\u00f3nico registrada por la persona responsable del proyecto en la postulaci\u00f3n sea una direcci\u00f3n v\u00e1lida y de uso habitual y que est\u00e9 correctamente escrita.<\/p>\n\n\n\n<p>Las comunicaciones a partir de las cuales se iniciar\u00e1 el proceso de pago seguir\u00e1n un orden cronol\u00f3gico siendo los primeros en tramitarse, aquellos proyectos que se inicien en el primer trimestre del a\u00f1o y as\u00ed sucesivamente.<\/p>\n\n\n\n<p>En la mencionada comunicaci\u00f3n ser\u00e1n detallados los documentos a ser presentados por los beneficiarios, a saber:<\/p>\n\n\n\n<p><strong>1. Carta compromiso<br>\n<\/strong><br>\nEn primer lugar, deber\u00e1 completar la \u201cCarta compromiso\u201d. En ella se solicitan sus datos personales y la conformidad al monto asignado por el jurado (recuerde que el mismo puede ser menor al solicitado originalmente ya que Iberm\u00fasicas puede otorgar ayudas parciales; el monto asignado se encuentra publicado en la web de nuestro Programa). Tambi\u00e9n se establecen pautas sobre la necesidad de:<br>\n\u25cf Cumplir con el proyecto presentado.<br>\n\u25cf Comunicar con car\u00e1cter previo a la Unidad T\u00e9cnica IBERM\u00daSICAS cualquier modificaci\u00f3n de la actividad y solicitar formalmente por escrito la aprobaci\u00f3n de dichas modificaciones que habr\u00e1n de ser refrendadas por la Unidad T\u00e9cnica de IBERM\u00daSICAS.<br>\n\u25cf Tener en cuenta lo solicitado para la rendici\u00f3n del proyecto una vez culminado el mismo.<\/p>\n\n\n\n<p><strong>2. Informaci\u00f3n de prensa<br>\n<\/strong><br>\nDeber\u00e1 entregar informaci\u00f3n relativa a \u00abComunicaci\u00f3n para prensa\u00bb como paso previo al inicio del proceso de pago.<\/p>\n\n\n\n<p><strong>3. Declaraci\u00f3n Jurada de la cuenta bancaria<\/strong><\/p>\n\n\n\n<p>Se enviar\u00e1 un formulario de \u201cDeclaraci\u00f3n Jurada\u201d. All\u00ed se solicitan los datos de la cuenta bancaria donde se recibir\u00e1 el dinero. La cuenta bancaria podr\u00e1 estar a nombre de la persona responsable del proyecto o de otra persona\/entidad. En este \u00faltimo caso, la persona responsable del proyecto deber\u00e1 firmar la DDJJ (Declaraci\u00f3n Jurada) de forma conjunta con el o la titular de la cuenta bancaria.<br>\nRequerimos que este documento sea completado junto al oficial de la cuenta bancaria, ya que cualquier dato err\u00f3neo podr\u00eda significar que el dinero quede retenido en los bancos intermediarios. El c\u00f3digo SWIFT es indispensable para poder realizar las transferencias en Am\u00e9rica Latina; el c\u00f3digo CLABE es indispensable para poder realizar las transferencias a cuentas en M\u00e9xico; IBAN es indispensable para poder realizar las transferencias a cuentas en Europa.<\/p>\n\n\n\n<p><strong>4. Acreditaci\u00f3n<\/strong><\/p>\n\n\n\n<p>Una vez transferido el dinero, le llegar\u00e1 por mail una notificaci\u00f3n con el comprobante de la operaci\u00f3n. Deber\u00e1 chequear con su oficial de cuenta del banco el procedimiento del tr\u00e1mite hasta su efectiva acreditaci\u00f3n,en particular si se requiere la presentaci\u00f3n de un formulario para procesar una transferencia de dinero internacional.<\/p>\n<\/div><\/div>\n\n\n\n<div class=\"wp-block-getwid-tabs__nav-link\"><span class=\"wp-block-getwid-tabs__title-wrapper\"><a href=\"#\"><span class=\"wp-block-getwid-tabs__title\">ANEXO IV &#8211; Datos de contacto para orientaci\u00f3n<\/span><\/a><\/span><\/div><div class=\"wp-block-getwid-tabs__tab-content-wrapper\"><div class=\"wp-block-getwid-tabs__tab-content\">\n<h2 class=\"wp-block-heading is-style-default\">ANEXO IV &#8211; Datos de contacto para orientaci\u00f3n<\/h2>\n\n\n\n<p>Toda consulta en relaci\u00f3n a las bases podr\u00e1 ser canalizada mediante comunicaci\u00f3n con la Unidad T\u00e9cnica Iberm\u00fasicas, a las siguientes direcciones de correo electr\u00f3nico:<\/p>\n\n\n\n<p>\u25cf Fernando Tomasen\u00eda: fernando@staging.ibermusicas.org<br>\u25cf Ricardo G\u00f3mez Coll: ricardo@staging.ibermusicas.org<br>\u25cf Micaela Gurevich: micaela@staging.ibermusicas.org<\/p>\n\n\n\n<p>Es muy importante reparar en que son las bases las que regulan todos los aspectos necesarios para presentar la postulaci\u00f3n de manera adecuada, por tanto, es mandatorio leer completamente las presentes bases para no incurrir en errores al momento de postular.<\/p>\n<\/div><\/div>\n<\/div>\n","protected":false},"excerpt":{"rendered":"","protected":false},"author":7,"featured_media":0,"parent":0,"menu_order":0,"comment_status":"closed","ping_status":"closed","template":"","meta":{"footnotes":""},"class_list":["post-19070","page","type-page","status-publish","hentry"],"lang":"es","translations":{"es":19070,"pt":19133},"pll_sync_post":[],"post_mailing_queue_ids":[],"_links":{"self":[{"href":"http:\/\/staging.ibermusicas.org\/index.php\/wp-json\/wp\/v2\/pages\/19070","targetHints":{"allow":["GET"]}}],"collection":[{"href":"http:\/\/staging.ibermusicas.org\/index.php\/wp-json\/wp\/v2\/pages"}],"about":[{"href":"http:\/\/staging.ibermusicas.org\/index.php\/wp-json\/wp\/v2\/types\/page"}],"author":[{"embeddable":true,"href":"http:\/\/staging.ibermusicas.org\/index.php\/wp-json\/wp\/v2\/users\/7"}],"replies":[{"embeddable":true,"href":"http:\/\/staging.ibermusicas.org\/index.php\/wp-json\/wp\/v2\/comments?post=19070"}],"version-history":[{"count":76,"href":"http:\/\/staging.ibermusicas.org\/index.php\/wp-json\/wp\/v2\/pages\/19070\/revisions"}],"predecessor-version":[{"id":24980,"href":"http:\/\/staging.ibermusicas.org\/index.php\/wp-json\/wp\/v2\/pages\/19070\/revisions\/24980"}],"wp:attachment":[{"href":"http:\/\/staging.ibermusicas.org\/index.php\/wp-json\/wp\/v2\/media?parent=19070"}],"curies":[{"name":"wp","href":"https:\/\/api.w.org\/{rel}","templated":true}]}}