{"id":20951,"date":"2024-12-16T19:06:48","date_gmt":"2024-12-16T19:06:48","guid":{"rendered":"http:\/\/staging.ibermusicas.org\/?page_id=20951"},"modified":"2025-06-22T17:10:20","modified_gmt":"2025-06-22T17:10:20","slug":"guia-accesibilidad-inclusion","status":"publish","type":"page","link":"http:\/\/staging.ibermusicas.org\/index.php\/guia-accesibilidad-inclusion\/","title":{"rendered":"Accesibilidad e Inclusi\u00f3n Cultural: Hacia una Iberoam\u00e9rica para el disfrute de todas y todos"},"content":{"rendered":"\n<p><\/p>\n\n\n\n<p>Con el objetivo de fortalecer el derecho de todas las personas a participar plenamente en la vida cultural y en l\u00ednea con la meta 10.2 del Objetivo 10 de la Agenda 2030 para el Desarrollo Sostenible (que busca aumentar y promover la inclusi\u00f3n social, econ\u00f3mica y pol\u00edtica de todas las personas, independientemente de su edad, sexo, discapacidad, raza, etnia, origen, religi\u00f3n, situaci\u00f3n econ\u00f3mica u otra condici\u00f3n), Iberm\u00fasicas despliega una serie de acciones en ese sentido.<\/p>\n\n\n\n<p>Generar accesibilidad implica cuestionar nuestras propias pr\u00e1cticas y re pensar de manera cr\u00edtica las formas de crear y generar pol\u00edticas p\u00fablicas. Procuramos que las personas puedan adoptar una nueva forma de mirar y concebir la sociedad, de manera que todos los modos de existencia y corporalidades sean valorados. Queremos alentar la reflexi\u00f3n sobre la manera en que se generan los proyectos, productos y servicios culturales, aportando algunas herramientas que puedan colaborar en este camino hacia la inclusi\u00f3n de una Iberoam\u00e9rica para el disfrute de todas y todos.<\/p>\n\n\n\n<p>En Iberm\u00fasicas, llevamos m\u00e1s de 10 a\u00f1os impulsando <strong>acciones afirmativas<\/strong> en nuestras convocatorias y concursos para fomentar la inclusi\u00f3n. Este enfoque nos ha permitido priorizar proyectos que promuevan la igualdad de g\u00e9nero, la participaci\u00f3n de personas con discapacidad, la comunidad LGTBI+ y las poblaciones afrodescendientes e ind\u00edgenas. No valoramos solamente la representatividad de estos colectivos, sino tambi\u00e9n el impacto positivo que los proyectos generan en sus comunidades.<\/p>\n\n\n\n<p>A partir de esta iniciativa, comenzamos a construir un observatorio de inclusi\u00f3n que nos permiti\u00f3 definir <strong>indicadores claves<\/strong> para orientar las decisiones del Programa y optimizar sus acciones. Uno de los aspectos m\u00e1s destacados ha sido el aumento en la cantidad de proyectos presentados a nuestras convocatorias y concursos que incorporan a personas con discapacidad sensorial, motora y cognitiva. Este crecimiento ha impulsado la implementaci\u00f3n de nuevas herramientas para ampliar las oportunidades de acceso y garantizar el pleno ejercicio de los derechos culturales, fomentando una participaci\u00f3n inclusiva y libre de toda forma de discriminaci\u00f3n.<\/p>\n\n\n\n<p>Entre estas herramientas, cabe mencionar la implementaci\u00f3n de la <strong>Accesibilidad Digital<\/strong>, que busca adaptar el dise\u00f1o y desarrollo de nuestras plataformas y herramientas tecnol\u00f3gicas para que sean accesibles a todas las personas. El objetivo es eliminar barreras y asegurar que cualquier usuario, pueda navegar, interactuar y comprender la informaci\u00f3n de manera efectiva. Actualmente, nos encontramos en pleno proceso de implementaci\u00f3n de estas medidas, con el compromiso de avanzar hacia una verdadera inclusi\u00f3n digital.<\/p>\n\n\n\n<p>Adem\u00e1s, consideramos fundamental compartir conocimientos en esta materia para fortalecer las capacidades y la profesionalizaci\u00f3n del sector en t\u00e9rminos de inclusi\u00f3n. Con este prop\u00f3sito, hemos establecido una alianza con la Fundaci\u00f3n Music for All, una organizaci\u00f3n espa\u00f1ola dedicada exclusivamente a promover la accesibilidad en la m\u00fasica, que generosamente pone a disposici\u00f3n, de manera ad honorem, una <strong>serie de manuales y gu\u00edas did\u00e1cticas<\/strong> para hacer accesibles los festivales, salas de conciertos y escenarios. El Programa, por su parte, facilit\u00f3 la traducci\u00f3n de estos materiales al portugu\u00e9s y asumi\u00f3 el compromiso de difundirlos ampliamente en toda Iberoam\u00e9rica, con el objetivo de alcanzar a la mayor cantidad posible de destinatarios. Los manuales y gu\u00edas se encuentran a continuaci\u00f3n para consulta y descarga gratuita.<\/p>\n\n\n\n<p>Como parte de esta iniciativa, se llevar\u00e1n a cabo <strong>talleres intensivos en modalidad virtual<\/strong>, impartidos por la Fundaci\u00f3n Music for All. Estas capacitaciones brindar\u00e1n herramientas clave para que festivales y espacios culturales puedan desarrollar su propio <strong>Plan de Accesibilidad<\/strong>, permiti\u00e9ndoles implementar medidas concretas que favorezcan la inclusi\u00f3n de todas las personas.<\/p>\n\n\n\n<p>De esta manera, se busca promover la accesibilidad y la inclusi\u00f3n de las personas con discapacidad como un medio esencial a fin de garantizar la participaci\u00f3n plena y en igualdad de condiciones en la vida cultural.<\/p>\n\n\n\n<p><strong>Entendemos la accesibilidad cultural como un puente fundamental para facilitar el encuentro y la participaci\u00f3n de todas las personas en igualdad de oportunidades.<\/strong><\/p>\n\n\n\n<p><i>Este proyecto ha sido seleccionado como ganador de la 2\u00aa Convocatoria de Proyectos para Programas, Iniciativas y Proyectos de Cooperaci\u00f3n Iberoamericana \u2013 SEGIB.<\/i><\/p>\n\n\n\n<div style=\"height:100px\" aria-hidden=\"true\" class=\"wp-block-spacer\"><\/div>\n\n\n\n<div class=\"wp-block-media-text is-stacked-on-mobile is-vertically-aligned-center is-image-fill-element alignfull has-contrast-color has-base-background-color has-text-color has-background has-link-color wp-elements-f32ac8e4cae4056599d7df184d7e2f43\" style=\"margin-top:0px;margin-right:0px;margin-bottom:0px;margin-left:0px;padding-top:0;padding-right:0;padding-bottom:0;padding-left:0\"><figure class=\"wp-block-media-text__media\"><img loading=\"lazy\" decoding=\"async\" width=\"1030\" height=\"1032\" src=\"http:\/\/staging.ibermusicas.org\/wp-content\/uploads\/2025\/04\/1-accesibilidad.jpg\" alt=\"\" class=\"wp-image-22123 size-full\" style=\"object-position:100% 50%\"\/><\/figure><div class=\"wp-block-media-text__content\">\n<div class=\"wp-block-group has-global-padding is-content-justification-left is-layout-constrained wp-container-core-group-is-layout-f1e48d1c wp-block-group-is-layout-constrained\" style=\"margin-top:0;margin-bottom:0;padding-top:var(--wp--preset--spacing--80);padding-right:var(--wp--preset--spacing--30);padding-bottom:var(--wp--preset--spacing--80);padding-left:var(--wp--preset--spacing--30)\">\n<h2 class=\"wp-block-heading\" style=\"margin-top:0;margin-bottom:var(--wp--preset--spacing--30)\">Gu\u00eda de Accesibilidad e Inclusi\u00f3n en Festivales de M\u00fasica<\/h2>\n\n\n\n<p style=\"margin-bottom:var(--wp--preset--spacing--30)\">Esta gu\u00eda re\u00fane un conjunto de orientaciones destinadas a garantizar una oferta de m\u00fasica en vivo accesible, diversa e inclusiva, en espacios como salas de conciertos, clubes, teatros y auditorios.<\/p>\n\n\n\n<div class=\"wp-block-buttons is-layout-flex wp-block-buttons-is-layout-flex\">\n<div class=\"wp-block-button\"><a class=\"wp-block-button__link wp-element-button\" href=\"https:\/\/www.ibermusicas.org\/wp-content\/uploads\/2020\/04\/1-Guia-de-Accesibilidad-e-Inclusion-en-Festivales-de-Musica.pdf\">Descargar<\/a><\/div>\n<\/div>\n<\/div>\n<\/div><\/div>\n\n\n\n<div class=\"wp-block-media-text has-media-on-the-right is-stacked-on-mobile is-vertically-aligned-center is-image-fill-element alignfull has-base-color has-accent-1-background-color has-text-color has-background has-link-color wp-elements-dfc05d50cb72b12623b01a2d1c230ff7\" style=\"margin-top:0px;margin-right:0px;margin-bottom:0px;margin-left:0px;padding-top:0;padding-right:0;padding-bottom:0;padding-left:0\"><div class=\"wp-block-media-text__content\">\n<div class=\"wp-block-group has-global-padding is-content-justification-left is-layout-constrained wp-container-core-group-is-layout-f1e48d1c wp-block-group-is-layout-constrained\" style=\"margin-top:0;margin-bottom:0;padding-top:var(--wp--preset--spacing--80);padding-right:var(--wp--preset--spacing--30);padding-bottom:var(--wp--preset--spacing--80);padding-left:var(--wp--preset--spacing--30)\">\n<h2 class=\"wp-block-heading\" style=\"margin-top:0;margin-bottom:var(--wp--preset--spacing--30)\">Gu\u00eda de Accesibilidad e Inclusi\u00f3n en la M\u00fasica en Vivo Adaptaci\u00f3n a Salas de Conciertos, Teatros y Auditorios<\/h2>\n\n\n\n<p style=\"margin-bottom:var(--wp--preset--spacing--30)\">Esta gu\u00eda presenta un conjunto de orientaciones, propuestas y ejemplos de buenas pr\u00e1cticas orientadas a garantizar una oferta de m\u00fasica en vivo accesible, diversa e inclusiva.<\/p>\n\n\n\n<div class=\"wp-block-buttons is-layout-flex wp-block-buttons-is-layout-flex\">\n<div class=\"wp-block-button\"><a class=\"wp-block-button__link wp-element-button\" href=\"https:\/\/www.ibermusicas.org\/wp-content\/uploads\/2020\/04\/2-Guia-de-Accesibilidad-e-Inclusion-en-la-Musica-en-Vivo-Adaptacion-a-Salas-de-Conciertos-Teatros-y-Auditorios.pdf\">Descargar<\/a><\/div>\n<\/div>\n<\/div>\n<\/div><figure class=\"wp-block-media-text__media\"><img loading=\"lazy\" decoding=\"async\" width=\"1090\" height=\"1090\" src=\"http:\/\/staging.ibermusicas.org\/wp-content\/uploads\/2025\/04\/2-accesibilidad.jpg\" alt=\"\" class=\"wp-image-22124 size-full\" style=\"object-position:0% 50%\"\/><\/figure><\/div>\n\n\n\n<div class=\"wp-block-media-text is-stacked-on-mobile is-vertically-aligned-center is-image-fill-element alignfull has-base-color has-accent-3-background-color has-text-color has-background has-link-color wp-elements-75251c5404672a0670ae9d842be287f3\" style=\"margin-top:0px;margin-right:0px;margin-bottom:0px;margin-left:0px;padding-top:0;padding-right:0;padding-bottom:0;padding-left:0\"><figure class=\"wp-block-media-text__media\"><img loading=\"lazy\" decoding=\"async\" width=\"960\" height=\"960\" src=\"http:\/\/staging.ibermusicas.org\/wp-content\/uploads\/2025\/04\/3-accesibilidad.jpg\" alt=\"\" class=\"wp-image-22125 size-full\" style=\"object-position:50% 50%\"\/><\/figure><div class=\"wp-block-media-text__content\">\n<div class=\"wp-block-group has-global-padding is-content-justification-left is-layout-constrained wp-container-core-group-is-layout-f1e48d1c wp-block-group-is-layout-constrained\" style=\"margin-top:0;margin-bottom:0;padding-top:var(--wp--preset--spacing--80);padding-right:var(--wp--preset--spacing--30);padding-bottom:var(--wp--preset--spacing--80);padding-left:var(--wp--preset--spacing--30)\">\n<h2 class=\"wp-block-heading has-base-color has-text-color has-link-color wp-elements-9273f2ffd79ae0ca2d77a3443031dbd8\" style=\"margin-bottom:var(--wp--preset--spacing--30)\">Manual pr\u00e1ctico para el desarrollo de la gu\u00eda de accesibilidad<\/h2>\n\n\n\n<p class=\"has-base-color has-text-color has-link-color wp-elements-177afa660d6909004e6637b16c3f9599\" style=\"margin-bottom:var(--wp--preset--spacing--30)\">Este manual act\u00faa como hoja de ruta para la elaboraci\u00f3n de una Gu\u00eda de Accesibilidad e Inclusi\u00f3n adaptada a las caracter\u00edsticas espec\u00edficas de cada evento musical. Su objetivo es facilitar, de manera clara y accesible, la informaci\u00f3n relevante para los asistentes, incluyendo las medidas de accesibilidad implementadas antes, durante y despu\u00e9s del evento.<\/p>\n\n\n\n<div class=\"wp-block-buttons is-layout-flex wp-block-buttons-is-layout-flex\">\n<div class=\"wp-block-button\"><a class=\"wp-block-button__link wp-element-button\" href=\"https:\/\/www.ibermusicas.org\/wp-content\/uploads\/2020\/04\/3-Manual-practico-para-el-desarrollo-de-la-guia-de-accesibilidad.pdf\">Descargar<\/a><\/div>\n<\/div>\n<\/div>\n<\/div><\/div>\n\n\n\n<div class=\"wp-block-media-text has-media-on-the-right is-stacked-on-mobile is-vertically-aligned-center is-image-fill-element alignfull has-contrast-color has-accent-5-background-color has-text-color has-background has-link-color wp-elements-e8247ad3bc981be5f498a2cea0460625\" style=\"margin-top:0px;margin-right:0px;margin-bottom:0px;margin-left:0px;padding-top:0;padding-right:0;padding-bottom:0;padding-left:0\"><div class=\"wp-block-media-text__content\">\n<div class=\"wp-block-group has-global-padding is-content-justification-left is-layout-constrained wp-container-core-group-is-layout-f1e48d1c wp-block-group-is-layout-constrained\" style=\"margin-top:0;margin-bottom:0;padding-top:var(--wp--preset--spacing--80);padding-right:var(--wp--preset--spacing--30);padding-bottom:var(--wp--preset--spacing--80);padding-left:var(--wp--preset--spacing--30)\">\n<h2 class=\"wp-block-heading\" style=\"margin-bottom:var(--wp--preset--spacing--30)\">Manual Pr\u00e1ctico Plan de Accesibilidad<\/h2>\n\n\n\n<p style=\"margin-bottom:var(--wp--preset--spacing--30)\">Este manual tiene como objetivo ofrecer una herramienta pr\u00e1ctica para promotores de festivales y conciertos, orientada a facilitar la redacci\u00f3n, desarrollo e implementaci\u00f3n de un Plan de Accesibilidad adaptado a las caracter\u00edsticas y necesidades espec\u00edficas de cada evento.<\/p>\n\n\n\n<div class=\"wp-block-buttons is-layout-flex wp-block-buttons-is-layout-flex\">\n<div class=\"wp-block-button\"><a class=\"wp-block-button__link wp-element-button\" href=\"https:\/\/www.ibermusicas.org\/wp-content\/uploads\/2020\/04\/4-Manual-Practico-Plan-de-Accesibilidad.pdf\">Descargar<\/a><\/div>\n<\/div>\n<\/div>\n<\/div><figure class=\"wp-block-media-text__media\"><img loading=\"lazy\" decoding=\"async\" width=\"770\" height=\"770\" src=\"http:\/\/staging.ibermusicas.org\/wp-content\/uploads\/2025\/04\/4-accesibilidad.jpg\" alt=\"\" class=\"wp-image-22126 size-full\" style=\"object-position:50% 50%\"\/><\/figure><\/div>\n\n\n\n<div class=\"wp-block-group has-base-color has-accent-1-background-color has-text-color has-background has-link-color wp-elements-95ed45d791f293398547c8dc4a3c8ae6 has-global-padding is-layout-constrained wp-container-core-group-is-layout-f611be13 wp-block-group-is-layout-constrained\" style=\"padding-top:var(--wp--preset--spacing--50);padding-right:var(--wp--preset--spacing--50);padding-bottom:var(--wp--preset--spacing--50);padding-left:var(--wp--preset--spacing--50)\">\n<p>Si te interesa conocer empresas, productoras, proyectos y artistas que trabajan en el \u00e1mbito de la accesibilidad y la discapacidad, pod\u00e9s encontrar su informaci\u00f3n en el Cat\u00e1logo del Sector Musical, filtrando por la categor\u00eda \u00abAccesibilidad y Discapacidad\u00bb.<\/p>\n\n\n\n<p>Y si quer\u00e9s formar parte de este Cat\u00e1logo, pod\u00e9s crear o editar tu perfil <a href=\"#\"><strong>aqu\u00ed<\/strong><\/a>.<\/p>\n<\/div>\n","protected":false},"excerpt":{"rendered":"<p>Con el objetivo de fortalecer el derecho de todas las personas a participar plenamente en la vida cultural y en l\u00ednea con la meta 10.2 del Objetivo 10 de la Agenda 2030 para el Desarrollo Sostenible (que busca aumentar y promover la inclusi\u00f3n social, econ\u00f3mica y pol\u00edtica de todas las personas, independientemente de su edad, [&hellip;]<\/p>\n","protected":false},"author":5,"featured_media":0,"parent":0,"menu_order":0,"comment_status":"closed","ping_status":"closed","template":"","meta":{"footnotes":""},"class_list":["post-20951","page","type-page","status-publish","hentry"],"lang":"es","translations":{"es":20951,"pt":21834},"pll_sync_post":[],"post_mailing_queue_ids":[],"_links":{"self":[{"href":"http:\/\/staging.ibermusicas.org\/index.php\/wp-json\/wp\/v2\/pages\/20951","targetHints":{"allow":["GET"]}}],"collection":[{"href":"http:\/\/staging.ibermusicas.org\/index.php\/wp-json\/wp\/v2\/pages"}],"about":[{"href":"http:\/\/staging.ibermusicas.org\/index.php\/wp-json\/wp\/v2\/types\/page"}],"author":[{"embeddable":true,"href":"http:\/\/staging.ibermusicas.org\/index.php\/wp-json\/wp\/v2\/users\/5"}],"replies":[{"embeddable":true,"href":"http:\/\/staging.ibermusicas.org\/index.php\/wp-json\/wp\/v2\/comments?post=20951"}],"version-history":[{"count":109,"href":"http:\/\/staging.ibermusicas.org\/index.php\/wp-json\/wp\/v2\/pages\/20951\/revisions"}],"predecessor-version":[{"id":24352,"href":"http:\/\/staging.ibermusicas.org\/index.php\/wp-json\/wp\/v2\/pages\/20951\/revisions\/24352"}],"wp:attachment":[{"href":"http:\/\/staging.ibermusicas.org\/index.php\/wp-json\/wp\/v2\/media?parent=20951"}],"curies":[{"name":"wp","href":"https:\/\/api.w.org\/{rel}","templated":true}]}}