{"id":2296,"date":"2020-04-28T23:58:47","date_gmt":"2020-04-28T23:58:47","guid":{"rendered":"http:\/\/35.173.133.8\/?page_id=2296"},"modified":"2025-07-18T16:28:25","modified_gmt":"2025-07-18T16:28:25","slug":"que-es-ibermusicas-pt","status":"publish","type":"page","link":"http:\/\/staging.ibermusicas.org\/index.php\/que-es-ibermusicas-pt\/","title":{"rendered":"\u00bfO que \u00e9 Iberm\u00fasicas?"},"content":{"rendered":"\n<div class=\"wp-block-getwid-tabs alignwide has-layout-vertical-left\" data-active-tab=\"0\"><ul class=\"wp-block-getwid-tabs__nav-links\"><\/ul>\n<div class=\"wp-block-getwid-tabs__nav-link\"><span class=\"wp-block-getwid-tabs__title-wrapper\"><a href=\"#\"><span class=\"wp-block-getwid-tabs__title\">O que \u00e9 Iberm\u00fasicas?<\/span><\/a><\/span><\/div><div class=\"wp-block-getwid-tabs__tab-content-wrapper\"><div class=\"wp-block-getwid-tabs__tab-content\">\n<h2 class=\"wp-block-heading\"><strong>O que \u00e9 Iberm\u00fasicas?&nbsp;<\/strong><\/h2>\n\n\n\n<p>Iberm\u00fasicas \u00e9 um programa de coopera\u00e7\u00e3o internacional multilateral dedicado exclusivamente \u00e0s artes musicais que promove a presen\u00e7a e o conhecimento da diversidade musical ibero-americana, estimula a forma\u00e7\u00e3o de novos p\u00fablicos na regi\u00e3o e expande o mercado de trabalho para os profissionais do setor.<br><br>Ibero-americana, com sua produ\u00e7\u00e3o musical diversificada, f\u00e9rtil e din\u00e2mica exigia um programa que combinasse pol\u00edticas p\u00fablicas para promover e apoiar a atividade profissional das e dos artistas em procura de uma maior integra\u00e7\u00e3o regional. O Programa de Fomento das M\u00fasicas Ibero-Americanas Iberm\u00fasicas como projeto multilateral de coopera\u00e7\u00e3o t\u00e9cnica e financeira entre os Minist\u00e9rios e Secretarias de Cultura da regi\u00e3o, atende efetivamente a esses objetivos. A chave para o sucesso do Programa cifra-se na solidariedade em a a\u00e7\u00e3o e em apre\u00e7o pela riqueza de nossa m\u00fasica regional com base no talento de seus criadores, int\u00e9rpretes, pesquisadores e todos os demais atores que comp\u00f5em o ecossistema musical ibero-americano; um capital cultural compartilhado, gerando uma verdadeira integra\u00e7\u00e3o do setor musical.<br><br>O Programa de Fomento das M\u00fasicas Ibero-Americanas Iberm\u00fasicas foi aprovado na XXI C\u00fapula Ibero-Americana de Chefes de Estado e de Governo, realizada em Assun\u00e7\u00e3o, Paraguai, em novembro de 2011 e est\u00e1 enquadrado no Espa\u00e7o Cultural Ibero-Americano da Secretaria-Geral Ibero-Americana (SEGIB).<\/p>\n<\/div><\/div>\n\n\n\n<div class=\"wp-block-getwid-tabs__nav-link\"><span class=\"wp-block-getwid-tabs__title-wrapper\"><a href=\"#\"><span class=\"wp-block-getwid-tabs__title\">Vis\u00e3o estrat\u00e9gica<\/span><\/a><\/span><\/div><div class=\"wp-block-getwid-tabs__tab-content-wrapper\"><div class=\"wp-block-getwid-tabs__tab-content\">\n<h2 class=\"wp-block-heading\">\u00bfQual \u00e9 a nossa vis\u00e3o estrat\u00e9gica?<\/h2>\n\n\n\n<p>Dinamizar o espa\u00e7o musical de toda a regi\u00e3o ibero-americana atrav\u00e9s de pol\u00edticas p\u00fablicas para promover e apoiar a atividade profissional dos artistas musicais.<br><br>Promover a cria\u00e7\u00e3o musical em todas as suas formas e sem distin\u00e7\u00e3o de estilos, g\u00eaneros e tradi\u00e7\u00f5es.<br><br>Promover a profissionaliza\u00e7\u00e3o, acessibilidade, inclus\u00e3o e promo\u00e7\u00e3o das m\u00fasicas ibero-americanas.<\/p>\n<\/div><\/div>\n\n\n\n<div class=\"wp-block-getwid-tabs__nav-link\"><span class=\"wp-block-getwid-tabs__title-wrapper\"><a href=\"#\"><span class=\"wp-block-getwid-tabs__title\">\u00bfQue fazemos?<\/span><\/a><\/span><\/div><div class=\"wp-block-getwid-tabs__tab-content-wrapper\"><div class=\"wp-block-getwid-tabs__tab-content\">\n<h2 class=\"wp-block-heading\">\u00bfQue fazemos?<\/h2>\n\n\n\n<p>Desenvolvemos chamadas \u00e0 mobilidade para m\u00fasicas e m\u00fasicos mediante ajudas diretas e indiretas atrav\u00e9s de chamadas para festivais, mercados, encontros, ciclos. As ajudas s\u00e3o fornecidas para superar um dos principais obst\u00e1culos que aparecem quando se trata de promover artistas profissionalmente: o custo da mobilidade (passagem a\u00e9rea) em uma regi\u00e3o t\u00e3o vasta.<br><br>Desenhamos bolsas e pr\u00eamios para criar novas obras musicais e novos repert\u00f3rios naqueles campos da cria\u00e7\u00e3o musical que mais precisam de apoio financeiro ou naqueles universos musicais em que h\u00e1 uma evidente falta de obras ibero-americanas a serem executadas.<br><br>Realizamos a\u00e7\u00f5es tendentes \u00e0 forma\u00e7\u00e3o e preserva\u00e7\u00e3o das m\u00fasicas tradicionais da heran\u00e7a musical intang\u00edvel com uma vis\u00e3o baseada no respeito \u00e0 diversidade e \u00e0 interculturalidade.<br><br>Realizamos a\u00e7\u00f5es tendentes ao capacita\u00e7\u00e3o permanente na ind\u00fastria da m\u00fasica.<br><br>Incentivamos a pesquisa musical acad\u00eamica.<br><br>Promovemos a multiplica\u00e7\u00e3o do conhecimento por meio de propostas de forma\u00e7\u00e3o ou de benef\u00edcio comunit\u00e1rio dos projetos selecionados nas chamadas.<br><br>Promovemos a estreia dos trabalhos compostos no \u00e2mbito dos programas de concurso e resid\u00eancia.<br><br>Promovemos el estreno de las obras compuestas bajo los programas de concurso y de residencias.<\/p>\n<\/div><\/div>\n\n\n\n<div class=\"wp-block-getwid-tabs__nav-link\"><span class=\"wp-block-getwid-tabs__title-wrapper\"><a href=\"#\"><span class=\"wp-block-getwid-tabs__title\">\u00bfComo \u00e9 que o fazemos?<\/span><\/a><\/span><\/div><div class=\"wp-block-getwid-tabs__tab-content-wrapper\"><div class=\"wp-block-getwid-tabs__tab-content\">\n<h2 class=\"wp-block-heading\">Chamadas e \u00e0 apresenta\u00e7\u00e3o de propostas e concursos<\/h2>\n\n\n\n<p>\u25cf <strong>Apoio \u00e0 circula\u00e7\u00e3o de profissionais da m\u00fasica<\/strong><br>Uma linha de apoio pensada para levar o seu trabalho musical a qualquer parte do mundo! Podem ser apresentados projetos que visem \u00e0 internacionaliza\u00e7\u00e3o de espect\u00e1culos musicais, bem como projetos que promovam interc\u00e2mbios de cria\u00e7\u00e3o, composi\u00e7\u00e3o, pesquisa e conhecimento. Tendo em conta o elevado custo de desloca\u00e7\u00f5es internacionais, esta linha de apoio permite o apoio financeiro para a compra de passagens a\u00e9reas, terrestres ou fluviais.<\/p>\n\n\n\n<p>\u25cf <strong>Apoio \u00e0 programa\u00e7\u00e3o musical<\/strong><br>Convocat\u00f3ria destinada a programadores de festivais, feiras e mercados de m\u00fasica, salas de concertos, escolas de m\u00fasica, orquestras e coros, entre outros eventos e iniciativas, que queiram convidar profissionais da m\u00fasica para participar nos seus projetos. Assim, um festival ou um produtor cultural de festivais de m\u00fasica, por exemplo, pode apresentar uma proposta para convidar artistas de diferentes pa\u00edses para participar na sua programa\u00e7\u00e3o; uma editora discogr\u00e1fica pode convidar bookers para a apresenta\u00e7\u00e3o das suas bandas; uma orquestra ou v\u00e1rias orquestras associadas podem candidatar-se a convidar uma maestrina; um conjunto organizado de instrumentistas pode apresentar uma proposta para convidar um luthier para ministrar cursos; entre muitas outras possibilidades. Este apoio \u00e9 para cobrir as despesas de transporte (a\u00e9reo, terrestre ou fluvial).<\/p>\n\n\n\n<p>\u25cf <strong>Apoio a artistas e pesquisadores para resid\u00eancias<\/strong><br>Uma convocat\u00f3ria para o desenvolvimento de trabalho criativo ou de investiga\u00e7\u00e3o junto a uma institui\u00e7\u00e3o ou grupo musical. Neste sentido, esta linha de apoio est\u00e1 aberta n\u00e3o s\u00f3 a compositores ou grupos musicais, mas tamb\u00e9m a pesquisadores para a realiza\u00e7\u00e3o de projetos em qualquer parte do mundo. A dura\u00e7\u00e3o das resid\u00eancias deve ser, no m\u00ednimo, de tr\u00eas semanas.<\/p>\n\n\n\n<p>\u25cf <strong>Apoio a institui\u00e7\u00f5es para resid\u00eancias<\/strong><br>Uma chamada para institui\u00e7\u00f5es p\u00fablicas ou privadas, organiza\u00e7\u00f5es ou grupos que queiram convidar compositores, maestros, diretores ou investigadores de todo o mundo para realizar um trabalho criativo ou de pesquisa, em resid\u00eancia, por um per\u00edodo m\u00ednimo de tr\u00eas semanas.<\/p>\n\n\n\n<p>\u25cf<strong> Apoio \u00e0 especializa\u00e7\u00e3o e aperfei\u00e7oamento art\u00edstico e t\u00e9cnico<\/strong><br>Uma convocat\u00f3ria que oferece a oportunidade de realiza\u00e7\u00e3o de estudos avan\u00e7ados em todos os campos do conhecimento e do trabalho musical, em qualquer parte do mundo. Este processo de aprendizagem pode ser realizado tanto no \u00e2mbito institucional como de forma particular com grandes mestres da cultura popular. O apoio financeiro do Iberm\u00fasicas poder\u00e1 cobrir todos os custos do processo de especializa\u00e7\u00e3o.<\/p>\n\n\n\n<p>\u25cf<strong> Apoio a projetos virtuais<\/strong><br>Apresentamos um apoio destinado \u00e0 realiza\u00e7\u00e3o de projetos musicais que utilizem ferramentas virtuais como plataformas: grava\u00e7\u00e3o de \u00e1lbuns, cria\u00e7\u00e3o de videoclipes, transmiss\u00e3o streaming de espet\u00e1culos, colabora\u00e7\u00f5es virtuais, videoconfer\u00eancias, workshops virtuais, podcasts e muito mais.<\/p>\n\n\n\n<p>\u25cf <strong>Apoio \u00e0 promo\u00e7\u00e3o do repert\u00f3rio Ibero-Americano<\/strong><br>Uma nova proposta do Iberm\u00fasicas destinada a orquestras, coros, conjuntos, entre outros, para promover uma maior visibilidade da m\u00fasica criada por compositores Ibero-Americanos. Ser\u00e1 financiada a grava\u00e7\u00e3o em alta qualidade da interpreta\u00e7\u00e3o de, no m\u00ednimo, uma obra musical inclu\u00edda no \u00abCat\u00e1logo Ibero-Americano de Partituras\u00bb, dispon\u00edvel no site do Iberm\u00fasicas. A convocat\u00f3ria \u00e9 um convite a mergulhar no enorme acervo de m\u00fasica escrita que reflete a riqueza criativa do espa\u00e7o Ibero-Americano.<\/p>\n\n\n\n<p>\u25cf <strong>Pr\u00e9mio Iberm\u00fasicas de can\u00e7\u00e3o para as inf\u00e2ncias<\/strong><br>O j\u00e1 cl\u00e1ssico Concurso de Cria\u00e7\u00e3o de Can\u00e7\u00f5es em Colabora\u00e7\u00e3o, em que criadoras e criadores da regi\u00e3o comp\u00f5em em duplas criativas, ter\u00e1 novamente um enfoque especialmente orientado para as can\u00e7\u00f5es infantis, \u00e1rea em que a can\u00e7\u00e3o Ibero-Americana tem grande relev\u00e2ncia. Entendendo a inf\u00e2ncia como o tempo da descoberta, do deslumbramento, da surpresa e da maravilha do mundo, o Programa Iberm\u00fasicas sugere o tema \u201cMigra\u00e7\u00e3o e Diversidades\u201d e a possibilidade de criar letras em todas as l\u00ednguas dos pa\u00edses Ibero-Americanos, convidando tamb\u00e9m a explorar as l\u00ednguas nativas.<\/p>\n\n\n\n<p>\u25cf <strong>Pr\u00e9mio Iberm\u00fasicas de composi\u00e7\u00e3o de obras para Banda Sinf\u00f3nica<\/strong><br>O Programa Iberm\u00fasicas prop\u00f5e uma nova edi\u00e7\u00e3o dos seus concursos de cria\u00e7\u00e3o de obras acad\u00e9micas, neste caso orientados especificamente para a cria\u00e7\u00e3o de novas obras para Banda Sinf\u00f3nica, que ser\u00e3o estreadas por elencos nacionais de primeiro n\u00edvel da Col\u00f4mbia, Costa Rica, Cuba, M\u00e9xico e Venezuela.<\/p>\n\n\n\n<p>\u25cf <strong>Chamada especial Iberm\u00fasicas \u2013 Mid Atlantic Arts<\/strong><br>Com o objetivo de promover o di\u00e1logo intercultural entre artistas musicais da Ibero-Am\u00e9rica e dos Estados Unidos, Iberm\u00fasicas e Mid Atlantic Arts lan\u00e7am esta convocat\u00f3ria em colabora\u00e7\u00e3o para apoiar a circula\u00e7\u00e3o de artistas ibero-Americanos nos Estados Unidos. Conscientes do impacto que o custo e a tramita\u00e7\u00e3o dos vistos de trabalho t\u00eam nos projectos que promovem a circula\u00e7\u00e3o de artistas nos Estados Unidos, o Programa Iberm\u00fasicas centra esta convocat\u00f3ria na presta\u00e7\u00e3o de assist\u00eancia espec\u00edfica nesta \u00e1rea. Por sua vez, a Mid Atlantic Arts apoiar\u00e1 os artistas Ibero-Americanos selecionados atrav\u00e9s do apoio financeiro \u00e0s institui\u00e7\u00f5es anfitri\u00e3s dos concertos para a gest\u00e3o dos contratos art\u00edsticos.<\/p>\n\n\n\n<p>\u25cf <strong>Convocat\u00f3ria especial Iberm\u00fasicas \u2013 Emilia-Romagna<\/strong><br>Com a miss\u00e3o de promover o di\u00e1logo intercultural entre artistas musicais da Am\u00e9rica Latina e It\u00e1lia, \u00e9 lan\u00e7ada uma convocat\u00f3ria especial, fruto da colabora\u00e7\u00e3o entre Iberm\u00fasicas e Emilia-Romagna, atrav\u00e9s da Funda\u00e7\u00e3o ATER, no \u00e2mbito das atividades de Exporta\u00e7\u00e3o Musical, em colabora\u00e7\u00e3o com a Comiss\u00e3o de M\u00fasica de Emilia-Romagna. A iniciativa contempla um modelo de reciprocidade: artistas de Emilia-Romagna poder\u00e3o convidar artistas Ibero-Americanos, que, por sua vez, receber\u00e3o nos seus pa\u00edses os artistas italianos, gerando assim um verdadeiro di\u00e1logo intercultural e art\u00edstico. Trata-se de uma proposta colaborativa que permite a uma produtora ou institui\u00e7\u00e3o apresentar projetos nos quais os artistas participantes assumem, alternadamente, os pap\u00e9is de residentes e convidados. Os programas de concertos ser\u00e3o concebidos em conjunto, promovendo colabora\u00e7\u00f5es ao vivo, a interpreta\u00e7\u00e3o de repert\u00f3rios fusionados e a cria\u00e7\u00e3o de novas obras que refletem a riqueza e a diversidade cultural de ambas as regi\u00f5es, fortalecendo os la\u00e7os art\u00edsticos a longo prazo.<\/p>\n\n\n\n<p>\u25cf <strong>Viagens pela M\u00fasica da Lusofon\u00eda<\/strong><br>Pela segunda vez, haver\u00e1 uma linha de apoio destinada a cidad\u00e3os e cidad\u00e3s dos pa\u00edses da Comunidade de Pa\u00edses de L\u00edngua Portuguesa localizados em \u00c1frica (Angola, Cabo Verde, Guin\u00e9-Bissau, Guin\u00e9 Equatorial, Mo\u00e7ambique, S\u00e3o Tom\u00e9 e Pr\u00edncipe) e na \u00c1sia (Timor-Leste). Por iniciativa de Brasil e Portugal, a linha de apoio foi criada para facilitar a circula\u00e7\u00e3o de artistas e agentes musicais da CPLP na regi\u00e3o Ibero-Americana. Uma convocat\u00f3ria que tem por objetivo ressaltar os la\u00e7os que surgem da diversidade musical dos pa\u00edses de l\u00edngua oficial portuguesa, a fim de construir pontes de cultura e coopera\u00e7\u00e3o entre Am\u00e9rica Latina, Europa, \u00c1frica e o Sudeste Asi\u00e1tico. De car\u00e1ter multilateral e pluricontinental, a iniciativa prop\u00f5e-se reduzir dist\u00e2ncias f\u00edsicas e aproximar as suas popula\u00e7\u00f5es.<\/p>\n\n\n\n<p>\u25cf <strong>Pr\u00eamio Brasil \u2013 Iberm\u00fasicas<\/strong><br>Com o objetivo de reconhecer o m\u00e9rito de iniciativas, organiza\u00e7\u00f5es ou empresas que, de forma sustentada ao longo dos anos, contribu\u00edram para a proje\u00e7\u00e3o internacional da m\u00fasica brasileira no espa\u00e7o Ibero-Americano e em todo o mundo, propomos esta convocat\u00f3ria, especialmente criada pelo Brasil.<\/p>\n\n\n\n<p>\u25cf <strong>Pr\u00eamio Peru \u2013 Iberm\u00fasicas \u2013 Celebrando o Caj\u00f3n Peruano e a Percuss\u00e3o Afro-Peruana<\/strong><br>O Minist\u00e9rio da Cultura do Peru prop\u00f5e um concurso especial no \u00e2mbito da celebra\u00e7\u00e3o do \u201cCaj\u00f3n Peruano\u201d, a ser realizado em 2026, com o objetivo de ampliar o di\u00e1logo internacional em torno do caj\u00f3n peruano e da percuss\u00e3o Afro-Peruana, incentivando uma reflex\u00e3o sobre este instrumento que, desde as costas do Peru, estendeu-se para longe, tornando-se parte da sonoridade de muitas m\u00fasicas do mundo. Artistas e investigadores ser\u00e3o convidados a apresentar os seus projetos atrav\u00e9s do \u00abIberm\u00fasicas Global\u00bb, uma nova ferramenta do Programa Iberm\u00fasicas que tem como objetivo promover o encontro entre propostas art\u00edsticas e festivais de todo o mundo.<\/p>\n<\/div><\/div>\n\n\n\n<div class=\"wp-block-getwid-tabs__nav-link\"><span class=\"wp-block-getwid-tabs__title-wrapper\"><a href=\"#\"><span class=\"wp-block-getwid-tabs__title\">\u00bfQuem s\u00e3o as e os destinat\u00e1rios de nossas a\u00e7\u00f5es?<\/span><\/a><\/span><\/div><div class=\"wp-block-getwid-tabs__tab-content-wrapper\"><div class=\"wp-block-getwid-tabs__tab-content\">\n<h2 class=\"wp-block-heading\">\u00bfQuem s\u00e3o as e os destinat\u00e1rios de nossas a\u00e7\u00f5es?<\/h2>\n\n\n\n<p>Nossos benefici\u00e1rias e benefici\u00e1rios diretos s\u00e3o principalmente m\u00fasicas, m\u00fasicos, int\u00e9rpretes, compositores, grupos musicais, bandas, gerentes, ag\u00eancias de booking, produtoras e festivais, mercados, encontros, ciclos musicais de todas as \u00e1reas e estilos, sem diferen\u00e7as nas escolas ou na est\u00e9tica. Tamb\u00e9m se destacam institui\u00e7\u00f5es como universidades, centros de experimenta\u00e7\u00e3o em cria\u00e7\u00e3o, colectivos musicais, centros de Pesquisa Acad\u00eamica e Musicologia.<\/p>\n\n\n\n<p><br>Os Centros culturais comunit\u00e1rios, espa\u00e7os culturais em \u00e1reas de vulnerabilidade social, tamb\u00e9m s\u00e3o um grupo objectivo para Iberm\u00fasicas, ao receber os artistas beneficiados pelo Programa, socialmente comprometidos em levar oficinas e shows para esses centros, ampliando assim o impacto das ajudas financeiras.<\/p>\n\n\n\n<p><br>Indiretamente, os cidad\u00e3os que s\u00e3o nutridos pela programa\u00e7\u00e3o internacional e pela valoriza\u00e7\u00e3o da diversidade e riqueza cultural ibero-americana.<\/p>\n<\/div><\/div>\n\n\n\n<div class=\"wp-block-getwid-tabs__nav-link\"><span class=\"wp-block-getwid-tabs__title-wrapper\"><a href=\"#\"><span class=\"wp-block-getwid-tabs__title\">\u00bfQuem comp\u00f5e o programa?<\/span><\/a><\/span><\/div><div class=\"wp-block-getwid-tabs__tab-content-wrapper\"><div class=\"wp-block-getwid-tabs__tab-content\">\n<h2 class=\"wp-block-heading\">\u00bfQuem comp\u00f5e o programa?<\/h2>\n\n\n\n<p>Os Minist\u00e9rios, Secretarias e Institutos Culturais dos pa\u00edses membros comp\u00f5em o Programa Iberm\u00fasicas. Cada um designa uma autoridade das Artes Musicais como seu representante (REPPI), conformando o Conselho Intergovernamental. Este Conselho define a pol\u00edtica e as modalidades de ajuda e toma decis\u00f5es de acordo com as regras estabelecidas no Regulamento do Programa Iberm\u00fasicas. A Unidade T\u00e9cnica \u00e9 a respons\u00e1vel pela execu\u00e7\u00e3o do Programa ao n\u00edvel regional.<\/p>\n\n\n\n<p>Atualmente, os pa\u00edses membros s\u00e3o: Argentina, Brasil, Chile, Col\u00f4mbia, Costa Rica, Cuba, El Salvador, Equador, Espanha, M\u00e9xico, Panam\u00e1, Paraguai, Peru, Portugal, Uruguai e Venezuela. Com voz, mas sem voto, participa SEGIB (Secretaria Geral Ibero-americana).<\/p>\n<\/div><\/div>\n\n\n\n<div class=\"wp-block-getwid-tabs__nav-link\"><span class=\"wp-block-getwid-tabs__title-wrapper\"><a href=\"#\"><span class=\"wp-block-getwid-tabs__title\">Pa\u00edses Membros<\/span><\/a><\/span><\/div><div class=\"wp-block-getwid-tabs__tab-content-wrapper\"><div class=\"wp-block-getwid-tabs__tab-content\">\n<h2 class=\"wp-block-heading\">Pa\u00edses Membros<\/h2>\n\n\n\n<div class=\"wp-block-getwid-table country-members has-table-layout-auto\"><table><tbody><tr><td><img decoding=\"async\" src=\"http:\/\/staging.ibermusicas.org\/wp-content\/uploads\/2025\/01\/logos-instituciones-256px-ARG.png\" alt=\"\"><\/td><td><strong>Argentina<\/strong><br><strong>Secretar\u00eda de Cultura<\/strong><br>Av. Alvear 1690,<br>Ciudad Aut\u00f3noma de Buenos Aires , Argentina.<br><strong>Instituto Nacional de M\u00fasica (INAMU)<\/strong><br>Hip\u00f3lito Yrigoyen 1628, 1\u00b0 piso<br>Ciudad Aut\u00f3noma de Buenos Aires , Argentina.<br><strong>Representante del pa\u00eds en el Programa (REPPI)<\/strong><br>Daniela Laigle Saffier<br>Asesora en cooperaci\u00f3n internacional<br>daniela.laigle.saffier@gmail.com<br><strong>Instituto Nacional de la M\u00fasica INAMU<\/strong><br>Bernab\u00e9 (Buco) Cantlon<br>Presidente<br><a tabindex=\"-1\" href=\"http:\/\/www.cultura.gob.ar\" target=\"_blank\" rel=\"noreferrer noopener\">www.cultura.gob.ar<\/a><br><a tabindex=\"-1\" href=\"https:\/\/inamu.musica.ar\/\">www.inamu.musica.ar<\/a><\/td><\/tr><tr><td><img decoding=\"async\" src=\"http:\/\/staging.ibermusicas.org\/wp-content\/uploads\/2020\/04\/logos-instituciones-256px-BRA.png\" alt=\"\"><\/td><td><strong>Brasil<\/strong><br><strong>Minist\u00e9rio da Cultura do Brasil<br>Funarte (Funda\u00e7\u00e3o Nacional de Artes)<\/strong><br>Av. Presidente Vargas, 3.131 Sala 1804 &#8211;<br>Cidade Nova, Centro Empresarial Cidade Nova &#8211; Edif\u00edcio TelePorto<br>CEP: 20.210-911 &#8211; Rio de Janeiro &#8211; RJ, Brasil<br><strong>Representante del pa\u00eds en el Programa (REPPI)<\/strong><br>Eulicia Esteves<br>Directora de M\u00fasica<br>eulicia.vieira@funarte.gov.br<br><a tabindex=\"-1\" href=\"http:\/\/www.funarte.gov.br\" target=\"_blank\" rel=\"noreferrer noopener\">www.funarte.gov.br<\/a><\/td><\/tr><tr><td><img decoding=\"async\" src=\"http:\/\/staging.ibermusicas.org\/wp-content\/uploads\/2020\/04\/logos-instituciones-256px-CHI.png\" alt=\"\"><\/td><td><strong>Chile<\/strong><br><strong>Ministerio de las Culturas, las Artes y el Patrimonio<\/strong><br>Paseo Ahumada 48, Pisos 4, 5, 6, 7, 8 y 11<br>Santiago, Chile<br><strong>Representante del pa\u00eds en el Programa (REPPI)<\/strong><br>Susana&nbsp;Tello Ibarra<br>Secretaria Ejecutiva del Consejo de Fomento de la M\u00fasica Nacional<br><strong>Colaborador\/a<\/strong><br>Nicole Perez Lizama<br>Encargada de internacionalizaci\u00f3n del Fondo Nacional de la M\u00fasica<br>nicole.perez@cultura.gob.cl<br><a tabindex=\"-1\" href=\"http:\/\/www.cultura.gob.cl\/\" target=\"_blank\" rel=\"noreferrer noopener\">www.cultura.gob.cl<\/a><\/td><\/tr><tr><td><img decoding=\"async\" src=\"http:\/\/staging.ibermusicas.org\/wp-content\/uploads\/2024\/08\/logos-instituciones-256px-COL.png\" alt=\"\"><\/td><td><strong>Colombia<\/strong><br><strong>Ministerio de Cultura<\/strong><br>Carrera 8 No. 8 &#8211; 55<br>Bogot\u00e1, Colombia<br><strong>Representante del pa\u00eds en el Programa (REPPI)<\/strong><br>Jorge Sossa<br>Coordinador de M\u00fasica de la Direcci\u00f3n de Artes.<br>jsossa@mincultura.gov.co<br><a tabindex=\"-1\" href=\"http:\/\/www.mincultura.gov.co\" target=\"_blank\" rel=\"noreferrer noopener\">www.mincultura.gov.co<\/a><br>&nbsp;<\/td><\/tr><tr><td><img decoding=\"async\" src=\"http:\/\/staging.ibermusicas.org\/wp-content\/uploads\/2020\/04\/logos-instituciones-256px-CRI.png\" alt=\"\"><\/td><td><strong>Costa Rica<\/strong><br><strong>Ministerio de Cultura y juventud<\/strong><br>Edificio CENAC Avenidas 3 y 7, calles 11 y 15<br>San Jos\u00e9, Costa Rica<br><strong>Representante del pa\u00eds en el Programa (REPPI)<br><\/strong>Ramiro Ram\u00edrez S\u00e1nchez<br>Director General del Centro Nacional de la M\u00fasica<br><a href=\"mailto:r.ramirez@mcj.go.cr\" tabindex=\"-1\" target=\"_blank\" rel=\"noreferrer noopener\">r.ramirez@mcj.go.cr<\/a><br><a tabindex=\"-1\" href=\"http:\/\/www.inm.go.cr\" target=\"_blank\" rel=\"noreferrer noopener\">www.inm.go.cr<\/a><\/td><\/tr><tr><td><img decoding=\"async\" src=\"http:\/\/staging.ibermusicas.org\/wp-content\/uploads\/2024\/10\/logos-instituciones-256px-CUB.png\" alt=\"\"><\/td><td><strong>Cuba<\/strong><br><strong>Ministerio de Cultura<\/strong><br>Instituto Cubano de la M\u00fasica<br>Calle 2 No. 258 e\/ 11 y 13<br>La Habana, Cuba<br><strong>Representante del pa\u00eds en el Programa (REPPI)<\/strong><br>Adriana Pazos Tacoronte<br>Directora Producciones Colibri<br>adriana.pazostacoronte@gmail.com<br><a tabindex=\"-1\" href=\"http:\/\/www.min.cult.cu\" target=\"_blank\" rel=\"noreferrer noopener\">www.min.cult.cu<\/a><\/td><\/tr><tr><td><img decoding=\"async\" src=\"http:\/\/staging.ibermusicas.org\/wp-content\/uploads\/2020\/04\/logos-instituciones-256px-ECU.png\" alt=\"\"><\/td><td><strong>Ecuador<\/strong><br><strong>Instituto de Fomento a la Creatividad y la Innovaci\u00f3n<\/strong><br>Av. Atahualpa OE1-109 y Av. 10 de agosto<br>Quito, Ecuador<br>Tel\u00e9fono: +593 2-393-1250 Ext.1201<br><strong>Representante del pa\u00eds en el Programa (REPPI)<br><\/strong>Jonathan Edison Cardenas CastilloDirector Ejecutivo (E)<br><strong>Colaborador\/a<\/strong><br>Carlos Velasco<br>Director de Fomento Musical<br>carlos.velasco@creatividad.gob.ec<br><a tabindex=\"-1\" href=\"http:\/\/www.creatividad.gob.ec\" target=\"_blank\" rel=\"noreferrer noopener\">www.creatividad.gob.ec<\/a><\/td><\/tr><tr><td><img decoding=\"async\" src=\"http:\/\/staging.ibermusicas.org\/wp-content\/uploads\/2025\/06\/logos-instituciones-256px-SAL.png\" alt=\"\"><\/td><td><strong>El Salvador<\/strong><br><strong>Ministerio de Cultura<\/strong><br>Edificio A-5 Plan Maestro, Centro de Gobierno, Alameda Juan Pablo II y calle Guadalupe<br>San Salvador, El Salvador.<br>Tel\u00e9fono: +503 2501-4400<br><strong>Representante del pa\u00eds en el Programa (REPPI)<br><\/strong>Jes\u00fas Enrique Arismendi Vel\u00e1squezDirector Nacional de Formaci\u00f3n en Artes<br>jarismendi@cultura.gob.sv<br><a tabindex=\"-1\" href=\"http:\/\/www.creatividad.gob.ec\" target=\"_blank\" rel=\"noreferrer noopener\">www.cultura.gob.sv<\/a><\/td><\/tr><tr><td><img decoding=\"async\" src=\"http:\/\/staging.ibermusicas.org\/wp-content\/uploads\/2020\/04\/logos-instituciones-256px-ESP.png\" alt=\"\"><\/td><td><strong>Espa\u00f1a<\/strong><br><strong>Ministerio de Cultura<\/strong><br>Madrid, Espa\u00f1a<br><strong>Representante del pa\u00eds en el Programa (REPPI)<\/strong><br>Ana Bel\u00e9n Faus Guijarro<br>Subdirectora general de M\u00fasica y danza<br>Instituto Nacional de las Artes Esc\u00e9nicas y M\u00fasica INAEM<br><a tabindex=\"-1\" href=\"https:\/\/www.culturaydeporte.gob.es\/\">www.culturaydeporte.gob.es<\/a><br>&nbsp;<\/td><\/tr><tr><td><img decoding=\"async\" src=\"http:\/\/staging.ibermusicas.org\/wp-content\/uploads\/2024\/11\/logos-instituciones-256px-MEX.png\" alt=\"\"><\/td><td><strong>M\u00e9xico<\/strong><br><strong>Secretar\u00eda de Cultura<br>Instituto Nacional de Bellas Artes y Literatura<\/strong><br>Ciudad de M\u00e9xico, M\u00e9xico<br><strong>Representante del pa\u00eds en el Programa (REPPI)<br><\/strong>Jos\u00e9 Maria Serralde<br>Coordinador Nacional de M\u00fasica y \u00d3pera<br><strong>Colaborador\/a<\/strong><br>Mar\u00eda Guadalupe Garc\u00eda Villanueva<br>Asistente operativa de REPPI M\u00e9xico en Iberm\u00fasicas<br>mgarciav@inba.gob.mx<br><a tabindex=\"-1\" href=\"http:\/\/www.inba.gob.mx\" target=\"_blank\" rel=\"noreferrer noopener\">www.inba.gob.mx<\/a><\/td><\/tr><tr><td><img decoding=\"async\" src=\"http:\/\/staging.ibermusicas.org\/wp-content\/uploads\/2025\/01\/logos-instituciones-256px-PAN.png\" alt=\"\"><\/td><td><strong>Panam\u00e1<\/strong><br><strong>Ministerio de Cultura<\/strong><br>Ciudad de Panam\u00e1, Panam\u00e1<br><strong>Representante del pa\u00eds en el Programa (REPPI)<\/strong><br>Yigo Sugasti<br>Direcci\u00f3n Nacional de Econom\u00eda Creativa<br>rescobar@micultura.gob.pa<br><a tabindex=\"-1\" href=\"http:\/\/www.inac.gob.pa\/\" target=\"_blank\" rel=\"noreferrer noopener\">www.inac.gob.pa<\/a><\/td><\/tr><tr><td><img decoding=\"async\" src=\"http:\/\/staging.ibermusicas.org\/wp-content\/uploads\/2020\/04\/logos-instituciones-256px-PAR.png\" alt=\"\"><\/td><td><strong>Paraguay<\/strong><br><strong>Secretar\u00eda Nacional de Cultura del Paraguay<\/strong><br>Estados Unidos 284<br>Asunci\u00f3n, Paraguay<br><strong>Representante del pa\u00eds en el Programa (REPPI)<\/strong><br>Victoria Figueredo<br>Directora de Econom\u00eda Cultural<br>maravictoriaf@hotmail.com<br><a tabindex=\"-1\" href=\"http:\/\/www.cultura.gov.py\/\" target=\"_blank\" rel=\"noreferrer noopener\">www.cultura.gov.py<\/a><br>&nbsp;<\/td><\/tr><tr><td><img decoding=\"async\" src=\"http:\/\/staging.ibermusicas.org\/wp-content\/uploads\/2020\/04\/logos-instituciones-256px-PER.png\" alt=\"\"><\/td><td><strong>Per\u00fa<\/strong><br><strong>Ministerio de Cultura<\/strong><br>Av. Javier Prado Este 2465<br>Lima, Per\u00fa<br><strong>Representante del pa\u00eds en el Programa (REPPI)<\/strong><br>Eddy Ricardo Ulloa Mart\u00ednez<br>Director Nacional de Artes<br><strong>Colaborador\/a<br><\/strong>Elard Mu\u00f1oz<br>Analista de m\u00fasica<br>eamunoz@cultura.gob.pe<br><strong>Colaborador\/a<\/strong><br>Daniel Segovia<br>Analista de Proyectos en Gesti\u00f3n Cultural<br>dsegovia@cultura.gob.pe<br><a tabindex=\"-1\" href=\"https:\/\/www.gob.pe\/cultura\" target=\"_blank\" rel=\"noreferrer noopener\">www.gob.pe\/cultura<\/a><br>&nbsp;<\/td><\/tr><tr><td><img decoding=\"async\" src=\"http:\/\/staging.ibermusicas.org\/wp-content\/uploads\/2025\/07\/logos-instituciones-256px-POR.png\" alt=\"\"><\/td><td><strong>Portugal&nbsp;<\/strong><br><strong>Minist\u00e9rio da Cultura<\/strong><br>Campo Grande 83 &#8211; 1\u00ba 1700-088<br>Lisboa, Portugal<br>T. (+351) 211 507 010 | F. (+351) 211 507 261 | E.<br>geral@dgartes.pt<br><strong>Representante del pa\u00eds en el Programa (REPPI)<\/strong><br>Am\u00e9rico Rodrigues<br>Diretor-Geral das Artes<br><strong>Colaborador\/a<\/strong><br>S\u00e9rgio De Almeida<br>sdalmeida@dgartes.pt<br><a tabindex=\"-1\" href=\"http:\/\/www.portugal.gov.pt\/pt\/gc21\/area-de-governo\/cultura\">www.portugal.gov.pt\/pt\/gc21\/area-de-governo\/cultura<\/a><\/td><\/tr><tr><td><img decoding=\"async\" src=\"http:\/\/staging.ibermusicas.org\/wp-content\/uploads\/2025\/05\/logos-instituciones-256px-URU.png\" alt=\"\"><\/td><td><strong>Uruguay<\/strong><br><strong>Ministerio de Educaci\u00f3n y Cultura<\/strong><br>Reconquista 535<br>Montevideo, Uruguay<br><strong>Representante del pa\u00eds en el Programa (REPPI)<\/strong><br>Gustavo&nbsp;Berriel Pareja<br>Coordinador Instituto Nacional de M\u00fasica<br>Direcci\u00f3n Nacional de Cultura<br><strong>Colaborador\/a<\/strong><br>Ver\u00f3nica Mieres<br>veronica.mieres@mec.gub.uy<br><a tabindex=\"-1\" href=\"https:\/\/www.gub.uy\/ministerio-educacion-cultura\/cultura\" target=\"_blank\" rel=\"noreferrer noopener\">www.gub.uy\/ministerio-educacion-cultura\/cultura<\/a><\/td><\/tr><tr><td><img decoding=\"async\" src=\"http:\/\/staging.ibermusicas.org\/wp-content\/uploads\/2020\/04\/logos-instituciones-256px-VEN.png\" alt=\"\"><\/td><td><strong>Venezuela<\/strong><br><strong>Ministerio del Poder Popular para la Cultura<\/strong><br>Torre Norte, piso 25, Centro Sim\u00f3n Bol\u00edvar, Avenida Norte 12, Caracas 1012, Distrito Capital<br>Caracas, Venezuela<br><strong>Representante del pa\u00eds en el Programa (REPPI)<\/strong><br>Al\u00ed Alejandro Primera<br>Presidente Fundaci\u00f3n Compa\u00f1\u00eda Nacional de M\u00fasica de Venezuela<br><strong>Colaborador\/a<br><\/strong>H\u00e9ctor Ali Gonz\u00e1lez Alcal\u00e1<br>Director Ejecutivo<br>Compa\u00f1\u00eda Nacional de M\u00fasica<br>ibermusicas.ven@gmail.com<br>presidenciavenmusica@gmail.com<br>fcnm.hg@gmail.com<br><a tabindex=\"-1\" href=\"http:\/\/www.mincultura.gob.ve\" target=\"_blank\" rel=\"noreferrer noopener\">www.mincultura.gob.ve<\/a><br>&nbsp;<\/td><\/tr><tr><td><img decoding=\"async\" src=\"http:\/\/staging.ibermusicas.org\/wp-content\/uploads\/2025\/02\/logos-instituciones-256px-SEGIB-2.png\" alt=\"\"><\/td><td><strong>SEGIB<\/strong><br><strong>Oficina Central<\/strong><br>Paseo de Recoletos, 8 &#8211; 28001<br>Madrid, Espa\u00f1a.<br><strong>Representante<br><\/strong>Enrique Vargas FloresCoordinador del Espacio Cultural Iberoamericano<br><a tabindex=\"-1\" href=\"http:\/\/www.segib.org\/\" target=\"_blank\" rel=\"noreferrer noopener\">www.segib.org<\/a><br>&nbsp;<\/td><\/tr><tr><td><img decoding=\"async\" src=\"http:\/\/staging.ibermusicas.org\/wp-content\/uploads\/2025\/02\/logos-instituciones-256px-SEGIB-2.png\" alt=\"\"><\/td><td><strong>SEGIB<\/strong> <strong>Oficina Subregional Cono Sur<\/strong> Plaza Independencia 759, oficina 301 Montevideo, Uruguay<br><strong>Representante<\/strong><br>Esteban Guillermo Campero<br>Director de la Oficina Subregional Cono Sur<br>&nbsp;<br><a tabindex=\"-1\" href=\"http:\/\/www.segib.org\/\" target=\"_blank\" rel=\"noreferrer noopener\">www.segib.org<\/a><br><\/td><\/tr><\/tbody><\/table><\/div>\n<\/div><\/div>\n\n\n\n<div class=\"wp-block-getwid-tabs__nav-link\"><span class=\"wp-block-getwid-tabs__title-wrapper\"><a href=\"#\"><span class=\"wp-block-getwid-tabs__title\">Conselho Intergovernamental<\/span><\/a><\/span><\/div><div class=\"wp-block-getwid-tabs__tab-content-wrapper\"><div class=\"wp-block-getwid-tabs__tab-content\">\n<h2 class=\"wp-block-heading\">Conselho Intergovernamental<\/h2>\n\n\n<div class=\"tmm tmm_consejo-intergubernamental\"><div class=\"tmm_3_columns tmm_wrap tmm_theme_f\"><span class=\"tmm_two_containers_tablet\"><\/span><div class=\"tmm_container\"><div class=\"tmm_member\" style=\"border-top:#0d7ea5 solid 5px;\"><div class=\"tmm_photo tmm_pic_consejo-intergubernamental_0\" style=\"background: url(http:\/\/staging.ibermusicas.org\/wp-content\/uploads\/2020\/04\/Dani.jpeg); margin-left: auto; margin-right:auto; background-size:cover !important;\"><\/div><div class=\"tmm_textblock\"><div class=\"tmm_names\"><span class=\"tmm_fname\">Daniela <\/span> <span class=\"tmm_lname\">Laigle Saffier<\/span><\/div><div class=\"tmm_job\">Asesora en cooperaci\u00f3n internacional<\/div><div class=\"tmm_desc\" style=\"text-align:\"><p>Secretar\u00eda de Cultura<br \/>Presidencia de la Naci\u00f3n<\/p><p>ARGENTINA<\/p><\/div><div class=\"tmm_scblock\"><\/div><\/div><\/div><div class=\"tmm_member\" style=\"border-top:#0d7ea5 solid 5px;\"><div class=\"tmm_photo tmm_pic_consejo-intergubernamental_1\" style=\"background: url(http:\/\/staging.ibermusicas.org\/wp-content\/uploads\/2020\/04\/Buco.jpeg); margin-left: auto; margin-right:auto; background-size:cover !important;\"><\/div><div class=\"tmm_textblock\"><div class=\"tmm_names\"><span class=\"tmm_fname\">Bernab\u00e9 \"Buco\"<\/span> <span class=\"tmm_lname\">Cantlon<\/span><\/div><div class=\"tmm_job\">Presidente<\/div><div class=\"tmm_desc\" style=\"text-align:\"><p>Instituto Nacional de la M\u00fasica (INAMU)<\/p><p>ARGENTINA<\/p><\/div><div class=\"tmm_scblock\"><\/div><\/div><\/div><span class=\"tmm_two_containers_tablet\"><\/span><div class=\"tmm_member\" style=\"border-top:#0d7ea5 solid 5px;\"><div class=\"tmm_photo tmm_pic_consejo-intergubernamental_2\" style=\"background: url(http:\/\/staging.ibermusicas.org\/wp-content\/uploads\/2020\/04\/eulicia-brasil.jpeg); margin-left: auto; margin-right:auto; background-size:cover !important;\"><\/div><div class=\"tmm_textblock\"><div class=\"tmm_names\"><span class=\"tmm_fname\">Eulicia <\/span> <span class=\"tmm_lname\">Esteves<\/span><\/div><div class=\"tmm_job\">Directora de M\u00fasica<\/div><div class=\"tmm_desc\" style=\"text-align:\"><p>Funarte (Funda\u00e7\u00e3o Nacional de Artes)<\/p><p>Minist\u00e9rio da Cultura<\/p><p>BRASIL<\/p><\/div><div class=\"tmm_scblock\"><\/div><\/div><\/div><\/div><span class=\"tmm_columns_containers_desktop\"><\/span><div class=\"tmm_container\"><div class=\"tmm_member\" style=\"border-top:#0d7ea5 solid 5px;\"><div class=\"tmm_photo tmm_pic_consejo-intergubernamental_3\" style=\"background: url(http:\/\/staging.ibermusicas.org\/wp-content\/uploads\/2020\/04\/Susana-Tello-Chile.jpeg); margin-left: auto; margin-right:auto; background-size:cover !important;\"><\/div><div class=\"tmm_textblock\"><div class=\"tmm_names\"><span class=\"tmm_fname\">Susana<\/span> <span class=\"tmm_lname\">Tello Ibarra<\/span><\/div><div class=\"tmm_job\">Secretaria Ejecutiva del Consejo de Fomento de la M\u00fasica Nacional<\/div><div class=\"tmm_desc\" style=\"text-align:\"><p>Ministerio de las Culturas, las Artes y el Patrimonio<\/p><p>CHILE<\/p><\/div><div class=\"tmm_scblock\"><\/div><\/div><\/div><span class=\"tmm_two_containers_tablet\"><\/span><div class=\"tmm_member\" style=\"border-top:#0d7ea5 solid 5px;\"><div class=\"tmm_photo tmm_pic_consejo-intergubernamental_4\" style=\"background: url(http:\/\/staging.ibermusicas.org\/wp-content\/uploads\/2020\/04\/Jorge-Sossa.jpeg); margin-left: auto; margin-right:auto; background-size:cover !important;\"><\/div><div class=\"tmm_textblock\"><div class=\"tmm_names\"><span class=\"tmm_fname\">Jorge<\/span> <span class=\"tmm_lname\">Sossa Santos<\/span><\/div><div class=\"tmm_job\">Coordinador de M\u00fasica de la Direcci\u00f3n Nacional de Artes<\/div><div class=\"tmm_desc\" style=\"text-align:\"><p>Ministerio de Cultura<\/p><p>COLOMBIA<\/p><\/div><div class=\"tmm_scblock\"><\/div><\/div><\/div><div class=\"tmm_member\" style=\"border-top:#0d7ea5 solid 5px;\"><div class=\"tmm_photo tmm_pic_consejo-intergubernamental_5\" style=\"background: url(http:\/\/staging.ibermusicas.org\/wp-content\/uploads\/2020\/04\/Ramiro-A.-Ramirez-COSTA-RICA1.jpg); margin-left: auto; margin-right:auto; background-size:cover !important;\"><\/div><div class=\"tmm_textblock\"><div class=\"tmm_names\"><span class=\"tmm_fname\">Ramiro<\/span> <span class=\"tmm_lname\">Ram\u00edrez S\u00e1nchez<\/span><\/div><div class=\"tmm_job\">Director General<\/div><div class=\"tmm_desc\" style=\"text-align:\"><p>Centro Nacional de la M\u00fasica\u00a0<br>Ministerio de Cultura y Juventud<\/p><p>COSTA RICA<\/p><\/div><div class=\"tmm_scblock\"><\/div><\/div><\/div><span class=\"tmm_two_containers_tablet\"><\/span><\/div><span class=\"tmm_columns_containers_desktop\"><\/span><div class=\"tmm_container\"><div class=\"tmm_member\" style=\"border-top:#0d7ea5 solid 5px;\"><div class=\"tmm_photo tmm_pic_consejo-intergubernamental_6\" style=\"background: url(http:\/\/staging.ibermusicas.org\/wp-content\/uploads\/2020\/04\/Foto-Adriana-Pazos.jpg); margin-left: auto; margin-right:auto; background-size:cover !important;\"><\/div><div class=\"tmm_textblock\"><div class=\"tmm_names\"><span class=\"tmm_fname\">Adriana <\/span> <span class=\"tmm_lname\">Pazos Tacoronte<\/span><\/div><div class=\"tmm_job\">Directora Producciones Colibri<\/div><div class=\"tmm_desc\" style=\"text-align:\"><p>Ministerio de cultura<\/p><p>CUBA<\/p><\/div><div class=\"tmm_scblock\"><\/div><\/div><\/div><div class=\"tmm_member\" style=\"border-top:#0d7ea5 solid 5px;\"><div class=\"tmm_photo tmm_pic_consejo-intergubernamental_7\" style=\"background: url(http:\/\/staging.ibermusicas.org\/wp-content\/uploads\/2020\/04\/REPPI-ECUADOR.jpeg); margin-left: auto; margin-right:auto; background-size:cover !important;\"><\/div><div class=\"tmm_textblock\"><div class=\"tmm_names\"><span class=\"tmm_fname\">Jonathan Edison<\/span> <span class=\"tmm_lname\">Cardenas Castillo<\/span><\/div><div class=\"tmm_job\">Director Ejecutivo (E)<\/div><div class=\"tmm_desc\" style=\"text-align:\"><p>Instituto de Fomento de la Creatividad y la Innovaci\u00f3n<\/p><p>ECUADOR<\/p><\/div><div class=\"tmm_scblock\"><\/div><\/div><\/div><span class=\"tmm_two_containers_tablet\"><\/span><div class=\"tmm_member\" style=\"border-top:#0d7ea5 solid 5px;\"><div class=\"tmm_photo tmm_pic_consejo-intergubernamental_8\" style=\"background: url(http:\/\/staging.ibermusicas.org\/wp-content\/uploads\/2020\/04\/Jesus-EL-Salvador-1.jpg); margin-left: auto; margin-right:auto; background-size:cover !important;\"><\/div><div class=\"tmm_textblock\"><div class=\"tmm_names\"><span class=\"tmm_fname\">Jes\u00fas Enrique <\/span> <span class=\"tmm_lname\">Arismendi Vel\u00e1squez<\/span><\/div><div class=\"tmm_job\">Director Nacional de Formaci\u00f3n en Artes<\/div><div class=\"tmm_desc\" style=\"text-align:\"><p>Ministerio de Cultura<\/p><p>EL SALVADOR<\/p><\/div><div class=\"tmm_scblock\"><\/div><\/div><\/div><\/div><span class=\"tmm_columns_containers_desktop\"><\/span><div class=\"tmm_container\"><div class=\"tmm_member\" style=\"border-top:#0d7ea5 solid 5px;\"><div class=\"tmm_photo tmm_pic_consejo-intergubernamental_9\" style=\"background: url(http:\/\/staging.ibermusicas.org\/wp-content\/uploads\/2020\/04\/Ana-Belen.png); margin-left: auto; margin-right:auto; background-size:cover !important;\"><\/div><div class=\"tmm_textblock\"><div class=\"tmm_names\"><span class=\"tmm_fname\">Ana Bel\u00e9n <\/span> <span class=\"tmm_lname\">Faus Guijarro<\/span><\/div><div class=\"tmm_job\">Subdirectora General de M\u00fasica y danza<\/div><div class=\"tmm_desc\" style=\"text-align:\"><p>Instituto Nacional de las Artes Esc\u00e9nicas y M\u00fasica INAEM<\/p><p>Ministerio de Cultura<\/p><p>ESPA\u00d1A<\/p><\/div><div class=\"tmm_scblock\"><\/div><\/div><\/div><span class=\"tmm_two_containers_tablet\"><\/span><div class=\"tmm_member\" style=\"border-top:#0d7ea5 solid 5px;\"><div class=\"tmm_photo tmm_pic_consejo-intergubernamental_10\" style=\"background: url(http:\/\/staging.ibermusicas.org\/wp-content\/uploads\/2020\/04\/foto-Jose-Maria-Serralde.jpeg); margin-left: auto; margin-right:auto; background-size:cover !important;\"><\/div><div class=\"tmm_textblock\"><div class=\"tmm_names\"><span class=\"tmm_fname\">Jos\u00e9 Maria <\/span> <span class=\"tmm_lname\">Serralde<\/span><\/div><div class=\"tmm_job\">Coordinador Nacional de M\u00fasica y \u00d3pera<\/div><div class=\"tmm_desc\" style=\"text-align:\"><p>Secretar\u00eda de Cultura \/ Instituto Nacional de Bellas Artes y Literatura<\/p><p>M\u00c9XICO<\/p><\/div><div class=\"tmm_scblock\"><\/div><\/div><\/div><div class=\"tmm_member\" style=\"border-top:#0d7ea5 solid 5px;\"><div class=\"tmm_photo tmm_pic_consejo-intergubernamental_11\" style=\"background: url(http:\/\/staging.ibermusicas.org\/wp-content\/uploads\/2020\/04\/yigo.jpeg); margin-left: auto; margin-right:auto; background-size:cover !important;\"><\/div><div class=\"tmm_textblock\"><div class=\"tmm_names\"><span class=\"tmm_fname\">Yigo<\/span> <span class=\"tmm_lname\">Sugasti<\/span><\/div><div class=\"tmm_job\">Direcci\u00f3n Nacional de Econom\u00eda Creativa<\/div><div class=\"tmm_desc\" style=\"text-align:\"><p>Ministerio de Cultura<\/p><p>PANAM\u00c1<\/p><\/div><div class=\"tmm_scblock\"><\/div><\/div><\/div><span class=\"tmm_two_containers_tablet\"><\/span><\/div><span class=\"tmm_columns_containers_desktop\"><\/span><div class=\"tmm_container\"><div class=\"tmm_member\" style=\"border-top:#0d7ea5 solid 5px;\"><div class=\"tmm_photo tmm_pic_consejo-intergubernamental_12\" style=\"background: url(http:\/\/staging.ibermusicas.org\/wp-content\/uploads\/2020\/04\/victoria.jpeg); margin-left: auto; margin-right:auto; background-size:cover !important;\"><\/div><div class=\"tmm_textblock\"><div class=\"tmm_names\"><span class=\"tmm_fname\">Victoria<\/span> <span class=\"tmm_lname\">Figueredo<\/span><\/div><div class=\"tmm_job\">Directora de Econom\u00eda Cultural<\/div><div class=\"tmm_desc\" style=\"text-align:\"><p>Secretar\u00eda Nacional de Cultura<\/p><p>PARAGUAY<\/p><\/div><div class=\"tmm_scblock\"><\/div><\/div><\/div><div class=\"tmm_member\" style=\"border-top:#0d7ea5 solid 5px;\"><div class=\"tmm_photo tmm_pic_consejo-intergubernamental_13\" style=\"background: url(http:\/\/staging.ibermusicas.org\/wp-content\/uploads\/2020\/04\/Eddy-Ulloa.jpg); margin-left: auto; margin-right:auto; background-size:cover !important;\"><\/div><div class=\"tmm_textblock\"><div class=\"tmm_names\"><span class=\"tmm_fname\">Eddy Ricardo <\/span> <span class=\"tmm_lname\">Ulloa Mart\u00ednez<\/span><\/div><div class=\"tmm_job\">Director Nacional de Artes<\/div><div class=\"tmm_desc\" style=\"text-align:\"><p>Ministerio de Cultura<\/p><p>PER\u00da<\/p><\/div><div class=\"tmm_scblock\"><\/div><\/div><\/div><span class=\"tmm_two_containers_tablet\"><\/span><div class=\"tmm_member\" style=\"border-top:#0d7ea5 solid 5px;\"><div class=\"tmm_photo tmm_pic_consejo-intergubernamental_14\" style=\"background: url(http:\/\/staging.ibermusicas.org\/wp-content\/uploads\/2020\/04\/americorodrigues.jpg); margin-left: auto; margin-right:auto; background-size:cover !important;\"><\/div><div class=\"tmm_textblock\"><div class=\"tmm_names\"><span class=\"tmm_fname\">Am\u00e9rico<\/span> <span class=\"tmm_lname\">Rodrigues<\/span><\/div><div class=\"tmm_job\">Diretor-Geral das Artes<\/div><div class=\"tmm_desc\" style=\"text-align:\"><p>Ministerio da Cultura<\/p><p>PORTUGAL<\/p><\/div><div class=\"tmm_scblock\"><\/div><\/div><\/div><\/div><span class=\"tmm_columns_containers_desktop\"><\/span><div class=\"tmm_container\"><div class=\"tmm_member\" style=\"border-top:#0d7ea5 solid 5px;\"><div class=\"tmm_photo tmm_pic_consejo-intergubernamental_15\" style=\"background: url(http:\/\/staging.ibermusicas.org\/wp-content\/uploads\/2020\/04\/Gustavo-Berriel.jpeg); margin-left: auto; margin-right:auto; background-size:cover !important;\"><\/div><div class=\"tmm_textblock\"><div class=\"tmm_names\"><span class=\"tmm_fname\">Gustavo <\/span> <span class=\"tmm_lname\">Berriel Pareja<\/span><\/div><div class=\"tmm_job\">Coordinador Instituto Nacional de M\u00fasica<\/div><div class=\"tmm_desc\" style=\"text-align:\"><p>Ministerio de Educaci\u00f3n y Cultura<\/p><p>URUGUAY<\/p><\/div><div class=\"tmm_scblock\"><\/div><\/div><\/div><span class=\"tmm_two_containers_tablet\"><\/span><div class=\"tmm_member\" style=\"border-top:#0d7ea5 solid 5px;\"><div class=\"tmm_photo tmm_pic_consejo-intergubernamental_16\" style=\"background: url(http:\/\/staging.ibermusicas.org\/wp-content\/uploads\/2020\/04\/venezuela.jpeg); margin-left: auto; margin-right:auto; background-size:cover !important;\"><\/div><div class=\"tmm_textblock\"><div class=\"tmm_names\"><span class=\"tmm_fname\">Al\u00ed Alejandro <\/span> <span class=\"tmm_lname\">Primera<\/span><\/div><div class=\"tmm_job\">Presidente Fundaci\u00f3n Compa\u00f1\u00eda Nacional de M\u00fasica de Venezuela<\/div><div class=\"tmm_desc\" style=\"text-align:\"><p>Ministerio del Poder Popular para la Cultura<\/p><p>VENEZUELA<\/p><\/div><div class=\"tmm_scblock\"><\/div><\/div><\/div><div class=\"tmm_member\" style=\"border-top:#0d7ea5 solid 5px;\"><div class=\"tmm_photo tmm_pic_consejo-intergubernamental_17\" style=\"background: url(http:\/\/staging.ibermusicas.org\/wp-content\/uploads\/2020\/04\/consejo-segib.jpg); margin-left: auto; margin-right:auto; background-size:cover !important;\"><\/div><div class=\"tmm_textblock\"><div class=\"tmm_names\"><span class=\"tmm_fname\">Enrique<\/span> <span class=\"tmm_lname\">Vargas<\/span><\/div><div class=\"tmm_job\">Coordinador del Espacio Cultural Iberoamericano<\/div><div class=\"tmm_desc\" style=\"text-align:\"><p>SEGIB<\/p><\/div><div class=\"tmm_scblock\"><\/div><\/div><\/div><span class=\"tmm_two_containers_tablet\"><\/span><\/div><span class=\"tmm_columns_containers_desktop\"><\/span><div class=\"tmm_container\"><div class=\"tmm_member\" style=\"border-top:#0d7ea5 solid 5px;\"><div class=\"tmm_photo tmm_pic_consejo-intergubernamental_18\" style=\"background: url(http:\/\/staging.ibermusicas.org\/wp-content\/uploads\/2020\/04\/Esteban-Guillermo-Campero.jpeg); margin-left: auto; margin-right:auto; background-size:cover !important;\"><\/div><div class=\"tmm_textblock\"><div class=\"tmm_names\"><span class=\"tmm_fname\">Esteban Guillermo <\/span> <span class=\"tmm_lname\">Campero<\/span><\/div><div class=\"tmm_job\">Director Oficina Subregional Cono Sur<\/div><div class=\"tmm_desc\" style=\"text-align:\"><p>SEGIB<\/p><\/div><div class=\"tmm_scblock\"><\/div><\/div><\/div><div class=\"tmm_member\" style=\"border-top:#0d7ea5 solid 5px;\"><div class=\"tmm_photo tmm_pic_consejo-intergubernamental_19\" style=\"background: url(http:\/\/staging.ibermusicas.org\/wp-content\/uploads\/2020\/04\/mica-1.jpg); margin-left: auto; margin-right:auto; background-size:cover !important;\"><\/div><div class=\"tmm_textblock\"><div class=\"tmm_names\"><span class=\"tmm_fname\">Micaela<\/span> <span class=\"tmm_lname\">Gurevich<\/span><\/div><div class=\"tmm_job\">Secretaria T\u00e9cnica<\/div><div class=\"tmm_desc\" style=\"text-align:\"><p>UNIDAD T\u00c9CNICA IBERM\u00daSICAS<\/p><\/div><div class=\"tmm_scblock\"><\/div><\/div><\/div><span class=\"tmm_two_containers_tablet\"><\/span><div class=\"tmm_member\" style=\"border-top:#0d7ea5 solid 5px;\"><div class=\"tmm_photo tmm_pic_consejo-intergubernamental_20\" style=\"background: url(http:\/\/staging.ibermusicas.org\/wp-content\/uploads\/2020\/04\/RICKY.jpg); margin-left: auto; margin-right:auto; background-size:cover !important;\"><\/div><div class=\"tmm_textblock\"><div class=\"tmm_names\"><span class=\"tmm_fname\">Ricardo<\/span> <span class=\"tmm_lname\">G\u00f3mez Coll<\/span><\/div><div class=\"tmm_job\">Asesor<\/div><div class=\"tmm_desc\" style=\"text-align:\"><p>UNIDAD T\u00c9CNICA IBERM\u00daSICAS<\/p><\/div><div class=\"tmm_scblock\"><\/div><\/div><\/div><\/div><span class=\"tmm_columns_containers_desktop\"><\/span><div class=\"tmm_container\"><div class=\"tmm_member\" style=\"border-top:#0d7ea5 solid 5px;\"><div class=\"tmm_photo tmm_pic_consejo-intergubernamental_21\" style=\"background: url(http:\/\/staging.ibermusicas.org\/wp-content\/uploads\/2020\/04\/fer-tomasenia.jpeg); margin-left: auto; margin-right:auto; background-size:cover !important;\"><\/div><div class=\"tmm_textblock\"><div class=\"tmm_names\"><span class=\"tmm_fname\">Fernando<\/span> <span class=\"tmm_lname\">Tomasen\u00eda<\/span><\/div><div class=\"tmm_job\">Asesor<\/div><div class=\"tmm_desc\" style=\"text-align:\"><p>UNIDAD T\u00c9CNICA IBERM\u00daSICAS<\/p><\/div><div class=\"tmm_scblock\"><\/div><\/div><\/div><span class=\"tmm_two_containers_tablet\"><\/span><div class=\"tmm_member\" style=\"border-top:#0d7ea5 solid 5px;\"><div class=\"tmm_photo tmm_pic_consejo-intergubernamental_22\" style=\"background: url(http:\/\/staging.ibermusicas.org\/wp-content\/uploads\/2020\/04\/eulicia-brasil.jpeg); margin-left: auto; margin-right:auto; background-size:cover !important;\"><\/div><div class=\"tmm_textblock\"><div class=\"tmm_names\"><span class=\"tmm_fname\">Eulicia <\/span> <span class=\"tmm_lname\">Esteves<\/span><\/div><div class=\"tmm_job\">Brasil<\/div><div class=\"tmm_desc\" style=\"text-align:\"><p>PRESIDENTA<\/p><p>PROGRAMA IBERM\u00daSICAS<\/p><\/div><div class=\"tmm_scblock\"><\/div><\/div><\/div><div style=\"clear:both;\"><\/div><\/div><\/div><\/div>\n<\/div><\/div>\n\n\n\n<div class=\"wp-block-getwid-tabs__nav-link\"><span class=\"wp-block-getwid-tabs__title-wrapper\"><a href=\"#\"><span class=\"wp-block-getwid-tabs__title\">Logotipos<\/span><\/a><\/span><\/div><div class=\"wp-block-getwid-tabs__tab-content-wrapper\"><div class=\"wp-block-getwid-tabs__tab-content\">\n<h2 class=\"wp-block-heading\">Baixar Log\u00f3tipo<\/h2>\n\n\n\n<p>O Programa IBERM\u00daSICAS, como programa multilateral de coopera\u00e7\u00e3o internacional, procura ratificar este car\u00e1cter na comunica\u00e7\u00e3o das suas ac\u00e7\u00f5es. Por isso, os projectos benefici\u00e1rios devem utilizar, para al\u00e9m do identificador visual do Programa, os indicados pelas institui\u00e7\u00f5es dos seus respectivos pa\u00edses.<\/p>\n\n\n\n<p>Os identificadores institucionais locais s\u00e3o apresentados a seguir, pa\u00eds por pa\u00eds, j\u00e1 em combina\u00e7\u00e3o com o identificador do Programa IBERM\u00daSICAS, em conformidade com a regulamenta\u00e7\u00e3o aplic\u00e1vel das partes. Todas as comunica\u00e7\u00f5es de um projeto benefici\u00e1rio devem incorporar os identificadores correspondentes ao seu pa\u00eds, tal como s\u00e3o fornecidos (respeitando margens, propor\u00e7\u00f5es, cores e distribui\u00e7\u00e3o entre eles).<\/p>\n\n\n\n<p>Tamb\u00e9m est\u00e1 dispon\u00edvel o manual de utiliza\u00e7\u00e3o do identificador visual do Programa IBERMUSICAS.<\/p>\n\n\n\n<figure class=\"wp-block-table logostable has-small-font-size\"><table class=\"has-fixed-layout\"><thead><tr><th>Pa\u00eds<\/th><th>FORMATO WEB<\/th><th>FORMATO IMPRESS\u00c3O<\/th><th>FORMATO VIDEO<\/th><\/tr><\/thead><tbody><tr><td>Argentina<\/td><td><a tabindex=\"-1\" href=\"http:\/\/staging.ibermusicas.org\/wp-content\/uploads\/2020\/04\/ARGENTINA1.png\" target=\"_blank\" rel=\"noopener noreferrer\">Baixar<\/a><\/td><td><a tabindex=\"-1\" href=\"http:\/\/staging.ibermusicas.org\/wp-content\/uploads\/2020\/04\/ARGENTINA1.eps\" target=\"_blank\" rel=\"noopener noreferrer\">Baixar<\/a><\/td><td><a tabindex=\"-1\" href=\"http:\/\/staging.ibermusicas.org\/wp-content\/uploads\/2020\/04\/ARGENTINA5.mp4\" target=\"_blank\" rel=\"noopener noreferrer\">Baixar<\/a><\/td><\/tr><tr><td>Brasil<\/td><td><a tabindex=\"-1\" href=\"http:\/\/staging.ibermusicas.org\/wp-content\/uploads\/2020\/04\/BRASIL-1.png\" target=\"_blank\" rel=\"noopener noreferrer\">Baixar<\/a><\/td><td><a tabindex=\"-1\" href=\"http:\/\/staging.ibermusicas.org\/wp-content\/uploads\/2020\/04\/BRASIL.eps\" target=\"_blank\" rel=\"noopener noreferrer\">Baixar<\/a><\/td><td><a tabindex=\"-1\" href=\"http:\/\/staging.ibermusicas.org\/wp-content\/uploads\/2020\/04\/BRASIL5.mp4\" target=\"_blank\" rel=\"noopener noreferrer\">Baixar<\/a><\/td><\/tr><tr><td>Chile<\/td><td><a tabindex=\"-1\" href=\"http:\/\/staging.ibermusicas.org\/wp-content\/uploads\/2020\/04\/CHILE-1.png\" target=\"_blank\" rel=\"noopener noreferrer\">Baixar<\/a><\/td><td><a tabindex=\"-1\" href=\"http:\/\/staging.ibermusicas.org\/wp-content\/uploads\/2020\/04\/CHILE.eps\" target=\"_blank\" rel=\"noopener noreferrer\">Baixar<\/a><\/td><td><a tabindex=\"-1\" href=\"http:\/\/staging.ibermusicas.org\/wp-content\/uploads\/2020\/04\/CHILE5.mp4\" target=\"_blank\" rel=\"noopener noreferrer\">Baixar<\/a><\/td><\/tr><tr><td>Colombia<\/td><td><a tabindex=\"-1\" href=\"http:\/\/staging.ibermusicas.org\/wp-content\/uploads\/2020\/04\/COLOMBIA2.png\" target=\"_blank\" rel=\"noopener\">Baixar<\/a><\/td><td><a tabindex=\"-1\" href=\"http:\/\/staging.ibermusicas.org\/wp-content\/uploads\/2020\/04\/COLOMBIA2.eps\" target=\"_blank\" rel=\"noopener noreferrer\">Baixar<\/a><\/td><td><a tabindex=\"-1\" href=\"http:\/\/staging.ibermusicas.org\/wp-content\/uploads\/2020\/04\/COLOMBIA5.mp4\" target=\"_blank\" rel=\"noopener noreferrer\">Baixar<\/a><\/td><\/tr><tr><td>Costa Rica<\/td><td><a tabindex=\"-1\" href=\"http:\/\/staging.ibermusicas.org\/wp-content\/uploads\/2020\/04\/COSTA-RICA-1.png\" target=\"_blank\" rel=\"noopener noreferrer\">Baixar<\/a><\/td><td><a tabindex=\"-1\" href=\"http:\/\/staging.ibermusicas.org\/wp-content\/uploads\/2020\/04\/COSTA-RICA.eps\" target=\"_blank\" rel=\"noopener noreferrer\">Baixar<\/a><\/td><td><a tabindex=\"-1\" href=\"http:\/\/staging.ibermusicas.org\/wp-content\/uploads\/2020\/04\/COSTA-RICA5.mp4\" target=\"_blank\" rel=\"noopener noreferrer\">Baixar<\/a><\/td><\/tr><tr><td>Cuba<\/td><td><a tabindex=\"-1\" href=\"http:\/\/staging.ibermusicas.org\/wp-content\/uploads\/2020\/04\/CUBA.png\" target=\"_blank\" rel=\"noopener noreferrer\">Baixar<\/a><\/td><td><a tabindex=\"-1\" href=\"http:\/\/staging.ibermusicas.org\/wp-content\/uploads\/2020\/04\/CUBA.eps\" target=\"_blank\" rel=\"noopener noreferrer\">Baixar<\/a><\/td><td><a tabindex=\"-1\" href=\"http:\/\/staging.ibermusicas.org\/wp-content\/uploads\/2020\/04\/CUBA5.mp4\" target=\"_blank\" rel=\"noopener noreferrer\">Baixar<\/a><\/td><\/tr><tr><td>Ecuador<\/td><td><a tabindex=\"-1\" href=\"http:\/\/staging.ibermusicas.org\/wp-content\/uploads\/2020\/04\/ECUADOR.png\" target=\"_blank\" rel=\"noopener noreferrer\">Baixar<\/a><\/td><td><a tabindex=\"-1\" href=\"http:\/\/staging.ibermusicas.org\/wp-content\/uploads\/2020\/04\/ECUADOR.eps\" target=\"_blank\" rel=\"noopener noreferrer\">Baixar<\/a><\/td><td><a tabindex=\"-1\" href=\"http:\/\/staging.ibermusicas.org\/wp-content\/uploads\/2020\/04\/ECUADOR5.mp4\" target=\"_blank\" rel=\"noopener noreferrer\">Baixar<\/a><\/td><\/tr><tr><td>Espa\u00f1a<\/td><td><a tabindex=\"-1\" href=\"http:\/\/staging.ibermusicas.org\/wp-content\/uploads\/2020\/04\/ESPANA-1.png\" target=\"_blank\" rel=\"noopener noreferrer\">Baixar<\/a><\/td><td><a tabindex=\"-1\" href=\"http:\/\/staging.ibermusicas.org\/wp-content\/uploads\/2020\/04\/ESPANA.eps\" target=\"_blank\" rel=\"noopener noreferrer\">Baixar<\/a><\/td><td><a tabindex=\"-1\" href=\"http:\/\/staging.ibermusicas.org\/wp-content\/uploads\/2020\/04\/ESPANA5.mp4\" target=\"_blank\" rel=\"noopener noreferrer\">Baixar<\/a><\/td><\/tr><tr><td>M\u00e9xico<\/td><td><a tabindex=\"-1\" href=\"http:\/\/staging.ibermusicas.org\/wp-content\/uploads\/2020\/04\/MEXICO2.png\" target=\"_blank\" rel=\"noopener noreferrer\">Baixar<\/a><\/td><td><a tabindex=\"-1\" href=\"http:\/\/staging.ibermusicas.org\/wp-content\/uploads\/2020\/04\/MEXICO2.eps\" target=\"_blank\" rel=\"noopener noreferrer\">Baixar<\/a><\/td><td><a tabindex=\"-1\" href=\"http:\/\/staging.ibermusicas.org\/wp-content\/uploads\/2020\/04\/MEXICO5.mp4\" target=\"_blank\" rel=\"noopener noreferrer\">Baixar<\/a><\/td><\/tr><tr><td>Panam\u00e1<\/td><td><a tabindex=\"-1\" href=\"http:\/\/staging.ibermusicas.org\/wp-content\/uploads\/2020\/04\/PANAMA1.png\" target=\"_blank\" rel=\"noopener noreferrer\">Baixar<\/a><\/td><td><a tabindex=\"-1\" href=\"http:\/\/staging.ibermusicas.org\/wp-content\/uploads\/2020\/04\/PANAMA1.eps\" target=\"_blank\" rel=\"noopener noreferrer\">Baixar<\/a><\/td><td><a tabindex=\"-1\" href=\"http:\/\/staging.ibermusicas.org\/wp-content\/uploads\/2020\/04\/PANAMA5.mp4\" target=\"_blank\" rel=\"noopener noreferrer\">Baixar<\/a><\/td><\/tr><tr><td>Paraguay<\/td><td><a tabindex=\"-1\" href=\"http:\/\/staging.ibermusicas.org\/wp-content\/uploads\/2020\/04\/PARAGUAY.png\" target=\"_blank\" rel=\"noopener noreferrer\">Baixar<\/a><\/td><td><a tabindex=\"-1\" href=\"http:\/\/staging.ibermusicas.org\/wp-content\/uploads\/2020\/04\/PARAGUAY.eps\" target=\"_blank\" rel=\"noopener noreferrer\">Baixar<\/a><\/td><td><a tabindex=\"-1\" href=\"http:\/\/staging.ibermusicas.org\/wp-content\/uploads\/2020\/04\/PARAGUAY5.mp4\" target=\"_blank\" rel=\"noopener noreferrer\">Baixar<\/a><\/td><\/tr><tr><td>Per\u00fa<\/td><td><a tabindex=\"-1\" href=\"http:\/\/staging.ibermusicas.org\/wp-content\/uploads\/2020\/04\/PERU-1.png\" target=\"_blank\" rel=\"noopener noreferrer\">Baixar<\/a><\/td><td><a tabindex=\"-1\" href=\"http:\/\/staging.ibermusicas.org\/wp-content\/uploads\/2020\/04\/PERU.eps\" target=\"_blank\" rel=\"noopener noreferrer\">Baixar<\/a><\/td><td><a tabindex=\"-1\" href=\"http:\/\/staging.ibermusicas.org\/wp-content\/uploads\/2020\/04\/PERU5.mp4\" target=\"_blank\" rel=\"noopener noreferrer\">Baixar<\/a><\/td><\/tr><tr><td>Portugal<\/td><td><a tabindex=\"-1\" href=\"http:\/\/staging.ibermusicas.org\/wp-content\/uploads\/2020\/04\/PORTUGAL-1.png\" target=\"_blank\" rel=\"noopener noreferrer\">Baixar<\/a><\/td><td><a tabindex=\"-1\" href=\"http:\/\/staging.ibermusicas.org\/wp-content\/uploads\/2020\/04\/PORTUGAL.eps\" target=\"_blank\" rel=\"noopener noreferrer\">Baixar<\/a><\/td><td><a tabindex=\"-1\" href=\"http:\/\/staging.ibermusicas.org\/wp-content\/uploads\/2020\/04\/PORTUGAL5.mp4\" target=\"_blank\" rel=\"noopener noreferrer\">Baixar<\/a><\/td><\/tr><tr><td>Uruguay<\/td><td><a tabindex=\"-1\" href=\"http:\/\/staging.ibermusicas.org\/wp-content\/uploads\/2020\/04\/URUGUAY1.png\" target=\"_blank\" rel=\"noopener noreferrer\">Baixar<\/a><\/td><td><a tabindex=\"-1\" href=\"http:\/\/staging.ibermusicas.org\/wp-content\/uploads\/2020\/04\/URUGUAY1.eps\" target=\"_blank\" rel=\"noopener noreferrer\">Baixar<\/a><\/td><td><a tabindex=\"-1\" href=\"http:\/\/staging.ibermusicas.org\/wp-content\/uploads\/2020\/04\/URUGUAY6.mp4\" target=\"_blank\" rel=\"noopener noreferrer\">Baixar<\/a><\/td><\/tr><tr><td>Venezuela<\/td><td><a tabindex=\"-1\" href=\"http:\/\/staging.ibermusicas.org\/wp-content\/uploads\/2020\/04\/VENEZUELA-1.png\" target=\"_blank\" rel=\"noopener noreferrer\">Baixar<\/a><\/td><td><a tabindex=\"-1\" href=\"http:\/\/staging.ibermusicas.org\/wp-content\/uploads\/2020\/04\/VENEZUELA.eps\" target=\"_blank\" rel=\"noopener noreferrer\">Baixar<\/a><\/td><td><a tabindex=\"-1\" href=\"http:\/\/staging.ibermusicas.org\/wp-content\/uploads\/2020\/04\/VENEZUELA5.mp4\" target=\"_blank\" rel=\"noopener noreferrer\">Baixar<\/a><\/td><\/tr><tr><td>Viagens pela m\u00fasica<br>\nem l\u00edngua portuguesa<\/td><td><a tabindex=\"-1\" href=\"http:\/\/staging.ibermusicas.org\/wp-content\/uploads\/2020\/04\/CPLP.png\" target=\"_blank\" rel=\"noopener noreferrer\">Baixar<\/a><\/td><td><a tabindex=\"-1\" href=\"http:\/\/staging.ibermusicas.org\/wp-content\/uploads\/2020\/04\/CPLP.eps\" target=\"_blank\" rel=\"noopener noreferrer\">Baixar<\/a><\/td><td><a tabindex=\"-1\" href=\"http:\/\/staging.ibermusicas.org\/wp-content\/uploads\/2020\/04\/CPLP5.mp4\" target=\"_blank\" rel=\"noopener noreferrer\">Baixar<\/a><\/td><\/tr><\/tbody><\/table><\/figure>\n\n\n\n<div class=\"wp-block-buttons is-layout-flex wp-block-buttons-is-layout-flex\">\n<div class=\"wp-block-button\"><a class=\"wp-block-button__link wp-element-button\" tabindex=\"-1\" href=\"https:\/\/www.ibermusicas.org\/wp-content\/uploads\/2020\/04\/IBERMUSICAS-ID-Manual-de-uso.pdf\">Baixar aqui o manual do logotipo da Iberm\u00fasicas<\/a><\/div>\n<\/div>\n<\/div><\/div>\n<\/div>\n","protected":false},"excerpt":{"rendered":"","protected":false},"author":1,"featured_media":0,"parent":0,"menu_order":0,"comment_status":"closed","ping_status":"closed","template":"","meta":{"footnotes":""},"class_list":["post-2296","page","type-page","status-publish","hentry"],"lang":"pt","translations":{"pt":2296,"es":450},"pll_sync_post":[],"post_mailing_queue_ids":[],"_links":{"self":[{"href":"http:\/\/staging.ibermusicas.org\/index.php\/wp-json\/wp\/v2\/pages\/2296","targetHints":{"allow":["GET"]}}],"collection":[{"href":"http:\/\/staging.ibermusicas.org\/index.php\/wp-json\/wp\/v2\/pages"}],"about":[{"href":"http:\/\/staging.ibermusicas.org\/index.php\/wp-json\/wp\/v2\/types\/page"}],"author":[{"embeddable":true,"href":"http:\/\/staging.ibermusicas.org\/index.php\/wp-json\/wp\/v2\/users\/1"}],"replies":[{"embeddable":true,"href":"http:\/\/staging.ibermusicas.org\/index.php\/wp-json\/wp\/v2\/comments?post=2296"}],"version-history":[{"count":197,"href":"http:\/\/staging.ibermusicas.org\/index.php\/wp-json\/wp\/v2\/pages\/2296\/revisions"}],"predecessor-version":[{"id":25179,"href":"http:\/\/staging.ibermusicas.org\/index.php\/wp-json\/wp\/v2\/pages\/2296\/revisions\/25179"}],"wp:attachment":[{"href":"http:\/\/staging.ibermusicas.org\/index.php\/wp-json\/wp\/v2\/media?parent=2296"}],"curies":[{"name":"wp","href":"https:\/\/api.w.org\/{rel}","templated":true}]}}