{"id":2315,"date":"2020-04-29T00:24:28","date_gmt":"2020-04-29T00:24:28","guid":{"rendered":"http:\/\/35.173.133.8\/?page_id=2315"},"modified":"2025-07-02T20:53:00","modified_gmt":"2025-07-02T20:53:00","slug":"noticias-pt","status":"publish","type":"page","link":"http:\/\/staging.ibermusicas.org\/index.php\/noticias-pt\/","title":{"rendered":"Not\u00edcias"},"content":{"rendered":"\n<div class=\"wp-block-query is-layout-flow wp-block-query-is-layout-flow\"><ul class=\"wp-block-post-template is-layout-flow wp-block-post-template-is-layout-flow\"><li class=\"wp-block-post post-25164 post type-post status-publish format-standard has-post-thumbnail hentry category-noticias-generales-pt category-noticias-rotativas-pt\">\n\n<div class=\"wp-block-columns are-vertically-aligned-top is-style-default has-medium-font-size is-layout-flex wp-container-core-columns-is-layout-ec2e7a44 wp-block-columns-is-layout-flex\" style=\"padding-top:0;padding-bottom:0\">\n<div class=\"wp-block-column is-vertically-aligned-top is-layout-flow wp-block-column-is-layout-flow\" style=\"flex-basis:45%\"><figure style=\"aspect-ratio:4\/3;\" class=\"wp-block-post-featured-image\"><a href=\"http:\/\/staging.ibermusicas.org\/index.php\/a-pianista-e-estudante-de-cravo-chilena-matilde-mendez-zenteno-comeca-suas-aulas-intensivas-de-cravo-com-valentina-villasenor\/\" target=\"_self\"  ><img loading=\"lazy\" decoding=\"async\" width=\"1080\" height=\"1080\" src=\"http:\/\/staging.ibermusicas.org\/wp-content\/uploads\/2025\/07\/12-Matilde-Mendez.jpg\" class=\"attachment-post-thumbnail size-post-thumbnail wp-post-image\" alt=\"A pianista e estudante de cravo chilena Matilde M\u00e9ndez Zenteno come\u00e7a suas aulas intensivas de cravo com Valentina Villase\u00f1or\" style=\"width:100%;height:100%;object-fit:cover;\" srcset=\"http:\/\/staging.ibermusicas.org\/wp-content\/uploads\/2025\/07\/12-Matilde-Mendez.jpg 1080w, http:\/\/staging.ibermusicas.org\/wp-content\/uploads\/2025\/07\/12-Matilde-Mendez-300x300.jpg 300w, http:\/\/staging.ibermusicas.org\/wp-content\/uploads\/2025\/07\/12-Matilde-Mendez-1024x1024.jpg 1024w, http:\/\/staging.ibermusicas.org\/wp-content\/uploads\/2025\/07\/12-Matilde-Mendez-150x150.jpg 150w, http:\/\/staging.ibermusicas.org\/wp-content\/uploads\/2025\/07\/12-Matilde-Mendez-768x768.jpg 768w\" sizes=\"auto, (max-width: 1080px) 100vw, 1080px\" \/><\/a><\/figure><\/div>\n\n\n\n<div class=\"wp-block-column is-vertically-aligned-top is-layout-flow wp-block-column-is-layout-flow\" style=\"flex-basis:75%\"><div style=\"margin-top:0;margin-bottom:0;\" class=\"wp-block-post-date has-small-font-size\"><time datetime=\"2025-07-17T17:37:17+00:00\">17\/07\/2025<\/time><\/div>\n\n<h2 style=\"line-height:1.6; padding-top:0;padding-bottom:0;margin-top:2px;margin-bottom:2px;\" class=\"has-link-color wp-elements-cbcfab25c08aedc084bd84ee761b6b8b wp-block-post-title has-medium-font-size\"><a href=\"http:\/\/staging.ibermusicas.org\/index.php\/a-pianista-e-estudante-de-cravo-chilena-matilde-mendez-zenteno-comeca-suas-aulas-intensivas-de-cravo-com-valentina-villasenor\/\" target=\"_self\" >A pianista e estudante de cravo chilena Matilde M\u00e9ndez Zenteno come\u00e7a suas aulas intensivas de cravo com Valentina Villase\u00f1or<\/a><\/h2>\n\n<div class=\"wp-block-post-excerpt\"><p class=\"wp-block-post-excerpt__excerpt\">Esse curso intensivo quer aprofundar a t\u00e9cnica do cravo, combinando uma abordagem te\u00f3rica e pr\u00e1tica baseada em fontes hist\u00f3ricas do s\u00e9culo XVIII e in\u00edcio do&hellip; <\/p><\/div><\/div>\n<\/div>\n\n<\/li><li class=\"wp-block-post post-25159 post type-post status-publish format-standard has-post-thumbnail hentry category-noticias-generales-pt\">\n\n<div class=\"wp-block-columns are-vertically-aligned-top is-style-default has-medium-font-size is-layout-flex wp-container-core-columns-is-layout-ec2e7a44 wp-block-columns-is-layout-flex\" style=\"padding-top:0;padding-bottom:0\">\n<div class=\"wp-block-column is-vertically-aligned-top is-layout-flow wp-block-column-is-layout-flow\" style=\"flex-basis:45%\"><figure style=\"aspect-ratio:4\/3;\" class=\"wp-block-post-featured-image\"><a href=\"http:\/\/staging.ibermusicas.org\/index.php\/a-guitarrista-chilena-tamara-paz-canales-comeca-seu-curso-de-aperfeicoamento-com-a-pianista-ania-paz-na-alemanha\/\" target=\"_self\"  ><img loading=\"lazy\" decoding=\"async\" width=\"353\" height=\"523\" src=\"http:\/\/staging.ibermusicas.org\/wp-content\/uploads\/2025\/07\/11-Tamara-11.jpg\" class=\"attachment-post-thumbnail size-post-thumbnail wp-post-image\" alt=\"A guitarrista chilena Tamara Paz Canales come\u00e7a seu curso de aperfei\u00e7oamento com a pianista Ania Paz na Alemanha\" style=\"width:100%;height:100%;object-fit:cover;\" srcset=\"http:\/\/staging.ibermusicas.org\/wp-content\/uploads\/2025\/07\/11-Tamara-11.jpg 353w, http:\/\/staging.ibermusicas.org\/wp-content\/uploads\/2025\/07\/11-Tamara-11-202x300.jpg 202w\" sizes=\"auto, (max-width: 353px) 100vw, 353px\" \/><\/a><\/figure><\/div>\n\n\n\n<div class=\"wp-block-column is-vertically-aligned-top is-layout-flow wp-block-column-is-layout-flow\" style=\"flex-basis:75%\"><div style=\"margin-top:0;margin-bottom:0;\" class=\"wp-block-post-date has-small-font-size\"><time datetime=\"2025-07-17T17:34:39+00:00\">17\/07\/2025<\/time><\/div>\n\n<h2 style=\"line-height:1.6; padding-top:0;padding-bottom:0;margin-top:2px;margin-bottom:2px;\" class=\"has-link-color wp-elements-cbcfab25c08aedc084bd84ee761b6b8b wp-block-post-title has-medium-font-size\"><a href=\"http:\/\/staging.ibermusicas.org\/index.php\/a-guitarrista-chilena-tamara-paz-canales-comeca-seu-curso-de-aperfeicoamento-com-a-pianista-ania-paz-na-alemanha\/\" target=\"_self\" >A guitarrista chilena Tamara Paz Canales come\u00e7a seu curso de aperfei\u00e7oamento com a pianista Ania Paz na Alemanha<\/a><\/h2>\n\n<div class=\"wp-block-post-excerpt\"><p class=\"wp-block-post-excerpt__excerpt\">O curso de aperfei\u00e7oamento em jazz com a pianista Ania Paz em Berlim, reconhecida pela sua trajet\u00f3ria musical como instrumentista, compositora e professora de alto&hellip; <\/p><\/div><\/div>\n<\/div>\n\n<\/li><li class=\"wp-block-post post-25154 post type-post status-publish format-standard has-post-thumbnail hentry category-noticias-generales-pt category-noticias-rotativas-pt\">\n\n<div class=\"wp-block-columns are-vertically-aligned-top is-style-default has-medium-font-size is-layout-flex wp-container-core-columns-is-layout-ec2e7a44 wp-block-columns-is-layout-flex\" style=\"padding-top:0;padding-bottom:0\">\n<div class=\"wp-block-column is-vertically-aligned-top is-layout-flow wp-block-column-is-layout-flow\" style=\"flex-basis:45%\"><figure style=\"aspect-ratio:4\/3;\" class=\"wp-block-post-featured-image\"><a href=\"http:\/\/staging.ibermusicas.org\/index.php\/chega-a-primeira-convencao-internacional-de-flautas-no-mexico\/\" target=\"_self\"  ><img loading=\"lazy\" decoding=\"async\" width=\"1175\" height=\"985\" src=\"http:\/\/staging.ibermusicas.org\/wp-content\/uploads\/2025\/07\/10-Flautas-de-Mexico-41.jpg\" class=\"attachment-post-thumbnail size-post-thumbnail wp-post-image\" alt=\"Chega a Primeira Conven\u00e7\u00e3o Internacional de Flautas no M\u00e9xico\" style=\"width:100%;height:100%;object-fit:cover;\" srcset=\"http:\/\/staging.ibermusicas.org\/wp-content\/uploads\/2025\/07\/10-Flautas-de-Mexico-41.jpg 1175w, http:\/\/staging.ibermusicas.org\/wp-content\/uploads\/2025\/07\/10-Flautas-de-Mexico-41-300x251.jpg 300w, http:\/\/staging.ibermusicas.org\/wp-content\/uploads\/2025\/07\/10-Flautas-de-Mexico-41-1024x858.jpg 1024w, http:\/\/staging.ibermusicas.org\/wp-content\/uploads\/2025\/07\/10-Flautas-de-Mexico-41-768x644.jpg 768w\" sizes=\"auto, (max-width: 1175px) 100vw, 1175px\" \/><\/a><\/figure><\/div>\n\n\n\n<div class=\"wp-block-column is-vertically-aligned-top is-layout-flow wp-block-column-is-layout-flow\" style=\"flex-basis:75%\"><div style=\"margin-top:0;margin-bottom:0;\" class=\"wp-block-post-date has-small-font-size\"><time datetime=\"2025-07-17T17:30:09+00:00\">17\/07\/2025<\/time><\/div>\n\n<h2 style=\"line-height:1.6; padding-top:0;padding-bottom:0;margin-top:2px;margin-bottom:2px;\" class=\"has-link-color wp-elements-cbcfab25c08aedc084bd84ee761b6b8b wp-block-post-title has-medium-font-size\"><a href=\"http:\/\/staging.ibermusicas.org\/index.php\/chega-a-primeira-convencao-internacional-de-flautas-no-mexico\/\" target=\"_self\" >Chega a Primeira Conven\u00e7\u00e3o Internacional de Flautas no M\u00e9xico<\/a><\/h2>\n\n<div class=\"wp-block-post-excerpt\"><p class=\"wp-block-post-excerpt__excerpt\">A Primeira Conven\u00e7\u00e3o Internacional de Flauta no M\u00e9xico vai rolar no Instituto Superior de M\u00fasica do Estado de Veracruz. Artistas de renome nacional e internacional&hellip; <\/p><\/div><\/div>\n<\/div>\n\n<\/li><li class=\"wp-block-post post-25149 post type-post status-publish format-standard has-post-thumbnail hentry category-noticias-generales-pt category-noticias-rotativas-pt\">\n\n<div class=\"wp-block-columns are-vertically-aligned-top is-style-default has-medium-font-size is-layout-flex wp-container-core-columns-is-layout-ec2e7a44 wp-block-columns-is-layout-flex\" style=\"padding-top:0;padding-bottom:0\">\n<div class=\"wp-block-column is-vertically-aligned-top is-layout-flow wp-block-column-is-layout-flow\" style=\"flex-basis:45%\"><figure style=\"aspect-ratio:4\/3;\" class=\"wp-block-post-featured-image\"><a href=\"http:\/\/staging.ibermusicas.org\/index.php\/o-grupo-arpas-de-malaga-vai-se-apresentar-no-rioharpfestival-no-brasil\/\" target=\"_self\"  ><img loading=\"lazy\" decoding=\"async\" width=\"1034\" height=\"744\" src=\"http:\/\/staging.ibermusicas.org\/wp-content\/uploads\/2025\/07\/9-arpas-de-malaga-11.jpg\" class=\"attachment-post-thumbnail size-post-thumbnail wp-post-image\" alt=\"O grupo Arpas de M\u00e1laga vai se apresentar no RioHarpFestival no Brasil\" style=\"width:100%;height:100%;object-fit:cover;\" srcset=\"http:\/\/staging.ibermusicas.org\/wp-content\/uploads\/2025\/07\/9-arpas-de-malaga-11.jpg 1034w, http:\/\/staging.ibermusicas.org\/wp-content\/uploads\/2025\/07\/9-arpas-de-malaga-11-300x216.jpg 300w, http:\/\/staging.ibermusicas.org\/wp-content\/uploads\/2025\/07\/9-arpas-de-malaga-11-1024x737.jpg 1024w, http:\/\/staging.ibermusicas.org\/wp-content\/uploads\/2025\/07\/9-arpas-de-malaga-11-768x553.jpg 768w\" sizes=\"auto, (max-width: 1034px) 100vw, 1034px\" \/><\/a><\/figure><\/div>\n\n\n\n<div class=\"wp-block-column is-vertically-aligned-top is-layout-flow wp-block-column-is-layout-flow\" style=\"flex-basis:75%\"><div style=\"margin-top:0;margin-bottom:0;\" class=\"wp-block-post-date has-small-font-size\"><time datetime=\"2025-07-17T17:23:45+00:00\">17\/07\/2025<\/time><\/div>\n\n<h2 style=\"line-height:1.6; padding-top:0;padding-bottom:0;margin-top:2px;margin-bottom:2px;\" class=\"has-link-color wp-elements-cbcfab25c08aedc084bd84ee761b6b8b wp-block-post-title has-medium-font-size\"><a href=\"http:\/\/staging.ibermusicas.org\/index.php\/o-grupo-arpas-de-malaga-vai-se-apresentar-no-rioharpfestival-no-brasil\/\" target=\"_self\" >O grupo Arpas de M\u00e1laga vai se apresentar no RioHarpFestival no Brasil<\/a><\/h2>\n\n<div class=\"wp-block-post-excerpt\"><p class=\"wp-block-post-excerpt__excerpt\">Arpas de M\u00e1laga \u00e9 um grupo \u00fanico por causa das suas caracter\u00edsticas especiais. Foi criado h\u00e1 mais de dez por Lidia del R\u00edo de Miguel,&hellip; <\/p><\/div><\/div>\n<\/div>\n\n<\/li><li class=\"wp-block-post post-25144 post type-post status-publish format-standard has-post-thumbnail hentry category-noticias-generales-pt category-noticias-rotativas-pt\">\n\n<div class=\"wp-block-columns are-vertically-aligned-top is-style-default has-medium-font-size is-layout-flex wp-container-core-columns-is-layout-ec2e7a44 wp-block-columns-is-layout-flex\" style=\"padding-top:0;padding-bottom:0\">\n<div class=\"wp-block-column is-vertically-aligned-top is-layout-flow wp-block-column-is-layout-flow\" style=\"flex-basis:45%\"><figure style=\"aspect-ratio:4\/3;\" class=\"wp-block-post-featured-image\"><a href=\"http:\/\/staging.ibermusicas.org\/index.php\/o-ensemble-palito-miranda-do-paraguai-apresenta-seu-novo-album-ida-y-vuelta\/\" target=\"_self\"  ><img loading=\"lazy\" decoding=\"async\" width=\"1090\" height=\"634\" src=\"http:\/\/staging.ibermusicas.org\/wp-content\/uploads\/2025\/07\/8-Palito-Miranda-21.jpg\" class=\"attachment-post-thumbnail size-post-thumbnail wp-post-image\" alt=\"O Ensemble Palito Miranda do Paraguai apresenta seu novo \u00e1lbum \u201cIda y Vuelta\u201d\" style=\"width:100%;height:100%;object-fit:cover;\" srcset=\"http:\/\/staging.ibermusicas.org\/wp-content\/uploads\/2025\/07\/8-Palito-Miranda-21.jpg 1090w, http:\/\/staging.ibermusicas.org\/wp-content\/uploads\/2025\/07\/8-Palito-Miranda-21-300x174.jpg 300w, http:\/\/staging.ibermusicas.org\/wp-content\/uploads\/2025\/07\/8-Palito-Miranda-21-1024x596.jpg 1024w, http:\/\/staging.ibermusicas.org\/wp-content\/uploads\/2025\/07\/8-Palito-Miranda-21-768x447.jpg 768w\" sizes=\"auto, (max-width: 1090px) 100vw, 1090px\" \/><\/a><\/figure><\/div>\n\n\n\n<div class=\"wp-block-column is-vertically-aligned-top is-layout-flow wp-block-column-is-layout-flow\" style=\"flex-basis:75%\"><div style=\"margin-top:0;margin-bottom:0;\" class=\"wp-block-post-date has-small-font-size\"><time datetime=\"2025-07-17T17:17:39+00:00\">17\/07\/2025<\/time><\/div>\n\n<h2 style=\"line-height:1.6; padding-top:0;padding-bottom:0;margin-top:2px;margin-bottom:2px;\" class=\"has-link-color wp-elements-cbcfab25c08aedc084bd84ee761b6b8b wp-block-post-title has-medium-font-size\"><a href=\"http:\/\/staging.ibermusicas.org\/index.php\/o-ensemble-palito-miranda-do-paraguai-apresenta-seu-novo-album-ida-y-vuelta\/\" target=\"_self\" >O Ensemble Palito Miranda do Paraguai apresenta seu novo \u00e1lbum \u201cIda y Vuelta\u201d<\/a><\/h2>\n\n<div class=\"wp-block-post-excerpt\"><p class=\"wp-block-post-excerpt__excerpt\">O projeto de jazz paraguaio Ensemble Palito Miranda apresenta seu segundo \u00e1lbum de est\u00fadio, que conta com v\u00e1rias colabora\u00e7\u00f5es de m\u00fasicos incr\u00edveis da Am\u00e9rica Latina.&hellip; <\/p><\/div><\/div>\n<\/div>\n\n<\/li><li class=\"wp-block-post post-25139 post type-post status-publish format-standard has-post-thumbnail hentry category-noticias-generales-pt category-noticias-rotativas-pt\">\n\n<div class=\"wp-block-columns are-vertically-aligned-top is-style-default has-medium-font-size is-layout-flex wp-container-core-columns-is-layout-ec2e7a44 wp-block-columns-is-layout-flex\" style=\"padding-top:0;padding-bottom:0\">\n<div class=\"wp-block-column is-vertically-aligned-top is-layout-flow wp-block-column-is-layout-flow\" style=\"flex-basis:45%\"><figure style=\"aspect-ratio:4\/3;\" class=\"wp-block-post-featured-image\"><a href=\"http:\/\/staging.ibermusicas.org\/index.php\/a-artista-cubana-annalie-lopez-azucena-vai-participar-da-turne-cancioneras-paraguai-argentina-em-varias-cidades-dos-dois-paises\/\" target=\"_self\"  ><img loading=\"lazy\" decoding=\"async\" width=\"1080\" height=\"1350\" src=\"http:\/\/staging.ibermusicas.org\/wp-content\/uploads\/2025\/07\/7-Azucena.jpg\" class=\"attachment-post-thumbnail size-post-thumbnail wp-post-image\" alt=\"A artista cubana Annalie L\u00f3pez \u201cAzucena\u201d vai participar da \u201cTurn\u00ea Cancioneras Paraguai\/Argentina\u201d em v\u00e1rias cidades dos dois pa\u00edses\" style=\"width:100%;height:100%;object-fit:cover;\" srcset=\"http:\/\/staging.ibermusicas.org\/wp-content\/uploads\/2025\/07\/7-Azucena.jpg 1080w, http:\/\/staging.ibermusicas.org\/wp-content\/uploads\/2025\/07\/7-Azucena-240x300.jpg 240w, http:\/\/staging.ibermusicas.org\/wp-content\/uploads\/2025\/07\/7-Azucena-819x1024.jpg 819w, http:\/\/staging.ibermusicas.org\/wp-content\/uploads\/2025\/07\/7-Azucena-768x960.jpg 768w\" sizes=\"auto, (max-width: 1080px) 100vw, 1080px\" \/><\/a><\/figure><\/div>\n\n\n\n<div class=\"wp-block-column is-vertically-aligned-top is-layout-flow wp-block-column-is-layout-flow\" style=\"flex-basis:75%\"><div style=\"margin-top:0;margin-bottom:0;\" class=\"wp-block-post-date has-small-font-size\"><time datetime=\"2025-07-17T17:13:57+00:00\">17\/07\/2025<\/time><\/div>\n\n<h2 style=\"line-height:1.6; padding-top:0;padding-bottom:0;margin-top:2px;margin-bottom:2px;\" class=\"has-link-color wp-elements-cbcfab25c08aedc084bd84ee761b6b8b wp-block-post-title has-medium-font-size\"><a href=\"http:\/\/staging.ibermusicas.org\/index.php\/a-artista-cubana-annalie-lopez-azucena-vai-participar-da-turne-cancioneras-paraguai-argentina-em-varias-cidades-dos-dois-paises\/\" target=\"_self\" >A artista cubana Annalie L\u00f3pez \u201cAzucena\u201d vai participar da \u201cTurn\u00ea Cancioneras Paraguai\/Argentina\u201d em v\u00e1rias cidades dos dois pa\u00edses<\/a><\/h2>\n\n<div class=\"wp-block-post-excerpt\"><p class=\"wp-block-post-excerpt__excerpt\">Com um registro grave na voz de contralto e sempre com seu viol\u00e3o, a talentosa cantora e compositora cubana Annalie L\u00f3pez adora as cores da&hellip; <\/p><\/div><\/div>\n<\/div>\n\n<\/li><li class=\"wp-block-post post-25134 post type-post status-publish format-standard has-post-thumbnail hentry category-noticias-generales-pt\">\n\n<div class=\"wp-block-columns are-vertically-aligned-top is-style-default has-medium-font-size is-layout-flex wp-container-core-columns-is-layout-ec2e7a44 wp-block-columns-is-layout-flex\" style=\"padding-top:0;padding-bottom:0\">\n<div class=\"wp-block-column is-vertically-aligned-top is-layout-flow wp-block-column-is-layout-flow\" style=\"flex-basis:45%\"><figure style=\"aspect-ratio:4\/3;\" class=\"wp-block-post-featured-image\"><a href=\"http:\/\/staging.ibermusicas.org\/index.php\/a-edicao-de-2025-do-festival-bach-sul-americano-vai-rolar-em-assuncao-no-paraguai\/\" target=\"_self\"  ><img loading=\"lazy\" decoding=\"async\" width=\"1080\" height=\"1350\" src=\"http:\/\/staging.ibermusicas.org\/wp-content\/uploads\/2025\/07\/6-Festival-Bach-Paraguay-1.jpg\" class=\"attachment-post-thumbnail size-post-thumbnail wp-post-image\" alt=\"A edi\u00e7\u00e3o de 2025 do Festival Bach Sul-Americano vai rolar em Assun\u00e7\u00e3o, no Paraguai\" style=\"width:100%;height:100%;object-fit:cover;\" srcset=\"http:\/\/staging.ibermusicas.org\/wp-content\/uploads\/2025\/07\/6-Festival-Bach-Paraguay-1.jpg 1080w, http:\/\/staging.ibermusicas.org\/wp-content\/uploads\/2025\/07\/6-Festival-Bach-Paraguay-1-240x300.jpg 240w, http:\/\/staging.ibermusicas.org\/wp-content\/uploads\/2025\/07\/6-Festival-Bach-Paraguay-1-819x1024.jpg 819w, http:\/\/staging.ibermusicas.org\/wp-content\/uploads\/2025\/07\/6-Festival-Bach-Paraguay-1-768x960.jpg 768w\" sizes=\"auto, (max-width: 1080px) 100vw, 1080px\" \/><\/a><\/figure><\/div>\n\n\n\n<div class=\"wp-block-column is-vertically-aligned-top is-layout-flow wp-block-column-is-layout-flow\" style=\"flex-basis:75%\"><div style=\"margin-top:0;margin-bottom:0;\" class=\"wp-block-post-date has-small-font-size\"><time datetime=\"2025-07-17T17:08:45+00:00\">17\/07\/2025<\/time><\/div>\n\n<h2 style=\"line-height:1.6; padding-top:0;padding-bottom:0;margin-top:2px;margin-bottom:2px;\" class=\"has-link-color wp-elements-cbcfab25c08aedc084bd84ee761b6b8b wp-block-post-title has-medium-font-size\"><a href=\"http:\/\/staging.ibermusicas.org\/index.php\/a-edicao-de-2025-do-festival-bach-sul-americano-vai-rolar-em-assuncao-no-paraguai\/\" target=\"_self\" >A edi\u00e7\u00e3o de 2025 do Festival Bach Sul-Americano vai rolar em Assun\u00e7\u00e3o, no Paraguai<\/a><\/h2>\n\n<div class=\"wp-block-post-excerpt\"><p class=\"wp-block-post-excerpt__excerpt\">A Sociedade Bach do Paraguai, com o apoio do Iberm\u00fasicas, est\u00e1 organizando a segunda edi\u00e7\u00e3o do Festival Bach Sul-Americano, que vai ter concertos, aulas magistrais,&hellip; <\/p><\/div><\/div>\n<\/div>\n\n<\/li><li class=\"wp-block-post post-25129 post type-post status-publish format-standard has-post-thumbnail hentry category-noticias-generales-pt category-noticias-rotativas-pt\">\n\n<div class=\"wp-block-columns are-vertically-aligned-top is-style-default has-medium-font-size is-layout-flex wp-container-core-columns-is-layout-ec2e7a44 wp-block-columns-is-layout-flex\" style=\"padding-top:0;padding-bottom:0\">\n<div class=\"wp-block-column is-vertically-aligned-top is-layout-flow wp-block-column-is-layout-flow\" style=\"flex-basis:45%\"><figure style=\"aspect-ratio:4\/3;\" class=\"wp-block-post-featured-image\"><a href=\"http:\/\/staging.ibermusicas.org\/index.php\/celebrando-musica-e-cultura-o-festival-mimo-apresenta-sua-sexta-edicao-portuguesa-em-amarante\/\" target=\"_self\"  ><img loading=\"lazy\" decoding=\"async\" width=\"1073\" height=\"478\" src=\"http:\/\/staging.ibermusicas.org\/wp-content\/uploads\/2025\/07\/5-MIMO-11.jpg\" class=\"attachment-post-thumbnail size-post-thumbnail wp-post-image\" alt=\"Celebrando m\u00fasica e cultura, o Festival MIMO! apresenta sua sexta edi\u00e7\u00e3o portuguesa em Amarante\" style=\"width:100%;height:100%;object-fit:cover;\" srcset=\"http:\/\/staging.ibermusicas.org\/wp-content\/uploads\/2025\/07\/5-MIMO-11.jpg 1073w, http:\/\/staging.ibermusicas.org\/wp-content\/uploads\/2025\/07\/5-MIMO-11-300x134.jpg 300w, http:\/\/staging.ibermusicas.org\/wp-content\/uploads\/2025\/07\/5-MIMO-11-1024x456.jpg 1024w, http:\/\/staging.ibermusicas.org\/wp-content\/uploads\/2025\/07\/5-MIMO-11-768x342.jpg 768w\" sizes=\"auto, (max-width: 1073px) 100vw, 1073px\" \/><\/a><\/figure><\/div>\n\n\n\n<div class=\"wp-block-column is-vertically-aligned-top is-layout-flow wp-block-column-is-layout-flow\" style=\"flex-basis:75%\"><div style=\"margin-top:0;margin-bottom:0;\" class=\"wp-block-post-date has-small-font-size\"><time datetime=\"2025-07-17T17:04:28+00:00\">17\/07\/2025<\/time><\/div>\n\n<h2 style=\"line-height:1.6; padding-top:0;padding-bottom:0;margin-top:2px;margin-bottom:2px;\" class=\"has-link-color wp-elements-cbcfab25c08aedc084bd84ee761b6b8b wp-block-post-title has-medium-font-size\"><a href=\"http:\/\/staging.ibermusicas.org\/index.php\/celebrando-musica-e-cultura-o-festival-mimo-apresenta-sua-sexta-edicao-portuguesa-em-amarante\/\" target=\"_self\" >Celebrando m\u00fasica e cultura, o Festival MIMO! apresenta sua sexta edi\u00e7\u00e3o portuguesa em Amarante<\/a><\/h2>\n\n<div class=\"wp-block-post-excerpt\"><p class=\"wp-block-post-excerpt__excerpt\">A 6a edi\u00e7\u00e3o do MIMO em Portugal, volta a acontecer na cidade de Amarante e vai celebrar a cultura e a m\u00fasica do mundo, com&hellip; <\/p><\/div><\/div>\n<\/div>\n\n<\/li><li class=\"wp-block-post post-25124 post type-post status-publish format-standard has-post-thumbnail hentry category-noticias-generales-pt category-noticias-rotativas-pt\">\n\n<div class=\"wp-block-columns are-vertically-aligned-top is-style-default has-medium-font-size is-layout-flex wp-container-core-columns-is-layout-ec2e7a44 wp-block-columns-is-layout-flex\" style=\"padding-top:0;padding-bottom:0\">\n<div class=\"wp-block-column is-vertically-aligned-top is-layout-flow wp-block-column-is-layout-flow\" style=\"flex-basis:45%\"><figure style=\"aspect-ratio:4\/3;\" class=\"wp-block-post-featured-image\"><a href=\"http:\/\/staging.ibermusicas.org\/index.php\/yuly-alexandra-pinzon-casallas-da-colombia-participa-da-realizacao-do-festival-yaabilaj-paax-encontro-peninsular-de-mulheres-na-musica-amor-e-coragem-em-jose-maria-morelos-quin\/\" target=\"_self\"  ><img loading=\"lazy\" decoding=\"async\" width=\"1012\" height=\"1265\" src=\"http:\/\/staging.ibermusicas.org\/wp-content\/uploads\/2025\/07\/4-Yuly-Alexandra-Pinzon-Casallas1.jpg\" class=\"attachment-post-thumbnail size-post-thumbnail wp-post-image\" alt=\"Yuly Alexandra Pinz\u00f3n Casallas, da Col\u00f4mbia, participa da realiza\u00e7\u00e3o do festival \u201cYaabilaj Paax, Encontro Peninsular de Mulheres na M\u00fasica: Amor e Coragem\u201d em Jos\u00e9 Mar\u00eda Morelos &#8211; Quintana Roo, M\u00e9xico\" style=\"width:100%;height:100%;object-fit:cover;\" srcset=\"http:\/\/staging.ibermusicas.org\/wp-content\/uploads\/2025\/07\/4-Yuly-Alexandra-Pinzon-Casallas1.jpg 1012w, http:\/\/staging.ibermusicas.org\/wp-content\/uploads\/2025\/07\/4-Yuly-Alexandra-Pinzon-Casallas1-240x300.jpg 240w, http:\/\/staging.ibermusicas.org\/wp-content\/uploads\/2025\/07\/4-Yuly-Alexandra-Pinzon-Casallas1-819x1024.jpg 819w, http:\/\/staging.ibermusicas.org\/wp-content\/uploads\/2025\/07\/4-Yuly-Alexandra-Pinzon-Casallas1-768x960.jpg 768w\" sizes=\"auto, (max-width: 1012px) 100vw, 1012px\" \/><\/a><\/figure><\/div>\n\n\n\n<div class=\"wp-block-column is-vertically-aligned-top is-layout-flow wp-block-column-is-layout-flow\" style=\"flex-basis:75%\"><div style=\"margin-top:0;margin-bottom:0;\" class=\"wp-block-post-date has-small-font-size\"><time datetime=\"2025-07-17T11:52:59+00:00\">17\/07\/2025<\/time><\/div>\n\n<h2 style=\"line-height:1.6; padding-top:0;padding-bottom:0;margin-top:2px;margin-bottom:2px;\" class=\"has-link-color wp-elements-cbcfab25c08aedc084bd84ee761b6b8b wp-block-post-title has-medium-font-size\"><a href=\"http:\/\/staging.ibermusicas.org\/index.php\/yuly-alexandra-pinzon-casallas-da-colombia-participa-da-realizacao-do-festival-yaabilaj-paax-encontro-peninsular-de-mulheres-na-musica-amor-e-coragem-em-jose-maria-morelos-quin\/\" target=\"_self\" >Yuly Alexandra Pinz\u00f3n Casallas, da Col\u00f4mbia, participa da realiza\u00e7\u00e3o do festival \u201cYaabilaj Paax, Encontro Peninsular de Mulheres na M\u00fasica: Amor e Coragem\u201d em Jos\u00e9 Mar\u00eda Morelos &#8211; Quintana Roo, M\u00e9xico<\/a><\/h2>\n\n<div class=\"wp-block-post-excerpt\"><p class=\"wp-block-post-excerpt__excerpt\">A licenciada em m\u00fasica, bandolista, professora e pesquisadora colombiana Yuly Alexandra Pinz\u00f3n Casallas, juntamente com a licenciatura em Gest\u00e3o e Desenvolvimento das Artes da Universidade&hellip; <\/p><\/div><\/div>\n<\/div>\n\n<\/li><li class=\"wp-block-post post-25118 post type-post status-publish format-standard has-post-thumbnail hentry category-noticias-generales-pt category-noticias-rotativas-pt\">\n\n<div class=\"wp-block-columns are-vertically-aligned-top is-style-default has-medium-font-size is-layout-flex wp-container-core-columns-is-layout-ec2e7a44 wp-block-columns-is-layout-flex\" style=\"padding-top:0;padding-bottom:0\">\n<div class=\"wp-block-column is-vertically-aligned-top is-layout-flow wp-block-column-is-layout-flow\" style=\"flex-basis:45%\"><figure style=\"aspect-ratio:4\/3;\" class=\"wp-block-post-featured-image\"><a href=\"http:\/\/staging.ibermusicas.org\/index.php\/faca-parte-do-catalogo-ibero-americano-de-partituras-nao-perca-a-oportunidade-de-levar-sua-musica-a-programadores-orquestras-e-teatros-de-todo-o-mundo\/\" target=\"_self\"  ><img loading=\"lazy\" decoding=\"async\" width=\"2250\" height=\"2251\" src=\"http:\/\/staging.ibermusicas.org\/wp-content\/uploads\/2025\/07\/2024-_IBER-fly-CATPart-1080x1080-01-PR.png\" class=\"attachment-post-thumbnail size-post-thumbnail wp-post-image\" alt=\"Fa\u00e7a parte do Cat\u00e1logo Ibero-Americano de Partituras! N\u00e3o perca a oportunidade de levar sua m\u00fasica a programadores, orquestras e teatros de todo o mundo\" style=\"width:100%;height:100%;object-fit:cover;\" srcset=\"http:\/\/staging.ibermusicas.org\/wp-content\/uploads\/2025\/07\/2024-_IBER-fly-CATPart-1080x1080-01-PR.png 2250w, http:\/\/staging.ibermusicas.org\/wp-content\/uploads\/2025\/07\/2024-_IBER-fly-CATPart-1080x1080-01-PR-300x300.png 300w, http:\/\/staging.ibermusicas.org\/wp-content\/uploads\/2025\/07\/2024-_IBER-fly-CATPart-1080x1080-01-PR-1024x1024.png 1024w, http:\/\/staging.ibermusicas.org\/wp-content\/uploads\/2025\/07\/2024-_IBER-fly-CATPart-1080x1080-01-PR-150x150.png 150w, http:\/\/staging.ibermusicas.org\/wp-content\/uploads\/2025\/07\/2024-_IBER-fly-CATPart-1080x1080-01-PR-768x768.png 768w, http:\/\/staging.ibermusicas.org\/wp-content\/uploads\/2025\/07\/2024-_IBER-fly-CATPart-1080x1080-01-PR-1536x1536.png 1536w, http:\/\/staging.ibermusicas.org\/wp-content\/uploads\/2025\/07\/2024-_IBER-fly-CATPart-1080x1080-01-PR-2048x2048.png 2048w\" sizes=\"auto, (max-width: 2250px) 100vw, 2250px\" \/><\/a><\/figure><\/div>\n\n\n\n<div class=\"wp-block-column is-vertically-aligned-top is-layout-flow wp-block-column-is-layout-flow\" style=\"flex-basis:75%\"><div style=\"margin-top:0;margin-bottom:0;\" class=\"wp-block-post-date has-small-font-size\"><time datetime=\"2025-07-17T11:33:44+00:00\">17\/07\/2025<\/time><\/div>\n\n<h2 style=\"line-height:1.6; padding-top:0;padding-bottom:0;margin-top:2px;margin-bottom:2px;\" class=\"has-link-color wp-elements-cbcfab25c08aedc084bd84ee761b6b8b wp-block-post-title has-medium-font-size\"><a href=\"http:\/\/staging.ibermusicas.org\/index.php\/faca-parte-do-catalogo-ibero-americano-de-partituras-nao-perca-a-oportunidade-de-levar-sua-musica-a-programadores-orquestras-e-teatros-de-todo-o-mundo\/\" target=\"_self\" >Fa\u00e7a parte do Cat\u00e1logo Ibero-Americano de Partituras! N\u00e3o perca a oportunidade de levar sua m\u00fasica a programadores, orquestras e teatros de todo o mundo<\/a><\/h2>\n\n<div class=\"wp-block-post-excerpt\"><p class=\"wp-block-post-excerpt__excerpt\">Convidamos compositores, editoras e universidades a participarem do Cat\u00e1logo Ibero-Americano de Partituras fazendo o upload das partituras de suas obras de forma gratuita e acess\u00edvel.&hellip; <\/p><\/div><\/div>\n<\/div>\n\n<\/li><li class=\"wp-block-post post-25113 post type-post status-publish format-standard has-post-thumbnail hentry category-noticias-generales-pt\">\n\n<div class=\"wp-block-columns are-vertically-aligned-top is-style-default has-medium-font-size is-layout-flex wp-container-core-columns-is-layout-ec2e7a44 wp-block-columns-is-layout-flex\" style=\"padding-top:0;padding-bottom:0\">\n<div class=\"wp-block-column is-vertically-aligned-top is-layout-flow wp-block-column-is-layout-flow\" style=\"flex-basis:45%\"><figure style=\"aspect-ratio:4\/3;\" class=\"wp-block-post-featured-image\"><a href=\"http:\/\/staging.ibermusicas.org\/index.php\/hoje-recomendamos-a-playlist-criada-por-javier-marin-da-venezuela-para-identidades-sonoras-ii\/\" target=\"_self\"  ><img loading=\"lazy\" decoding=\"async\" width=\"201\" height=\"251\" src=\"http:\/\/staging.ibermusicas.org\/wp-content\/uploads\/2025\/07\/2-Venezuela-Javier-Marin-1.jpg\" class=\"attachment-post-thumbnail size-post-thumbnail wp-post-image\" alt=\"Hoje recomendamos a playlist criada por Javier Mar\u00edn da Venezuela para Identidades Sonoras II\" style=\"width:100%;height:100%;object-fit:cover;\" \/><\/a><\/figure><\/div>\n\n\n\n<div class=\"wp-block-column is-vertically-aligned-top is-layout-flow wp-block-column-is-layout-flow\" style=\"flex-basis:75%\"><div style=\"margin-top:0;margin-bottom:0;\" class=\"wp-block-post-date has-small-font-size\"><time datetime=\"2025-07-12T22:18:33+00:00\">12\/07\/2025<\/time><\/div>\n\n<h2 style=\"line-height:1.6; padding-top:0;padding-bottom:0;margin-top:2px;margin-bottom:2px;\" class=\"has-link-color wp-elements-cbcfab25c08aedc084bd84ee761b6b8b wp-block-post-title has-medium-font-size\"><a href=\"http:\/\/staging.ibermusicas.org\/index.php\/hoje-recomendamos-a-playlist-criada-por-javier-marin-da-venezuela-para-identidades-sonoras-ii\/\" target=\"_self\" >Hoje recomendamos a playlist criada por Javier Mar\u00edn da Venezuela para Identidades Sonoras II<\/a><\/h2>\n\n<div class=\"wp-block-post-excerpt\"><p class=\"wp-block-post-excerpt__excerpt\">Temos o peito aberto como a vasta costa do Caribe. Esta \u00e9 a Venezuela para aqueles que se atrevem a descobri-la e viv\u00ea-la, bem como&hellip; <\/p><\/div><\/div>\n<\/div>\n\n<\/li><li class=\"wp-block-post post-25108 post type-post status-publish format-standard has-post-thumbnail hentry category-noticias-generales-pt\">\n\n<div class=\"wp-block-columns are-vertically-aligned-top is-style-default has-medium-font-size is-layout-flex wp-container-core-columns-is-layout-ec2e7a44 wp-block-columns-is-layout-flex\" style=\"padding-top:0;padding-bottom:0\">\n<div class=\"wp-block-column is-vertically-aligned-top is-layout-flow wp-block-column-is-layout-flow\" style=\"flex-basis:45%\"><figure style=\"aspect-ratio:4\/3;\" class=\"wp-block-post-featured-image\"><a href=\"http:\/\/staging.ibermusicas.org\/index.php\/ibermusicas-esteve-presente-no-sunfest-festival-do-canada\/\" target=\"_self\"  ><img loading=\"lazy\" decoding=\"async\" width=\"255\" height=\"330\" src=\"http:\/\/staging.ibermusicas.org\/wp-content\/uploads\/2025\/07\/9-SUNFEST.jpg\" class=\"attachment-post-thumbnail size-post-thumbnail wp-post-image\" alt=\"Iberm\u00fasicas esteve presente no Sunfest Festival do Canad\u00e1\" style=\"width:100%;height:100%;object-fit:cover;\" srcset=\"http:\/\/staging.ibermusicas.org\/wp-content\/uploads\/2025\/07\/9-SUNFEST.jpg 255w, http:\/\/staging.ibermusicas.org\/wp-content\/uploads\/2025\/07\/9-SUNFEST-232x300.jpg 232w\" sizes=\"auto, (max-width: 255px) 100vw, 255px\" \/><\/a><\/figure><\/div>\n\n\n\n<div class=\"wp-block-column is-vertically-aligned-top is-layout-flow wp-block-column-is-layout-flow\" style=\"flex-basis:75%\"><div style=\"margin-top:0;margin-bottom:0;\" class=\"wp-block-post-date has-small-font-size\"><time datetime=\"2025-07-12T22:14:59+00:00\">12\/07\/2025<\/time><\/div>\n\n<h2 style=\"line-height:1.6; padding-top:0;padding-bottom:0;margin-top:2px;margin-bottom:2px;\" class=\"has-link-color wp-elements-cbcfab25c08aedc084bd84ee761b6b8b wp-block-post-title has-medium-font-size\"><a href=\"http:\/\/staging.ibermusicas.org\/index.php\/ibermusicas-esteve-presente-no-sunfest-festival-do-canada\/\" target=\"_self\" >Iberm\u00fasicas esteve presente no Sunfest Festival do Canad\u00e1<\/a><\/h2>\n\n<div class=\"wp-block-post-excerpt\"><p class=\"wp-block-post-excerpt__excerpt\">Este ano, o Programa Iberm\u00fasicas foi convidado a participar da se\u00e7\u00e3o Delegates Pro do Sunfest Festival do Canad\u00e1, que acontece no in\u00edcio do m\u00eas de&hellip; <\/p><\/div><\/div>\n<\/div>\n\n<\/li><\/ul>\n\n<nav class=\"has-link-color wp-elements-8664f2b7eef304f6d2961f0e7fa86c5e wp-block-query-pagination is-content-justification-center is-layout-flex wp-container-core-query-pagination-is-layout-a89b3969 wp-block-query-pagination-is-layout-flex\" aria-label=\"Paginaci\u00f3n\">\n\n\n<div class=\"wp-block-query-pagination-numbers\"><span aria-current=\"page\" class=\"page-numbers current\">1<\/span>\n<a class=\"page-numbers\" href=\"?query-17-page=2\">2<\/a>\n<a class=\"page-numbers\" href=\"?query-17-page=3\">3<\/a>\n<span class=\"page-numbers dots\">&hellip;<\/span>\n<a class=\"page-numbers\" href=\"?query-17-page=114\">114<\/a><\/div>\n\n<a href=\"\/index.php\/wp-json\/wp\/v2\/pages\/2315?query-17-page=2\" class=\"wp-block-query-pagination-next\">Pr\u00f3xima p\u00e1gina<span class='wp-block-query-pagination-next-arrow is-arrow-chevron' aria-hidden='true'>\u00bb<\/span><\/a>\n<\/nav><\/div>\n","protected":false},"excerpt":{"rendered":"","protected":false},"author":1,"featured_media":0,"parent":0,"menu_order":0,"comment_status":"closed","ping_status":"closed","template":"","meta":{"footnotes":""},"class_list":["post-2315","page","type-page","status-publish","hentry"],"lang":"pt","translations":{"pt":2315,"es":540},"pll_sync_post":[],"post_mailing_queue_ids":[],"_links":{"self":[{"href":"http:\/\/staging.ibermusicas.org\/index.php\/wp-json\/wp\/v2\/pages\/2315","targetHints":{"allow":["GET"]}}],"collection":[{"href":"http:\/\/staging.ibermusicas.org\/index.php\/wp-json\/wp\/v2\/pages"}],"about":[{"href":"http:\/\/staging.ibermusicas.org\/index.php\/wp-json\/wp\/v2\/types\/page"}],"author":[{"embeddable":true,"href":"http:\/\/staging.ibermusicas.org\/index.php\/wp-json\/wp\/v2\/users\/1"}],"replies":[{"embeddable":true,"href":"http:\/\/staging.ibermusicas.org\/index.php\/wp-json\/wp\/v2\/comments?post=2315"}],"version-history":[{"count":17,"href":"http:\/\/staging.ibermusicas.org\/index.php\/wp-json\/wp\/v2\/pages\/2315\/revisions"}],"predecessor-version":[{"id":24887,"href":"http:\/\/staging.ibermusicas.org\/index.php\/wp-json\/wp\/v2\/pages\/2315\/revisions\/24887"}],"wp:attachment":[{"href":"http:\/\/staging.ibermusicas.org\/index.php\/wp-json\/wp\/v2\/media?parent=2315"}],"curies":[{"name":"wp","href":"https:\/\/api.w.org\/{rel}","templated":true}]}}