{"id":2467,"date":"2020-05-04T21:13:55","date_gmt":"2020-05-04T21:13:55","guid":{"rendered":"http:\/\/35.173.133.8\/?page_id=2467"},"modified":"2025-07-04T01:49:04","modified_gmt":"2025-07-04T01:49:04","slug":"catalogo-de-investigacion-musical-pt","status":"publish","type":"page","link":"http:\/\/staging.ibermusicas.org\/index.php\/catalogo-de-investigacion-musical-pt\/","title":{"rendered":"Cat\u00e1logo do pesquisa musical"},"content":{"rendered":"\n<div class=\"wp-block-group alignwide has-global-padding is-layout-constrained wp-container-core-group-is-layout-12243e0f wp-block-group-is-layout-constrained\">\n<div class=\"wp-block-columns is-layout-flex wp-container-core-columns-is-layout-28f84493 wp-block-columns-is-layout-flex\">\n<div class=\"wp-block-column is-layout-flow wp-block-column-is-layout-flow\" style=\"flex-basis:350px\"><form data-sf-form-id='2466' data-is-rtl='0' data-maintain-state='' data-results-url='http:\/\/staging.ibermusicas.org\/index.php\/catalogo-de-investigacion-musical-pt\/' data-ajax-url='http:\/\/staging.ibermusicas.org\/?sfid=2466&amp;sf_action=get_data&amp;sf_data=all' data-ajax-form-url='http:\/\/staging.ibermusicas.org\/?sfid=2466&amp;sf_action=get_data&amp;sf_data=form' data-display-result-method='shortcode' data-use-history-api='1' data-template-loaded='0' data-lang-code='all' data-ajax='1' data-ajax-data-type='json' data-ajax-target='#search-filter-results-2466' data-ajax-pagination-type='normal' data-ajax-links-selector='.pagination a' data-update-ajax-url='0' data-only-results-ajax='1' data-scroll-to-pos='0' data-init-paged='1' data-auto-update='1' data-auto-count='1' data-auto-count-refresh-mode='1' action='http:\/\/staging.ibermusicas.org\/index.php\/catalogo-de-investigacion-musical-pt\/' method='post' class='searchandfilter' id='search-filter-form-2466' autocomplete='off' data-instance-count='1'><ul><li class=\"sf-field-reset\" data-sf-field-name=\"reset\" data-sf-field-type=\"reset\" data-sf-field-input-type=\"button\"><input type=\"submit\" class=\"search-filter-reset\" name=\"_sf_reset\" value=\"Limpar filtros\" data-search-form-id=\"2466\" data-sf-submit-form=\"always\"><\/li><li class=\"sf-field-search\" data-sf-field-name=\"search\" data-sf-field-type=\"search\" data-sf-field-input-type=\"\">\t\t<label><input placeholder=\"Procurar com palavras...\" name=\"_sf_search[]\" class=\"sf-input-text\" type=\"text\" value=\"\" title=\"\"><\/label>\t\t<\/li><li class=\"sf-field-tag\" data-sf-field-name=\"_sft_post_tag\" data-sf-field-type=\"tag\" data-sf-field-input-type=\"select\" data-sf-combobox=\"1\" data-sf-term-rewrite='[\"http:\\\/\\\/staging.ibermusicas.org\\\/index.php\\\/tag\\\/[0]\\\/\"]'>\t\t<label>\r\n\t\t<span class=\"screen-reader-text\">Ano<\/span>\t\t<select data-combobox=\"1\" name=\"_sft_post_tag[]\" class=\"sf-input-select\" title=\"Ano\">\r\n\t\t\t\r\n\t\t\t\t\t\t<option class=\"sf-level-0 sf-item-0 sf-option-active\" selected=\"selected\" data-sf-count=\"0\" data-sf-depth=\"0\" value=\"\">Ano<\/option>\r\n\t\t\t\t\t\t<option class=\"sf-level-0 sf-item-192\" data-sf-count=\"1\" data-sf-depth=\"0\" value=\"venezuela-pt\">Venezuela&nbsp;&nbsp;(1)<\/option>\r\n\t\t\t\t\t\t<option class=\"sf-level-0 sf-item-190\" data-sf-count=\"21\" data-sf-depth=\"0\" value=\"uruguay-pt\">Uruguai&nbsp;&nbsp;(21)<\/option>\r\n\t\t\t\t\t\t<option class=\"sf-level-0 sf-item-349\" data-sf-count=\"6\" data-sf-depth=\"0\" value=\"streaming-pt\">Streaming&nbsp;&nbsp;(6)<\/option>\r\n\t\t\t\t\t\t<option class=\"sf-level-0 sf-item-355\" data-sf-count=\"14\" data-sf-depth=\"0\" value=\"shows-pt\">Shows&nbsp;&nbsp;(14)<\/option>\r\n\t\t\t\t\t\t<option class=\"sf-level-0 sf-item-206\" data-sf-count=\"29\" data-sf-depth=\"0\" value=\"premio-ibermusicas-a-la-creacion-de-canciones-pt\">Pr\u00eamio Iberm\u00fasicas \u00e0 cria\u00e7\u00e3o de can\u00e7\u00f5es&nbsp;&nbsp;(29)<\/option>\r\n\t\t\t\t\t\t<option class=\"sf-level-0 sf-item-575\" data-sf-count=\"12\" data-sf-depth=\"0\" value=\"portugal-pt\">Portugal&nbsp;&nbsp;(12)<\/option>\r\n\t\t\t\t\t\t<option class=\"sf-level-0 sf-item-188\" data-sf-count=\"29\" data-sf-depth=\"0\" value=\"peru-pt\">Per\u00fa&nbsp;&nbsp;(29)<\/option>\r\n\t\t\t\t\t\t<option class=\"sf-level-0 sf-item-186\" data-sf-count=\"9\" data-sf-depth=\"0\" value=\"paraguay-pt\">Paraguai&nbsp;&nbsp;(9)<\/option>\r\n\t\t\t\t\t\t<option class=\"sf-level-0 sf-item-184\" data-sf-count=\"11\" data-sf-depth=\"0\" value=\"panama-pt\">Panam\u00e1&nbsp;&nbsp;(11)<\/option>\r\n\t\t\t\t\t\t<option class=\"sf-level-0 sf-item-182\" data-sf-count=\"42\" data-sf-depth=\"0\" value=\"mexico-pt\">M\u00e9xico&nbsp;&nbsp;(42)<\/option>\r\n\t\t\t\t\t\t<option class=\"sf-level-0 sf-item-567\" data-sf-count=\"1\" data-sf-depth=\"0\" value=\"espanha\">Espanha&nbsp;&nbsp;(1)<\/option>\r\n\t\t\t\t\t\t<option class=\"sf-level-0 sf-item-180\" data-sf-count=\"15\" data-sf-depth=\"0\" value=\"ecuador-pt\">Equador&nbsp;&nbsp;(15)<\/option>\r\n\t\t\t\t\t\t<option class=\"sf-level-0 sf-item-178\" data-sf-count=\"12\" data-sf-depth=\"0\" value=\"cuba-pt\">Cuba&nbsp;&nbsp;(12)<\/option>\r\n\t\t\t\t\t\t<option class=\"sf-level-0 sf-item-176\" data-sf-count=\"19\" data-sf-depth=\"0\" value=\"costa-rica-pt\">Costa Rica&nbsp;&nbsp;(19)<\/option>\r\n\t\t\t\t\t\t<option class=\"sf-level-0 sf-item-174\" data-sf-count=\"31\" data-sf-depth=\"0\" value=\"colombia-pt\">Col\u00f4mbia&nbsp;&nbsp;(31)<\/option>\r\n\t\t\t\t\t\t<option class=\"sf-level-0 sf-item-172\" data-sf-count=\"38\" data-sf-depth=\"0\" value=\"chile-pt\">Chile&nbsp;&nbsp;(38)<\/option>\r\n\t\t\t\t\t\t<option class=\"sf-level-0 sf-item-170\" data-sf-count=\"22\" data-sf-depth=\"0\" value=\"brasil-pt\">Brasil&nbsp;&nbsp;(22)<\/option>\r\n\t\t\t\t\t\t<option class=\"sf-level-0 sf-item-168\" data-sf-count=\"52\" data-sf-depth=\"0\" value=\"argentina-pt\">Argentina&nbsp;&nbsp;(52)<\/option>\r\n\t\t\t\t\t\t<option class=\"sf-level-0 sf-item-202\" data-sf-count=\"4\" data-sf-depth=\"0\" value=\"ayudas-a-musicos-talleristas-profesores-para-procesos-de-formacion-pt\">Ajudas para oficinas e professores para processos de forma\u00e7\u00e3o&nbsp;&nbsp;(4)<\/option>\r\n\t\t\t\t\t\t<option class=\"sf-level-0 sf-item-200\" data-sf-count=\"79\" data-sf-depth=\"0\" value=\"ayudas-a-la-movilidad-de-musicas-y-musicos-pt\">Ajudas para a mobilidade de m\u00fasicas e m\u00fasicos&nbsp;&nbsp;(79)<\/option>\r\n\t\t\t\t\t\t<option class=\"sf-level-0 sf-item-571\" data-sf-count=\"100\" data-sf-depth=\"0\" value=\"ajudas-ao-sector-musical-em-modalidade-virtual\">Ajudas ao sector musical em modalidade virtual&nbsp;&nbsp;(100)<\/option>\r\n\t\t\t\t\t\t<option class=\"sf-level-0 sf-item-204\" data-sf-count=\"3\" data-sf-depth=\"0\" value=\"ayudas-a-residencias-artisticas-en-el-cmmas-pt\">Ajudas a resid\u00eancias art\u00edsticas no CMMAS&nbsp;&nbsp;(3)<\/option>\r\n\t\t\t\t\t\t<option class=\"sf-level-0 sf-item-198\" data-sf-count=\"2\" data-sf-depth=\"0\" value=\"ayudas-a-instituciones-para-residencias-artisticas-de-compositoras-y-compositores-pt\">Ajudas a institu\u00e7\u00f5es para resid\u00eancias art\u00edsticas de compositoras e compositores&nbsp;&nbsp;(2)<\/option>\r\n\t\t\t\t\t\t<option class=\"sf-level-0 sf-item-196\" data-sf-count=\"14\" data-sf-depth=\"0\" value=\"ayudas-a-festivales-para-la-movilidad-de-musicas-y-musicos-pt\">Ajudas a festivais para a mobilidade de m\u00fasicas y m\u00fasicos&nbsp;&nbsp;(14)<\/option>\r\n\t\t\t\t\t\t<option class=\"sf-level-0 sf-item-194\" data-sf-count=\"13\" data-sf-depth=\"0\" value=\"ayudas-a-compositoras-y-compositores-para-residencias-artisticas-pt\">Ajudas a compositoras e compositores para resid\u00eancias art\u00edsticas&nbsp;&nbsp;(13)<\/option>\r\n\t\t\t\t\t\t<option class=\"sf-level-0 sf-item-1486\" data-sf-count=\"5\" data-sf-depth=\"0\" value=\"2023-pt\">2023&nbsp;&nbsp;(5)<\/option>\r\n\t\t\t\t\t\t<option class=\"sf-level-0 sf-item-593\" data-sf-count=\"11\" data-sf-depth=\"0\" value=\"2022-pt\">2022&nbsp;&nbsp;(11)<\/option>\r\n\t\t\t\t\t\t<option class=\"sf-level-0 sf-item-579\" data-sf-count=\"69\" data-sf-depth=\"0\" value=\"2021-pt\">2021&nbsp;&nbsp;(69)<\/option>\r\n\t\t\t\t\t\t<option class=\"sf-level-0 sf-item-256\" data-sf-count=\"106\" data-sf-depth=\"0\" value=\"2020-pt\">2020&nbsp;&nbsp;(106)<\/option>\r\n\t\t\t\t\t\t<option class=\"sf-level-0 sf-item-166\" data-sf-count=\"58\" data-sf-depth=\"0\" value=\"2019-pt\">2019&nbsp;&nbsp;(58)<\/option>\r\n\t\t\t\t\t\t<option class=\"sf-level-0 sf-item-164\" data-sf-count=\"6\" data-sf-depth=\"0\" value=\"2018-pt\">2018&nbsp;&nbsp;(6)<\/option>\r\n\t\t\t\t\t\t<option class=\"sf-level-0 sf-item-162\" data-sf-count=\"2\" data-sf-depth=\"0\" value=\"2017-pt\">2017&nbsp;&nbsp;(2)<\/option>\r\n\t\t\t\t\t\t<option class=\"sf-level-0 sf-item-160\" data-sf-count=\"3\" data-sf-depth=\"0\" value=\"2016-pt\">2016&nbsp;&nbsp;(3)<\/option>\r\n\t\t\t\t\t\t<option class=\"sf-level-0 sf-item-158\" data-sf-count=\"7\" data-sf-depth=\"0\" value=\"2015-pt\">2015&nbsp;&nbsp;(7)<\/option>\r\n\t\t\t\t\t\t<option class=\"sf-level-0 sf-item-156\" data-sf-count=\"15\" data-sf-depth=\"0\" value=\"2014-pt\">2014&nbsp;&nbsp;(15)<\/option>\r\n\t\t\t\t\t<\/select>\r\n\t\t<\/label>\t\t<\/li><li class=\"sf-field-tag\" data-sf-field-name=\"_sft_post_tag\" data-sf-field-type=\"tag\" data-sf-field-input-type=\"select\" data-sf-combobox=\"1\" data-sf-term-rewrite='[\"http:\\\/\\\/staging.ibermusicas.org\\\/index.php\\\/tag\\\/[0]\\\/\"]'>\t\t<label>\r\n\t\t<span class=\"screen-reader-text\">Pa\u00eds<\/span>\t\t<select data-combobox=\"1\" name=\"_sft_post_tag[]\" class=\"sf-input-select\" title=\"Pa\u00eds\">\r\n\t\t\t\r\n\t\t\t\t\t\t<option class=\"sf-level-0 sf-item-0 sf-option-active\" selected=\"selected\" data-sf-count=\"0\" data-sf-depth=\"0\" value=\"\">Pais<\/option>\r\n\t\t\t\t\t\t<option class=\"sf-level-0 sf-item-156\" data-sf-count=\"15\" data-sf-depth=\"0\" value=\"2014-pt\">2014&nbsp;&nbsp;(15)<\/option>\r\n\t\t\t\t\t\t<option class=\"sf-level-0 sf-item-158\" data-sf-count=\"7\" data-sf-depth=\"0\" value=\"2015-pt\">2015&nbsp;&nbsp;(7)<\/option>\r\n\t\t\t\t\t\t<option class=\"sf-level-0 sf-item-160\" data-sf-count=\"3\" data-sf-depth=\"0\" value=\"2016-pt\">2016&nbsp;&nbsp;(3)<\/option>\r\n\t\t\t\t\t\t<option class=\"sf-level-0 sf-item-162\" data-sf-count=\"2\" data-sf-depth=\"0\" value=\"2017-pt\">2017&nbsp;&nbsp;(2)<\/option>\r\n\t\t\t\t\t\t<option class=\"sf-level-0 sf-item-164\" data-sf-count=\"6\" data-sf-depth=\"0\" value=\"2018-pt\">2018&nbsp;&nbsp;(6)<\/option>\r\n\t\t\t\t\t\t<option class=\"sf-level-0 sf-item-166\" data-sf-count=\"58\" data-sf-depth=\"0\" value=\"2019-pt\">2019&nbsp;&nbsp;(58)<\/option>\r\n\t\t\t\t\t\t<option class=\"sf-level-0 sf-item-256\" data-sf-count=\"106\" data-sf-depth=\"0\" value=\"2020-pt\">2020&nbsp;&nbsp;(106)<\/option>\r\n\t\t\t\t\t\t<option class=\"sf-level-0 sf-item-579\" data-sf-count=\"69\" data-sf-depth=\"0\" value=\"2021-pt\">2021&nbsp;&nbsp;(69)<\/option>\r\n\t\t\t\t\t\t<option class=\"sf-level-0 sf-item-593\" data-sf-count=\"11\" data-sf-depth=\"0\" value=\"2022-pt\">2022&nbsp;&nbsp;(11)<\/option>\r\n\t\t\t\t\t\t<option class=\"sf-level-0 sf-item-1486\" data-sf-count=\"5\" data-sf-depth=\"0\" value=\"2023-pt\">2023&nbsp;&nbsp;(5)<\/option>\r\n\t\t\t\t\t\t<option class=\"sf-level-0 sf-item-194\" data-sf-count=\"13\" data-sf-depth=\"0\" value=\"ayudas-a-compositoras-y-compositores-para-residencias-artisticas-pt\">Ajudas a compositoras e compositores para resid\u00eancias art\u00edsticas&nbsp;&nbsp;(13)<\/option>\r\n\t\t\t\t\t\t<option class=\"sf-level-0 sf-item-196\" data-sf-count=\"14\" data-sf-depth=\"0\" value=\"ayudas-a-festivales-para-la-movilidad-de-musicas-y-musicos-pt\">Ajudas a festivais para a mobilidade de m\u00fasicas y m\u00fasicos&nbsp;&nbsp;(14)<\/option>\r\n\t\t\t\t\t\t<option class=\"sf-level-0 sf-item-198\" data-sf-count=\"2\" data-sf-depth=\"0\" value=\"ayudas-a-instituciones-para-residencias-artisticas-de-compositoras-y-compositores-pt\">Ajudas a institu\u00e7\u00f5es para resid\u00eancias art\u00edsticas de compositoras e compositores&nbsp;&nbsp;(2)<\/option>\r\n\t\t\t\t\t\t<option class=\"sf-level-0 sf-item-204\" data-sf-count=\"3\" data-sf-depth=\"0\" value=\"ayudas-a-residencias-artisticas-en-el-cmmas-pt\">Ajudas a resid\u00eancias art\u00edsticas no CMMAS&nbsp;&nbsp;(3)<\/option>\r\n\t\t\t\t\t\t<option class=\"sf-level-0 sf-item-571\" data-sf-count=\"100\" data-sf-depth=\"0\" value=\"ajudas-ao-sector-musical-em-modalidade-virtual\">Ajudas ao sector musical em modalidade virtual&nbsp;&nbsp;(100)<\/option>\r\n\t\t\t\t\t\t<option class=\"sf-level-0 sf-item-200\" data-sf-count=\"79\" data-sf-depth=\"0\" value=\"ayudas-a-la-movilidad-de-musicas-y-musicos-pt\">Ajudas para a mobilidade de m\u00fasicas e m\u00fasicos&nbsp;&nbsp;(79)<\/option>\r\n\t\t\t\t\t\t<option class=\"sf-level-0 sf-item-202\" data-sf-count=\"4\" data-sf-depth=\"0\" value=\"ayudas-a-musicos-talleristas-profesores-para-procesos-de-formacion-pt\">Ajudas para oficinas e professores para processos de forma\u00e7\u00e3o&nbsp;&nbsp;(4)<\/option>\r\n\t\t\t\t\t\t<option class=\"sf-level-0 sf-item-168\" data-sf-count=\"52\" data-sf-depth=\"0\" value=\"argentina-pt\">Argentina&nbsp;&nbsp;(52)<\/option>\r\n\t\t\t\t\t\t<option class=\"sf-level-0 sf-item-170\" data-sf-count=\"22\" data-sf-depth=\"0\" value=\"brasil-pt\">Brasil&nbsp;&nbsp;(22)<\/option>\r\n\t\t\t\t\t\t<option class=\"sf-level-0 sf-item-172\" data-sf-count=\"38\" data-sf-depth=\"0\" value=\"chile-pt\">Chile&nbsp;&nbsp;(38)<\/option>\r\n\t\t\t\t\t\t<option class=\"sf-level-0 sf-item-174\" data-sf-count=\"31\" data-sf-depth=\"0\" value=\"colombia-pt\">Col\u00f4mbia&nbsp;&nbsp;(31)<\/option>\r\n\t\t\t\t\t\t<option class=\"sf-level-0 sf-item-176\" data-sf-count=\"19\" data-sf-depth=\"0\" value=\"costa-rica-pt\">Costa Rica&nbsp;&nbsp;(19)<\/option>\r\n\t\t\t\t\t\t<option class=\"sf-level-0 sf-item-178\" data-sf-count=\"12\" data-sf-depth=\"0\" value=\"cuba-pt\">Cuba&nbsp;&nbsp;(12)<\/option>\r\n\t\t\t\t\t\t<option class=\"sf-level-0 sf-item-180\" data-sf-count=\"15\" data-sf-depth=\"0\" value=\"ecuador-pt\">Equador&nbsp;&nbsp;(15)<\/option>\r\n\t\t\t\t\t\t<option class=\"sf-level-0 sf-item-567\" data-sf-count=\"1\" data-sf-depth=\"0\" value=\"espanha\">Espanha&nbsp;&nbsp;(1)<\/option>\r\n\t\t\t\t\t\t<option class=\"sf-level-0 sf-item-182\" data-sf-count=\"42\" data-sf-depth=\"0\" value=\"mexico-pt\">M\u00e9xico&nbsp;&nbsp;(42)<\/option>\r\n\t\t\t\t\t\t<option class=\"sf-level-0 sf-item-184\" data-sf-count=\"11\" data-sf-depth=\"0\" value=\"panama-pt\">Panam\u00e1&nbsp;&nbsp;(11)<\/option>\r\n\t\t\t\t\t\t<option class=\"sf-level-0 sf-item-186\" data-sf-count=\"9\" data-sf-depth=\"0\" value=\"paraguay-pt\">Paraguai&nbsp;&nbsp;(9)<\/option>\r\n\t\t\t\t\t\t<option class=\"sf-level-0 sf-item-188\" data-sf-count=\"29\" data-sf-depth=\"0\" value=\"peru-pt\">Per\u00fa&nbsp;&nbsp;(29)<\/option>\r\n\t\t\t\t\t\t<option class=\"sf-level-0 sf-item-575\" data-sf-count=\"12\" data-sf-depth=\"0\" value=\"portugal-pt\">Portugal&nbsp;&nbsp;(12)<\/option>\r\n\t\t\t\t\t\t<option class=\"sf-level-0 sf-item-206\" data-sf-count=\"29\" data-sf-depth=\"0\" value=\"premio-ibermusicas-a-la-creacion-de-canciones-pt\">Pr\u00eamio Iberm\u00fasicas \u00e0 cria\u00e7\u00e3o de can\u00e7\u00f5es&nbsp;&nbsp;(29)<\/option>\r\n\t\t\t\t\t\t<option class=\"sf-level-0 sf-item-355\" data-sf-count=\"14\" data-sf-depth=\"0\" value=\"shows-pt\">Shows&nbsp;&nbsp;(14)<\/option>\r\n\t\t\t\t\t\t<option class=\"sf-level-0 sf-item-349\" data-sf-count=\"6\" data-sf-depth=\"0\" value=\"streaming-pt\">Streaming&nbsp;&nbsp;(6)<\/option>\r\n\t\t\t\t\t\t<option class=\"sf-level-0 sf-item-190\" data-sf-count=\"21\" data-sf-depth=\"0\" value=\"uruguay-pt\">Uruguai&nbsp;&nbsp;(21)<\/option>\r\n\t\t\t\t\t\t<option class=\"sf-level-0 sf-item-192\" data-sf-count=\"1\" data-sf-depth=\"0\" value=\"venezuela-pt\">Venezuela&nbsp;&nbsp;(1)<\/option>\r\n\t\t\t\t\t<\/select>\r\n\t\t<\/label>\t\t<\/li><\/ul><\/form>\n<\/div>\n\n\n\n<div class=\"wp-block-column is-layout-flow wp-block-column-is-layout-flow\"><div class=\"search-filter-results\" id=\"search-filter-results-2466\">\t\n\t\t\t<div class=\"result-post-block\">\n\t\t\t<div class=\"result-post-image\">\n\t\t\t\t<p><img loading=\"lazy\" decoding=\"async\" width=\"1080\" height=\"1080\" src=\"http:\/\/staging.ibermusicas.org\/wp-content\/uploads\/2025\/07\/12-Matilde-Mendez.jpg\" class=\"attachment-small size-small wp-post-image\" alt=\"\" srcset=\"http:\/\/staging.ibermusicas.org\/wp-content\/uploads\/2025\/07\/12-Matilde-Mendez.jpg 1080w, http:\/\/staging.ibermusicas.org\/wp-content\/uploads\/2025\/07\/12-Matilde-Mendez-300x300.jpg 300w, http:\/\/staging.ibermusicas.org\/wp-content\/uploads\/2025\/07\/12-Matilde-Mendez-1024x1024.jpg 1024w, http:\/\/staging.ibermusicas.org\/wp-content\/uploads\/2025\/07\/12-Matilde-Mendez-150x150.jpg 150w, http:\/\/staging.ibermusicas.org\/wp-content\/uploads\/2025\/07\/12-Matilde-Mendez-768x768.jpg 768w\" sizes=\"auto, (max-width: 1080px) 100vw, 1080px\" \/><\/p>\t\t\t<\/div>\n\t\t\t<div class=\"result-post-information\">\n\t\t\t\t<h2><a href=\"http:\/\/staging.ibermusicas.org\/index.php\/a-pianista-e-estudante-de-cravo-chilena-matilde-mendez-zenteno-comeca-suas-aulas-intensivas-de-cravo-com-valentina-villasenor\/\">A pianista e estudante de cravo chilena Matilde M\u00e9ndez Zenteno come\u00e7a suas aulas intensivas de cravo com Valentina Villase\u00f1or<\/a><\/h2>\n\t\t\t\t<p>Esse curso intensivo quer aprofundar a t\u00e9cnica do cravo, combinando uma abordagem te\u00f3rica e pr\u00e1tica baseada em fontes hist\u00f3ricas do s\u00e9culo XVIII e in\u00edcio do XIX, um per\u00edodo importante para o desenvolvimento desse instrumento. O curso se concentra no desenvolvimento de uma t\u00e9cnica precisa e um som \u201ccantabile\u201d, considerado o ideal no repert\u00f3rio da \u00e9poca. [&hellip;]<\/p>\n\t\t\t\t\t<a class=\"result-post-watch-video\" href=\"http:\/\/staging.ibermusicas.org\/index.php\/a-pianista-e-estudante-de-cravo-chilena-matilde-mendez-zenteno-comeca-suas-aulas-intensivas-de-cravo-com-valentina-villasenor\/\">Ver video<\/a>\n\t\t\t\t\t<a class=\"result-post-read-more\" href=\"http:\/\/staging.ibermusicas.org\/index.php\/a-pianista-e-estudante-de-cravo-chilena-matilde-mendez-zenteno-comeca-suas-aulas-intensivas-de-cravo-com-valentina-villasenor\/\">Leer m&aacute;s<\/a>\n\t\t\t\t<p class=\"result-post-date\"><small>17\/07\/2025<\/small><\/p>\n\t\t\t<\/div>\n\t\t<\/div>\n\t\t\n\t\t\t\t<div class=\"result-post-block\">\n\t\t\t<div class=\"result-post-image\">\n\t\t\t\t<p><img loading=\"lazy\" decoding=\"async\" width=\"353\" height=\"523\" src=\"http:\/\/staging.ibermusicas.org\/wp-content\/uploads\/2025\/07\/11-Tamara-11.jpg\" class=\"attachment-small size-small wp-post-image\" alt=\"\" srcset=\"http:\/\/staging.ibermusicas.org\/wp-content\/uploads\/2025\/07\/11-Tamara-11.jpg 353w, http:\/\/staging.ibermusicas.org\/wp-content\/uploads\/2025\/07\/11-Tamara-11-202x300.jpg 202w\" sizes=\"auto, (max-width: 353px) 100vw, 353px\" \/><\/p>\t\t\t<\/div>\n\t\t\t<div class=\"result-post-information\">\n\t\t\t\t<h2><a href=\"http:\/\/staging.ibermusicas.org\/index.php\/a-guitarrista-chilena-tamara-paz-canales-comeca-seu-curso-de-aperfeicoamento-com-a-pianista-ania-paz-na-alemanha\/\">A guitarrista chilena Tamara Paz Canales come\u00e7a seu curso de aperfei\u00e7oamento com a pianista Ania Paz na Alemanha<\/a><\/h2>\n\t\t\t\t<p>O curso de aperfei\u00e7oamento em jazz com a pianista Ania Paz em Berlim, reconhecida pela sua trajet\u00f3ria musical como instrumentista, compositora e professora de alto n\u00edvel, vai durar seis meses e vai focar em harmonia moderna, improvisa\u00e7\u00e3o e composi\u00e7\u00e3o. Tamara Paz come\u00e7ou a tocar guitarra aos 12 anos e, aos 14, entrou como aluna no [&hellip;]<\/p>\n\t\t\t\t\t<a class=\"result-post-watch-video\" href=\"http:\/\/staging.ibermusicas.org\/index.php\/a-guitarrista-chilena-tamara-paz-canales-comeca-seu-curso-de-aperfeicoamento-com-a-pianista-ania-paz-na-alemanha\/\">Ver video<\/a>\n\t\t\t\t\t<a class=\"result-post-read-more\" href=\"http:\/\/staging.ibermusicas.org\/index.php\/a-guitarrista-chilena-tamara-paz-canales-comeca-seu-curso-de-aperfeicoamento-com-a-pianista-ania-paz-na-alemanha\/\">Leer m&aacute;s<\/a>\n\t\t\t\t<p class=\"result-post-date\"><small><\/small><\/p>\n\t\t\t<\/div>\n\t\t<\/div>\n\t\t\n\t\t\t\t<div class=\"result-post-block\">\n\t\t\t<div class=\"result-post-image\">\n\t\t\t\t<p><img loading=\"lazy\" decoding=\"async\" width=\"1175\" height=\"985\" src=\"http:\/\/staging.ibermusicas.org\/wp-content\/uploads\/2025\/07\/10-Flautas-de-Mexico-41.jpg\" class=\"attachment-small size-small wp-post-image\" alt=\"\" srcset=\"http:\/\/staging.ibermusicas.org\/wp-content\/uploads\/2025\/07\/10-Flautas-de-Mexico-41.jpg 1175w, http:\/\/staging.ibermusicas.org\/wp-content\/uploads\/2025\/07\/10-Flautas-de-Mexico-41-300x251.jpg 300w, http:\/\/staging.ibermusicas.org\/wp-content\/uploads\/2025\/07\/10-Flautas-de-Mexico-41-1024x858.jpg 1024w, http:\/\/staging.ibermusicas.org\/wp-content\/uploads\/2025\/07\/10-Flautas-de-Mexico-41-768x644.jpg 768w\" sizes=\"auto, (max-width: 1175px) 100vw, 1175px\" \/><\/p>\t\t\t<\/div>\n\t\t\t<div class=\"result-post-information\">\n\t\t\t\t<h2><a href=\"http:\/\/staging.ibermusicas.org\/index.php\/chega-a-primeira-convencao-internacional-de-flautas-no-mexico\/\">Chega a Primeira Conven\u00e7\u00e3o Internacional de Flautas no M\u00e9xico<\/a><\/h2>\n\t\t\t\t<p>A Primeira Conven\u00e7\u00e3o Internacional de Flauta no M\u00e9xico vai rolar no Instituto Superior de M\u00fasica do Estado de Veracruz. Artistas de renome nacional e internacional v\u00e3o compartilhar seus conhecimentos com estudantes de todos os n\u00edveis, al\u00e9m de jovens profissionais que querem crescer como artistas. Tamb\u00e9m vai rolar oficinas b\u00e1sicas de conserto e constru\u00e7\u00e3o de flautas. [&hellip;]<\/p>\n\t\t\t\t\t<a class=\"result-post-watch-video\" href=\"http:\/\/staging.ibermusicas.org\/index.php\/chega-a-primeira-convencao-internacional-de-flautas-no-mexico\/\">Ver video<\/a>\n\t\t\t\t\t<a class=\"result-post-read-more\" href=\"http:\/\/staging.ibermusicas.org\/index.php\/chega-a-primeira-convencao-internacional-de-flautas-no-mexico\/\">Leer m&aacute;s<\/a>\n\t\t\t\t<p class=\"result-post-date\"><small><\/small><\/p>\n\t\t\t<\/div>\n\t\t<\/div>\n\t\t\n\t\t\t\t<div class=\"result-post-block\">\n\t\t\t<div class=\"result-post-image\">\n\t\t\t\t<p><img loading=\"lazy\" decoding=\"async\" width=\"1034\" height=\"744\" src=\"http:\/\/staging.ibermusicas.org\/wp-content\/uploads\/2025\/07\/9-arpas-de-malaga-11.jpg\" class=\"attachment-small size-small wp-post-image\" alt=\"\" srcset=\"http:\/\/staging.ibermusicas.org\/wp-content\/uploads\/2025\/07\/9-arpas-de-malaga-11.jpg 1034w, http:\/\/staging.ibermusicas.org\/wp-content\/uploads\/2025\/07\/9-arpas-de-malaga-11-300x216.jpg 300w, http:\/\/staging.ibermusicas.org\/wp-content\/uploads\/2025\/07\/9-arpas-de-malaga-11-1024x737.jpg 1024w, http:\/\/staging.ibermusicas.org\/wp-content\/uploads\/2025\/07\/9-arpas-de-malaga-11-768x553.jpg 768w\" sizes=\"auto, (max-width: 1034px) 100vw, 1034px\" \/><\/p>\t\t\t<\/div>\n\t\t\t<div class=\"result-post-information\">\n\t\t\t\t<h2><a href=\"http:\/\/staging.ibermusicas.org\/index.php\/o-grupo-arpas-de-malaga-vai-se-apresentar-no-rioharpfestival-no-brasil\/\">O grupo Arpas de M\u00e1laga vai se apresentar no RioHarpFestival no Brasil<\/a><\/h2>\n\t\t\t\t<p>Arpas de M\u00e1laga \u00e9 um grupo \u00fanico por causa das suas caracter\u00edsticas especiais. Foi criado h\u00e1 mais de dez por Lidia del R\u00edo de Miguel, Mar\u00eda Jes\u00fas Bedoya Ruiz, Tibor Tejeda del R\u00edo e Tha\u00efs Tejeda del R\u00edo. O repert\u00f3rio \u00e9 variado, com obras de compositores cl\u00e1ssicos at\u00e9 os atuais, que dedicam obras exclusivas para [&hellip;]<\/p>\n\t\t\t\t\t<a class=\"result-post-watch-video\" href=\"http:\/\/staging.ibermusicas.org\/index.php\/o-grupo-arpas-de-malaga-vai-se-apresentar-no-rioharpfestival-no-brasil\/\">Ver video<\/a>\n\t\t\t\t\t<a class=\"result-post-read-more\" href=\"http:\/\/staging.ibermusicas.org\/index.php\/o-grupo-arpas-de-malaga-vai-se-apresentar-no-rioharpfestival-no-brasil\/\">Leer m&aacute;s<\/a>\n\t\t\t\t<p class=\"result-post-date\"><small><\/small><\/p>\n\t\t\t<\/div>\n\t\t<\/div>\n\t\t\n\t\t\t\t<div class=\"result-post-block\">\n\t\t\t<div class=\"result-post-image\">\n\t\t\t\t<p><img loading=\"lazy\" decoding=\"async\" width=\"1090\" height=\"634\" src=\"http:\/\/staging.ibermusicas.org\/wp-content\/uploads\/2025\/07\/8-Palito-Miranda-21.jpg\" class=\"attachment-small size-small wp-post-image\" alt=\"\" srcset=\"http:\/\/staging.ibermusicas.org\/wp-content\/uploads\/2025\/07\/8-Palito-Miranda-21.jpg 1090w, http:\/\/staging.ibermusicas.org\/wp-content\/uploads\/2025\/07\/8-Palito-Miranda-21-300x174.jpg 300w, http:\/\/staging.ibermusicas.org\/wp-content\/uploads\/2025\/07\/8-Palito-Miranda-21-1024x596.jpg 1024w, http:\/\/staging.ibermusicas.org\/wp-content\/uploads\/2025\/07\/8-Palito-Miranda-21-768x447.jpg 768w\" sizes=\"auto, (max-width: 1090px) 100vw, 1090px\" \/><\/p>\t\t\t<\/div>\n\t\t\t<div class=\"result-post-information\">\n\t\t\t\t<h2><a href=\"http:\/\/staging.ibermusicas.org\/index.php\/o-ensemble-palito-miranda-do-paraguai-apresenta-seu-novo-album-ida-y-vuelta\/\">O Ensemble Palito Miranda do Paraguai apresenta seu novo \u00e1lbum \u201cIda y Vuelta\u201d<\/a><\/h2>\n\t\t\t\t<p>O projeto de jazz paraguaio Ensemble Palito Miranda apresenta seu segundo \u00e1lbum de est\u00fadio, que conta com v\u00e1rias colabora\u00e7\u00f5es de m\u00fasicos incr\u00edveis da Am\u00e9rica Latina. Ida y vuelta \u00e9 o nome do novo \u00e1lbum, que traz composi\u00e7\u00f5es da nova gera\u00e7\u00e3o do jazz paraguaio, com a participa\u00e7\u00e3o exclusiva de arranjadores como Rafael Rocha do Brasil, Hilario [&hellip;]<\/p>\n\t\t\t\t\t<a class=\"result-post-watch-video\" href=\"http:\/\/staging.ibermusicas.org\/index.php\/o-ensemble-palito-miranda-do-paraguai-apresenta-seu-novo-album-ida-y-vuelta\/\">Ver video<\/a>\n\t\t\t\t\t<a class=\"result-post-read-more\" href=\"http:\/\/staging.ibermusicas.org\/index.php\/o-ensemble-palito-miranda-do-paraguai-apresenta-seu-novo-album-ida-y-vuelta\/\">Leer m&aacute;s<\/a>\n\t\t\t\t<p class=\"result-post-date\"><small><\/small><\/p>\n\t\t\t<\/div>\n\t\t<\/div>\n\t\t\n\t\t\t\t<div class=\"result-post-block\">\n\t\t\t<div class=\"result-post-image\">\n\t\t\t\t<p><img loading=\"lazy\" decoding=\"async\" width=\"1080\" height=\"1350\" src=\"http:\/\/staging.ibermusicas.org\/wp-content\/uploads\/2025\/07\/7-Azucena.jpg\" class=\"attachment-small size-small wp-post-image\" alt=\"\" srcset=\"http:\/\/staging.ibermusicas.org\/wp-content\/uploads\/2025\/07\/7-Azucena.jpg 1080w, http:\/\/staging.ibermusicas.org\/wp-content\/uploads\/2025\/07\/7-Azucena-240x300.jpg 240w, http:\/\/staging.ibermusicas.org\/wp-content\/uploads\/2025\/07\/7-Azucena-819x1024.jpg 819w, http:\/\/staging.ibermusicas.org\/wp-content\/uploads\/2025\/07\/7-Azucena-768x960.jpg 768w\" sizes=\"auto, (max-width: 1080px) 100vw, 1080px\" \/><\/p>\t\t\t<\/div>\n\t\t\t<div class=\"result-post-information\">\n\t\t\t\t<h2><a href=\"http:\/\/staging.ibermusicas.org\/index.php\/a-artista-cubana-annalie-lopez-azucena-vai-participar-da-turne-cancioneras-paraguai-argentina-em-varias-cidades-dos-dois-paises\/\">A artista cubana Annalie L\u00f3pez \u201cAzucena\u201d vai participar da \u201cTurn\u00ea Cancioneras Paraguai\/Argentina\u201d em v\u00e1rias cidades dos dois pa\u00edses<\/a><\/h2>\n\t\t\t\t<p>Com um registro grave na voz de contralto e sempre com seu viol\u00e3o, a talentosa cantora e compositora cubana Annalie L\u00f3pez adora as cores da m\u00fasica. Tamb\u00e9m amante da poesia e da pintura, Azucena, como \u00e9 conhecida no mundo art\u00edstico, diz que nasceu pra cantar. Annali\u00e9 L\u00f3pez \u00e9 um dos orgulhos art\u00edsticos de Guant\u00e1namo, compositora [&hellip;]<\/p>\n\t\t\t\t\t<a class=\"result-post-watch-video\" href=\"http:\/\/staging.ibermusicas.org\/index.php\/a-artista-cubana-annalie-lopez-azucena-vai-participar-da-turne-cancioneras-paraguai-argentina-em-varias-cidades-dos-dois-paises\/\">Ver video<\/a>\n\t\t\t\t\t<a class=\"result-post-read-more\" href=\"http:\/\/staging.ibermusicas.org\/index.php\/a-artista-cubana-annalie-lopez-azucena-vai-participar-da-turne-cancioneras-paraguai-argentina-em-varias-cidades-dos-dois-paises\/\">Leer m&aacute;s<\/a>\n\t\t\t\t<p class=\"result-post-date\"><small><\/small><\/p>\n\t\t\t<\/div>\n\t\t<\/div>\n\t\t\n\t\t\t\t<div class=\"result-post-block\">\n\t\t\t<div class=\"result-post-image\">\n\t\t\t\t<p><img loading=\"lazy\" decoding=\"async\" width=\"1080\" height=\"1350\" src=\"http:\/\/staging.ibermusicas.org\/wp-content\/uploads\/2025\/07\/6-Festival-Bach-Paraguay-1.jpg\" class=\"attachment-small size-small wp-post-image\" alt=\"\" srcset=\"http:\/\/staging.ibermusicas.org\/wp-content\/uploads\/2025\/07\/6-Festival-Bach-Paraguay-1.jpg 1080w, http:\/\/staging.ibermusicas.org\/wp-content\/uploads\/2025\/07\/6-Festival-Bach-Paraguay-1-240x300.jpg 240w, http:\/\/staging.ibermusicas.org\/wp-content\/uploads\/2025\/07\/6-Festival-Bach-Paraguay-1-819x1024.jpg 819w, http:\/\/staging.ibermusicas.org\/wp-content\/uploads\/2025\/07\/6-Festival-Bach-Paraguay-1-768x960.jpg 768w\" sizes=\"auto, (max-width: 1080px) 100vw, 1080px\" \/><\/p>\t\t\t<\/div>\n\t\t\t<div class=\"result-post-information\">\n\t\t\t\t<h2><a href=\"http:\/\/staging.ibermusicas.org\/index.php\/a-edicao-de-2025-do-festival-bach-sul-americano-vai-rolar-em-assuncao-no-paraguai\/\">A edi\u00e7\u00e3o de 2025 do Festival Bach Sul-Americano vai rolar em Assun\u00e7\u00e3o, no Paraguai<\/a><\/h2>\n\t\t\t\t<p>A Sociedade Bach do Paraguai, com o apoio do Iberm\u00fasicas, est\u00e1 organizando a segunda edi\u00e7\u00e3o do Festival Bach Sul-Americano, que vai ter concertos, aulas magistrais, palestras e confer\u00eancias, a cargo do Bach Collegium de Assun\u00e7\u00e3o e de outros grupos paraguaios e sul-americanos. Artistas sul-americanos e europeus v\u00e3o participar como convidados do festival. Sob o tema [&hellip;]<\/p>\n\t\t\t\t\t<a class=\"result-post-watch-video\" href=\"http:\/\/staging.ibermusicas.org\/index.php\/a-edicao-de-2025-do-festival-bach-sul-americano-vai-rolar-em-assuncao-no-paraguai\/\">Ver video<\/a>\n\t\t\t\t\t<a class=\"result-post-read-more\" href=\"http:\/\/staging.ibermusicas.org\/index.php\/a-edicao-de-2025-do-festival-bach-sul-americano-vai-rolar-em-assuncao-no-paraguai\/\">Leer m&aacute;s<\/a>\n\t\t\t\t<p class=\"result-post-date\"><small><\/small><\/p>\n\t\t\t<\/div>\n\t\t<\/div>\n\t\t\n\t\t\t\t<div class=\"result-post-block\">\n\t\t\t<div class=\"result-post-image\">\n\t\t\t\t<p><img loading=\"lazy\" decoding=\"async\" width=\"1073\" height=\"478\" src=\"http:\/\/staging.ibermusicas.org\/wp-content\/uploads\/2025\/07\/5-MIMO-11.jpg\" class=\"attachment-small size-small wp-post-image\" alt=\"\" srcset=\"http:\/\/staging.ibermusicas.org\/wp-content\/uploads\/2025\/07\/5-MIMO-11.jpg 1073w, http:\/\/staging.ibermusicas.org\/wp-content\/uploads\/2025\/07\/5-MIMO-11-300x134.jpg 300w, http:\/\/staging.ibermusicas.org\/wp-content\/uploads\/2025\/07\/5-MIMO-11-1024x456.jpg 1024w, http:\/\/staging.ibermusicas.org\/wp-content\/uploads\/2025\/07\/5-MIMO-11-768x342.jpg 768w\" sizes=\"auto, (max-width: 1073px) 100vw, 1073px\" \/><\/p>\t\t\t<\/div>\n\t\t\t<div class=\"result-post-information\">\n\t\t\t\t<h2><a href=\"http:\/\/staging.ibermusicas.org\/index.php\/celebrando-musica-e-cultura-o-festival-mimo-apresenta-sua-sexta-edicao-portuguesa-em-amarante\/\">Celebrando m\u00fasica e cultura, o Festival MIMO! apresenta sua sexta edi\u00e7\u00e3o portuguesa em Amarante<\/a><\/h2>\n\t\t\t\t<p>A 6a edi\u00e7\u00e3o do MIMO em Portugal, volta a acontecer na cidade de Amarante e vai celebrar a cultura e a m\u00fasica do mundo, com uma programa\u00e7\u00e3o inclusiva, diversificada e arrojada, dando a conhecer o que de melhor se faz na m\u00fasica atual, em Portugal, Brasil e no mundo, entre nomes consagrados e novos talentos. [&hellip;]<\/p>\n\t\t\t\t\t<a class=\"result-post-watch-video\" href=\"http:\/\/staging.ibermusicas.org\/index.php\/celebrando-musica-e-cultura-o-festival-mimo-apresenta-sua-sexta-edicao-portuguesa-em-amarante\/\">Ver video<\/a>\n\t\t\t\t\t<a class=\"result-post-read-more\" href=\"http:\/\/staging.ibermusicas.org\/index.php\/celebrando-musica-e-cultura-o-festival-mimo-apresenta-sua-sexta-edicao-portuguesa-em-amarante\/\">Leer m&aacute;s<\/a>\n\t\t\t\t<p class=\"result-post-date\"><small><\/small><\/p>\n\t\t\t<\/div>\n\t\t<\/div>\n\t\t\n\t\t\t\t<div class=\"result-post-block\">\n\t\t\t<div class=\"result-post-image\">\n\t\t\t\t<p><img loading=\"lazy\" decoding=\"async\" width=\"1012\" height=\"1265\" src=\"http:\/\/staging.ibermusicas.org\/wp-content\/uploads\/2025\/07\/4-Yuly-Alexandra-Pinzon-Casallas1.jpg\" class=\"attachment-small size-small wp-post-image\" alt=\"\" srcset=\"http:\/\/staging.ibermusicas.org\/wp-content\/uploads\/2025\/07\/4-Yuly-Alexandra-Pinzon-Casallas1.jpg 1012w, http:\/\/staging.ibermusicas.org\/wp-content\/uploads\/2025\/07\/4-Yuly-Alexandra-Pinzon-Casallas1-240x300.jpg 240w, http:\/\/staging.ibermusicas.org\/wp-content\/uploads\/2025\/07\/4-Yuly-Alexandra-Pinzon-Casallas1-819x1024.jpg 819w, http:\/\/staging.ibermusicas.org\/wp-content\/uploads\/2025\/07\/4-Yuly-Alexandra-Pinzon-Casallas1-768x960.jpg 768w\" sizes=\"auto, (max-width: 1012px) 100vw, 1012px\" \/><\/p>\t\t\t<\/div>\n\t\t\t<div class=\"result-post-information\">\n\t\t\t\t<h2><a href=\"http:\/\/staging.ibermusicas.org\/index.php\/yuly-alexandra-pinzon-casallas-da-colombia-participa-da-realizacao-do-festival-yaabilaj-paax-encontro-peninsular-de-mulheres-na-musica-amor-e-coragem-em-jose-maria-morelos-quin\/\">Yuly Alexandra Pinz\u00f3n Casallas, da Col\u00f4mbia, participa da realiza\u00e7\u00e3o do festival \u201cYaabilaj Paax, Encontro Peninsular de Mulheres na M\u00fasica: Amor e Coragem\u201d em Jos\u00e9 Mar\u00eda Morelos &#8211; Quintana Roo, M\u00e9xico<\/a><\/h2>\n\t\t\t\t<p>A licenciada em m\u00fasica, bandolista, professora e pesquisadora colombiana Yuly Alexandra Pinz\u00f3n Casallas, juntamente com a licenciatura em Gest\u00e3o e Desenvolvimento das Artes da Universidade Intercultural Maia de Quintana Roo, Narrativas desde la Maianidad e a Prefeitura do munic\u00edpio de Jos\u00e9 Mar\u00eda Morelos, participa da cria\u00e7\u00e3o e organiza\u00e7\u00e3o do festival Yaabilaj Paax, Encontro de mulheres [&hellip;]<\/p>\n\t\t\t\t\t<a class=\"result-post-watch-video\" href=\"http:\/\/staging.ibermusicas.org\/index.php\/yuly-alexandra-pinzon-casallas-da-colombia-participa-da-realizacao-do-festival-yaabilaj-paax-encontro-peninsular-de-mulheres-na-musica-amor-e-coragem-em-jose-maria-morelos-quin\/\">Ver video<\/a>\n\t\t\t\t\t<a class=\"result-post-read-more\" href=\"http:\/\/staging.ibermusicas.org\/index.php\/yuly-alexandra-pinzon-casallas-da-colombia-participa-da-realizacao-do-festival-yaabilaj-paax-encontro-peninsular-de-mulheres-na-musica-amor-e-coragem-em-jose-maria-morelos-quin\/\">Leer m&aacute;s<\/a>\n\t\t\t\t<p class=\"result-post-date\"><small><\/small><\/p>\n\t\t\t<\/div>\n\t\t<\/div>\n\t\t\n\t\t\t\t<div class=\"result-post-block\">\n\t\t\t<div class=\"result-post-image\">\n\t\t\t\t<p><img loading=\"lazy\" decoding=\"async\" width=\"2250\" height=\"2251\" src=\"http:\/\/staging.ibermusicas.org\/wp-content\/uploads\/2025\/07\/2024-_IBER-fly-CATPart-1080x1080-01-PR.png\" class=\"attachment-small size-small wp-post-image\" alt=\"\" srcset=\"http:\/\/staging.ibermusicas.org\/wp-content\/uploads\/2025\/07\/2024-_IBER-fly-CATPart-1080x1080-01-PR.png 2250w, http:\/\/staging.ibermusicas.org\/wp-content\/uploads\/2025\/07\/2024-_IBER-fly-CATPart-1080x1080-01-PR-300x300.png 300w, http:\/\/staging.ibermusicas.org\/wp-content\/uploads\/2025\/07\/2024-_IBER-fly-CATPart-1080x1080-01-PR-1024x1024.png 1024w, http:\/\/staging.ibermusicas.org\/wp-content\/uploads\/2025\/07\/2024-_IBER-fly-CATPart-1080x1080-01-PR-150x150.png 150w, http:\/\/staging.ibermusicas.org\/wp-content\/uploads\/2025\/07\/2024-_IBER-fly-CATPart-1080x1080-01-PR-768x768.png 768w, http:\/\/staging.ibermusicas.org\/wp-content\/uploads\/2025\/07\/2024-_IBER-fly-CATPart-1080x1080-01-PR-1536x1536.png 1536w, http:\/\/staging.ibermusicas.org\/wp-content\/uploads\/2025\/07\/2024-_IBER-fly-CATPart-1080x1080-01-PR-2048x2048.png 2048w\" sizes=\"auto, (max-width: 2250px) 100vw, 2250px\" \/><\/p>\t\t\t<\/div>\n\t\t\t<div class=\"result-post-information\">\n\t\t\t\t<h2><a href=\"http:\/\/staging.ibermusicas.org\/index.php\/faca-parte-do-catalogo-ibero-americano-de-partituras-nao-perca-a-oportunidade-de-levar-sua-musica-a-programadores-orquestras-e-teatros-de-todo-o-mundo\/\">Fa\u00e7a parte do Cat\u00e1logo Ibero-Americano de Partituras! N\u00e3o perca a oportunidade de levar sua m\u00fasica a programadores, orquestras e teatros de todo o mundo<\/a><\/h2>\n\t\t\t\t<p>Convidamos compositores, editoras e universidades a participarem do Cat\u00e1logo Ibero-Americano de Partituras fazendo o upload das partituras de suas obras de forma gratuita e acess\u00edvel. N\u00e3o \u00e9 necess\u00e1rio incluir a partitura completa; somente as informa\u00e7\u00f5es essenciais sobre a obra e a primeira p\u00e1gina da partitura s\u00e3o exigidas. Um projeto para o mundo: O Cat\u00e1logo Ibero-Americano [&hellip;]<\/p>\n\t\t\t\t\t<a class=\"result-post-watch-video\" href=\"http:\/\/staging.ibermusicas.org\/index.php\/faca-parte-do-catalogo-ibero-americano-de-partituras-nao-perca-a-oportunidade-de-levar-sua-musica-a-programadores-orquestras-e-teatros-de-todo-o-mundo\/\">Ver video<\/a>\n\t\t\t\t\t<a class=\"result-post-read-more\" href=\"http:\/\/staging.ibermusicas.org\/index.php\/faca-parte-do-catalogo-ibero-americano-de-partituras-nao-perca-a-oportunidade-de-levar-sua-musica-a-programadores-orquestras-e-teatros-de-todo-o-mundo\/\">Leer m&aacute;s<\/a>\n\t\t\t\t<p class=\"result-post-date\"><small><\/small><\/p>\n\t\t\t<\/div>\n\t\t<\/div>\n\t\t\n\t\t\t\n\t<div class=\"pagination\">\n\t\t\n\t\t<div class=\"nav-previous\"><a href=\"http:\/\/staging.ibermusicas.org\/index.php\/catalogo-de-investigacion-musical-pt\/?sf_paged=2\" >Siguiente<\/a><\/div>\n\t\t<div class=\"nav-next\"><\/div>\n\t\t\t<\/div>\n\n\t<p class=\"post-page-number\">P&aacute;gina 1 de 167<\/p>\n\n\t<\/div>\n<\/div>\n<\/div>\n<\/div>\n","protected":false},"excerpt":{"rendered":"","protected":false},"author":1,"featured_media":0,"parent":0,"menu_order":0,"comment_status":"closed","ping_status":"closed","template":"","meta":{"footnotes":""},"class_list":["post-2467","page","type-page","status-publish","hentry"],"lang":"pt","translations":{"pt":2467,"es":1495},"pll_sync_post":[],"post_mailing_queue_ids":[],"_links":{"self":[{"href":"http:\/\/staging.ibermusicas.org\/index.php\/wp-json\/wp\/v2\/pages\/2467","targetHints":{"allow":["GET"]}}],"collection":[{"href":"http:\/\/staging.ibermusicas.org\/index.php\/wp-json\/wp\/v2\/pages"}],"about":[{"href":"http:\/\/staging.ibermusicas.org\/index.php\/wp-json\/wp\/v2\/types\/page"}],"author":[{"embeddable":true,"href":"http:\/\/staging.ibermusicas.org\/index.php\/wp-json\/wp\/v2\/users\/1"}],"replies":[{"embeddable":true,"href":"http:\/\/staging.ibermusicas.org\/index.php\/wp-json\/wp\/v2\/comments?post=2467"}],"version-history":[{"count":6,"href":"http:\/\/staging.ibermusicas.org\/index.php\/wp-json\/wp\/v2\/pages\/2467\/revisions"}],"predecessor-version":[{"id":24427,"href":"http:\/\/staging.ibermusicas.org\/index.php\/wp-json\/wp\/v2\/pages\/2467\/revisions\/24427"}],"wp:attachment":[{"href":"http:\/\/staging.ibermusicas.org\/index.php\/wp-json\/wp\/v2\/media?parent=2467"}],"curies":[{"name":"wp","href":"https:\/\/api.w.org\/{rel}","templated":true}]}}