{"id":540,"date":"2019-06-03T12:58:52","date_gmt":"2019-06-03T12:58:52","guid":{"rendered":"http:\/\/democontent.codex-themes.com\/sites\/lifestyle-blog\/?page_id=540"},"modified":"2025-07-02T20:54:01","modified_gmt":"2025-07-02T20:54:01","slug":"noticias","status":"publish","type":"page","link":"http:\/\/staging.ibermusicas.org\/index.php\/noticias\/","title":{"rendered":"Noticias"},"content":{"rendered":"\n<div class=\"wp-block-query is-layout-flow wp-block-query-is-layout-flow\"><ul class=\"wp-block-post-template is-layout-flow wp-block-post-template-is-layout-flow\"><li class=\"wp-block-post post-25161 post type-post status-publish format-standard has-post-thumbnail hentry category-noticias-generales category-noticias-rotativas\">\n\n<div class=\"wp-block-columns are-vertically-aligned-top is-style-default has-medium-font-size is-layout-flex wp-container-core-columns-is-layout-ec2e7a44 wp-block-columns-is-layout-flex\" style=\"padding-top:0;padding-bottom:0\">\n<div class=\"wp-block-column is-vertically-aligned-top is-layout-flow wp-block-column-is-layout-flow\" style=\"flex-basis:45%\"><figure style=\"aspect-ratio:4\/3;\" class=\"wp-block-post-featured-image\"><a href=\"http:\/\/staging.ibermusicas.org\/index.php\/la-pianista-y-estudiante-de-clavecin-chilena-matilde-mendez-zenteno-inicia-sus-clases-intensivas-de-clavicordio-con-valentina-villasenor\/\" target=\"_self\"  ><img loading=\"lazy\" decoding=\"async\" width=\"1080\" height=\"1080\" src=\"http:\/\/staging.ibermusicas.org\/wp-content\/uploads\/2025\/07\/12-Matilde-Mendez.jpg\" class=\"attachment-post-thumbnail size-post-thumbnail wp-post-image\" alt=\"La pianista y estudiante de clavec\u00edn chilena Matilde M\u00e9ndez Zenteno inicia sus Clases Intensivas de Clavicordio con Valentina Villase\u00f1or\u00bb\" style=\"width:100%;height:100%;object-fit:cover;\" srcset=\"http:\/\/staging.ibermusicas.org\/wp-content\/uploads\/2025\/07\/12-Matilde-Mendez.jpg 1080w, http:\/\/staging.ibermusicas.org\/wp-content\/uploads\/2025\/07\/12-Matilde-Mendez-300x300.jpg 300w, http:\/\/staging.ibermusicas.org\/wp-content\/uploads\/2025\/07\/12-Matilde-Mendez-1024x1024.jpg 1024w, http:\/\/staging.ibermusicas.org\/wp-content\/uploads\/2025\/07\/12-Matilde-Mendez-150x150.jpg 150w, http:\/\/staging.ibermusicas.org\/wp-content\/uploads\/2025\/07\/12-Matilde-Mendez-768x768.jpg 768w\" sizes=\"auto, (max-width: 1080px) 100vw, 1080px\" \/><\/a><\/figure><\/div>\n\n\n\n<div class=\"wp-block-column is-vertically-aligned-top is-layout-flow wp-block-column-is-layout-flow\" style=\"flex-basis:75%\"><div style=\"margin-top:0;margin-bottom:0;\" class=\"wp-block-post-date has-small-font-size\"><time datetime=\"2025-07-17T17:36:12+00:00\">17\/07\/2025<\/time><\/div>\n\n<h2 style=\"line-height:1.6; padding-top:0;padding-bottom:0;margin-top:2px;margin-bottom:2px;\" class=\"has-link-color wp-elements-cbcfab25c08aedc084bd84ee761b6b8b wp-block-post-title has-medium-font-size\"><a href=\"http:\/\/staging.ibermusicas.org\/index.php\/la-pianista-y-estudiante-de-clavecin-chilena-matilde-mendez-zenteno-inicia-sus-clases-intensivas-de-clavicordio-con-valentina-villasenor\/\" target=\"_self\" >La pianista y estudiante de clavec\u00edn chilena Matilde M\u00e9ndez Zenteno inicia sus Clases Intensivas de Clavicordio con Valentina Villase\u00f1or\u00bb<\/a><\/h2>\n\n<div class=\"wp-block-post-excerpt\"><p class=\"wp-block-post-excerpt__excerpt\">Este curso intensivo tiene como objetivo profundizar en la t\u00e9cnica del clavicordio, combinando un enfoque te\u00f3rico y pr\u00e1ctico basado en fuentes hist\u00f3ricas del siglo XVIII&hellip; <\/p><\/div><\/div>\n<\/div>\n\n<\/li><li class=\"wp-block-post post-25156 post type-post status-publish format-standard has-post-thumbnail hentry category-noticias-generales\">\n\n<div class=\"wp-block-columns are-vertically-aligned-top is-style-default has-medium-font-size is-layout-flex wp-container-core-columns-is-layout-ec2e7a44 wp-block-columns-is-layout-flex\" style=\"padding-top:0;padding-bottom:0\">\n<div class=\"wp-block-column is-vertically-aligned-top is-layout-flow wp-block-column-is-layout-flow\" style=\"flex-basis:45%\"><figure style=\"aspect-ratio:4\/3;\" class=\"wp-block-post-featured-image\"><a href=\"http:\/\/staging.ibermusicas.org\/index.php\/la-guitarrista-chilena-tamara-paz-canales-inicia-su-curso-de-perfeccionamiento-con-la-pianista-ania-paz-en-alemania\/\" target=\"_self\"  ><img loading=\"lazy\" decoding=\"async\" width=\"353\" height=\"523\" src=\"http:\/\/staging.ibermusicas.org\/wp-content\/uploads\/2025\/07\/11-Tamara-11.jpg\" class=\"attachment-post-thumbnail size-post-thumbnail wp-post-image\" alt=\"La guitarrista chilena Tamara Paz Canales inicia su curso de perfeccionamiento con la pianista Ania Paz en Alemania\" style=\"width:100%;height:100%;object-fit:cover;\" srcset=\"http:\/\/staging.ibermusicas.org\/wp-content\/uploads\/2025\/07\/11-Tamara-11.jpg 353w, http:\/\/staging.ibermusicas.org\/wp-content\/uploads\/2025\/07\/11-Tamara-11-202x300.jpg 202w\" sizes=\"auto, (max-width: 353px) 100vw, 353px\" \/><\/a><\/figure><\/div>\n\n\n\n<div class=\"wp-block-column is-vertically-aligned-top is-layout-flow wp-block-column-is-layout-flow\" style=\"flex-basis:75%\"><div style=\"margin-top:0;margin-bottom:0;\" class=\"wp-block-post-date has-small-font-size\"><time datetime=\"2025-07-17T17:33:40+00:00\">17\/07\/2025<\/time><\/div>\n\n<h2 style=\"line-height:1.6; padding-top:0;padding-bottom:0;margin-top:2px;margin-bottom:2px;\" class=\"has-link-color wp-elements-cbcfab25c08aedc084bd84ee761b6b8b wp-block-post-title has-medium-font-size\"><a href=\"http:\/\/staging.ibermusicas.org\/index.php\/la-guitarrista-chilena-tamara-paz-canales-inicia-su-curso-de-perfeccionamiento-con-la-pianista-ania-paz-en-alemania\/\" target=\"_self\" >La guitarrista chilena Tamara Paz Canales inicia su curso de perfeccionamiento con la pianista Ania Paz en Alemania<\/a><\/h2>\n\n<div class=\"wp-block-post-excerpt\"><p class=\"wp-block-post-excerpt__excerpt\">El curso de perfeccionamiento en jazz con la pianista Ania Paz en Berl\u00edn, reconocida por su trayectoria musical como instrumentista, compositora y docente de alto&hellip; <\/p><\/div><\/div>\n<\/div>\n\n<\/li><li class=\"wp-block-post post-25151 post type-post status-publish format-standard has-post-thumbnail hentry category-noticias-generales category-noticias-rotativas\">\n\n<div class=\"wp-block-columns are-vertically-aligned-top is-style-default has-medium-font-size is-layout-flex wp-container-core-columns-is-layout-ec2e7a44 wp-block-columns-is-layout-flex\" style=\"padding-top:0;padding-bottom:0\">\n<div class=\"wp-block-column is-vertically-aligned-top is-layout-flow wp-block-column-is-layout-flow\" style=\"flex-basis:45%\"><figure style=\"aspect-ratio:4\/3;\" class=\"wp-block-post-featured-image\"><a href=\"http:\/\/staging.ibermusicas.org\/index.php\/llega-la-primera-convencion-internacional-de-flautas-en-mexico\/\" target=\"_self\"  ><img loading=\"lazy\" decoding=\"async\" width=\"1175\" height=\"985\" src=\"http:\/\/staging.ibermusicas.org\/wp-content\/uploads\/2025\/07\/10-Flautas-de-Mexico-41.jpg\" class=\"attachment-post-thumbnail size-post-thumbnail wp-post-image\" alt=\"Llega la Primera Convenci\u00f3n Internacional de Flautas en M\u00e9xico\" style=\"width:100%;height:100%;object-fit:cover;\" srcset=\"http:\/\/staging.ibermusicas.org\/wp-content\/uploads\/2025\/07\/10-Flautas-de-Mexico-41.jpg 1175w, http:\/\/staging.ibermusicas.org\/wp-content\/uploads\/2025\/07\/10-Flautas-de-Mexico-41-300x251.jpg 300w, http:\/\/staging.ibermusicas.org\/wp-content\/uploads\/2025\/07\/10-Flautas-de-Mexico-41-1024x858.jpg 1024w, http:\/\/staging.ibermusicas.org\/wp-content\/uploads\/2025\/07\/10-Flautas-de-Mexico-41-768x644.jpg 768w\" sizes=\"auto, (max-width: 1175px) 100vw, 1175px\" \/><\/a><\/figure><\/div>\n\n\n\n<div class=\"wp-block-column is-vertically-aligned-top is-layout-flow wp-block-column-is-layout-flow\" style=\"flex-basis:75%\"><div style=\"margin-top:0;margin-bottom:0;\" class=\"wp-block-post-date has-small-font-size\"><time datetime=\"2025-07-17T17:28:22+00:00\">17\/07\/2025<\/time><\/div>\n\n<h2 style=\"line-height:1.6; padding-top:0;padding-bottom:0;margin-top:2px;margin-bottom:2px;\" class=\"has-link-color wp-elements-cbcfab25c08aedc084bd84ee761b6b8b wp-block-post-title has-medium-font-size\"><a href=\"http:\/\/staging.ibermusicas.org\/index.php\/llega-la-primera-convencion-internacional-de-flautas-en-mexico\/\" target=\"_self\" >Llega la Primera Convenci\u00f3n Internacional de Flautas en M\u00e9xico<\/a><\/h2>\n\n<div class=\"wp-block-post-excerpt\"><p class=\"wp-block-post-excerpt__excerpt\">La Primera Convenci\u00f3n Internacional de Flauta en M\u00e9xico, se llevar\u00e1 a cabo en el Instituto Superior de M\u00fasica del Estado de Veracruz. Artistas de gran&hellip; <\/p><\/div><\/div>\n<\/div>\n\n<\/li><li class=\"wp-block-post post-25146 post type-post status-publish format-standard has-post-thumbnail hentry category-noticias-generales category-noticias-rotativas\">\n\n<div class=\"wp-block-columns are-vertically-aligned-top is-style-default has-medium-font-size is-layout-flex wp-container-core-columns-is-layout-ec2e7a44 wp-block-columns-is-layout-flex\" style=\"padding-top:0;padding-bottom:0\">\n<div class=\"wp-block-column is-vertically-aligned-top is-layout-flow wp-block-column-is-layout-flow\" style=\"flex-basis:45%\"><figure style=\"aspect-ratio:4\/3;\" class=\"wp-block-post-featured-image\"><a href=\"http:\/\/staging.ibermusicas.org\/index.php\/la-agrupacion-arpas-de-malaga-se-presentara-en-el-rioharpfestival-de-brasil\/\" target=\"_self\"  ><img loading=\"lazy\" decoding=\"async\" width=\"1034\" height=\"744\" src=\"http:\/\/staging.ibermusicas.org\/wp-content\/uploads\/2025\/07\/9-arpas-de-malaga-11.jpg\" class=\"attachment-post-thumbnail size-post-thumbnail wp-post-image\" alt=\"La agrupaci\u00f3n Arpas de M\u00e1laga se presentar\u00e1 en el RioHarpFestival de Brasil\" style=\"width:100%;height:100%;object-fit:cover;\" srcset=\"http:\/\/staging.ibermusicas.org\/wp-content\/uploads\/2025\/07\/9-arpas-de-malaga-11.jpg 1034w, http:\/\/staging.ibermusicas.org\/wp-content\/uploads\/2025\/07\/9-arpas-de-malaga-11-300x216.jpg 300w, http:\/\/staging.ibermusicas.org\/wp-content\/uploads\/2025\/07\/9-arpas-de-malaga-11-1024x737.jpg 1024w, http:\/\/staging.ibermusicas.org\/wp-content\/uploads\/2025\/07\/9-arpas-de-malaga-11-768x553.jpg 768w\" sizes=\"auto, (max-width: 1034px) 100vw, 1034px\" \/><\/a><\/figure><\/div>\n\n\n\n<div class=\"wp-block-column is-vertically-aligned-top is-layout-flow wp-block-column-is-layout-flow\" style=\"flex-basis:75%\"><div style=\"margin-top:0;margin-bottom:0;\" class=\"wp-block-post-date has-small-font-size\"><time datetime=\"2025-07-17T17:23:05+00:00\">17\/07\/2025<\/time><\/div>\n\n<h2 style=\"line-height:1.6; padding-top:0;padding-bottom:0;margin-top:2px;margin-bottom:2px;\" class=\"has-link-color wp-elements-cbcfab25c08aedc084bd84ee761b6b8b wp-block-post-title has-medium-font-size\"><a href=\"http:\/\/staging.ibermusicas.org\/index.php\/la-agrupacion-arpas-de-malaga-se-presentara-en-el-rioharpfestival-de-brasil\/\" target=\"_self\" >La agrupaci\u00f3n Arpas de M\u00e1laga se presentar\u00e1 en el RioHarpFestival de Brasil<\/a><\/h2>\n\n<div class=\"wp-block-post-excerpt\"><p class=\"wp-block-post-excerpt__excerpt\">Arpas de M\u00e1laga es una agrupaci\u00f3n \u00fanica debido a sus peculiares caracter\u00edsticas. La abrupaci\u00f3n fue creada hace m\u00e1s de diez a\u00f1os por Lidia del R\u00edo&hellip; <\/p><\/div><\/div>\n<\/div>\n\n<\/li><li class=\"wp-block-post post-25141 post type-post status-publish format-standard has-post-thumbnail hentry category-noticias-generales category-noticias-rotativas\">\n\n<div class=\"wp-block-columns are-vertically-aligned-top is-style-default has-medium-font-size is-layout-flex wp-container-core-columns-is-layout-ec2e7a44 wp-block-columns-is-layout-flex\" style=\"padding-top:0;padding-bottom:0\">\n<div class=\"wp-block-column is-vertically-aligned-top is-layout-flow wp-block-column-is-layout-flow\" style=\"flex-basis:45%\"><figure style=\"aspect-ratio:4\/3;\" class=\"wp-block-post-featured-image\"><a href=\"http:\/\/staging.ibermusicas.org\/index.php\/el-ensamble-palito-miranda-de-paraguay-presenta-su-nuevo-album-ida-y-vuelta\/\" target=\"_self\"  ><img loading=\"lazy\" decoding=\"async\" width=\"1090\" height=\"634\" src=\"http:\/\/staging.ibermusicas.org\/wp-content\/uploads\/2025\/07\/8-Palito-Miranda-21.jpg\" class=\"attachment-post-thumbnail size-post-thumbnail wp-post-image\" alt=\"El Ensamble Palito Miranda de Paraguay presenta su nuevo \u00e1lbum \u201cIda y Vuelta\u201d\" style=\"width:100%;height:100%;object-fit:cover;\" srcset=\"http:\/\/staging.ibermusicas.org\/wp-content\/uploads\/2025\/07\/8-Palito-Miranda-21.jpg 1090w, http:\/\/staging.ibermusicas.org\/wp-content\/uploads\/2025\/07\/8-Palito-Miranda-21-300x174.jpg 300w, http:\/\/staging.ibermusicas.org\/wp-content\/uploads\/2025\/07\/8-Palito-Miranda-21-1024x596.jpg 1024w, http:\/\/staging.ibermusicas.org\/wp-content\/uploads\/2025\/07\/8-Palito-Miranda-21-768x447.jpg 768w\" sizes=\"auto, (max-width: 1090px) 100vw, 1090px\" \/><\/a><\/figure><\/div>\n\n\n\n<div class=\"wp-block-column is-vertically-aligned-top is-layout-flow wp-block-column-is-layout-flow\" style=\"flex-basis:75%\"><div style=\"margin-top:0;margin-bottom:0;\" class=\"wp-block-post-date has-small-font-size\"><time datetime=\"2025-07-17T17:16:31+00:00\">17\/07\/2025<\/time><\/div>\n\n<h2 style=\"line-height:1.6; padding-top:0;padding-bottom:0;margin-top:2px;margin-bottom:2px;\" class=\"has-link-color wp-elements-cbcfab25c08aedc084bd84ee761b6b8b wp-block-post-title has-medium-font-size\"><a href=\"http:\/\/staging.ibermusicas.org\/index.php\/el-ensamble-palito-miranda-de-paraguay-presenta-su-nuevo-album-ida-y-vuelta\/\" target=\"_self\" >El Ensamble Palito Miranda de Paraguay presenta su nuevo \u00e1lbum \u201cIda y Vuelta\u201d<\/a><\/h2>\n\n<div class=\"wp-block-post-excerpt\"><p class=\"wp-block-post-excerpt__excerpt\">El proyecto de jazz paraguayo Ensamble Palito Miranda, presenta su segundo material discogr\u00e1fico de estudio, el cual cuenta con una serie de colaboraciones de destacados&hellip; <\/p><\/div><\/div>\n<\/div>\n\n<\/li><li class=\"wp-block-post post-25136 post type-post status-publish format-standard has-post-thumbnail hentry category-noticias-generales category-noticias-rotativas\">\n\n<div class=\"wp-block-columns are-vertically-aligned-top is-style-default has-medium-font-size is-layout-flex wp-container-core-columns-is-layout-ec2e7a44 wp-block-columns-is-layout-flex\" style=\"padding-top:0;padding-bottom:0\">\n<div class=\"wp-block-column is-vertically-aligned-top is-layout-flow wp-block-column-is-layout-flow\" style=\"flex-basis:45%\"><figure style=\"aspect-ratio:4\/3;\" class=\"wp-block-post-featured-image\"><a href=\"http:\/\/staging.ibermusicas.org\/index.php\/la-artista-cubana-annalie-lopez-azucena-participara-de-la-gira-cancioneras-paraguay-argentina-por-distintas-ciudades-de-ambos-paises\/\" target=\"_self\"  ><img loading=\"lazy\" decoding=\"async\" width=\"1080\" height=\"1350\" src=\"http:\/\/staging.ibermusicas.org\/wp-content\/uploads\/2025\/07\/7-Azucena.jpg\" class=\"attachment-post-thumbnail size-post-thumbnail wp-post-image\" alt=\"La artista cubana Annalie L\u00f3pez \u201cAzucena\u201d participar\u00e1 de la \u201cGira Cancioneras Paraguay\/Argentina\u201d por distintas ciudades de ambos pa\u00edses\" style=\"width:100%;height:100%;object-fit:cover;\" srcset=\"http:\/\/staging.ibermusicas.org\/wp-content\/uploads\/2025\/07\/7-Azucena.jpg 1080w, http:\/\/staging.ibermusicas.org\/wp-content\/uploads\/2025\/07\/7-Azucena-240x300.jpg 240w, http:\/\/staging.ibermusicas.org\/wp-content\/uploads\/2025\/07\/7-Azucena-819x1024.jpg 819w, http:\/\/staging.ibermusicas.org\/wp-content\/uploads\/2025\/07\/7-Azucena-768x960.jpg 768w\" sizes=\"auto, (max-width: 1080px) 100vw, 1080px\" \/><\/a><\/figure><\/div>\n\n\n\n<div class=\"wp-block-column is-vertically-aligned-top is-layout-flow wp-block-column-is-layout-flow\" style=\"flex-basis:75%\"><div style=\"margin-top:0;margin-bottom:0;\" class=\"wp-block-post-date has-small-font-size\"><time datetime=\"2025-07-17T17:13:20+00:00\">17\/07\/2025<\/time><\/div>\n\n<h2 style=\"line-height:1.6; padding-top:0;padding-bottom:0;margin-top:2px;margin-bottom:2px;\" class=\"has-link-color wp-elements-cbcfab25c08aedc084bd84ee761b6b8b wp-block-post-title has-medium-font-size\"><a href=\"http:\/\/staging.ibermusicas.org\/index.php\/la-artista-cubana-annalie-lopez-azucena-participara-de-la-gira-cancioneras-paraguay-argentina-por-distintas-ciudades-de-ambos-paises\/\" target=\"_self\" >La artista cubana Annalie L\u00f3pez \u201cAzucena\u201d participar\u00e1 de la \u201cGira Cancioneras Paraguay\/Argentina\u201d por distintas ciudades de ambos pa\u00edses<\/a><\/h2>\n\n<div class=\"wp-block-post-excerpt\"><p class=\"wp-block-post-excerpt__excerpt\">Con amplio registro grave en su voz de contralto y fiel a su guitarra, la talentosa cantautora cubana Annalie L\u00f3pez, adora los colores de la&hellip; <\/p><\/div><\/div>\n<\/div>\n\n<\/li><li class=\"wp-block-post post-25131 post type-post status-publish format-standard has-post-thumbnail hentry category-noticias-generales\">\n\n<div class=\"wp-block-columns are-vertically-aligned-top is-style-default has-medium-font-size is-layout-flex wp-container-core-columns-is-layout-ec2e7a44 wp-block-columns-is-layout-flex\" style=\"padding-top:0;padding-bottom:0\">\n<div class=\"wp-block-column is-vertically-aligned-top is-layout-flow wp-block-column-is-layout-flow\" style=\"flex-basis:45%\"><figure style=\"aspect-ratio:4\/3;\" class=\"wp-block-post-featured-image\"><a href=\"http:\/\/staging.ibermusicas.org\/index.php\/se-realizara-en-asuncion-del-paraguay-la-edicion-2025-del-festival-bach-sudamericano\/\" target=\"_self\"  ><img loading=\"lazy\" decoding=\"async\" width=\"1080\" height=\"1350\" src=\"http:\/\/staging.ibermusicas.org\/wp-content\/uploads\/2025\/07\/6-Festival-Bach-Paraguay-1.jpg\" class=\"attachment-post-thumbnail size-post-thumbnail wp-post-image\" alt=\"Se realizar\u00e1 en Asunci\u00f3n del Paraguay, la edici\u00f3n 2025 del Festival Bach Sudamericano\" style=\"width:100%;height:100%;object-fit:cover;\" srcset=\"http:\/\/staging.ibermusicas.org\/wp-content\/uploads\/2025\/07\/6-Festival-Bach-Paraguay-1.jpg 1080w, http:\/\/staging.ibermusicas.org\/wp-content\/uploads\/2025\/07\/6-Festival-Bach-Paraguay-1-240x300.jpg 240w, http:\/\/staging.ibermusicas.org\/wp-content\/uploads\/2025\/07\/6-Festival-Bach-Paraguay-1-819x1024.jpg 819w, http:\/\/staging.ibermusicas.org\/wp-content\/uploads\/2025\/07\/6-Festival-Bach-Paraguay-1-768x960.jpg 768w\" sizes=\"auto, (max-width: 1080px) 100vw, 1080px\" \/><\/a><\/figure><\/div>\n\n\n\n<div class=\"wp-block-column is-vertically-aligned-top is-layout-flow wp-block-column-is-layout-flow\" style=\"flex-basis:75%\"><div style=\"margin-top:0;margin-bottom:0;\" class=\"wp-block-post-date has-small-font-size\"><time datetime=\"2025-07-17T17:07:34+00:00\">17\/07\/2025<\/time><\/div>\n\n<h2 style=\"line-height:1.6; padding-top:0;padding-bottom:0;margin-top:2px;margin-bottom:2px;\" class=\"has-link-color wp-elements-cbcfab25c08aedc084bd84ee761b6b8b wp-block-post-title has-medium-font-size\"><a href=\"http:\/\/staging.ibermusicas.org\/index.php\/se-realizara-en-asuncion-del-paraguay-la-edicion-2025-del-festival-bach-sudamericano\/\" target=\"_self\" >Se realizar\u00e1 en Asunci\u00f3n del Paraguay, la edici\u00f3n 2025 del Festival Bach Sudamericano<\/a><\/h2>\n\n<div class=\"wp-block-post-excerpt\"><p class=\"wp-block-post-excerpt__excerpt\">La Sociedad Bach del Paraguay, con el apoyo de Iberm\u00fasicas, organiza la segunda edici\u00f3n del Festival Bach Sudamericano que abarca conciertos, clases magistrales, charlas y&hellip; <\/p><\/div><\/div>\n<\/div>\n\n<\/li><li class=\"wp-block-post post-25126 post type-post status-publish format-standard has-post-thumbnail hentry category-noticias-generales category-noticias-rotativas\">\n\n<div class=\"wp-block-columns are-vertically-aligned-top is-style-default has-medium-font-size is-layout-flex wp-container-core-columns-is-layout-ec2e7a44 wp-block-columns-is-layout-flex\" style=\"padding-top:0;padding-bottom:0\">\n<div class=\"wp-block-column is-vertically-aligned-top is-layout-flow wp-block-column-is-layout-flow\" style=\"flex-basis:45%\"><figure style=\"aspect-ratio:4\/3;\" class=\"wp-block-post-featured-image\"><a href=\"http:\/\/staging.ibermusicas.org\/index.php\/celebrando-la-musica-y-la-cultura-el-festival-mimo-presenta-su-sexta-edicion-portuguesa-en-amarante\/\" target=\"_self\"  ><img loading=\"lazy\" decoding=\"async\" width=\"1073\" height=\"478\" src=\"http:\/\/staging.ibermusicas.org\/wp-content\/uploads\/2025\/07\/5-MIMO-11.jpg\" class=\"attachment-post-thumbnail size-post-thumbnail wp-post-image\" alt=\"Celebrando la m\u00fasica y la cultura, el Festival MIMO! presenta su sexta edici\u00f3n portuguesa en Amarante\" style=\"width:100%;height:100%;object-fit:cover;\" srcset=\"http:\/\/staging.ibermusicas.org\/wp-content\/uploads\/2025\/07\/5-MIMO-11.jpg 1073w, http:\/\/staging.ibermusicas.org\/wp-content\/uploads\/2025\/07\/5-MIMO-11-300x134.jpg 300w, http:\/\/staging.ibermusicas.org\/wp-content\/uploads\/2025\/07\/5-MIMO-11-1024x456.jpg 1024w, http:\/\/staging.ibermusicas.org\/wp-content\/uploads\/2025\/07\/5-MIMO-11-768x342.jpg 768w\" sizes=\"auto, (max-width: 1073px) 100vw, 1073px\" \/><\/a><\/figure><\/div>\n\n\n\n<div class=\"wp-block-column is-vertically-aligned-top is-layout-flow wp-block-column-is-layout-flow\" style=\"flex-basis:75%\"><div style=\"margin-top:0;margin-bottom:0;\" class=\"wp-block-post-date has-small-font-size\"><time datetime=\"2025-07-17T17:03:26+00:00\">17\/07\/2025<\/time><\/div>\n\n<h2 style=\"line-height:1.6; padding-top:0;padding-bottom:0;margin-top:2px;margin-bottom:2px;\" class=\"has-link-color wp-elements-cbcfab25c08aedc084bd84ee761b6b8b wp-block-post-title has-medium-font-size\"><a href=\"http:\/\/staging.ibermusicas.org\/index.php\/celebrando-la-musica-y-la-cultura-el-festival-mimo-presenta-su-sexta-edicion-portuguesa-en-amarante\/\" target=\"_self\" >Celebrando la m\u00fasica y la cultura, el Festival MIMO! presenta su sexta edici\u00f3n portuguesa en Amarante<\/a><\/h2>\n\n<div class=\"wp-block-post-excerpt\"><p class=\"wp-block-post-excerpt__excerpt\">La sexta edici\u00f3n del MIMO en Portugal vuelve a realizarse en la ciudad de Amarante y celebrar\u00e1 la cultura y la m\u00fasica del mundo con&hellip; <\/p><\/div><\/div>\n<\/div>\n\n<\/li><li class=\"wp-block-post post-25121 post type-post status-publish format-standard has-post-thumbnail hentry category-noticias-generales category-noticias-rotativas\">\n\n<div class=\"wp-block-columns are-vertically-aligned-top is-style-default has-medium-font-size is-layout-flex wp-container-core-columns-is-layout-ec2e7a44 wp-block-columns-is-layout-flex\" style=\"padding-top:0;padding-bottom:0\">\n<div class=\"wp-block-column is-vertically-aligned-top is-layout-flow wp-block-column-is-layout-flow\" style=\"flex-basis:45%\"><figure style=\"aspect-ratio:4\/3;\" class=\"wp-block-post-featured-image\"><a href=\"http:\/\/staging.ibermusicas.org\/index.php\/yuly-alexandra-pinzon-casallas-de-colombia-participa-en-la-realizacion-del-festival-yaabilaj-paax-encuentro-peninsular-de-mujeres-en-la-musica-amor-y-valentia-en-jose-maria-morelos\/\" target=\"_self\"  ><img loading=\"lazy\" decoding=\"async\" width=\"1012\" height=\"1265\" src=\"http:\/\/staging.ibermusicas.org\/wp-content\/uploads\/2025\/07\/4-Yuly-Alexandra-Pinzon-Casallas1.jpg\" class=\"attachment-post-thumbnail size-post-thumbnail wp-post-image\" alt=\"Yuly Alexandra Pinz\u00f3n Casallas de Colombia participa en la realizaci\u00f3n del festival \u201cYaabilaj Paax, Encuentro Peninsular de Mujeres en la M\u00fasica: Amor y Valent\u00eda\u201d en Jos\u00e9 Mar\u00eda Morelos &#8211; Quintana Roo, M\u00e9xico\u201d\" style=\"width:100%;height:100%;object-fit:cover;\" srcset=\"http:\/\/staging.ibermusicas.org\/wp-content\/uploads\/2025\/07\/4-Yuly-Alexandra-Pinzon-Casallas1.jpg 1012w, http:\/\/staging.ibermusicas.org\/wp-content\/uploads\/2025\/07\/4-Yuly-Alexandra-Pinzon-Casallas1-240x300.jpg 240w, http:\/\/staging.ibermusicas.org\/wp-content\/uploads\/2025\/07\/4-Yuly-Alexandra-Pinzon-Casallas1-819x1024.jpg 819w, http:\/\/staging.ibermusicas.org\/wp-content\/uploads\/2025\/07\/4-Yuly-Alexandra-Pinzon-Casallas1-768x960.jpg 768w\" sizes=\"auto, (max-width: 1012px) 100vw, 1012px\" \/><\/a><\/figure><\/div>\n\n\n\n<div class=\"wp-block-column is-vertically-aligned-top is-layout-flow wp-block-column-is-layout-flow\" style=\"flex-basis:75%\"><div style=\"margin-top:0;margin-bottom:0;\" class=\"wp-block-post-date has-small-font-size\"><time datetime=\"2025-07-17T11:48:13+00:00\">17\/07\/2025<\/time><\/div>\n\n<h2 style=\"line-height:1.6; padding-top:0;padding-bottom:0;margin-top:2px;margin-bottom:2px;\" class=\"has-link-color wp-elements-cbcfab25c08aedc084bd84ee761b6b8b wp-block-post-title has-medium-font-size\"><a href=\"http:\/\/staging.ibermusicas.org\/index.php\/yuly-alexandra-pinzon-casallas-de-colombia-participa-en-la-realizacion-del-festival-yaabilaj-paax-encuentro-peninsular-de-mujeres-en-la-musica-amor-y-valentia-en-jose-maria-morelos\/\" target=\"_self\" >Yuly Alexandra Pinz\u00f3n Casallas de Colombia participa en la realizaci\u00f3n del festival \u201cYaabilaj Paax, Encuentro Peninsular de Mujeres en la M\u00fasica: Amor y Valent\u00eda\u201d en Jos\u00e9 Mar\u00eda Morelos &#8211; Quintana Roo, M\u00e9xico\u201d<\/a><\/h2>\n\n<div class=\"wp-block-post-excerpt\"><p class=\"wp-block-post-excerpt__excerpt\">La licenciada en m\u00fasica, bandolista, docente e investigadora colombiana Yuly Alexandra Pinz\u00f3n Casallas, junto con la licenciatura en Gesti\u00f3n y desarrollo de las artes de&hellip; <\/p><\/div><\/div>\n<\/div>\n\n<\/li><li class=\"wp-block-post post-25110 post type-post status-publish format-standard has-post-thumbnail hentry category-noticias-generales\">\n\n<div class=\"wp-block-columns are-vertically-aligned-top is-style-default has-medium-font-size is-layout-flex wp-container-core-columns-is-layout-ec2e7a44 wp-block-columns-is-layout-flex\" style=\"padding-top:0;padding-bottom:0\">\n<div class=\"wp-block-column is-vertically-aligned-top is-layout-flow wp-block-column-is-layout-flow\" style=\"flex-basis:45%\"><figure style=\"aspect-ratio:4\/3;\" class=\"wp-block-post-featured-image\"><a href=\"http:\/\/staging.ibermusicas.org\/index.php\/hoy-recomendamos-la-playlist-creada-por-javier-marin-de-venezuela-para-identidades-sonoras-ii\/\" target=\"_self\"  ><img loading=\"lazy\" decoding=\"async\" width=\"201\" height=\"251\" src=\"http:\/\/staging.ibermusicas.org\/wp-content\/uploads\/2025\/07\/2-Venezuela-Javier-Marin-1.jpg\" class=\"attachment-post-thumbnail size-post-thumbnail wp-post-image\" alt=\"Hoy recomendamos la playlist creada por Javier Mar\u00edn de Venezuela para Identidades Sonoras II\" style=\"width:100%;height:100%;object-fit:cover;\" \/><\/a><\/figure><\/div>\n\n\n\n<div class=\"wp-block-column is-vertically-aligned-top is-layout-flow wp-block-column-is-layout-flow\" style=\"flex-basis:75%\"><div style=\"margin-top:0;margin-bottom:0;\" class=\"wp-block-post-date has-small-font-size\"><time datetime=\"2025-07-12T22:17:24+00:00\">12\/07\/2025<\/time><\/div>\n\n<h2 style=\"line-height:1.6; padding-top:0;padding-bottom:0;margin-top:2px;margin-bottom:2px;\" class=\"has-link-color wp-elements-cbcfab25c08aedc084bd84ee761b6b8b wp-block-post-title has-medium-font-size\"><a href=\"http:\/\/staging.ibermusicas.org\/index.php\/hoy-recomendamos-la-playlist-creada-por-javier-marin-de-venezuela-para-identidades-sonoras-ii\/\" target=\"_self\" >Hoy recomendamos la playlist creada por Javier Mar\u00edn de Venezuela para Identidades Sonoras II<\/a><\/h2>\n\n<div class=\"wp-block-post-excerpt\"><p class=\"wp-block-post-excerpt__excerpt\">Tenemos el pecho abierto al igual que la vasta costa caribe\u00f1a. Esta es Venezuela para quien se atreve a descubrirla y vivirla, as\u00ed como para&hellip; <\/p><\/div><\/div>\n<\/div>\n\n<\/li><li class=\"wp-block-post post-25106 post type-post status-publish format-standard has-post-thumbnail hentry category-noticias-generales\">\n\n<div class=\"wp-block-columns are-vertically-aligned-top is-style-default has-medium-font-size is-layout-flex wp-container-core-columns-is-layout-ec2e7a44 wp-block-columns-is-layout-flex\" style=\"padding-top:0;padding-bottom:0\">\n<div class=\"wp-block-column is-vertically-aligned-top is-layout-flow wp-block-column-is-layout-flow\" style=\"flex-basis:45%\"><figure style=\"aspect-ratio:4\/3;\" class=\"wp-block-post-featured-image\"><a href=\"http:\/\/staging.ibermusicas.org\/index.php\/ibermusicas-estuvo-presente-en-el-sunfest-festival-de-canada\/\" target=\"_self\"  ><img loading=\"lazy\" decoding=\"async\" width=\"255\" height=\"330\" src=\"http:\/\/staging.ibermusicas.org\/wp-content\/uploads\/2025\/07\/9-SUNFEST.jpg\" class=\"attachment-post-thumbnail size-post-thumbnail wp-post-image\" alt=\"Iberm\u00fasicas estuvo presente en el Sunfest Festival de Canad\u00e1\" style=\"width:100%;height:100%;object-fit:cover;\" srcset=\"http:\/\/staging.ibermusicas.org\/wp-content\/uploads\/2025\/07\/9-SUNFEST.jpg 255w, http:\/\/staging.ibermusicas.org\/wp-content\/uploads\/2025\/07\/9-SUNFEST-232x300.jpg 232w\" sizes=\"auto, (max-width: 255px) 100vw, 255px\" \/><\/a><\/figure><\/div>\n\n\n\n<div class=\"wp-block-column is-vertically-aligned-top is-layout-flow wp-block-column-is-layout-flow\" style=\"flex-basis:75%\"><div style=\"margin-top:0;margin-bottom:0;\" class=\"wp-block-post-date has-small-font-size\"><time datetime=\"2025-07-12T22:14:04+00:00\">12\/07\/2025<\/time><\/div>\n\n<h2 style=\"line-height:1.6; padding-top:0;padding-bottom:0;margin-top:2px;margin-bottom:2px;\" class=\"has-link-color wp-elements-cbcfab25c08aedc084bd84ee761b6b8b wp-block-post-title has-medium-font-size\"><a href=\"http:\/\/staging.ibermusicas.org\/index.php\/ibermusicas-estuvo-presente-en-el-sunfest-festival-de-canada\/\" target=\"_self\" >Iberm\u00fasicas estuvo presente en el Sunfest Festival de Canad\u00e1<\/a><\/h2>\n\n<div class=\"wp-block-post-excerpt\"><p class=\"wp-block-post-excerpt__excerpt\">Este a\u00f1o el Programa Iberm\u00fasicas ha sido invitado a participar de la secci\u00f3n Delegates Pro del Sunfest Festival de Canad\u00e1 que se realiza a inicios&hellip; <\/p><\/div><\/div>\n<\/div>\n\n<\/li><li class=\"wp-block-post post-25115 post type-post status-publish format-standard has-post-thumbnail hentry category-noticias-generales category-noticias-rotativas\">\n\n<div class=\"wp-block-columns are-vertically-aligned-top is-style-default has-medium-font-size is-layout-flex wp-container-core-columns-is-layout-ec2e7a44 wp-block-columns-is-layout-flex\" style=\"padding-top:0;padding-bottom:0\">\n<div class=\"wp-block-column is-vertically-aligned-top is-layout-flow wp-block-column-is-layout-flow\" style=\"flex-basis:45%\"><figure style=\"aspect-ratio:4\/3;\" class=\"wp-block-post-featured-image\"><a href=\"http:\/\/staging.ibermusicas.org\/index.php\/se-parte-del-catalogo-iberoamericano-de-partituras-no-dejes-pasar-la-oportunidad-de-llevar-tu-musica-a-programadores-orquestas-y-teatros-de-todo-el-mundo\/\" target=\"_self\"  ><img loading=\"lazy\" decoding=\"async\" width=\"2250\" height=\"2251\" src=\"http:\/\/staging.ibermusicas.org\/wp-content\/uploads\/2025\/07\/2024-_IBER-fly-CATPart-1080x1080-01-ES.png\" class=\"attachment-post-thumbnail size-post-thumbnail wp-post-image\" alt=\"\u00a1S\u00e9 parte del Cat\u00e1logo Iberoamericano de Partituras! No dejes pasar la oportunidad de llevar tu m\u00fasica a programadores, orquestas y teatros de todo el mundo.\" style=\"width:100%;height:100%;object-fit:cover;\" srcset=\"http:\/\/staging.ibermusicas.org\/wp-content\/uploads\/2025\/07\/2024-_IBER-fly-CATPart-1080x1080-01-ES.png 2250w, http:\/\/staging.ibermusicas.org\/wp-content\/uploads\/2025\/07\/2024-_IBER-fly-CATPart-1080x1080-01-ES-300x300.png 300w, http:\/\/staging.ibermusicas.org\/wp-content\/uploads\/2025\/07\/2024-_IBER-fly-CATPart-1080x1080-01-ES-1024x1024.png 1024w, http:\/\/staging.ibermusicas.org\/wp-content\/uploads\/2025\/07\/2024-_IBER-fly-CATPart-1080x1080-01-ES-150x150.png 150w, http:\/\/staging.ibermusicas.org\/wp-content\/uploads\/2025\/07\/2024-_IBER-fly-CATPart-1080x1080-01-ES-768x768.png 768w, http:\/\/staging.ibermusicas.org\/wp-content\/uploads\/2025\/07\/2024-_IBER-fly-CATPart-1080x1080-01-ES-1536x1536.png 1536w, http:\/\/staging.ibermusicas.org\/wp-content\/uploads\/2025\/07\/2024-_IBER-fly-CATPart-1080x1080-01-ES-2048x2048.png 2048w\" sizes=\"auto, (max-width: 2250px) 100vw, 2250px\" \/><\/a><\/figure><\/div>\n\n\n\n<div class=\"wp-block-column is-vertically-aligned-top is-layout-flow wp-block-column-is-layout-flow\" style=\"flex-basis:75%\"><div style=\"margin-top:0;margin-bottom:0;\" class=\"wp-block-post-date has-small-font-size\"><time datetime=\"2025-07-11T14:32:00+00:00\">11\/07\/2025<\/time><\/div>\n\n<h2 style=\"line-height:1.6; padding-top:0;padding-bottom:0;margin-top:2px;margin-bottom:2px;\" class=\"has-link-color wp-elements-cbcfab25c08aedc084bd84ee761b6b8b wp-block-post-title has-medium-font-size\"><a href=\"http:\/\/staging.ibermusicas.org\/index.php\/se-parte-del-catalogo-iberoamericano-de-partituras-no-dejes-pasar-la-oportunidad-de-llevar-tu-musica-a-programadores-orquestas-y-teatros-de-todo-el-mundo\/\" target=\"_self\" >\u00a1S\u00e9 parte del Cat\u00e1logo Iberoamericano de Partituras! No dejes pasar la oportunidad de llevar tu m\u00fasica a programadores, orquestas y teatros de todo el mundo.<\/a><\/h2>\n\n<div class=\"wp-block-post-excerpt\"><p class=\"wp-block-post-excerpt__excerpt\">Invitamos a compositores, editoriales y universidades a sumarse al Cat\u00e1logo Iberoamericano de Partituras, cargando las fichas de sus obras de forma gratuita y accesible. No&hellip; <\/p><\/div><\/div>\n<\/div>\n\n<\/li><\/ul>\n\n<nav class=\"has-link-color wp-elements-1b81f86d83eebbcdb81e5b461ef94fcd wp-block-query-pagination is-content-justification-center is-layout-flex wp-container-core-query-pagination-is-layout-a89b3969 wp-block-query-pagination-is-layout-flex\" aria-label=\"Paginaci\u00f3n\">\n\n\n<div class=\"wp-block-query-pagination-numbers\"><span aria-current=\"page\" class=\"page-numbers current\">1<\/span>\n<a class=\"page-numbers\" href=\"?query-17-page=2\">2<\/a>\n<a class=\"page-numbers\" href=\"?query-17-page=3\">3<\/a>\n<span class=\"page-numbers dots\">&hellip;<\/span>\n<a class=\"page-numbers\" href=\"?query-17-page=176\">176<\/a><\/div>\n\n<a href=\"\/index.php\/wp-json\/wp\/v2\/pages\/540?query-17-page=2\" class=\"wp-block-query-pagination-next\">P\u00e1gina siguiente<span class='wp-block-query-pagination-next-arrow is-arrow-chevron' aria-hidden='true'>\u00bb<\/span><\/a>\n<\/nav><\/div>\n","protected":false},"excerpt":{"rendered":"","protected":false},"author":1,"featured_media":0,"parent":0,"menu_order":0,"comment_status":"closed","ping_status":"closed","template":"","meta":{"footnotes":""},"class_list":["post-540","page","type-page","status-publish","hentry"],"lang":"es","translations":{"es":540,"pt":2315},"pll_sync_post":[],"post_mailing_queue_ids":[],"_links":{"self":[{"href":"http:\/\/staging.ibermusicas.org\/index.php\/wp-json\/wp\/v2\/pages\/540","targetHints":{"allow":["GET"]}}],"collection":[{"href":"http:\/\/staging.ibermusicas.org\/index.php\/wp-json\/wp\/v2\/pages"}],"about":[{"href":"http:\/\/staging.ibermusicas.org\/index.php\/wp-json\/wp\/v2\/types\/page"}],"author":[{"embeddable":true,"href":"http:\/\/staging.ibermusicas.org\/index.php\/wp-json\/wp\/v2\/users\/1"}],"replies":[{"embeddable":true,"href":"http:\/\/staging.ibermusicas.org\/index.php\/wp-json\/wp\/v2\/comments?post=540"}],"version-history":[{"count":57,"href":"http:\/\/staging.ibermusicas.org\/index.php\/wp-json\/wp\/v2\/pages\/540\/revisions"}],"predecessor-version":[{"id":24888,"href":"http:\/\/staging.ibermusicas.org\/index.php\/wp-json\/wp\/v2\/pages\/540\/revisions\/24888"}],"wp:attachment":[{"href":"http:\/\/staging.ibermusicas.org\/index.php\/wp-json\/wp\/v2\/media?parent=540"}],"curies":[{"name":"wp","href":"https:\/\/api.w.org\/{rel}","templated":true}]}}