{"id":6687,"date":"2021-08-09T13:40:19","date_gmt":"2021-08-09T13:40:19","guid":{"rendered":"http:\/\/staging.ibermusicas.org\/?page_id=6687"},"modified":"2025-07-02T22:31:39","modified_gmt":"2025-07-02T22:31:39","slug":"rios-convocatorias-proyectos","status":"publish","type":"page","link":"http:\/\/staging.ibermusicas.org\/index.php\/rios-convocatorias-proyectos\/","title":{"rendered":"Acciones RIOS"},"content":{"rendered":"\n<div class=\"wp-block-columns alignwide is-layout-flex wp-container-core-columns-is-layout-28f84493 wp-block-columns-is-layout-flex\">\n<div class=\"wp-block-column sidebar-menu is-layout-flow wp-block-column-is-layout-flow\" style=\"flex-basis:350px\"><nav class=\"has-text-color has-accent-1-color is-responsive items-justified-right is-vertical no-wrap wp-block-navigation is-content-justification-right is-nowrap is-layout-flex wp-container-core-navigation-is-layout-8332b2aa wp-block-navigation-is-layout-flex\" aria-label=\"RIOS\" \n\t\t data-wp-interactive=\"core\/navigation\" data-wp-context='{\"overlayOpenedBy\":{\"click\":false,\"hover\":false,\"focus\":false},\"type\":\"overlay\",\"roleAttribute\":\"\",\"ariaLabel\":\"Men\\u00fa\"}'><button aria-haspopup=\"dialog\" aria-label=\"Abrir el men\u00fa\" class=\"wp-block-navigation__responsive-container-open\" \n\t\t\t\tdata-wp-on-async--click=\"actions.openMenuOnClick\"\n\t\t\t\tdata-wp-on--keydown=\"actions.handleMenuKeydown\"\n\t\t\t><svg width=\"24\" height=\"24\" xmlns=\"http:\/\/www.w3.org\/2000\/svg\" viewBox=\"0 0 24 24\" aria-hidden=\"true\" focusable=\"false\"><rect x=\"4\" y=\"7.5\" width=\"16\" height=\"1.5\" \/><rect x=\"4\" y=\"15\" width=\"16\" height=\"1.5\" \/><\/svg><\/button>\n\t\t\t\t<div class=\"wp-block-navigation__responsive-container\"  id=\"modal-1\" \n\t\t\t\tdata-wp-class--has-modal-open=\"state.isMenuOpen\"\n\t\t\t\tdata-wp-class--is-menu-open=\"state.isMenuOpen\"\n\t\t\t\tdata-wp-watch=\"callbacks.initMenu\"\n\t\t\t\tdata-wp-on--keydown=\"actions.handleMenuKeydown\"\n\t\t\t\tdata-wp-on-async--focusout=\"actions.handleMenuFocusout\"\n\t\t\t\ttabindex=\"-1\"\n\t\t\t>\n\t\t\t\t\t<div class=\"wp-block-navigation__responsive-close\" tabindex=\"-1\">\n\t\t\t\t\t\t<div class=\"wp-block-navigation__responsive-dialog\" \n\t\t\t\tdata-wp-bind--aria-modal=\"state.ariaModal\"\n\t\t\t\tdata-wp-bind--aria-label=\"state.ariaLabel\"\n\t\t\t\tdata-wp-bind--role=\"state.roleAttribute\"\n\t\t\t>\n\t\t\t\t\t\t\t<button aria-label=\"Cerrar el men\u00fa\" class=\"wp-block-navigation__responsive-container-close\" \n\t\t\t\tdata-wp-on-async--click=\"actions.closeMenuOnClick\"\n\t\t\t><svg xmlns=\"http:\/\/www.w3.org\/2000\/svg\" viewBox=\"0 0 24 24\" width=\"24\" height=\"24\" aria-hidden=\"true\" focusable=\"false\"><path d=\"m13.06 12 6.47-6.47-1.06-1.06L12 10.94 5.53 4.47 4.47 5.53 10.94 12l-6.47 6.47 1.06 1.06L12 13.06l6.47 6.47 1.06-1.06L13.06 12Z\"><\/path><\/svg><\/button>\n\t\t\t\t\t\t\t<div class=\"wp-block-navigation__responsive-container-content\" \n\t\t\t\tdata-wp-watch=\"callbacks.focusFirstElement\"\n\t\t\t id=\"modal-1-content\">\n\t\t\t\t\t\t\t\t<ul class=\"wp-block-navigation__container has-text-color has-accent-1-color is-responsive items-justified-right is-vertical no-wrap wp-block-navigation\"><li class=\" wp-block-navigation-item wp-block-navigation-link\"><a class=\"wp-block-navigation-item__content\"  href=\"http:\/\/staging.ibermusicas.org\/index.php\/rios\/\"><span class=\"wp-block-navigation-item__label\">\u00bfQu\u00e9 es RIOS?<\/span><\/a><\/li><li class=\" wp-block-navigation-item wp-block-navigation-link\"><a class=\"wp-block-navigation-item__content\"  href=\"http:\/\/staging.ibermusicas.org\/index.php\/rios-convocatorias-proyectos\/\"><span class=\"wp-block-navigation-item__label\">Acciones RIOS<\/span><\/a><\/li><li class=\" wp-block-navigation-item wp-block-navigation-link\"><a class=\"wp-block-navigation-item__content\"  href=\"http:\/\/staging.ibermusicas.org\/index.php\/rios-directorio-orquestas\/\"><span class=\"wp-block-navigation-item__label\">Directorio de Orquestas<\/span><\/a><\/li><\/ul>\n\t\t\t\t\t\t\t<\/div>\n\t\t\t\t\t\t<\/div>\n\t\t\t\t\t<\/div>\n\t\t\t\t<\/div><\/nav>\n\n\n<p class=\"has-text-align-right has-accent-4-color has-text-color has-link-color wp-elements-478cfa13ca1c2c51d93f3cdb1cd29424\" style=\"font-size:11px;font-style:normal;font-weight:600;letter-spacing:2px;text-transform:uppercase\">Secci\u00f3n miembros<\/p>\n\n\n<nav class=\"has-text-color has-accent-1-color is-responsive items-justified-right is-vertical wp-block-navigation is-content-justification-right is-layout-flex wp-container-core-navigation-is-layout-2bb013ba wp-block-navigation-is-layout-flex\" aria-label=\"Men\u00fa Pie de p\u00e1gina 2\" \n\t\t data-wp-interactive=\"core\/navigation\" data-wp-context='{\"overlayOpenedBy\":{\"click\":false,\"hover\":false,\"focus\":false},\"type\":\"overlay\",\"roleAttribute\":\"\",\"ariaLabel\":\"Men\\u00fa\"}'><button aria-haspopup=\"dialog\" aria-label=\"Abrir el men\u00fa\" class=\"wp-block-navigation__responsive-container-open\" \n\t\t\t\tdata-wp-on-async--click=\"actions.openMenuOnClick\"\n\t\t\t\tdata-wp-on--keydown=\"actions.handleMenuKeydown\"\n\t\t\t><svg width=\"24\" height=\"24\" xmlns=\"http:\/\/www.w3.org\/2000\/svg\" viewBox=\"0 0 24 24\" aria-hidden=\"true\" focusable=\"false\"><rect x=\"4\" y=\"7.5\" width=\"16\" height=\"1.5\" \/><rect x=\"4\" y=\"15\" width=\"16\" height=\"1.5\" \/><\/svg><\/button>\n\t\t\t\t<div class=\"wp-block-navigation__responsive-container\"  id=\"modal-2\" \n\t\t\t\tdata-wp-class--has-modal-open=\"state.isMenuOpen\"\n\t\t\t\tdata-wp-class--is-menu-open=\"state.isMenuOpen\"\n\t\t\t\tdata-wp-watch=\"callbacks.initMenu\"\n\t\t\t\tdata-wp-on--keydown=\"actions.handleMenuKeydown\"\n\t\t\t\tdata-wp-on-async--focusout=\"actions.handleMenuFocusout\"\n\t\t\t\ttabindex=\"-1\"\n\t\t\t>\n\t\t\t\t\t<div class=\"wp-block-navigation__responsive-close\" tabindex=\"-1\">\n\t\t\t\t\t\t<div class=\"wp-block-navigation__responsive-dialog\" \n\t\t\t\tdata-wp-bind--aria-modal=\"state.ariaModal\"\n\t\t\t\tdata-wp-bind--aria-label=\"state.ariaLabel\"\n\t\t\t\tdata-wp-bind--role=\"state.roleAttribute\"\n\t\t\t>\n\t\t\t\t\t\t\t<button aria-label=\"Cerrar el men\u00fa\" class=\"wp-block-navigation__responsive-container-close\" \n\t\t\t\tdata-wp-on-async--click=\"actions.closeMenuOnClick\"\n\t\t\t><svg xmlns=\"http:\/\/www.w3.org\/2000\/svg\" viewBox=\"0 0 24 24\" width=\"24\" height=\"24\" aria-hidden=\"true\" focusable=\"false\"><path d=\"m13.06 12 6.47-6.47-1.06-1.06L12 10.94 5.53 4.47 4.47 5.53 10.94 12l-6.47 6.47 1.06 1.06L12 13.06l6.47 6.47 1.06-1.06L13.06 12Z\"><\/path><\/svg><\/button>\n\t\t\t\t\t\t\t<div class=\"wp-block-navigation__responsive-container-content\" \n\t\t\t\tdata-wp-watch=\"callbacks.focusFirstElement\"\n\t\t\t id=\"modal-2-content\">\n\t\t\t\t\t\t\t\t<ul class=\"wp-block-navigation__container has-text-color has-accent-1-color is-responsive items-justified-right is-vertical wp-block-navigation\"><li class=\" wp-block-navigation-item wp-block-navigation-link\"><a class=\"wp-block-navigation-item__content\"  href=\"http:\/\/staging.ibermusicas.org\/index.php\/rios-documentos-y-links\/\"><span class=\"wp-block-navigation-item__label\">Documentos y links<\/span><\/a><\/li><li class=\" wp-block-navigation-item wp-block-navigation-link\"><a class=\"wp-block-navigation-item__content\"  href=\"http:\/\/staging.ibermusicas.org\/index.php\/rios-propuestas-de-artiulacion\/\"><span class=\"wp-block-navigation-item__label\">Propuestas para articulaci\u00f3n<\/span><\/a><\/li><li class=\" wp-block-navigation-item wp-block-navigation-link\"><a class=\"wp-block-navigation-item__content\"  href=\"http:\/\/staging.ibermusicas.org\/index.php\/rios-recursos-disponibles\/\"><span class=\"wp-block-navigation-item__label\">Recursos disponibles<\/span><\/a><\/li><li class=\" wp-block-navigation-item wp-block-navigation-link\"><a class=\"wp-block-navigation-item__content\"  href=\"http:\/\/staging.ibermusicas.org\/index.php\/rios-materiales-orquestales\/\"><span class=\"wp-block-navigation-item__label\">Materiales orquestales<\/span><\/a><\/li><\/ul>\n\t\t\t\t\t\t\t<\/div>\n\t\t\t\t\t\t<\/div>\n\t\t\t\t\t<\/div>\n\t\t\t\t<\/div><\/nav><\/div>\n\n\n\n<div class=\"wp-block-column is-layout-flow wp-container-core-column-is-layout-81d5c4b5 wp-block-column-is-layout-flow\">\n<figure class=\"wp-block-image size-medium alignnone\"><img loading=\"lazy\" decoding=\"async\" width=\"960\" height=\"640\" src=\"http:\/\/staging.ibermusicas.org\/wp-content\/uploads\/2023\/09\/OFUNAM-min.jpeg\" alt=\"\" class=\"wp-image-16746\"\/><\/figure>\n\n\n\n<h2 class=\"wp-block-heading\">Capacitaci\u00f3n: Producci\u00f3n y transmisi\u00f3n de registros audiovisuales<\/h2>\n\n\n\n<p>Entre septiembre y noviembre de 2023, el equipo de la Orquesta Filarm\u00f3nica de la Universidad Nacional Aut\u00f3noma de Mexico brindar\u00e1 a nuestros miembros una capacitaci\u00f3n profesional sobre la producci\u00f3n de registros audiovisuales y su transmisi\u00f3n en mu\u0301ltiples plataformas. Ser\u00e1n cinco sesiones intensivas el 21 de septiembre (Introducci\u00f3n); 16 y 17 de noviembre (AUDIO); 23 y 24 de noviembre (VIDEO) por la plataforma Zoom. La actividad es gratuita y se emitir\u00e1n certificados de participaci\u00f3n.<\/p>\n\n\n\n<p><span class=\"TextRun SCXW53697211 BCX0\" lang=\"ES-AR\" xml:lang=\"ES-AR\" data-contrast=\"auto\"><span class=\"NormalTextRun SCXW53697211 BCX0\">Imparten: Valeria Palomino, Francis Palomares , Carlos Fonseca y Gabriel <\/span><span class=\"NormalTextRun SpellingErrorV2Themed SpellingErrorHighlight SCXW53697211 BCX0\">Casta\u00f1\u00f3n<\/span><\/span><span class=\"EOP SCXW53697211 BCX0\" data-ccp-props=\"{&quot;201341983&quot;:0,&quot;335559739&quot;:0,&quot;335559740&quot;:259}\">&nbsp;<\/span><\/p>\n\n\n\n<div class=\"wp-block-buttons is-layout-flex wp-block-buttons-is-layout-flex\">\n<div class=\"wp-block-button\"><a class=\"wp-block-button__link wp-element-button\" href=\" https:\/\/forms.gle\/R8HATaeJCeE433QQA\" target=\"%20_blank\" rel=\"noopener noreferrer\">INSCRIPCI\u00d3N<\/a><\/div>\n\n\n\n<div class=\"wp-block-button\"><a class=\"wp-block-button__link wp-element-button\" href=\"https:\/\/drive.google.com\/file\/d\/1V1TOV1tt_n4qaxv9q21eokjC82YMzDhc\/view?usp=drive_link\" target=\"%20_blank\" rel=\"noopener noreferrer\">PROGRAMA<\/a><\/div>\n<\/div>\n\n\n\n<figure class=\"wp-block-image size-medium alignnone\"><img loading=\"lazy\" decoding=\"async\" width=\"226\" height=\"218\" src=\"http:\/\/staging.ibermusicas.org\/wp-content\/uploads\/2021\/09\/mola_logo.jpeg\" alt=\"\" class=\"wp-image-9992\"\/><\/figure>\n\n\n\n<h2 class=\"wp-block-heading\">Capacitaci\u00f3n para bibliotecarios y archivistas musicales<\/h2>\n\n\n\n<p>Se realizar\u00e1 una capacitaci\u00f3n profesional dedicada al perfeccionamiento de archivistas y bibliotecarias\/os musicales en una colaboraci\u00f3n entre <b>RIOS<\/b> y <a href=\"https:\/\/mola-inc.org\/p\/about\">M.O.L.A.<\/a> (Major Orchestra Librarians\u2019 Association).&nbsp; Habr\u00e1 espacios de discusi\u00f3n y encuentro, y 5 m\u00f3dulos t\u00e9cnicos a definir en base a las demandas (preparaci\u00f3n y armado de materiales, catalogaci\u00f3n, preservaci\u00f3n, revision, cortes, opera, derecho intelectual y editorial, etc)<\/p>\n\n\n\n<figure class=\"wp-block-image size-medium alignnone\"><img loading=\"lazy\" decoding=\"async\" width=\"1280\" height=\"853\" src=\"http:\/\/staging.ibermusicas.org\/wp-content\/uploads\/2021\/05\/composicion.jpeg\" alt=\"\" class=\"wp-image-6654\"\/><\/figure>\n\n\n\n<h2 class=\"wp-block-heading\">Convocatoria desactivada<\/h2>\n\n\n\n<p>Descripci\u00f3n de la convocatoria: Lorem ipsum dolor sit amet, consectetur adipiscing elit, sed do eiusmod tempor incididunt ut labore et dolore magna aliqua. Ut enim ad minim veniam, quis nostrud exercitation ullamco laboris nisi ut aliquip ex ea commodo consequat.<br><strong>Inicio: <\/strong>1 de junio del 2021<br><strong>T\u00e9rmino:<\/strong> 1 de octubre del 2021<\/p>\n\n\n\n<div class=\"wp-block-buttons is-layout-flex wp-block-buttons-is-layout-flex\">\n<div class=\"wp-block-button convocatoria-btn\"><a class=\"wp-block-button__link wp-element-button\" href=\"http:\/\/staging.ibermusicas.org\/wp-content\/uploads\/2020\/04\/Ibermusicas-Premio-Ibermusicas-de-composicion-2021.pdf\" target=\"%20_blank\" rel=\"noopener noreferrer\">Descarga las bases<\/a><\/div>\n\n\n\n<div class=\"wp-block-button convocatoria-btn\"><a class=\"wp-block-button__link wp-element-button\" href=\"http:\/\/staging.ibermusicas.org\/wp-content\/uploads\/2020\/04\/Ibermusicas-Premio-Ibermusicas-de-composicion-2021.pdf\" target=\"%20_blank\" rel=\"noopener noreferrer\">Descarga las bases<\/a><\/div>\n<\/div>\n<\/div>\n<\/div>\n","protected":false},"excerpt":{"rendered":"<p>Secci\u00f3n miembros Capacitaci\u00f3n: Producci\u00f3n y transmisi\u00f3n de registros audiovisuales Entre septiembre y noviembre de 2023, el equipo de la Orquesta Filarm\u00f3nica de la Universidad Nacional Aut\u00f3noma de Mexico brindar\u00e1 a nuestros miembros una capacitaci\u00f3n profesional sobre la producci\u00f3n de registros audiovisuales y su transmisi\u00f3n en mu\u0301ltiples plataformas. Ser\u00e1n cinco sesiones intensivas el 21 de septiembre [&hellip;]<\/p>\n","protected":false},"author":1,"featured_media":0,"parent":0,"menu_order":0,"comment_status":"closed","ping_status":"closed","template":"","meta":{"footnotes":""},"class_list":["post-6687","page","type-page","status-publish","hentry"],"lang":"es","translations":{"es":6687,"pt":10643},"pll_sync_post":[],"post_mailing_queue_ids":[],"_links":{"self":[{"href":"http:\/\/staging.ibermusicas.org\/index.php\/wp-json\/wp\/v2\/pages\/6687","targetHints":{"allow":["GET"]}}],"collection":[{"href":"http:\/\/staging.ibermusicas.org\/index.php\/wp-json\/wp\/v2\/pages"}],"about":[{"href":"http:\/\/staging.ibermusicas.org\/index.php\/wp-json\/wp\/v2\/types\/page"}],"author":[{"embeddable":true,"href":"http:\/\/staging.ibermusicas.org\/index.php\/wp-json\/wp\/v2\/users\/1"}],"replies":[{"embeddable":true,"href":"http:\/\/staging.ibermusicas.org\/index.php\/wp-json\/wp\/v2\/comments?post=6687"}],"version-history":[{"count":64,"href":"http:\/\/staging.ibermusicas.org\/index.php\/wp-json\/wp\/v2\/pages\/6687\/revisions"}],"predecessor-version":[{"id":24916,"href":"http:\/\/staging.ibermusicas.org\/index.php\/wp-json\/wp\/v2\/pages\/6687\/revisions\/24916"}],"wp:attachment":[{"href":"http:\/\/staging.ibermusicas.org\/index.php\/wp-json\/wp\/v2\/media?parent=6687"}],"curies":[{"name":"wp","href":"https:\/\/api.w.org\/{rel}","templated":true}]}}