{"id":8577,"date":"2021-07-20T15:43:49","date_gmt":"2021-07-20T15:43:49","guid":{"rendered":"http:\/\/staging.ibermusicas.org\/?page_id=8577"},"modified":"2025-06-22T20:04:58","modified_gmt":"2025-06-22T20:04:58","slug":"convocatorias-anteriores-pt","status":"publish","type":"page","link":"http:\/\/staging.ibermusicas.org\/index.php\/convocatorias-anteriores-pt\/","title":{"rendered":"Editais Anteriores"},"content":{"rendered":"\n<p>&nbsp;<\/p>\n\n\n\n<div class=\"wpdt-c\">\n    \n\n    <div class=\"wpDataTables wpDataTablesFilter wpDataTablesWrapper data-t\"\n         data-wpdatatable_id=\"12\">\n        <div id=\"filterBox_table_1\" class=\"wpDataTableFilterBox\">\n                                                                                                        <div class=\"wpDataTableFilterSection\" id=\"table_1_2_filter_sections\">\n                        <label>Ano:<\/label>\n                        <div id=\"table_1_2_filter\"><\/div>\n                    <\/div>\n                                                                                                                                                                <\/div>\n    <\/div>\n<input type=\"hidden\" id=\"wdtNonceFrontendEdit_12\" name=\"wdtNonceFrontendEdit_12\" value=\"51e81648e4\" \/><input type=\"hidden\" name=\"_wp_http_referer\" value=\"\/index.php\/wp-json\/wp\/v2\/pages\/8577\" \/>    <input type=\"hidden\" id=\"table_1_desc\" value='{\"tableId\":\"table_1\",\"tableType\":\"manual\",\"selector\":\"#table_1\",\"responsive\":false,\"editable\":false,\"inlineEditing\":false,\"infoBlock\":false,\"globalSearch\":false,\"showRowsPerPage\":false,\"popoverTools\":false,\"hideBeforeLoad\":false,\"number_format\":1,\"decimalPlaces\":2,\"spinnerSrc\":\"http:\\\/\\\/staging.ibermusicas.org\\\/wp-content\\\/plugins\\\/wpdatatables\\\/assets\\\/\\\/img\\\/spinner.gif\",\"groupingEnabled\":false,\"tableWpId\":\"12\",\"dataTableParams\":{\"sDom\":\"BT\\u003C\\u0027clear\\u0027\\u003Etp\",\"bSortCellsTop\":false,\"bFilter\":true,\"bPaginate\":true,\"aLengthMenu\":[[1,5,10,25,50,100,-1],[1,5,10,25,50,100,\"All\"]],\"iDisplayLength\":25,\"columnDefs\":[{\"sType\":\"formatted-num\",\"wdtType\":\"int\",\"bVisible\":false,\"orderable\":true,\"searchable\":true,\"InputType\":\"text\",\"name\":\"wdt_ID\",\"origHeader\":\"wdt_ID\",\"notNull\":false,\"conditionalFormattingRules\":[],\"className\":\"numdata integer  column-wdt_id\",\"aTargets\":[0]},{\"sType\":\"string\",\"wdtType\":\"string\",\"bVisible\":true,\"orderable\":false,\"searchable\":true,\"InputType\":\"text\",\"name\":\"nombre\",\"origHeader\":\"nombre\",\"notNull\":false,\"conditionalFormattingRules\":[],\"className\":\" column-nombre\",\"aTargets\":[1]},{\"sType\":\"string\",\"wdtType\":\"string\",\"bVisible\":false,\"orderable\":false,\"searchable\":true,\"InputType\":\"text\",\"name\":\"ao\",\"origHeader\":\"ao\",\"notNull\":false,\"conditionalFormattingRules\":[],\"className\":\" column-ao\",\"aTargets\":[2]},{\"sType\":\"string\",\"wdtType\":\"string\",\"bVisible\":true,\"orderable\":false,\"searchable\":true,\"InputType\":\"textarea\",\"name\":\"descripcin\",\"origHeader\":\"descripcin\",\"notNull\":false,\"conditionalFormattingRules\":[],\"className\":\" column-descripcin\",\"aTargets\":[3]},{\"sType\":\"date-custom\",\"wdtType\":\"date\",\"bVisible\":true,\"orderable\":true,\"searchable\":true,\"InputType\":\"date\",\"name\":\"inicio\",\"origHeader\":\"inicio\",\"notNull\":false,\"conditionalFormattingRules\":[],\"className\":\" column-inicio\",\"aTargets\":[4]},{\"sType\":\"date-custom\",\"wdtType\":\"date\",\"bVisible\":true,\"orderable\":false,\"searchable\":true,\"InputType\":\"date\",\"name\":\"trmino\",\"origHeader\":\"trmino\",\"notNull\":false,\"conditionalFormattingRules\":[],\"className\":\" column-trmino\",\"aTargets\":[5]},{\"sType\":\"string\",\"wdtType\":\"link\",\"bVisible\":true,\"orderable\":false,\"searchable\":true,\"InputType\":\"text\",\"name\":\"bases\",\"origHeader\":\"bases\",\"notNull\":false,\"conditionalFormattingRules\":[],\"className\":\" column-bases\",\"aTargets\":[6]}],\"bAutoWidth\":false,\"order\":[[0,\"asc\"]],\"ordering\":false,\"oLanguage\":{\"sProcessing\":\"Procesando...\",\"sLengthMenu\":\"Mostrar _MENU_ registros\",\"sZeroRecords\":\"No se encontraron resultados\",\"sEmptyTable\":\"Ning\\u00fan dato disponible en esta tabla\",\"sInfo\":\"Mostrando registros del _START_ al _END_ de un total de _TOTAL_ registros\",\"sInfoEmpty\":\"Mostrando registros del 0 al 0 de un total de 0 registros\",\"sInfoFiltered\":\"(filtrado de un total de _MAX_ registros)\",\"sInfoPostFix\":\"\",\"sSearch\":\"Buscar:\",\"sUrl\":\"\",\"sInfoThousands\":\",\",\"sLoadingRecords\":\"Cargando...\",\"oPaginate\":{\"sFirst\":\"Primero\",\"sLast\":\"\\u00daltimo\",\"sNext\":\"Siguiente\",\"sPrevious\":\"Anterior\"},\"fnInfoCallback\":null,\"oAria\":{\"sSortAscending\":\": Activar para ordernar la columna de manera ascendente\",\"sSortDescending\":\": Activar para ordernar la columna de manera descendente\"}},\"buttons\":[],\"bProcessing\":false,\"serverSide\":true,\"ajax\":{\"url\":\"http:\\\/\\\/staging.ibermusicas.org\\\/wp-admin\\\/admin-ajax.php?action=get_wdtable&table_id=12\",\"type\":\"POST\"},\"sPaginationType\":\"full_numbers\",\"oSearch\":{\"bSmart\":false,\"bRegex\":false,\"sSearch\":\"\"}},\"tabletWidth\":\"1024\",\"mobileWidth\":\"480\",\"advancedFilterEnabled\":true,\"advancedFilterOptions\":{\"aoColumns\":[{\"type\":\"null\",\"columnType\":\"int\",\"numberOfDecimalPlaces\":\"2\",\"possibleValuesType\":\"read\",\"values\":null,\"origHeader\":\"wdt_ID\",\"displayHeader\":\"wdt_ID\",\"possibleValuesAddEmpty\":false,\"possibleValuesAjax\":-1,\"defaultValue\":\"\",\"exactFiltering\":false,\"filterLabel\":\"\",\"checkboxesInModal\":0,\"linkButtonLabel\":\"\",\"rangeSlider\":false,\"sSelector\":\"#table_1_0_filter\"},{\"type\":\"null\",\"columnType\":\"string\",\"numberOfDecimalPlaces\":\"2\",\"possibleValuesType\":\"read\",\"values\":null,\"origHeader\":\"nombre\",\"displayHeader\":\"Nombre\",\"possibleValuesAddEmpty\":false,\"possibleValuesAjax\":10,\"defaultValue\":\"\",\"exactFiltering\":false,\"filterLabel\":\"\",\"checkboxesInModal\":0,\"linkButtonLabel\":\"\",\"rangeSlider\":false,\"sSelector\":\"#table_1_1_filter\"},{\"type\":\"select\",\"columnType\":\"string\",\"numberOfDecimalPlaces\":\"2\",\"possibleValuesType\":\"read\",\"values\":[{\"value\":\"2013\",\"label\":\"2013\"},{\"value\":\"2014\",\"label\":\"2014\"},{\"value\":\"2015\",\"label\":\"2015\"},{\"value\":\"2016\",\"label\":\"2016\"},{\"value\":\"2017\",\"label\":\"2017\"},{\"value\":\"2018\",\"label\":\"2018\"},{\"value\":\"2019\",\"label\":\"2019\"},{\"value\":\"2020\",\"label\":\"2020\"},{\"value\":\"2021\",\"label\":\"2021\"},{\"value\":\"2022\",\"label\":\"2022\"},{\"value\":\"2023\",\"label\":\"2023\"},{\"value\":\"2024\",\"label\":\"2024\"}],\"origHeader\":\"ao\",\"displayHeader\":\"A\\u00f1o\",\"possibleValuesAddEmpty\":false,\"possibleValuesAjax\":25,\"defaultValue\":\"\",\"exactFiltering\":false,\"filterLabel\":\"Ano\",\"checkboxesInModal\":0,\"linkButtonLabel\":\"\",\"rangeSlider\":false,\"sSelector\":\"#table_1_2_filter\"},{\"type\":\"null\",\"columnType\":\"string\",\"numberOfDecimalPlaces\":\"2\",\"possibleValuesType\":\"read\",\"values\":null,\"origHeader\":\"descripcin\",\"displayHeader\":\"Descripci\\u00f3n\",\"possibleValuesAddEmpty\":false,\"possibleValuesAjax\":10,\"defaultValue\":\"\",\"exactFiltering\":false,\"filterLabel\":\"\",\"checkboxesInModal\":0,\"linkButtonLabel\":\"\",\"rangeSlider\":false,\"sSelector\":\"#table_1_3_filter\"},{\"type\":\"null\",\"columnType\":\"date\",\"numberOfDecimalPlaces\":\"2\",\"possibleValuesType\":\"read\",\"values\":null,\"origHeader\":\"inicio\",\"displayHeader\":\"Inicio\",\"possibleValuesAddEmpty\":false,\"possibleValuesAjax\":-1,\"defaultValue\":\"\",\"exactFiltering\":false,\"filterLabel\":\"\",\"checkboxesInModal\":0,\"linkButtonLabel\":\"\",\"rangeSlider\":false,\"sSelector\":\"#table_1_4_filter\"},{\"type\":\"null\",\"columnType\":\"date\",\"numberOfDecimalPlaces\":\"2\",\"possibleValuesType\":\"read\",\"values\":null,\"origHeader\":\"trmino\",\"displayHeader\":\"T\\u00e9rmino\",\"possibleValuesAddEmpty\":false,\"possibleValuesAjax\":-1,\"defaultValue\":\"\",\"exactFiltering\":false,\"filterLabel\":\"\",\"checkboxesInModal\":0,\"linkButtonLabel\":\"\",\"rangeSlider\":false,\"sSelector\":\"#table_1_5_filter\"},{\"type\":\"null\",\"columnType\":\"link\",\"numberOfDecimalPlaces\":\"2\",\"possibleValuesType\":\"read\",\"values\":null,\"origHeader\":\"bases\",\"displayHeader\":\"Bases\",\"possibleValuesAddEmpty\":false,\"possibleValuesAjax\":-1,\"defaultValue\":\"\",\"exactFiltering\":false,\"filterLabel\":\"\",\"checkboxesInModal\":0,\"linkButtonLabel\":\"Baixar edital\",\"rangeSlider\":false,\"sSelector\":\"#table_1_6_filter\"}],\"bUseColVis\":true},\"filterInForm\":true,\"serverSide\":true,\"autoRefreshInterval\":0,\"processing\":true,\"fnServerData\":true,\"columnsFixed\":0,\"sumFunctionsLabel\":\"\",\"avgFunctionsLabel\":\"\",\"minFunctionsLabel\":\"\",\"maxFunctionsLabel\":\"max\",\"columnsDecimalPlaces\":{\"wdt_ID\":-1,\"nombre\":-1,\"ao\":-1,\"descripcin\":-1,\"inicio\":-1,\"trmino\":-1,\"bases\":-1},\"columnsThousandsSeparator\":{\"wdt_ID\":0},\"sumColumns\":[],\"avgColumns\":[],\"sumAvgColumns\":[],\"timeFormat\":\"h:i A\",\"datepickFormat\":\"dd\\\/mm\\\/yy\",\"cascadeFiltering\":0,\"cascadeFilteringLogic\":\"\",\"hideTableBeforeFiltering\":0,\"showSearchFiltersButton\":0,\"disableSearchFiltersButton\":0}'\/>\n\n    <table id=\"table_1\"\n           class=\"  display nowrap data-t data-t wpDataTable\"\n           style=\"\"\n           data-described-by='table_1_desc'\n           data-wpdatatable_id=\"12\">\n\n        <!-- Table header -->\n        \n<thead>\n<tr>\n                    <th\n                        class=\" wdtheader sort numdata integer \"\n        style=\"\">wdt_ID<\/th>        <th\n        data-class=\"expand\"                class=\" wdtheader \"\n        style=\"\">Nombre<\/th>        <th\n                        class=\" wdtheader \"\n        style=\"\">A\u00f1o<\/th>        <th\n                        class=\" wdtheader \"\n        style=\"\">Descripci\u00f3n<\/th>        <th\n                        class=\" wdtheader sort \"\n        style=\"\">Inicio<\/th>        <th\n                        class=\" wdtheader \"\n        style=\"\">T\u00e9rmino<\/th>        <th\n                        class=\" wdtheader \"\n        style=\"\">Bases<\/th>    <\/tr>\n<\/thead>\n        <!-- \/Table header -->\n\n        <!-- Table body -->\n        \n<tbody>\n        <tr id=\"table_12_row_0\">\n                    <td style=\"\">1<\/td>\n                    <td style=\"\">Concurso Chabuca Granda<\/td>\n                    <td style=\"\">2019<\/td>\n                    <td style=\"\">Com o objetivo de homenagear \u00e0 compositora peruana Chabuca Granda no centen\u00e1rio de seu nascimento, impulsando e promovendo a cria\u00e7\u00e3o de m\u00fasica popular e contribuir assim para a expans\u00e3o do repert\u00f3rio ibero-americano em seus diferentes g\u00eaneros tradicionais e incentivando estas atividades com plena liberdade criativa, IBERMU\u0301SICAS e o MINIST\u00c9RIO DA CULTURA DO PERU apresenta o \u201cConcurso Ibero-Americano 100 do nascimento de Chabuca Granda \u2013 Cria\u00e7\u00e3o de Can\u00e7\u00e3o\u201d. Com este concurso, a cria\u00e7\u00e3o de uma m\u00fasica inspirada no trabalho musical de Chabuca Granda ser\u00e1 recompensada com US $ 2.500 (dois mil e quinhentos d\u00f3lares americanos). A obra vencedora ser\u00e1 lan\u00e7ada pelo Conjunto Musical do Bal\u00e9 Folcl\u00f3rico Nacional do Peru em 2020, como parte das comemora\u00e7\u00f5es dos 100 anos do nascimento da artista.<\/td>\n                    <td style=\"\">03\/03\/2019<\/td>\n                    <td style=\"\">17\/07\/2020<\/td>\n                    <td style=\"\"><a href='http:\/\/ibermusicas.s3.amazonaws.com\/2020\/04\/06171006\/Concurso-iberoamericano-100-anos-do-nascimento-da-Chabuca-Granda-Portugues.pdf' target='_blank'><button class='btn-main'>Baixar edital<\/button><\/a><\/td>\n            <\/tr>\n            <tr id=\"table_12_row_1\">\n                    <td style=\"\">2<\/td>\n                    <td style=\"\">VII Pr\u00eamio Iberm\u00fasicas de Cria\u00e7\u00e3o de Can\u00e7\u00f5es \u2013 Can\u00e7\u00f5es da Quarentena<\/td>\n                    <td style=\"\">2020<\/td>\n                    <td style=\"\">Com o objetivo de impulsionar e promover a cria\u00e7\u00e3o da m\u00fasica popular e assim, contribuir para a expans\u00e3o do repert\u00f3rio ibero-americano em seus diferentes g\u00eaneros, incentivando estas atividades com total liberdade criativa, IBERM\u00daSICAS apresenta o \u201cVII Pr\u00eamio Iberm\u00fasicas de Cria\u00e7\u00e3o de Can\u00e7\u00f5es \u2013 Can\u00e7\u00f5es da Quarentena\u201d. com a inten\u00e7\u00e3o de favorecer um n\u00famero maior de artistas em um momento em que o setor precisa de um apoio ainda mais forte, foi estabelecido que este ano ser\u00e3o premiados tr\u00eas compositores ou compositoras por cada um dos pa\u00edses que comp\u00f5em o programa com USD 1000 para cada uma das can\u00e7\u00f5es selecionadas como vencedoras. Ao mesmo tempo, no \u00e2mbito de uma eventual pol\u00edtica de divulga\u00e7\u00e3o emitida pelo Programa lBERM\u00daSICAS, essas m\u00fasicas poderam ser editadas como parte do cat\u00e1logo de \u00e1lbuns \u201cItinerarios\u201d.<\/td>\n                    <td style=\"\">13\/07\/2020<\/td>\n                    <td style=\"\">15\/09\/2020<\/td>\n                    <td style=\"\"><a href='https:\/\/groovelistapplication2.s3.amazonaws.com\/Iberm%C3%BAsicas\/2020\/Bases\/Pre%CC%82mio%2B%2BIbermu%CC%81sicas%2Bpara%2Ba%2Bcriac%CC%A7a%CC%83o%2Bde%2Bcanc%CC%A7o%CC%83es%2B%2Bse%CC%81tima%2Bedic%CC%A7a%CC%83o%2B2020.pdf' target='_blank'><button class='btn-main'>Baixar edital<\/button><\/a><\/td>\n            <\/tr>\n            <tr id=\"table_12_row_2\">\n                    <td style=\"\">3<\/td>\n                    <td style=\"\">III Pr\u00eamio Iberm\u00fasicas de Composi\u00e7\u00e3o de Obra Coral<\/td>\n                    <td style=\"\">2020<\/td>\n                    <td style=\"\">Com o objetivo de impulsionar e promover a cria\u00e7\u00e3o da m\u00fasica coral e assim, contribuir para a expans\u00e3o do repert\u00f3rio ibero-americano em seus diferentes g\u00eaneros, incentivando estas atividades com total liberdade criativa, IBERM\u00daSICAS apresenta o \u201cIII Pr\u00eamio Iberm\u00fasicas de Composi\u00e7\u00e3o de Obra Coral\u201c, concurso destinado a premiar um trabalho coral original e in\u00e9dito, aberto a compositores de toda a Ibero-Am\u00e9rica.<br><br>O pr\u00eamio consiste em USD 8.000 (oito mil d\u00f3lares) e sua estr\u00e9ia nas temporadas de 2021 ou 2022, sob a dire\u00e7\u00e3o da prestigiada Maestra Digna Guerra em Cuba. Por sua vez, poder\u00e1 ser programada nos diferentes pa\u00edses que fazem parte de Iberm\u00fasicas durante os dois anos seguintes ao pr\u00eamio.<\/td>\n                    <td style=\"\">03\/07\/2020<\/td>\n                    <td style=\"\">01\/12\/2020<\/td>\n                    <td style=\"\"><a href='https:\/\/groovelistapplication2.s3.amazonaws.com\/Iberm%C3%BAsicas\/2020\/Bases\/Pr%C3%AAmio+Ibermusicas+de+composi%C3%A7%C3%A3o+para+obra+coral+-+terceira+edi%C3%A7%C3%A3o+-+2020.pdf' target='_blank'><button class='btn-main'>Baixar edital<\/button><\/a><\/td>\n            <\/tr>\n            <tr id=\"table_12_row_3\">\n                    <td style=\"\">16<\/td>\n                    <td style=\"\">Ajudas ao sector musical em modalidade vitual<\/td>\n                    <td style=\"\">2020<\/td>\n                    <td style=\"\">No contexto da extrema complexidade que causou a conting\u00eancia da pandemia para a comunidade em geral e para o sector musical em particular e considerando a dificuldade de programar a\u00e7\u00f5es internacionais no curto prazo ante a cambiante realidade atual, Iberm\u00fasicas reorienta seus objetivos com o fim de continuar brindando instrumentos que permitam refor\u00e7ar o sector. Sempre com a\u00e7\u00f5es voltadas para promover o mercado de trabalho das m\u00fasicas, dos m\u00fasicos e do ecossistema musical ibero-americano no seu conjunto, Iberm\u00fasicas abre um novo convite \u00e0 ajuda ao sector musical que visa incentivar a inclus\u00e3o de todos os agentes da cadeia produtiva do sector musical. A partir desta nova modalidade virtual, se integram n\u00e3o s\u00f3 os convites hist\u00f3ricos do Programa como as ajudas para resid\u00eancias de composi\u00e7\u00e3o, para resid\u00eancias no C.M.A.S, para processos de forma\u00e7\u00e3o, mas tamb\u00e9m para conceber e criar formas inovadoras de coopera\u00e7\u00e3o em mat\u00e9ria de investiga\u00e7\u00e3o, aproxima\u00e7\u00e3o, experimenta\u00e7\u00e3o e desenvolvimento nas m\u00fasicas ibero-americanas.<\/td>\n                    <td style=\"\"><\/td>\n                    <td style=\"\"><\/td>\n                    <td style=\"\"><a href='https:\/\/staging.ibermusicas.org\/wp-content\/uploads\/2020\/04\/Ibermusicas-Ajudas-ao-sector-musical-em-modalidade-vitual-2020-portugues-1.pdf' target='_blank'><button class='btn-main'>Baixar edital<\/button><\/a><\/td>\n            <\/tr>\n            <tr id=\"table_12_row_4\">\n                    <td style=\"\">17<\/td>\n                    <td style=\"\">Ajudas para festivais, mercados e encontros para a mobilidade de m\u00fasicos<\/td>\n                    <td style=\"\">2020<\/td>\n                    <td style=\"\">A presente chamada p\u00fablica tem por objetivo apoiar festivais, encontros, feiras, mercados, concertos e mostras que promovam a circula\u00e7\u00e3o e a divulga\u00e7\u00e3o de grupos musicais, solistas e bandas de m\u00fasica de todos os g\u00eaneros de circuitos ibero-americanos.<\/td>\n                    <td style=\"\"><\/td>\n                    <td style=\"\"><\/td>\n                    <td style=\"\"><a href='https:\/\/staging.ibermusicas.org\/wp-content\/uploads\/2020\/04\/Ibermusicas-Ajudas-para-festivais-mercados-e-encontros-para-a-mobilidade-de-musicos-2020-portugues.pdf' target='_blank'><button class='btn-main'>Baixar edital<\/button><\/a><\/td>\n            <\/tr>\n            <tr id=\"table_12_row_5\">\n                    <td style=\"\">19<\/td>\n                    <td style=\"\">Pr\u00e9mio Iberm\u00fasicas de Composici\u00f3n para Obra Sinf\u00f4nica 2019<\/td>\n                    <td style=\"\">2019<\/td>\n                    <td style=\"\">\u00c9 um concurso destinado a premiar um trabalho para orquestra sinf\u00f4nica in\u00e9dito, nunca antes apresentado em p\u00fablico ou premiado. Propostas de arranjos, adapta\u00e7\u00f5es ou orquestra\u00e7\u00f5es de obras existentes n\u00e3o ser\u00e3o aceitas.<br>Sua finalidade \u00e9 desenvolver e promover a cria\u00e7\u00e3o musical e assim contribuir para a amplia\u00e7\u00e3o do repert\u00f3rio ibero-americano, incentivando essas atividades com plena liberdade criativa.<br>\n<\/td>\n                    <td style=\"\"><\/td>\n                    <td style=\"\"><\/td>\n                    <td style=\"\"><a href='https:\/\/staging.ibermusicas.org\/wp-content\/uploads\/2020\/04\/1-Bases-Premio-Ibermusicas-de-Composicion-para-Obra-Sinfonica-2019-\u2013-Portugues.pdf' target='_blank'><button class='btn-main'>Baixar edital<\/button><\/a><\/td>\n            <\/tr>\n            <tr id=\"table_12_row_6\">\n                    <td style=\"\">20<\/td>\n                    <td style=\"\"> Pr\u00eamio  Iberm\u00fasicas para a cria\u00e7\u00e3o de can\u00e7\u00f5es  sexta edi\u00e7\u00e3o<\/td>\n                    <td style=\"\">2019<\/td>\n                    <td style=\"\">O presente concurso tem como prop\u00f3sito impulsionar e promover a cria\u00e7\u00e3o da m\u00fasica popular e contribuir assim com a amplia\u00e7\u00e3o do repert\u00f3rio ibero-americano em seus diferentes g\u00eaneros, incentivando o exerc\u00edcio da composi\u00e7\u00e3o a partir da plena liberdade criativa.<\/td>\n                    <td style=\"\"><\/td>\n                    <td style=\"\"><\/td>\n                    <td style=\"\"><a href='https:\/\/staging.ibermusicas.org\/wp-content\/uploads\/2020\/04\/Ibermusicas.-Premio-Ibermusicas-para-a-criacao-de-cancoes-sexta-edicao-2019-portugues.pdf' target='_blank'><button class='btn-main'>Baixar edital<\/button><\/a><\/td>\n            <\/tr>\n            <tr id=\"table_12_row_7\">\n                    <td style=\"\">21<\/td>\n                    <td style=\"\">Ajudas \u00e0 mobilidade de musicos<\/td>\n                    <td style=\"\">2018<\/td>\n                    <td style=\"\">Com o prop\u00f3sito de apoiar e promover a circula\u00e7\u00e3o e conhecimento da cria\u00e7\u00e3o e produ\u00e7\u00e3o musical da regi\u00e3o ibero-americana, IBERM\u00daSICAS apresenta a convocat\u00f3ria \u201cAJUDAS \u00c0 MOBILIDADE DE M\u00daSICOS\u201d atrav\u00e9s do qual se financiar\u00e1 total ou parcialmente a mobilidade de solistas, ensambles e grupos de m\u00fasica dos pa\u00edses membros de todos os g\u00eaneros que pertencem aos pa\u00edses membros do Programa, para participar em festivais, encontros, salas, mercados, foros, feiras, concertos da regi\u00e3o iberoamericana. <br>A ajuda econ\u00f4mica n\u00e3o poder\u00e1 exceder os 10.000 USD (dez mil dolares). IBERM\u00daSICAS poder\u00e1 atender parcialmente \u00e0 solicita\u00e7\u00e3o apresentada.<br>\n<\/td>\n                    <td style=\"\"><\/td>\n                    <td style=\"\"><\/td>\n                    <td style=\"\"><a href='https:\/\/staging.ibermusicas.org\/wp-content\/uploads\/2020\/04\/Ajudas-a-mobilidade-de-musicos-2018.pdf' target='_blank'><button class='btn-main'>Baixar edital<\/button><\/a><\/td>\n            <\/tr>\n            <tr id=\"table_12_row_8\">\n                    <td style=\"\">22<\/td>\n                    <td style=\"\">Ajudas aos festivais e encontros para a mobilidade dos m\u00fasicos <\/td>\n                    <td style=\"\">2018<\/td>\n                    <td style=\"\">Com o prop\u00f3sito de apoiar e promover a circula\u00e7\u00e3o e o conhecimento da cria\u00e7\u00e3o e produ\u00e7\u00e3o musical da regi\u00e3o ibero-americana, IBERM\u00daSICAS apresenta a chamada \"AJUDAS AOS FESTIVAIS E ENCONTROS PARA A MOBILIDADE DOS M\u00daSICOS\" atrav\u00e9s do qual ser\u00e3o financiados total ou parcialmente a mobilidade dos solistas, ensambles e grupos de todos os g\u00eaneros musicais dos pa\u00edses membros convidados pelos festivais, salas, mercados, foros, feiras, concertos que pertencem aos pa\u00edses membros do Programa.<br>A ajuda econ\u00f4mica n\u00e3o poder\u00e1 exceder os 10.000 USD (dez mil dolares). IBERM\u00daSICAS poder\u00e1 atender parcialmente \u00e0 solicita\u00e7\u00e3o apresentada.<br>\n<\/td>\n                    <td style=\"\"><\/td>\n                    <td style=\"\"><\/td>\n                    <td style=\"\"><a href='https:\/\/staging.ibermusicas.org\/wp-content\/uploads\/2020\/04\/Ajudas-aos-festivais-e-encontros-para-a-mobilidade-dos-musicos-2018.pdf' target='_blank'><button class='btn-main'>Baixar edital<\/button><\/a><\/td>\n            <\/tr>\n            <tr id=\"table_12_row_9\">\n                    <td style=\"\">23<\/td>\n                    <td style=\"\">Ajudas a compositores para resid\u00eancias art\u00edsticas<\/td>\n                    <td style=\"\">2018<\/td>\n                    <td style=\"\">Com o prop\u00f3sito de apoiar e promover a cria\u00e7\u00e3o de m\u00fasica e incentivar essas atividades com total liberdade criativa, IBERM\u00daSICAS apresenta o edital \"AJUDAS A COMPOSITORES PARA RESID\u00caNCIAS ART\u00cdSTICAS\", atrav\u00e9s do qual premiar-se-\u00e1 a compositores para a cria\u00e7\u00e3o de obras originais unidas, preferencialmente, a uma entidade art\u00edstica ou organiza\u00e7\u00e3o art\u00edstica. N\u00e3o se admitir\u00e3o propostas de arranjos, adapta\u00e7\u00f5es ou orquestra\u00e7\u00f5es de obras j\u00e1 existentes.<br>A ajuda econ\u00f4mica n\u00e3o poder\u00e1 exceder os 8.000 USD (oito mil dolares). IBERM\u00daSICAS poder\u00e1 atender parcialmente \u00e0 solicita\u00e7\u00e3o apresentada.<br>\n<\/td>\n                    <td style=\"\"><\/td>\n                    <td style=\"\"><\/td>\n                    <td style=\"\"><a href='https:\/\/staging.ibermusicas.org\/wp-content\/uploads\/2020\/04\/Ajudas-a-compositores-para-residencias-artisticas-2018.pdf' target='_blank'><button class='btn-main'>Baixar edital<\/button><\/a><\/td>\n            <\/tr>\n    <\/tbody>        <!-- \/Table body -->\n\n        <!-- Table footer -->\n        \n    <tfoot>\n                <tr style=\"display: none\">\n                            <td\n                class=\"wdtheader sort numdata integer \"\n                style=\"\"><\/td>                <td\n                class=\"wdtheader  \"\n                style=\"\"><\/td>                <td\n                class=\"wdtheader  \"\n                style=\"\">A\u00f1o<\/td>                <td\n                class=\"wdtheader  \"\n                style=\"\"><\/td>                <td\n                class=\"wdtheader sort \"\n                style=\"\"><\/td>                <td\n                class=\"wdtheader  \"\n                style=\"\"><\/td>                <td\n                class=\"wdtheader  \"\n                style=\"\"><\/td>        <\/tr>\n                            <\/tfoot>\n        <!-- \/Table footer -->\n\n    <\/table>\n\n<\/div><style>\n\n#table_1 > tbody > tr > td.column-ao:not(:empty):before,\n                                       \n#table_1 > tbody > tr.row-detail ul li.column-ao span.columnValue:before\n                                            { content: 'Ano: ' }\n#table_1 > tbody > tr > td.column-inicio:not(:empty):before,\n                                       \n#table_1 > tbody > tr.row-detail ul li.column-inicio span.columnValue:before\n                                            { content: 'In\u00edcio: ' }\n#table_1 > tbody > tr > td.column-trmino:not(:empty):before,\n                                       \n#table_1 > tbody > tr.row-detail ul li.column-trmino span.columnValue:before\n                                            { content: 'T\u00e9rmino: ' }table.wpDataTable td.numdata { text-align: right !important; }\n<\/style>\n\n<style>\n\n\n<\/style>\n\n","protected":false},"excerpt":{"rendered":"<p>&nbsp;<\/p>\n","protected":false},"author":1,"featured_media":0,"parent":0,"menu_order":0,"comment_status":"closed","ping_status":"closed","template":"","meta":{"footnotes":""},"class_list":["post-8577","page","type-page","status-publish","hentry"],"lang":"pt","translations":{"pt":8577,"es":8581},"pll_sync_post":[],"post_mailing_queue_ids":[],"_links":{"self":[{"href":"http:\/\/staging.ibermusicas.org\/index.php\/wp-json\/wp\/v2\/pages\/8577","targetHints":{"allow":["GET"]}}],"collection":[{"href":"http:\/\/staging.ibermusicas.org\/index.php\/wp-json\/wp\/v2\/pages"}],"about":[{"href":"http:\/\/staging.ibermusicas.org\/index.php\/wp-json\/wp\/v2\/types\/page"}],"author":[{"embeddable":true,"href":"http:\/\/staging.ibermusicas.org\/index.php\/wp-json\/wp\/v2\/users\/1"}],"replies":[{"embeddable":true,"href":"http:\/\/staging.ibermusicas.org\/index.php\/wp-json\/wp\/v2\/comments?post=8577"}],"version-history":[{"count":5,"href":"http:\/\/staging.ibermusicas.org\/index.php\/wp-json\/wp\/v2\/pages\/8577\/revisions"}],"predecessor-version":[{"id":24416,"href":"http:\/\/staging.ibermusicas.org\/index.php\/wp-json\/wp\/v2\/pages\/8577\/revisions\/24416"}],"wp:attachment":[{"href":"http:\/\/staging.ibermusicas.org\/index.php\/wp-json\/wp\/v2\/media?parent=8577"}],"curies":[{"name":"wp","href":"https:\/\/api.w.org\/{rel}","templated":true}]}}