{"id":9549,"date":"2021-08-09T13:33:58","date_gmt":"2021-08-09T13:33:58","guid":{"rendered":"http:\/\/staging.ibermusicas.org\/?page_id=9549"},"modified":"2025-07-02T22:21:00","modified_gmt":"2025-07-02T22:21:00","slug":"rios","status":"publish","type":"page","link":"http:\/\/staging.ibermusicas.org\/index.php\/rios\/","title":{"rendered":"\u00bfQu\u00e9 es RIOS?"},"content":{"rendered":"\n<div class=\"wp-block-columns alignwide is-layout-flex wp-container-core-columns-is-layout-28f84493 wp-block-columns-is-layout-flex\">\n<div class=\"wp-block-column sidebar-menu is-layout-flow wp-block-column-is-layout-flow\" style=\"flex-basis:350px\"><nav class=\"has-text-color has-accent-1-color is-responsive items-justified-right is-vertical no-wrap wp-block-navigation is-content-justification-right is-nowrap is-layout-flex wp-container-core-navigation-is-layout-8332b2aa wp-block-navigation-is-layout-flex\" aria-label=\"RIOS\" \n\t\t data-wp-interactive=\"core\/navigation\" data-wp-context='{\"overlayOpenedBy\":{\"click\":false,\"hover\":false,\"focus\":false},\"type\":\"overlay\",\"roleAttribute\":\"\",\"ariaLabel\":\"Men\\u00fa\"}'><button aria-haspopup=\"dialog\" aria-label=\"Abrir el men\u00fa\" class=\"wp-block-navigation__responsive-container-open\" \n\t\t\t\tdata-wp-on-async--click=\"actions.openMenuOnClick\"\n\t\t\t\tdata-wp-on--keydown=\"actions.handleMenuKeydown\"\n\t\t\t><svg width=\"24\" height=\"24\" xmlns=\"http:\/\/www.w3.org\/2000\/svg\" viewBox=\"0 0 24 24\" aria-hidden=\"true\" focusable=\"false\"><rect x=\"4\" y=\"7.5\" width=\"16\" height=\"1.5\" \/><rect x=\"4\" y=\"15\" width=\"16\" height=\"1.5\" \/><\/svg><\/button>\n\t\t\t\t<div class=\"wp-block-navigation__responsive-container\"  id=\"modal-1\" \n\t\t\t\tdata-wp-class--has-modal-open=\"state.isMenuOpen\"\n\t\t\t\tdata-wp-class--is-menu-open=\"state.isMenuOpen\"\n\t\t\t\tdata-wp-watch=\"callbacks.initMenu\"\n\t\t\t\tdata-wp-on--keydown=\"actions.handleMenuKeydown\"\n\t\t\t\tdata-wp-on-async--focusout=\"actions.handleMenuFocusout\"\n\t\t\t\ttabindex=\"-1\"\n\t\t\t>\n\t\t\t\t\t<div class=\"wp-block-navigation__responsive-close\" tabindex=\"-1\">\n\t\t\t\t\t\t<div class=\"wp-block-navigation__responsive-dialog\" \n\t\t\t\tdata-wp-bind--aria-modal=\"state.ariaModal\"\n\t\t\t\tdata-wp-bind--aria-label=\"state.ariaLabel\"\n\t\t\t\tdata-wp-bind--role=\"state.roleAttribute\"\n\t\t\t>\n\t\t\t\t\t\t\t<button aria-label=\"Cerrar el men\u00fa\" class=\"wp-block-navigation__responsive-container-close\" \n\t\t\t\tdata-wp-on-async--click=\"actions.closeMenuOnClick\"\n\t\t\t><svg xmlns=\"http:\/\/www.w3.org\/2000\/svg\" viewBox=\"0 0 24 24\" width=\"24\" height=\"24\" aria-hidden=\"true\" focusable=\"false\"><path d=\"m13.06 12 6.47-6.47-1.06-1.06L12 10.94 5.53 4.47 4.47 5.53 10.94 12l-6.47 6.47 1.06 1.06L12 13.06l6.47 6.47 1.06-1.06L13.06 12Z\"><\/path><\/svg><\/button>\n\t\t\t\t\t\t\t<div class=\"wp-block-navigation__responsive-container-content\" \n\t\t\t\tdata-wp-watch=\"callbacks.focusFirstElement\"\n\t\t\t id=\"modal-1-content\">\n\t\t\t\t\t\t\t\t<ul class=\"wp-block-navigation__container has-text-color has-accent-1-color is-responsive items-justified-right is-vertical no-wrap wp-block-navigation\"><li class=\" wp-block-navigation-item wp-block-navigation-link\"><a class=\"wp-block-navigation-item__content\"  href=\"http:\/\/staging.ibermusicas.org\/index.php\/rios\/\"><span class=\"wp-block-navigation-item__label\">\u00bfQu\u00e9 es RIOS?<\/span><\/a><\/li><li class=\" wp-block-navigation-item wp-block-navigation-link\"><a class=\"wp-block-navigation-item__content\"  href=\"http:\/\/staging.ibermusicas.org\/index.php\/rios-convocatorias-proyectos\/\"><span class=\"wp-block-navigation-item__label\">Acciones RIOS<\/span><\/a><\/li><li class=\" wp-block-navigation-item wp-block-navigation-link\"><a class=\"wp-block-navigation-item__content\"  href=\"http:\/\/staging.ibermusicas.org\/index.php\/rios-directorio-orquestas\/\"><span class=\"wp-block-navigation-item__label\">Directorio de Orquestas<\/span><\/a><\/li><\/ul>\n\t\t\t\t\t\t\t<\/div>\n\t\t\t\t\t\t<\/div>\n\t\t\t\t\t<\/div>\n\t\t\t\t<\/div><\/nav>\n\n\n<p class=\"has-text-align-right has-accent-4-color has-text-color has-link-color wp-elements-478cfa13ca1c2c51d93f3cdb1cd29424\" style=\"font-size:11px;font-style:normal;font-weight:600;letter-spacing:2px;text-transform:uppercase\">Secci\u00f3n miembros<\/p>\n\n\n<nav class=\"has-text-color has-accent-1-color is-responsive items-justified-right is-vertical wp-block-navigation is-content-justification-right is-layout-flex wp-container-core-navigation-is-layout-2bb013ba wp-block-navigation-is-layout-flex\" aria-label=\"Men\u00fa Pie de p\u00e1gina 2\" \n\t\t data-wp-interactive=\"core\/navigation\" data-wp-context='{\"overlayOpenedBy\":{\"click\":false,\"hover\":false,\"focus\":false},\"type\":\"overlay\",\"roleAttribute\":\"\",\"ariaLabel\":\"Men\\u00fa\"}'><button aria-haspopup=\"dialog\" aria-label=\"Abrir el men\u00fa\" class=\"wp-block-navigation__responsive-container-open\" \n\t\t\t\tdata-wp-on-async--click=\"actions.openMenuOnClick\"\n\t\t\t\tdata-wp-on--keydown=\"actions.handleMenuKeydown\"\n\t\t\t><svg width=\"24\" height=\"24\" xmlns=\"http:\/\/www.w3.org\/2000\/svg\" viewBox=\"0 0 24 24\" aria-hidden=\"true\" focusable=\"false\"><rect x=\"4\" y=\"7.5\" width=\"16\" height=\"1.5\" \/><rect x=\"4\" y=\"15\" width=\"16\" height=\"1.5\" \/><\/svg><\/button>\n\t\t\t\t<div class=\"wp-block-navigation__responsive-container\"  id=\"modal-2\" \n\t\t\t\tdata-wp-class--has-modal-open=\"state.isMenuOpen\"\n\t\t\t\tdata-wp-class--is-menu-open=\"state.isMenuOpen\"\n\t\t\t\tdata-wp-watch=\"callbacks.initMenu\"\n\t\t\t\tdata-wp-on--keydown=\"actions.handleMenuKeydown\"\n\t\t\t\tdata-wp-on-async--focusout=\"actions.handleMenuFocusout\"\n\t\t\t\ttabindex=\"-1\"\n\t\t\t>\n\t\t\t\t\t<div class=\"wp-block-navigation__responsive-close\" tabindex=\"-1\">\n\t\t\t\t\t\t<div class=\"wp-block-navigation__responsive-dialog\" \n\t\t\t\tdata-wp-bind--aria-modal=\"state.ariaModal\"\n\t\t\t\tdata-wp-bind--aria-label=\"state.ariaLabel\"\n\t\t\t\tdata-wp-bind--role=\"state.roleAttribute\"\n\t\t\t>\n\t\t\t\t\t\t\t<button aria-label=\"Cerrar el men\u00fa\" class=\"wp-block-navigation__responsive-container-close\" \n\t\t\t\tdata-wp-on-async--click=\"actions.closeMenuOnClick\"\n\t\t\t><svg xmlns=\"http:\/\/www.w3.org\/2000\/svg\" viewBox=\"0 0 24 24\" width=\"24\" height=\"24\" aria-hidden=\"true\" focusable=\"false\"><path d=\"m13.06 12 6.47-6.47-1.06-1.06L12 10.94 5.53 4.47 4.47 5.53 10.94 12l-6.47 6.47 1.06 1.06L12 13.06l6.47 6.47 1.06-1.06L13.06 12Z\"><\/path><\/svg><\/button>\n\t\t\t\t\t\t\t<div class=\"wp-block-navigation__responsive-container-content\" \n\t\t\t\tdata-wp-watch=\"callbacks.focusFirstElement\"\n\t\t\t id=\"modal-2-content\">\n\t\t\t\t\t\t\t\t<ul class=\"wp-block-navigation__container has-text-color has-accent-1-color is-responsive items-justified-right is-vertical wp-block-navigation\"><li class=\" wp-block-navigation-item wp-block-navigation-link\"><a class=\"wp-block-navigation-item__content\"  href=\"http:\/\/staging.ibermusicas.org\/index.php\/rios-documentos-y-links\/\"><span class=\"wp-block-navigation-item__label\">Documentos y links<\/span><\/a><\/li><li class=\" wp-block-navigation-item wp-block-navigation-link\"><a class=\"wp-block-navigation-item__content\"  href=\"http:\/\/staging.ibermusicas.org\/index.php\/rios-propuestas-de-artiulacion\/\"><span class=\"wp-block-navigation-item__label\">Propuestas para articulaci\u00f3n<\/span><\/a><\/li><li class=\" wp-block-navigation-item wp-block-navigation-link\"><a class=\"wp-block-navigation-item__content\"  href=\"http:\/\/staging.ibermusicas.org\/index.php\/rios-recursos-disponibles\/\"><span class=\"wp-block-navigation-item__label\">Recursos disponibles<\/span><\/a><\/li><li class=\" wp-block-navigation-item wp-block-navigation-link\"><a class=\"wp-block-navigation-item__content\"  href=\"http:\/\/staging.ibermusicas.org\/index.php\/rios-materiales-orquestales\/\"><span class=\"wp-block-navigation-item__label\">Materiales orquestales<\/span><\/a><\/li><\/ul>\n\t\t\t\t\t\t\t<\/div>\n\t\t\t\t\t\t<\/div>\n\t\t\t\t\t<\/div>\n\t\t\t\t<\/div><\/nav><\/div>\n\n\n\n<div class=\"wp-block-column is-layout-flow wp-container-core-column-is-layout-81d5c4b5 wp-block-column-is-layout-flow\">\n<p class=\"has-montserrat-font-family\">La Red Iberoamericana de Orquestas Sinf\u00f3nicas (RIOS) es la organizaci\u00f3n que conecta a las orquestas profesionales de la regi\u00f3n, bajo el auspicio del Programa IBERM\u00daSICAS.<\/p>\n\n\n\n<p class=\"has-montserrat-font-family\">Su prop\u00f3sito es servir de referente a las orquestas sinf\u00f3nicas en Iberoam\u00e9rica, articulando proyectos en la regi\u00f3n y con el resto del mundo, y llevando adelante una agenda com\u00fan de acciones conjuntas para el fomento de las instituciones y la actividad sinf\u00f3nica.<\/p>\n\n\n\n<figure class=\"wp-block-embed is-type-video is-provider-youtube wp-block-embed-youtube wp-embed-aspect-16-9 wp-has-aspect-ratio\"><div class=\"wp-block-embed__wrapper\">\n<iframe loading=\"lazy\" title=\"Lanzamiento de la Red Iberoamericana de Orquestas Sinf\u00f3nicas RIOS\" width=\"500\" height=\"281\" src=\"https:\/\/www.youtube.com\/embed\/AtwcQX8uIms?feature=oembed\" frameborder=\"0\" allow=\"accelerometer; autoplay; clipboard-write; encrypted-media; gyroscope; picture-in-picture; web-share\" referrerpolicy=\"strict-origin-when-cross-origin\" allowfullscreen><\/iframe>\n<\/div><\/figure>\n\n\n\n<h2 class=\"wp-block-heading is-style-default\">Misi\u00f3n<\/h2>\n\n\n\n<p class=\"has-montserrat-font-family\">Impulsar el desarrollo de la m\u00fasica sinf\u00f3nica como pr\u00e1ctica profesional en la regi\u00f3n, propiciando la integraci\u00f3n y cooperaci\u00f3n institucional, con herramientas que aporten al fomento de la m\u00fasica orquestal, al intercambio de conocimiento, a la identificaci\u00f3n de desaf\u00edos y a la coordinaci\u00f3n de agendas.<\/p>\n\n\n\n<p class=\"has-montserrat-font-family\"><strong>RIOS <\/strong>es un espacio convergente para las orquestas profesionales iberoamericanas. Sus miembros se convocan en una cooperaci\u00f3n inclusiva, solidaria y consensuada con el objetivo de consolidar un espacio de di\u00e1logo permanente.<\/p>\n\n\n\n<h2 class=\"wp-block-heading\">Centro de recursos<\/h2>\n\n\n\n<p class=\"has-montserrat-font-family\"><strong>RIOS <\/strong>act\u00faa como plataforma para la construcci\u00f3n de una comunidad de orquestas sinf\u00f3nicas, generando las condiciones necesarias para la consolidaci\u00f3n de un circuito art\u00edstico regional integrado&nbsp; que promueva con especial \u00e9nfasis el desarrollo profesional de nuestros int\u00e9rpretes y compositores. RIOS brinda soporte en temas comunes a todas las \u00e1reas de la actividad orquestal:&nbsp; art\u00edsticos, t\u00e9cnicos y administrativos.<\/p>\n\n\n\n<h2 class=\"wp-block-heading is-style-default\">Centro de datos<\/h2>\n\n\n\n<p class=\"has-montserrat-font-family\"><strong>RIOS&nbsp; <\/strong>recopila y comparte informaci\u00f3n sobre la actividad de las orquestas. El Directorio de orquestas y la Bolsa de trabajo son un primer paso en la&nbsp; construcci\u00f3n de un observatorio que aportar\u00e1 al dise\u00f1o de los ejes de trabajo.&nbsp;&nbsp;<\/p>\n\n\n\n<h2 class=\"wp-block-heading\">Centro de capacitaci\u00f3n<\/h2>\n\n\n\n<p class=\"has-montserrat-font-family\"><strong>RIOS <\/strong>ofrece oportunidades de formaci\u00f3n profesional homologada que responden a las necesidades espec\u00edficas de los artistas, del personal administrativo y t\u00e9cnico de las orquestas.<\/p>\n\n\n\n<h2 class=\"wp-block-heading\">Centro de promoci\u00f3n <\/h2>\n\n\n\n<p class=\"has-montserrat-font-family\"><strong>RIOS<\/strong> act\u00faa como portavoz de la comunidad iberoamericana de orquestas, difundiendo su actividad, generando oportunidades y recursos para el desarrollo del sector.<\/p>\n\n\n\n<h2 class=\"wp-block-heading\">Orquestas miembros<\/h2>\n\n\n<div class=\"tmm tmm_orquestas-miembros\"><div class=\"tmm_4_columns tmm_wrap tmm_theme_f\"><span class=\"tmm_two_containers_tablet\"><\/span><div class=\"tmm_container\"><div class=\"tmm_member\" style=\"border-top:#333333 solid 5px;\"><div class=\"tmm_photo tmm_pic_orquestas-miembros_0\" style=\"background: url(http:\/\/staging.ibermusicas.org\/wp-content\/uploads\/2020\/04\/APOETC.jpeg); margin-left: auto; margin-right:auto; background-size:cover !important;\"><\/div><div class=\"tmm_textblock\"><div class=\"tmm_names\"><span class=\"tmm_fname\">Asociaci\u00f3n de Profesores de la Orquesta Estable del Teatro Col\u00f3n<\/span> <\/div><div class=\"tmm_job\">Argentina<\/div><div class=\"tmm_desc\" style=\"text-align:\"><p>Diego Tejedor<\/p><\/div><div class=\"tmm_scblock\"><\/div><\/div><\/div><div class=\"tmm_member\" style=\"border-top:#333333 solid 5px;\"><div class=\"tmm_photo tmm_pic_orquestas-miembros_1\" style=\"background: url(http:\/\/staging.ibermusicas.org\/wp-content\/uploads\/2020\/04\/MOD2-Logo-Camerata-PABLO-BONACCI-1-1.png); margin-left: auto; margin-right:auto; background-size:cover !important;\"><\/div><div class=\"tmm_textblock\"><div class=\"tmm_names\"><span class=\"tmm_fname\">Camerata UCASAL<\/span> <\/div><div class=\"tmm_job\">Argentina<\/div><div class=\"tmm_desc\" style=\"text-align:\"><p>Pablo Bonacci<\/p><\/div><div class=\"tmm_scblock\"><\/div><\/div><\/div><span class=\"tmm_two_containers_tablet\"><\/span><div class=\"tmm_member\" style=\"border-top:#333333 solid 5px;\"><div class=\"tmm_photo tmm_pic_orquestas-miembros_2\" style=\"background: url(http:\/\/staging.ibermusicas.org\/wp-content\/uploads\/2020\/04\/MOD-Logo-Orquesta-de-ca\u0301mara-Orquesta-Unla.png); margin-left: auto; margin-right:auto; background-size:cover !important;\"><\/div><div class=\"tmm_textblock\"><div class=\"tmm_names\"><span class=\"tmm_fname\">Orquesta de Ca\u0301mara de la Universidad Nacional de Lanu\u0301s<\/span> <\/div><div class=\"tmm_job\">Argentina<\/div><div class=\"tmm_desc\" style=\"text-align:\"><p>Daniel Bozzani<\/p><\/div><div class=\"tmm_scblock\"><\/div><\/div><\/div><div class=\"tmm_member\" style=\"border-top:#333333 solid 5px;\"><div class=\"tmm_photo tmm_pic_orquestas-miembros_3\" style=\"background: url(http:\/\/staging.ibermusicas.org\/wp-content\/uploads\/2020\/04\/PARQUE-.png); margin-left: auto; margin-right:auto; background-size:cover !important;\"><\/div><div class=\"tmm_textblock\"><div class=\"tmm_names\"><span class=\"tmm_fname\">Orquesta Estable del Parque del Conocimiento<\/span> <\/div><div class=\"tmm_job\">Argentina<\/div><div class=\"tmm_desc\" style=\"text-align:\"><p>Emilio Rocholl<\/p><\/div><div class=\"tmm_scblock\"><\/div><\/div><\/div><span class=\"tmm_two_containers_tablet\"><\/span><\/div><span class=\"tmm_columns_containers_desktop\"><\/span><div class=\"tmm_container\"><div class=\"tmm_member\" style=\"border-top:#333333 solid 5px;\"><div class=\"tmm_photo tmm_pic_orquestas-miembros_4\" style=\"background: url(http:\/\/staging.ibermusicas.org\/wp-content\/uploads\/2020\/04\/OFBA.png); margin-left: auto; margin-right:auto; background-size:cover !important;\"><\/div><div class=\"tmm_textblock\"><div class=\"tmm_names\"><span class=\"tmm_fname\">Orquesta Filarmo\u0301nica de Buenos Aires<\/span> <\/div><div class=\"tmm_job\">Argentina<\/div><div class=\"tmm_desc\" style=\"text-align:\"><p>Anal\u00eda Belli<\/p><\/div><div class=\"tmm_scblock\"><\/div><\/div><\/div><div class=\"tmm_member\" style=\"border-top:#333333 solid 5px;\"><div class=\"tmm_photo tmm_pic_orquestas-miembros_5\" style=\"background: url(http:\/\/staging.ibermusicas.org\/wp-content\/uploads\/2020\/04\/MOD-logo_OFRN_MF-3-Produccion-Ofrn.png); margin-left: auto; margin-right:auto; background-size:cover !important;\"><\/div><div class=\"tmm_textblock\"><div class=\"tmm_names\"><span class=\"tmm_fname\">Orquesta Filarmo\u0301nica de R\u00edo Negro <\/span> <\/div><div class=\"tmm_job\">Argentina<\/div><div class=\"tmm_desc\" style=\"text-align:\"><p>Mart\u00edn Fraile<\/p><\/div><div class=\"tmm_scblock\"><\/div><\/div><\/div><span class=\"tmm_two_containers_tablet\"><\/span><div class=\"tmm_member\" style=\"border-top:#333333 solid 5px;\"><div class=\"tmm_photo tmm_pic_orquestas-miembros_6\" style=\"background: url(http:\/\/staging.ibermusicas.org\/wp-content\/uploads\/2020\/04\/ONMA.jpg); margin-left: auto; margin-right:auto; background-size:cover !important;\"><\/div><div class=\"tmm_textblock\"><div class=\"tmm_names\"><span class=\"tmm_fname\">Orquesta Nacional de M\u00fasica Argentina<\/span> <\/div><div class=\"tmm_job\">Argentina<\/div><div class=\"tmm_desc\" style=\"text-align:\"><p>Sebasti\u00e1n Giraudo<\/p><\/div><div class=\"tmm_scblock\"><\/div><\/div><\/div><div class=\"tmm_member\" style=\"border-top:#333333 solid 5px;\"><div class=\"tmm_photo tmm_pic_orquestas-miembros_7\" style=\"background: url(http:\/\/staging.ibermusicas.org\/wp-content\/uploads\/2020\/04\/codroba.jpg); margin-left: auto; margin-right:auto; background-size:cover !important;\"><\/div><div class=\"tmm_textblock\"><div class=\"tmm_names\"><span class=\"tmm_fname\">Orquesta Sinf\u00f3nica de C\u00f3rdoba<\/span> <\/div><div class=\"tmm_job\">Argentina<\/div><div class=\"tmm_desc\" style=\"text-align:\"><p>Hadri\u00e1n \u00c1vila Arzuza<\/p><\/div><div class=\"tmm_scblock\"><\/div><\/div><\/div><span class=\"tmm_two_containers_tablet\"><\/span><\/div><span class=\"tmm_columns_containers_desktop\"><\/span><div class=\"tmm_container\"><div class=\"tmm_member\" style=\"border-top:#333333 solid 5px;\"><div class=\"tmm_photo tmm_pic_orquestas-miembros_8\" style=\"background: url(http:\/\/staging.ibermusicas.org\/wp-content\/uploads\/2020\/04\/OSER.png); margin-left: auto; margin-right:auto; background-size:cover !important;\"><\/div><div class=\"tmm_textblock\"><div class=\"tmm_names\"><span class=\"tmm_fname\">Orquesta Sinf\u00f3nica de Entre R\u00edos<\/span> <\/div><div class=\"tmm_job\">Argentina<\/div><div class=\"tmm_desc\" style=\"text-align:\"><p>Luis Gorelik<\/p><\/div><div class=\"tmm_scblock\"><\/div><\/div><\/div><div class=\"tmm_member\" style=\"border-top:#333333 solid 5px;\"><div class=\"tmm_photo tmm_pic_orquestas-miembros_9\" style=\"background: url(http:\/\/staging.ibermusicas.org\/wp-content\/uploads\/2020\/04\/Prefectura.png); margin-left: auto; margin-right:auto; background-size:cover !important;\"><\/div><div class=\"tmm_textblock\"><div class=\"tmm_names\"><span class=\"tmm_fname\">Orquesta Sinf\u00f3nica de la Prefectura Naval Argentina<\/span> <\/div><div class=\"tmm_job\">Argentina<\/div><div class=\"tmm_desc\" style=\"text-align:\"><p>Mart\u00edn Caila<\/p><\/div><div class=\"tmm_scblock\"><\/div><\/div><\/div><span class=\"tmm_two_containers_tablet\"><\/span><div class=\"tmm_member\" style=\"border-top:#333333 solid 5px;\"><div class=\"tmm_photo tmm_pic_orquestas-miembros_10\" style=\"background: url(http:\/\/staging.ibermusicas.org\/wp-content\/uploads\/2020\/04\/UNCUYO.jpg); margin-left: auto; margin-right:auto; background-size:cover !important;\"><\/div><div class=\"tmm_textblock\"><div class=\"tmm_names\"><span class=\"tmm_fname\">Orquesta Sinf\u00f3nica de la Universidad Nacional de Cuyo<\/span> <\/div><div class=\"tmm_job\">Argentina<\/div><div class=\"tmm_desc\" style=\"text-align:\"><p>Jos\u00e9 Loyero<\/p><\/div><div class=\"tmm_scblock\"><\/div><\/div><\/div><div class=\"tmm_member\" style=\"border-top:#333333 solid 5px;\"><div class=\"tmm_photo tmm_pic_orquestas-miembros_11\" style=\"background: url(http:\/\/staging.ibermusicas.org\/wp-content\/uploads\/2020\/04\/AR-OSUNJ.jpg); margin-left: auto; margin-right:auto; background-size:cover !important;\"><\/div><div class=\"tmm_textblock\"><div class=\"tmm_names\"><span class=\"tmm_fname\">Orquesta Sinf\u00f3nica de la Universidad Nacional de San Juan<\/span> <\/div><div class=\"tmm_job\">Argentina<\/div><div class=\"tmm_desc\" style=\"text-align:\"><p>Ricardo Marinelli<\/p><\/div><div class=\"tmm_scblock\"><\/div><\/div><\/div><span class=\"tmm_two_containers_tablet\"><\/span><\/div><span class=\"tmm_columns_containers_desktop\"><\/span><div class=\"tmm_container\"><div class=\"tmm_member\" style=\"border-top:#333333 solid 5px;\"><div class=\"tmm_photo tmm_pic_orquestas-miembros_12\" style=\"background: url(http:\/\/staging.ibermusicas.org\/wp-content\/uploads\/2020\/04\/untuc.jpg); margin-left: auto; margin-right:auto; background-size:cover !important;\"><\/div><div class=\"tmm_textblock\"><div class=\"tmm_names\"><span class=\"tmm_fname\">Orquesta Sinf\u00f3nica de la Universidad Nacional de Tucum\u00e1n<\/span> <\/div><div class=\"tmm_job\">Argentina<\/div><div class=\"tmm_desc\" style=\"text-align:\"><p>Roberto Buffo<\/p><\/div><div class=\"tmm_scblock\"><\/div><\/div><\/div><div class=\"tmm_member\" style=\"border-top:#333333 solid 5px;\"><div class=\"tmm_photo tmm_pic_orquestas-miembros_13\" style=\"background: url(http:\/\/staging.ibermusicas.org\/wp-content\/uploads\/2020\/04\/AR-NQN.jpg); margin-left: auto; margin-right:auto; background-size:cover !important;\"><\/div><div class=\"tmm_textblock\"><div class=\"tmm_names\"><span class=\"tmm_fname\">Orquesta Sinf\u00f3nica del Neuqu\u00e9n<\/span> <\/div><div class=\"tmm_job\">Argentina<\/div><div class=\"tmm_desc\" style=\"text-align:\"><p>Andr\u00e9s Tolcachir<\/p><\/div><div class=\"tmm_scblock\"><\/div><\/div><\/div><span class=\"tmm_two_containers_tablet\"><\/span><div class=\"tmm_member\" style=\"border-top:#333333 solid 5px;\"><div class=\"tmm_photo tmm_pic_orquestas-miembros_14\" style=\"background: url(http:\/\/staging.ibermusicas.org\/wp-content\/uploads\/2020\/04\/SLA.jpg); margin-left: auto; margin-right:auto; background-size:cover !important;\"><\/div><div class=\"tmm_textblock\"><div class=\"tmm_names\"><span class=\"tmm_fname\">Orquesta Sinf\u00f3nica de Salta<\/span> <\/div><div class=\"tmm_job\">Argentina<\/div><div class=\"tmm_desc\" style=\"text-align:\"><p>Javier Kamiensky<\/p><\/div><div class=\"tmm_scblock\"><\/div><\/div><\/div><div class=\"tmm_member\" style=\"border-top:#333333 solid 5px;\"><div class=\"tmm_photo tmm_pic_orquestas-miembros_15\" style=\"background: url(http:\/\/staging.ibermusicas.org\/wp-content\/uploads\/2020\/04\/AR-OSN.jpg); margin-left: auto; margin-right:auto; background-size:cover !important;\"><\/div><div class=\"tmm_textblock\"><div class=\"tmm_names\"><span class=\"tmm_fname\">Orquesta Sinf\u00f3nica Nacional de Argentina<\/span> <\/div><div class=\"tmm_job\">Argentina<\/div><div class=\"tmm_scblock\"><\/div><\/div><\/div><span class=\"tmm_two_containers_tablet\"><\/span><\/div><span class=\"tmm_columns_containers_desktop\"><\/span><div class=\"tmm_container\"><div class=\"tmm_member\" style=\"border-top:#333333 solid 5px;\"><div class=\"tmm_photo tmm_pic_orquestas-miembros_16\" style=\"background: url(http:\/\/staging.ibermusicas.org\/wp-content\/uploads\/2020\/04\/MOD-ROSARIO.png); margin-left: auto; margin-right:auto; background-size:cover !important;\"><\/div><div class=\"tmm_textblock\"><div class=\"tmm_names\"><span class=\"tmm_fname\">Orquesta Sinfo\u0301nica Provincial de Rosario<\/span> <\/div><div class=\"tmm_job\">Argentina<\/div><div class=\"tmm_desc\" style=\"text-align:\"><p>Juan Andr\u00e9s Mollo<\/p><\/div><div class=\"tmm_scblock\"><\/div><\/div><\/div><div class=\"tmm_member\" style=\"border-top:#333333 solid 5px;\"><div class=\"tmm_photo tmm_pic_orquestas-miembros_17\" style=\"background: url(http:\/\/staging.ibermusicas.org\/wp-content\/uploads\/2020\/04\/Santa-Cruz-2.png); margin-left: auto; margin-right:auto; background-size:cover !important;\"><\/div><div class=\"tmm_textblock\"><div class=\"tmm_names\"><span class=\"tmm_fname\">Orquesta Filarm\u00f3nica de Santa Cruz de la Sierra<\/span> <\/div><div class=\"tmm_job\">Bolivia<\/div><div class=\"tmm_desc\" style=\"text-align:\"><p>Raquel Terceros<\/p><\/div><div class=\"tmm_scblock\"><\/div><\/div><\/div><span class=\"tmm_two_containers_tablet\"><\/span><div class=\"tmm_member\" style=\"border-top:#333333 solid 5px;\"><div class=\"tmm_photo tmm_pic_orquestas-miembros_18\" style=\"background: url(http:\/\/staging.ibermusicas.org\/wp-content\/uploads\/2020\/04\/MOD-CAMERATA-I.png); margin-left: auto; margin-right:auto; background-size:cover !important;\"><\/div><div class=\"tmm_textblock\"><div class=\"tmm_names\"><span class=\"tmm_fname\">Camerata Filarmo\u0302nica de Indaitauba<\/span> <\/div><div class=\"tmm_job\">Brasil<\/div><div class=\"tmm_desc\" style=\"text-align:\"><p>Rafael Alencar Silva<\/p><\/div><div class=\"tmm_scblock\"><\/div><\/div><\/div><div class=\"tmm_member\" style=\"border-top:#333333 solid 5px;\"><div class=\"tmm_photo tmm_pic_orquestas-miembros_19\" style=\"background: url(http:\/\/staging.ibermusicas.org\/wp-content\/uploads\/2020\/04\/OFGOIAS.jpg); margin-left: auto; margin-right:auto; background-size:cover !important;\"><\/div><div class=\"tmm_textblock\"><div class=\"tmm_names\"><span class=\"tmm_fname\">Orquestra Filarm\u00f4nica de Goi\u00e1s<\/span> <\/div><div class=\"tmm_job\">Brasil<\/div><div class=\"tmm_desc\" style=\"text-align:\"><p>Neil Thomson e Mariana Menezes<\/p><\/div><div class=\"tmm_scblock\"><\/div><\/div><\/div><span class=\"tmm_two_containers_tablet\"><\/span><\/div><span class=\"tmm_columns_containers_desktop\"><\/span><div class=\"tmm_container\"><div class=\"tmm_member\" style=\"border-top:#333333 solid 5px;\"><div class=\"tmm_photo tmm_pic_orquestas-miembros_20\" style=\"background: url(http:\/\/staging.ibermusicas.org\/wp-content\/uploads\/2020\/04\/minas.png); margin-left: auto; margin-right:auto; background-size:cover !important;\"><\/div><div class=\"tmm_textblock\"><div class=\"tmm_names\"><span class=\"tmm_fname\">Orquestra Filarm\u00f4nica de Minas Gerais<\/span> <\/div><div class=\"tmm_job\">Brasil<\/div><div class=\"tmm_desc\" style=\"text-align:\"><p>Pedro Gattoni<\/p><\/div><div class=\"tmm_scblock\"><\/div><\/div><\/div><div class=\"tmm_member\" style=\"border-top:#333333 solid 5px;\"><div class=\"tmm_photo tmm_pic_orquestas-miembros_21\" style=\"background: url(http:\/\/staging.ibermusicas.org\/wp-content\/uploads\/2020\/04\/logo-opes-v2-Marcos-souza.jpg); margin-left: auto; margin-right:auto; background-size:cover !important;\"><\/div><div class=\"tmm_textblock\"><div class=\"tmm_names\"><span class=\"tmm_fname\">Orquestra Petrobras Sinf\u00f3nica <\/span> <\/div><div class=\"tmm_job\">Brasil<\/div><div class=\"tmm_desc\" style=\"text-align:\"><p>Marcos Souza<\/p><\/div><div class=\"tmm_scblock\"><\/div><\/div><\/div><span class=\"tmm_two_containers_tablet\"><\/span><div class=\"tmm_member\" style=\"border-top:#333333 solid 5px;\"><div class=\"tmm_photo tmm_pic_orquestas-miembros_22\" style=\"background: url(http:\/\/staging.ibermusicas.org\/wp-content\/uploads\/2020\/04\/b-OSESP.jpg); margin-left: auto; margin-right:auto; background-size:cover !important;\"><\/div><div class=\"tmm_textblock\"><div class=\"tmm_names\"><span class=\"tmm_fname\">Orquestra Sinfo\u0302nica do Estado de Sa\u0303o Paulo<\/span> <\/div><div class=\"tmm_job\">Brasil<\/div><div class=\"tmm_desc\" style=\"text-align:\"><p>Gabriela de Souza<\/p><\/div><div class=\"tmm_scblock\"><\/div><\/div><\/div><div class=\"tmm_member\" style=\"border-top:#333333 solid 5px;\"><div class=\"tmm_photo tmm_pic_orquestas-miembros_23\" style=\"background: url(http:\/\/staging.ibermusicas.org\/wp-content\/uploads\/2020\/04\/OSTNCS_LOGOTIPO-OFICIAL-11.png); margin-left: auto; margin-right:auto; background-size:cover !important;\"><\/div><div class=\"tmm_textblock\"><div class=\"tmm_names\"><span class=\"tmm_fname\">Orquestra Sinfo\u0302nica do Teatro Nacional Claudio Santoro<\/span> <\/div><div class=\"tmm_job\">Brasil<\/div><div class=\"tmm_desc\" style=\"text-align:\"><p>Cl\u00e1udio Cohen<\/p><\/div><div class=\"tmm_scblock\"><\/div><\/div><\/div><span class=\"tmm_two_containers_tablet\"><\/span><\/div><span class=\"tmm_columns_containers_desktop\"><\/span><div class=\"tmm_container\"><div class=\"tmm_member\" style=\"border-top:#333333 solid 5px;\"><div class=\"tmm_photo tmm_pic_orquestas-miembros_24\" style=\"background: url(http:\/\/staging.ibermusicas.org\/wp-content\/uploads\/2020\/04\/MOD-HELIOPO.png); margin-left: auto; margin-right:auto; background-size:cover !important;\"><\/div><div class=\"tmm_textblock\"><div class=\"tmm_names\"><span class=\"tmm_fname\">Orquestra Sinfo\u0302nica Helio\u0301polis<\/span> <\/div><div class=\"tmm_job\">Brasil<\/div><div class=\"tmm_desc\" style=\"text-align:\"><p>Edilson Ventureli de Souza\u00a0<\/p><p>Daniela de Oliveira Correia<\/p><\/div><div class=\"tmm_scblock\"><\/div><\/div><\/div><div class=\"tmm_member\" style=\"border-top:#333333 solid 5px;\"><div class=\"tmm_photo tmm_pic_orquestas-miembros_25\" style=\"background: url(http:\/\/staging.ibermusicas.org\/wp-content\/uploads\/2020\/04\/MOD-Campinas.png); margin-left: auto; margin-right:auto; background-size:cover !important;\"><\/div><div class=\"tmm_textblock\"><div class=\"tmm_names\"><span class=\"tmm_fname\">Orquestra Sinf\u00f4nica Municipal de Campinas<\/span> <\/div><div class=\"tmm_job\">Brasil<\/div><div class=\"tmm_desc\" style=\"text-align:\"><p>Ana Carolina Ten\u00f3rio<\/p><\/div><div class=\"tmm_scblock\"><\/div><\/div><\/div><span class=\"tmm_two_containers_tablet\"><\/span><div class=\"tmm_member\" style=\"border-top:#333333 solid 5px;\"><div class=\"tmm_photo tmm_pic_orquestas-miembros_26\" style=\"background: url(http:\/\/staging.ibermusicas.org\/wp-content\/uploads\/2020\/04\/oscg.jpg); margin-left: auto; margin-right:auto; background-size:cover !important;\"><\/div><div class=\"tmm_textblock\"><div class=\"tmm_names\"><span class=\"tmm_fname\">Orquestra Sinfo\u0302nica Municipal de Campo Grande <\/span> <\/div><div class=\"tmm_job\">Brasil<\/div><div class=\"tmm_desc\" style=\"text-align:\"><p>Eduardo Martinelli Danzi<\/p><\/div><div class=\"tmm_scblock\"><\/div><\/div><\/div><div class=\"tmm_member\" style=\"border-top:#333333 solid 5px;\"><div class=\"tmm_photo tmm_pic_orquestas-miembros_27\" style=\"background: url(http:\/\/staging.ibermusicas.org\/wp-content\/uploads\/2020\/04\/osnuff-1.jpg); margin-left: auto; margin-right:auto; background-size:cover !important;\"><\/div><div class=\"tmm_textblock\"><div class=\"tmm_names\"><span class=\"tmm_fname\">Orquestra Sinfo\u0302nica Nacional da Universidade Federal Fluminense<\/span> <\/div><div class=\"tmm_job\">Brasil <\/div><div class=\"tmm_desc\" style=\"text-align:\"><p>Robson Leit\u00e3o e \u00c1gueda Sano<\/p><\/div><div class=\"tmm_scblock\"><\/div><\/div><\/div><span class=\"tmm_two_containers_tablet\"><\/span><\/div><span class=\"tmm_columns_containers_desktop\"><\/span><div class=\"tmm_container\"><div class=\"tmm_member\" style=\"border-top:#333333 solid 5px;\"><div class=\"tmm_photo tmm_pic_orquestas-miembros_28\" style=\"background: url(http:\/\/staging.ibermusicas.org\/wp-content\/uploads\/2020\/04\/OCChi.jpeg); margin-left: auto; margin-right:auto; background-size:cover !important;\"><\/div><div class=\"tmm_textblock\"><div class=\"tmm_names\"><span class=\"tmm_fname\">Orquesta de C\u00e1mara de Chile<\/span> <\/div><div class=\"tmm_job\">Chile<\/div><div class=\"tmm_desc\" style=\"text-align:\"><p>Gonzalo Herrera<\/p><\/div><div class=\"tmm_scblock\"><\/div><\/div><\/div><div class=\"tmm_member\" style=\"border-top:#333333 solid 5px;\"><div class=\"tmm_photo tmm_pic_orquestas-miembros_29\" style=\"background: url(http:\/\/staging.ibermusicas.org\/wp-content\/uploads\/2020\/04\/MOD-VALDIVIA.png); margin-left: auto; margin-right:auto; background-size:cover !important;\"><\/div><div class=\"tmm_textblock\"><div class=\"tmm_names\"><span class=\"tmm_fname\">Orquesta de Ca\u0301mara de Valdivia<\/span> <\/div><div class=\"tmm_job\">Chile<\/div><div class=\"tmm_desc\" style=\"text-align:\"><p>Dominique Thomann<\/p><\/div><div class=\"tmm_scblock\"><\/div><\/div><\/div><span class=\"tmm_two_containers_tablet\"><\/span><div class=\"tmm_member\" style=\"border-top:#333333 solid 5px;\"><div class=\"tmm_photo tmm_pic_orquestas-miembros_30\" style=\"background: url(http:\/\/staging.ibermusicas.org\/wp-content\/uploads\/2020\/04\/MOD-CONCEP.png); margin-left: auto; margin-right:auto; background-size:cover !important;\"><\/div><div class=\"tmm_textblock\"><div class=\"tmm_names\"><span class=\"tmm_fname\">Orquesta Sinfo\u0301nica de la Universidad de Concepcio\u0301n<\/span> <\/div><div class=\"tmm_job\">Chile<\/div><div class=\"tmm_desc\" style=\"text-align:\"><p>Mario Cabrera Delgado<\/p><\/div><div class=\"tmm_scblock\"><\/div><\/div><\/div><div class=\"tmm_member\" style=\"border-top:#333333 solid 5px;\"><div class=\"tmm_photo tmm_pic_orquestas-miembros_31\" style=\"background: url(http:\/\/staging.ibermusicas.org\/wp-content\/uploads\/2020\/04\/OSN-Ch.png); margin-left: auto; margin-right:auto; background-size:cover !important;\"><\/div><div class=\"tmm_textblock\"><div class=\"tmm_names\"><span class=\"tmm_fname\">Orquesta Sinfo\u0301nica Nacional de CHILE<\/span> <\/div><div class=\"tmm_job\">Chile<\/div><div class=\"tmm_desc\" style=\"text-align:\"><p>Diego Matte<\/p><\/div><div class=\"tmm_scblock\"><\/div><\/div><\/div><span class=\"tmm_two_containers_tablet\"><\/span><\/div><span class=\"tmm_columns_containers_desktop\"><\/span><div class=\"tmm_container\"><div class=\"tmm_member\" style=\"border-top:#333333 solid 5px;\"><div class=\"tmm_photo tmm_pic_orquestas-miembros_32\" style=\"background: url(http:\/\/staging.ibermusicas.org\/wp-content\/uploads\/2020\/04\/OFCALI.jpg); margin-left: auto; margin-right:auto; background-size:cover !important;\"><\/div><div class=\"tmm_textblock\"><div class=\"tmm_names\"><span class=\"tmm_fname\">Orquesta Filarm\u00f3nica de Cali<\/span> <\/div><div class=\"tmm_job\">Colombia<\/div><div class=\"tmm_desc\" style=\"text-align:\"><p>Mariana Garc\u00e9s C\u00f3rdoba<\/p><\/div><div class=\"tmm_scblock\"><\/div><\/div><\/div><div class=\"tmm_member\" style=\"border-top:#333333 solid 5px;\"><div class=\"tmm_photo tmm_pic_orquestas-miembros_33\" style=\"background: url(http:\/\/staging.ibermusicas.org\/wp-content\/uploads\/2020\/04\/FILARMED.jpg); margin-left: auto; margin-right:auto; background-size:cover !important;\"><\/div><div class=\"tmm_textblock\"><div class=\"tmm_names\"><span class=\"tmm_fname\">Orquesta Filarm\u00f3nica de Medell\u00edn<\/span> <\/div><div class=\"tmm_job\">Colombia<\/div><div class=\"tmm_desc\" style=\"text-align:\"><p>Maria Catalina Prieto V\u00e1zquez<\/p><\/div><div class=\"tmm_scblock\"><\/div><\/div><\/div><span class=\"tmm_two_containers_tablet\"><\/span><div class=\"tmm_member\" style=\"border-top:#333333 solid 5px;\"><div class=\"tmm_photo tmm_pic_orquestas-miembros_34\" style=\"background: url(http:\/\/staging.ibermusicas.org\/wp-content\/uploads\/2020\/04\/MOD-CALDAS-1.png); margin-left: auto; margin-right:auto; background-size:cover !important;\"><\/div><div class=\"tmm_textblock\"><div class=\"tmm_names\"><span class=\"tmm_fname\">Orquesta Sinfo\u0301nica de Caldas <\/span> <\/div><div class=\"tmm_job\">Colombia<\/div><div class=\"tmm_desc\" style=\"text-align:\"><p>Jeniffer Andrea Castillo Mar\u00edn<\/p><\/div><div class=\"tmm_scblock\"><\/div><\/div><\/div><div class=\"tmm_member\" style=\"border-top:#333333 solid 5px;\"><div class=\"tmm_photo tmm_pic_orquestas-miembros_35\" style=\"background: url(http:\/\/staging.ibermusicas.org\/wp-content\/uploads\/2020\/04\/MOD-EAFIT.png); margin-left: auto; margin-right:auto; background-size:cover !important;\"><\/div><div class=\"tmm_textblock\"><div class=\"tmm_names\"><span class=\"tmm_fname\">Orquesta Sinfo\u0301nica EAFIT<\/span> <\/div><div class=\"tmm_job\">Colombia<\/div><div class=\"tmm_desc\" style=\"text-align:\"><p>Hilda Mar\u00eda Olaya Estefan<\/p><p>Daniel Cuellar Trujillo<\/p><\/div><div class=\"tmm_scblock\"><\/div><\/div><\/div><span class=\"tmm_two_containers_tablet\"><\/span><\/div><span class=\"tmm_columns_containers_desktop\"><\/span><div class=\"tmm_container\"><div class=\"tmm_member\" style=\"border-top:#333333 solid 5px;\"><div class=\"tmm_photo tmm_pic_orquestas-miembros_36\" style=\"background: url(http:\/\/staging.ibermusicas.org\/wp-content\/uploads\/2020\/04\/OSNCo.jpg); margin-left: auto; margin-right:auto; background-size:cover !important;\"><\/div><div class=\"tmm_textblock\"><div class=\"tmm_names\"><span class=\"tmm_fname\">Orquesta Sinf\u00f3nica Nacional de Colombia<\/span> <\/div><div class=\"tmm_job\">Colombia<\/div><div class=\"tmm_desc\" style=\"text-align:\"><p>Juan Antonio Cu\u00e9llar y Luisa Fernanda Her\u00e1ndez<\/p><\/div><div class=\"tmm_scblock\"><\/div><\/div><\/div><div class=\"tmm_member\" style=\"border-top:#333333 solid 5px;\"><div class=\"tmm_photo tmm_pic_orquestas-miembros_37\" style=\"background: url(http:\/\/staging.ibermusicas.org\/wp-content\/uploads\/2020\/04\/CRICA.jpeg); margin-left: auto; margin-right:auto; background-size:cover !important;\"><\/div><div class=\"tmm_textblock\"><div class=\"tmm_names\"><span class=\"tmm_fname\">Orquesta Sinf\u00f3nica Nacional de Costa Rica<\/span> <\/div><div class=\"tmm_job\">Costa Rica<\/div><div class=\"tmm_desc\" style=\"text-align:\"><p>Carlos Vargas Herrera y Danny Le\u00f3n Gonz\u00e1lez<\/p><\/div><div class=\"tmm_scblock\"><\/div><\/div><\/div><span class=\"tmm_two_containers_tablet\"><\/span><div class=\"tmm_member\" style=\"border-top:#333333 solid 5px;\"><div class=\"tmm_photo tmm_pic_orquestas-miembros_38\" style=\"background: url(http:\/\/staging.ibermusicas.org\/wp-content\/uploads\/2020\/04\/Cuba.jpg); margin-left: auto; margin-right:auto; background-size:cover !important;\"><\/div><div class=\"tmm_textblock\"><div class=\"tmm_names\"><span class=\"tmm_fname\">Orquesta Sinf\u00f3nica Nacional de Cuba<\/span> <\/div><div class=\"tmm_job\">Cuba<\/div><div class=\"tmm_desc\" style=\"text-align:\"><p>Enrique Jos\u00e9 P\u00e9rez Mesa<\/p><\/div><div class=\"tmm_scblock\"><\/div><\/div><\/div><div class=\"tmm_member\" style=\"border-top:#333333 solid 5px;\"><div class=\"tmm_photo tmm_pic_orquestas-miembros_39\" style=\"background: url(http:\/\/staging.ibermusicas.org\/wp-content\/uploads\/2020\/04\/MOD-GUAYAQUIL.png); margin-left: auto; margin-right:auto; background-size:cover !important;\"><\/div><div class=\"tmm_textblock\"><div class=\"tmm_names\"><span class=\"tmm_fname\">Orquesta Sinfo\u0301nica de Guayaquil <\/span> <\/div><div class=\"tmm_job\">Ecuador<\/div><div class=\"tmm_desc\" style=\"text-align:\"><p>Ana Tamayo de Mora<\/p><\/div><div class=\"tmm_scblock\"><\/div><\/div><\/div><span class=\"tmm_two_containers_tablet\"><\/span><\/div><span class=\"tmm_columns_containers_desktop\"><\/span><div class=\"tmm_container\"><div class=\"tmm_member\" style=\"border-top:#333333 solid 5px;\"><div class=\"tmm_photo tmm_pic_orquestas-miembros_40\" style=\"background: url(http:\/\/staging.ibermusicas.org\/wp-content\/uploads\/2020\/04\/MOD-LOJA.png); margin-left: auto; margin-right:auto; background-size:cover !important;\"><\/div><div class=\"tmm_textblock\"><div class=\"tmm_names\"><span class=\"tmm_fname\">Orquesta Sinfo\u0301nica de Loja<\/span> <\/div><div class=\"tmm_job\">Ecuador<\/div><div class=\"tmm_desc\" style=\"text-align:\"><p>Alex Ortega<\/p><p>Karla Ortega<\/p><\/div><div class=\"tmm_scblock\"><\/div><\/div><\/div><div class=\"tmm_member\" style=\"border-top:#333333 solid 5px;\"><div class=\"tmm_photo tmm_pic_orquestas-miembros_41\" style=\"background: url(http:\/\/staging.ibermusicas.org\/wp-content\/uploads\/2020\/04\/OSNEc.jpg); margin-left: auto; margin-right:auto; background-size:cover !important;\"><\/div><div class=\"tmm_textblock\"><div class=\"tmm_names\"><span class=\"tmm_fname\">Orquesta Sinf\u00f3nica Nacional de Ecuador<\/span> <\/div><div class=\"tmm_job\">Ecuador<\/div><div class=\"tmm_desc\" style=\"text-align:\"><p>Julio Villac\u00eds<\/p><\/div><div class=\"tmm_scblock\"><\/div><\/div><\/div><span class=\"tmm_two_containers_tablet\"><\/span><div class=\"tmm_member\" style=\"border-top:#333333 solid 5px;\"><div class=\"tmm_photo tmm_pic_orquestas-miembros_42\" style=\"background: url(http:\/\/staging.ibermusicas.org\/wp-content\/uploads\/2020\/04\/MOD-LOGO-REUS.png); margin-left: auto; margin-right:auto; background-size:cover !important;\"><\/div><div class=\"tmm_textblock\"><div class=\"tmm_names\"><span class=\"tmm_fname\">Asociaci\u00f3n de Conciertos de Reus<\/span> <\/div><div class=\"tmm_job\">Espa\u00f1a<\/div><div class=\"tmm_desc\" style=\"text-align:\"><p>Marc Moncusi<\/p><\/div><div class=\"tmm_scblock\"><\/div><\/div><\/div><div class=\"tmm_member\" style=\"border-top:#333333 solid 5px;\"><div class=\"tmm_photo tmm_pic_orquestas-miembros_43\" style=\"background: url(http:\/\/staging.ibermusicas.org\/wp-content\/uploads\/2020\/04\/OFUNAM.jpg); margin-left: auto; margin-right:auto; background-size:cover !important;\"><\/div><div class=\"tmm_textblock\"><div class=\"tmm_names\"><span class=\"tmm_fname\">Orquesta Filarmo\u0301nica de la Universidad Nacional Aut\u00f3noma de Me\u0301xico<\/span> <\/div><div class=\"tmm_job\">M\u00e9xico<\/div><div class=\"tmm_desc\" style=\"text-align:\"><p>Valeria Palomino y Edith Citali Morales<\/p><\/div><div class=\"tmm_scblock\"><\/div><\/div><\/div><span class=\"tmm_two_containers_tablet\"><\/span><\/div><span class=\"tmm_columns_containers_desktop\"><\/span><div class=\"tmm_container\"><div class=\"tmm_member\" style=\"border-top:#333333 solid 5px;\"><div class=\"tmm_photo tmm_pic_orquestas-miembros_44\" style=\"background: url(http:\/\/staging.ibermusicas.org\/wp-content\/uploads\/2020\/04\/Oquesta-Sinfo\u0301nica-de-Aguascalientes.png); margin-left: auto; margin-right:auto; background-size:cover !important;\"><\/div><div class=\"tmm_textblock\"><div class=\"tmm_names\"><span class=\"tmm_fname\">Orquesta Sinf\u00f3nica de Aguascalientes<\/span> <\/div><div class=\"tmm_job\">M\u00e9xico<\/div><div class=\"tmm_desc\" style=\"text-align:\"><p style=\"text-align: center\">Argelia Yilescas Estrada y Cony Ramirez\u00a0<\/p><\/div><div class=\"tmm_scblock\"><\/div><\/div><\/div><div class=\"tmm_member\" style=\"border-top:#333333 solid 5px;\"><div class=\"tmm_photo tmm_pic_orquestas-miembros_45\" style=\"background: url(http:\/\/staging.ibermusicas.org\/wp-content\/uploads\/2020\/04\/MOD-HIDALGO.png); margin-left: auto; margin-right:auto; background-size:cover !important;\"><\/div><div class=\"tmm_textblock\"><div class=\"tmm_names\"><span class=\"tmm_fname\">Orquesta Sinf\u00f3nica del Estado de Hidalgo<\/span> <\/div><div class=\"tmm_job\">M\u00e9xico<\/div><div class=\"tmm_scblock\"><\/div><\/div><\/div><span class=\"tmm_two_containers_tablet\"><\/span><div class=\"tmm_member\" style=\"border-top:#333333 solid 5px;\"><div class=\"tmm_photo tmm_pic_orquestas-miembros_46\" style=\"background: url(http:\/\/staging.ibermusicas.org\/wp-content\/uploads\/2020\/04\/OSIPN.jpg); margin-left: auto; margin-right:auto; background-size:cover !important;\"><\/div><div class=\"tmm_textblock\"><div class=\"tmm_names\"><span class=\"tmm_fname\">Orquesta Sinfo\u0301nica del Instituto Polite\u0301cnico Nacional <\/span> <\/div><div class=\"tmm_job\">M\u00e9xico<\/div><div class=\"tmm_desc\" style=\"text-align:\"><p>Enrique Barrios<\/p><\/div><div class=\"tmm_scblock\"><\/div><\/div><\/div><div class=\"tmm_member\" style=\"border-top:#333333 solid 5px;\"><div class=\"tmm_photo tmm_pic_orquestas-miembros_47\" style=\"background: url(http:\/\/staging.ibermusicas.org\/wp-content\/uploads\/2020\/04\/logo-osn-mx.jpeg); margin-left: auto; margin-right:auto; background-size:cover !important;\"><\/div><div class=\"tmm_textblock\"><div class=\"tmm_names\"><span class=\"tmm_fname\">Orquesta Sinf\u00f3nica Nacional de M\u00e9xico<\/span> <\/div><div class=\"tmm_job\">M\u00e9xico<\/div><div class=\"tmm_desc\" style=\"text-align:\"><p>Emilio Aranda Mora<\/p><\/div><div class=\"tmm_scblock\"><\/div><\/div><\/div><span class=\"tmm_two_containers_tablet\"><\/span><\/div><span class=\"tmm_columns_containers_desktop\"><\/span><div class=\"tmm_container\"><div class=\"tmm_member\" style=\"border-top:#333333 solid 5px;\"><div class=\"tmm_photo tmm_pic_orquestas-miembros_48\" style=\"background: url(http:\/\/staging.ibermusicas.org\/wp-content\/uploads\/2020\/04\/OSSinaloa-.jpeg); margin-left: auto; margin-right:auto; background-size:cover !important;\"><\/div><div class=\"tmm_textblock\"><div class=\"tmm_names\"><span class=\"tmm_fname\">Orquesta Sinf\u00f3nica Sinaloa de las Artes<\/span> <\/div><div class=\"tmm_job\">M\u00e9xico<\/div><div class=\"tmm_desc\" style=\"text-align:\"><p>Ricardo Rodriguez<\/p><\/div><div class=\"tmm_scblock\"><\/div><\/div><\/div><div class=\"tmm_member\" style=\"border-top:#333333 solid 5px;\"><div class=\"tmm_photo tmm_pic_orquestas-miembros_49\" style=\"background: url(http:\/\/staging.ibermusicas.org\/wp-content\/uploads\/2020\/04\/OSN-22-Juan-Sanjur.jpg); margin-left: auto; margin-right:auto; background-size:cover !important;\"><\/div><div class=\"tmm_textblock\"><div class=\"tmm_names\"><span class=\"tmm_fname\">Orquesta Sinf\u00f3nica Nacional de Panam\u00e1<\/span> <\/div><div class=\"tmm_job\">Panam\u00e1<\/div><div class=\"tmm_desc\" style=\"text-align:\"><p>Juan Pablo Sanjur Gonz\u00e1lez<\/p><\/div><div class=\"tmm_scblock\"><\/div><\/div><\/div><span class=\"tmm_two_containers_tablet\"><\/span><div class=\"tmm_member\" style=\"border-top:#333333 solid 5px;\"><div class=\"tmm_photo tmm_pic_orquestas-miembros_50\" style=\"background: url(http:\/\/staging.ibermusicas.org\/wp-content\/uploads\/2020\/04\/OSCAsuncion.jpg); margin-left: auto; margin-right:auto; background-size:cover !important;\"><\/div><div class=\"tmm_textblock\"><div class=\"tmm_names\"><span class=\"tmm_fname\">Orquesta Sinfo\u0301nica de la Ciudad de Asuncio\u0301n<\/span> <\/div><div class=\"tmm_job\">Paraguay<\/div><div class=\"tmm_desc\" style=\"text-align:\"><p>Luis Szar\u00e1n y Jos\u00e9 Miguel Echeverr\u00eda<\/p><\/div><div class=\"tmm_scblock\"><\/div><\/div><\/div><div class=\"tmm_member\" style=\"border-top:#333333 solid 5px;\"><div class=\"tmm_photo tmm_pic_orquestas-miembros_51\" style=\"background: url(http:\/\/staging.ibermusicas.org\/wp-content\/uploads\/2020\/04\/OSIC.jpg); margin-left: auto; margin-right:auto; background-size:cover !important;\"><\/div><div class=\"tmm_textblock\"><div class=\"tmm_names\"><span class=\"tmm_fname\">Orquesta SInfo\u0301nica del Congreso Nacional de Paraguay<\/span> <\/div><div class=\"tmm_job\">Paraguay<\/div><div class=\"tmm_desc\" style=\"text-align:\"><p>Gabriel Graziani<\/p><\/div><div class=\"tmm_scblock\"><\/div><\/div><\/div><span class=\"tmm_two_containers_tablet\"><\/span><\/div><span class=\"tmm_columns_containers_desktop\"><\/span><div class=\"tmm_container\"><div class=\"tmm_member\" style=\"border-top:#333333 solid 5px;\"><div class=\"tmm_photo tmm_pic_orquestas-miembros_52\" style=\"background: url(http:\/\/staging.ibermusicas.org\/wp-content\/uploads\/2020\/04\/p-OSN-2021-OSN-PARAGUAY.jpg); margin-left: auto; margin-right:auto; background-size:cover !important;\"><\/div><div class=\"tmm_textblock\"><div class=\"tmm_names\"><span class=\"tmm_fname\">Orquesta Sinfo\u0301nica Nacional de Paraguay<\/span> <\/div><div class=\"tmm_job\">Paraguay<\/div><div class=\"tmm_desc\" style=\"text-align:\"><p>Juan Carlos Dos Santos<\/p><\/div><div class=\"tmm_scblock\"><\/div><\/div><\/div><div class=\"tmm_member\" style=\"border-top:#333333 solid 5px;\"><div class=\"tmm_photo tmm_pic_orquestas-miembros_53\" style=\"background: url(http:\/\/staging.ibermusicas.org\/wp-content\/uploads\/2020\/04\/MOD-CUSCO.png); margin-left: auto; margin-right:auto; background-size:cover !important;\"><\/div><div class=\"tmm_textblock\"><div class=\"tmm_names\"><span class=\"tmm_fname\">Orquesta Sinfo\u0301nica de Cusco <\/span> <\/div><div class=\"tmm_job\">Per\u00fa<\/div><div class=\"tmm_desc\" style=\"text-align:\"><p>Emerzon Carrasco \u00d1ahue<\/p><\/div><div class=\"tmm_scblock\"><\/div><\/div><\/div><span class=\"tmm_two_containers_tablet\"><\/span><div class=\"tmm_member\" style=\"border-top:#333333 solid 5px;\"><div class=\"tmm_photo tmm_pic_orquestas-miembros_54\" style=\"background: url(http:\/\/staging.ibermusicas.org\/wp-content\/uploads\/2020\/04\/OdAlg.jpeg); margin-left: auto; margin-right:auto; background-size:cover !important;\"><\/div><div class=\"tmm_textblock\"><div class=\"tmm_names\"><span class=\"tmm_fname\">Orquestra do Algarve<\/span> <\/div><div class=\"tmm_job\">Portugal<\/div><div class=\"tmm_desc\" style=\"text-align:\"><p>Joh\u00e3o Paulo Parrilha<\/p><\/div><div class=\"tmm_scblock\"><\/div><\/div><\/div><div class=\"tmm_member\" style=\"border-top:#333333 solid 5px;\"><div class=\"tmm_photo tmm_pic_orquestas-miembros_55\" style=\"background: url(http:\/\/staging.ibermusicas.org\/wp-content\/uploads\/2020\/04\/OdNorte.png); margin-left: auto; margin-right:auto; background-size:cover !important;\"><\/div><div class=\"tmm_textblock\"><div class=\"tmm_names\"><span class=\"tmm_fname\">Orquestra do Norte<\/span> <\/div><div class=\"tmm_job\">Portugal<\/div><div class=\"tmm_desc\" style=\"text-align:\"><p>\u00a0Fernando Marinho<\/p><\/div><div class=\"tmm_scblock\"><\/div><\/div><\/div><span class=\"tmm_two_containers_tablet\"><\/span><\/div><span class=\"tmm_columns_containers_desktop\"><\/span><div class=\"tmm_container\"><div class=\"tmm_member\" style=\"border-top:#333333 solid 5px;\"><div class=\"tmm_photo tmm_pic_orquestas-miembros_56\" style=\"background: url(http:\/\/staging.ibermusicas.org\/wp-content\/uploads\/2020\/04\/FilarMont.jpg); margin-left: auto; margin-right:auto; background-size:cover !important;\"><\/div><div class=\"tmm_textblock\"><div class=\"tmm_names\"><span class=\"tmm_fname\">Orquesta Filarm\u00f3nica de Montevideo<\/span> <\/div><div class=\"tmm_job\">Uruguay<\/div><div class=\"tmm_desc\" style=\"text-align:\"><p>Alvaro M\u00e9ndez Bonomi<\/p><\/div><div class=\"tmm_scblock\"><\/div><\/div><\/div><div class=\"tmm_member\" style=\"border-top:#333333 solid 5px;\"><div class=\"tmm_photo tmm_pic_orquestas-miembros_57\" style=\"background: url(http:\/\/staging.ibermusicas.org\/wp-content\/uploads\/2020\/04\/SODRE.png); margin-left: auto; margin-right:auto; background-size:cover !important;\"><\/div><div class=\"tmm_textblock\"><div class=\"tmm_names\"><span class=\"tmm_fname\">Orquesta Sinfo\u0301nica del SODRE<\/span> <\/div><div class=\"tmm_job\">Uruguay<\/div><div class=\"tmm_desc\" style=\"text-align:\"><p>Diego Silveira Rega<\/p><\/div><div class=\"tmm_scblock\"><\/div><\/div><\/div><span class=\"tmm_two_containers_tablet\"><\/span><div class=\"tmm_member\" style=\"border-top:#333333 solid 5px;\"><div class=\"tmm_photo tmm_pic_orquestas-miembros_58\" style=\"background: url(http:\/\/staging.ibermusicas.org\/wp-content\/uploads\/2020\/04\/el-sistema.jpg); margin-left: auto; margin-right:auto; background-size:cover !important;\"><\/div><div class=\"tmm_textblock\"><div class=\"tmm_names\"><span class=\"tmm_fname\">El Sistema<\/span> <\/div><div class=\"tmm_job\">Venezuela<\/div><div class=\"tmm_desc\" style=\"text-align:\"><p>Ronnie Morales y Johanna Rivera<\/p><\/div><div class=\"tmm_scblock\"><\/div><\/div><\/div><div class=\"tmm_member\" style=\"border-top:#333333 solid 5px;\"><div class=\"tmm_photo tmm_pic_orquestas-miembros_59\" style=\"background: url(http:\/\/staging.ibermusicas.org\/wp-content\/uploads\/2020\/04\/MOD-ANZOA.png); margin-left: auto; margin-right:auto; background-size:cover !important;\"><\/div><div class=\"tmm_textblock\"><div class=\"tmm_names\"><span class=\"tmm_fname\">Orquesta Filarm\u00f3nica de Anzo\u00e1tegui <\/span> <\/div><div class=\"tmm_job\">Venezuela<\/div><div class=\"tmm_desc\" style=\"text-align:\"><p>Vanessa Abalos<\/p><\/div><div class=\"tmm_scblock\"><\/div><\/div><\/div><span class=\"tmm_two_containers_tablet\"><\/span><\/div><span class=\"tmm_columns_containers_desktop\"><\/span><div class=\"tmm_container\"><div class=\"tmm_member\" style=\"border-top:#333333 solid 5px;\"><div class=\"tmm_photo tmm_pic_orquestas-miembros_60\" style=\"background: url(http:\/\/staging.ibermusicas.org\/wp-content\/uploads\/2020\/04\/logo-Fundacio\u0301n-Compan\u0303ia-Nacional-de-Musica.png); margin-left: auto; margin-right:auto; background-size:cover !important;\"><\/div><div class=\"tmm_textblock\"><div class=\"tmm_names\"><span class=\"tmm_fname\">Orquesta Filarm\u00f3nica Nacional de Venezuela<\/span> <\/div><div class=\"tmm_job\">Venezuela<\/div><div class=\"tmm_desc\" style=\"text-align:\"><p>Rub\u00e9n Capriles y Mar\u00eda Alejandra Jim\u00e9nez<\/p><\/div><div class=\"tmm_scblock\"><\/div><\/div><\/div><div class=\"tmm_member\" style=\"border-top:#333333 solid 5px;\"><div class=\"tmm_photo tmm_pic_orquestas-miembros_61\" style=\"background: url(http:\/\/staging.ibermusicas.org\/wp-content\/uploads\/2020\/04\/OSFalcon.jpg); margin-left: auto; margin-right:auto; background-size:cover !important;\"><\/div><div class=\"tmm_textblock\"><div class=\"tmm_names\"><span class=\"tmm_fname\">Orquesta Sinf\u00f3nica de Falc\u00f3n<\/span> <\/div><div class=\"tmm_job\">Venezuela<\/div><div class=\"tmm_desc\" style=\"text-align:\"><p>R\u00e9gulo Medina e Ygnacio Sarmiento<\/p><\/div><div class=\"tmm_scblock\"><\/div><\/div><\/div><span class=\"tmm_two_containers_tablet\"><\/span><div class=\"tmm_member\" style=\"border-top:#333333 solid 5px;\"><div class=\"tmm_photo tmm_pic_orquestas-miembros_62\" style=\"background: url(http:\/\/staging.ibermusicas.org\/wp-content\/uploads\/2020\/04\/OSGMAyacucho.jpg); margin-left: auto; margin-right:auto; background-size:cover !important;\"><\/div><div class=\"tmm_textblock\"><div class=\"tmm_names\"><span class=\"tmm_fname\">Orquesta Sinf\u00f3nica Gran Mariscal de Ayacucho<\/span> <\/div><div class=\"tmm_job\">Venezuela<\/div><div class=\"tmm_desc\" style=\"text-align:\"><p>Eugenia Vegas<\/p><\/div><div class=\"tmm_scblock\"><\/div><\/div><\/div><div style=\"clear:both;\"><\/div><\/div><\/div><\/div>\n\n\n\n<h2 class=\"wp-block-heading\">Contacto<\/h2>\n\n\n\n<p class=\"has-montserrat-font-family\"><strong>Francisco Varela<\/strong><\/p>\n\n\n\n<p class=\"has-montserrat-font-family\">Director Ejecutivo RIOS<\/p>\n\n\n\n<p class=\"has-montserrat-font-family\"><a href=\"mailto:rios@staging.ibermusicas.org\">rios@staging.ibermusicas.org<\/a><\/p>\n\n\n\n<p class=\"has-montserrat-font-family\">+54 911 3039 5535<\/p>\n\n\n\n<p><\/p>\n<\/div>\n<\/div>\n","protected":false},"excerpt":{"rendered":"<p>Secci\u00f3n miembros La Red Iberoamericana de Orquestas Sinf\u00f3nicas (RIOS) es la organizaci\u00f3n que conecta a las orquestas profesionales de la regi\u00f3n, bajo el auspicio del Programa IBERM\u00daSICAS. Su prop\u00f3sito es servir de referente a las orquestas sinf\u00f3nicas en Iberoam\u00e9rica, articulando proyectos en la regi\u00f3n y con el resto del mundo, y llevando adelante una agenda [&hellip;]<\/p>\n","protected":false},"author":1,"featured_media":0,"parent":0,"menu_order":0,"comment_status":"closed","ping_status":"closed","template":"","meta":{"footnotes":""},"class_list":["post-9549","page","type-page","status-publish","hentry"],"lang":"es","translations":{"es":9549,"pt":10638},"pll_sync_post":[],"post_mailing_queue_ids":[],"_links":{"self":[{"href":"http:\/\/staging.ibermusicas.org\/index.php\/wp-json\/wp\/v2\/pages\/9549","targetHints":{"allow":["GET"]}}],"collection":[{"href":"http:\/\/staging.ibermusicas.org\/index.php\/wp-json\/wp\/v2\/pages"}],"about":[{"href":"http:\/\/staging.ibermusicas.org\/index.php\/wp-json\/wp\/v2\/types\/page"}],"author":[{"embeddable":true,"href":"http:\/\/staging.ibermusicas.org\/index.php\/wp-json\/wp\/v2\/users\/1"}],"replies":[{"embeddable":true,"href":"http:\/\/staging.ibermusicas.org\/index.php\/wp-json\/wp\/v2\/comments?post=9549"}],"version-history":[{"count":144,"href":"http:\/\/staging.ibermusicas.org\/index.php\/wp-json\/wp\/v2\/pages\/9549\/revisions"}],"predecessor-version":[{"id":25391,"href":"http:\/\/staging.ibermusicas.org\/index.php\/wp-json\/wp\/v2\/pages\/9549\/revisions\/25391"}],"wp:attachment":[{"href":"http:\/\/staging.ibermusicas.org\/index.php\/wp-json\/wp\/v2\/media?parent=9549"}],"curies":[{"name":"wp","href":"https:\/\/api.w.org\/{rel}","templated":true}]}}